{"id":283,"date":"2018-01-14T23:12:44","date_gmt":"2018-01-14T23:12:44","guid":{"rendered":"http:\/\/obispadodelinares.cl\/ol\/?page_id=283"},"modified":"2025-11-10T17:59:17","modified_gmt":"2025-11-10T20:59:17","slug":"organigrama","status":"publish","type":"page","link":"https:\/\/obispadodelinares.cl\/ol\/?page_id=283","title":{"rendered":"Organigrama Diocesano"},"content":{"rendered":"<div data-colibri-id=\"283-c1\" class=\"style-665 style-local-283-c1 position-relative\">\n  <!---->\n  <div data-colibri-component=\"section\" data-colibri-id=\"283-c2\" id=\"overlappable-2\" class=\"h-section h-section-global-spacing d-flex align-items-lg-center align-items-md-center align-items-center style-867 style-local-283-c2 position-relative\">\n    <!---->\n    <!---->\n    <div class=\"h-section-grid-container h-section-boxed-container\">\n      <!---->\n      <div data-colibri-id=\"283-c3\" class=\"h-row-container gutters-row-lg-2 gutters-row-md-2 gutters-row-2 gutters-row-v-lg-2 gutters-row-v-md-2 gutters-row-v-2 style-868 style-local-283-c3 position-relative\">\n        <!---->\n        <div class=\"h-row justify-content-lg-center justify-content-md-center justify-content-center align-items-lg-stretch align-items-md-stretch align-items-stretch gutters-col-lg-2 gutters-col-md-2 gutters-col-2 gutters-col-v-lg-2 gutters-col-v-md-2 gutters-col-v-2\">\n          <!---->\n          <div class=\"h-column h-column-container d-flex h-col-lg-4 h-col-md-4 h-col-12 style-869-outer style-local-283-c4-outer\">\n            <div data-colibri-id=\"283-c4\" class=\"d-flex h-flex-basis h-column__inner h-px-lg-3 h-px-md-3 h-px-3 v-inner-lg-3 v-inner-md-3 v-inner-3 style-869 style-local-283-c4 position-relative\">\n              <!---->\n              <!---->\n              <div class=\"w-100 h-y-container h-column__content h-column__v-align flex-basis-100 align-self-lg-start align-self-md-start align-self-start\">\n                <!---->\n                <div data-colibri-id=\"283-c5\" class=\"d-block style-905 style-local-283-c5 position-relative h-element\">\n                  <!---->\n                  <div class=\"h-image__frame-container-outer\">\n                    <div class=\"h-image__frame-container\">\n                      <!---->\n                      <!---->\n                      <img fetchpriority=\"high\" decoding=\"async\" width=\"1080\" height=\"1350\" src=\"https:\/\/obispadodelinares.cl\/ol\/wp-content\/uploads\/2025\/06\/obispo-1.jpg\" class=\"wp-image-21139 style-905-image style-local-283-c5-image\" alt=\"\" srcset=\"https:\/\/obispadodelinares.cl\/ol\/wp-content\/uploads\/2025\/06\/obispo-1.jpg 1080w, https:\/\/obispadodelinares.cl\/ol\/wp-content\/uploads\/2025\/06\/obispo-1-240x300.jpg 240w, https:\/\/obispadodelinares.cl\/ol\/wp-content\/uploads\/2025\/06\/obispo-1-819x1024.jpg 819w, https:\/\/obispadodelinares.cl\/ol\/wp-content\/uploads\/2025\/06\/obispo-1-768x960.jpg 768w\" sizes=\"(max-width: 1080px) 100vw, 1080px\" \/>\n                      <div class=\"h-image__frame h-hide-lg h-hide-md h-hide-sm style-905-frameImage style-local-283-c5-frameImage\"><\/div>\n                    <\/div>\n                  <\/div>\n                <\/div>\n                <div data-colibri-id=\"283-c6\" class=\"h-global-transition-all h-heading style-871 style-local-283-c6 position-relative h-element\">\n                  <!---->\n                  <div class=\"h-heading__outer style-871 style-local-283-c6\">\n                    <!---->\n                    <!---->\n                    <h4 class=\"\">Monse\u00f1or Tomislav Koljatic M.<\/h4>\n                  <\/div>\n                <\/div>\n                <div data-colibri-id=\"283-c7\" class=\"h-text h-text-component style-872 style-local-283-c7 position-relative h-element\">\n                  <!---->\n                  <!---->\n                  <div class=\"\">\n                    <p>Obispo de Linares<\/p>\n                  <\/div>\n                <\/div>\n              <\/div>\n            <\/div>\n          <\/div>\n          <div class=\"h-column h-column-container d-flex h-col-lg-4 h-col-md-4 h-col-12 style-875-outer style-local-283-c8-outer\">\n            <div data-colibri-id=\"283-c8\" class=\"d-flex h-flex-basis h-column__inner h-px-lg-3 h-px-md-3 h-px-3 v-inner-lg-3 v-inner-md-3 v-inner-3 style-875 style-local-283-c8 position-relative\">\n              <!---->\n              <!---->\n              <div class=\"w-100 h-y-container h-column__content h-column__v-align flex-basis-100 align-self-lg-start align-self-md-start align-self-start\">\n                <!---->\n                <div data-colibri-id=\"283-c9\" class=\"d-block style-907 style-local-283-c9 position-relative h-element\">\n                  <!---->\n                  <div class=\"h-image__frame-container-outer\">\n                    <div class=\"h-image__frame-container\">\n                      <!---->\n                      <!---->\n                      <img decoding=\"async\" width=\"600\" height=\"600\" data-src=\"https:\/\/obispadodelinares.cl\/ol\/wp-content\/uploads\/2022\/03\/cropped-IMG_0145.jpg\" class=\"wp-image-14369 style-907-image style-local-283-c9-image lazyload\" alt=\"\" data-srcset=\"https:\/\/obispadodelinares.cl\/ol\/wp-content\/uploads\/2022\/03\/cropped-IMG_0145.jpg 600w, https:\/\/obispadodelinares.cl\/ol\/wp-content\/uploads\/2022\/03\/cropped-IMG_0145-300x300.jpg 300w, https:\/\/obispadodelinares.cl\/ol\/wp-content\/uploads\/2022\/03\/cropped-IMG_0145-150x150.jpg 150w\" data-sizes=\"(max-width: 600px) 100vw, 600px\" src=\"data:image\/svg+xml;base64,PHN2ZyB3aWR0aD0iMSIgaGVpZ2h0PSIxIiB4bWxucz0iaHR0cDovL3d3dy53My5vcmcvMjAwMC9zdmciPjwvc3ZnPg==\" style=\"--smush-placeholder-width: 600px; --smush-placeholder-aspect-ratio: 600\/600;\" \/>\n                      <div class=\"h-image__frame h-hide-lg h-hide-md h-hide-sm style-907-frameImage style-local-283-c9-frameImage\"><\/div>\n                    <\/div>\n                  <\/div>\n                <\/div>\n                <div data-colibri-id=\"283-c10\" class=\"h-global-transition-all h-heading style-871 style-local-283-c10 position-relative h-element\">\n                  <!---->\n                  <div class=\"h-heading__outer style-871 style-local-283-c10\">\n                    <!---->\n                    <!---->\n                    <h4 class=\"\">Pbro. Luis Fuentealba S\u00e1nchez <\/h4>\n                  <\/div>\n                <\/div>\n                <div data-colibri-id=\"283-c11\" class=\"h-text h-text-component style-872 style-local-283-c11 position-relative h-element\">\n                  <!---->\n                  <!---->\n                  <div class=\"\">\n                    <p><em style=\"font-weight: 400; font-size: 16px; font-family: &quot;Open Sans&quot;; color: rgb(70, 112, 127);\">Vicario General<\/em><\/p>\n                    <p>Independencia 248. Casilla 107, Linares<\/p>\n                    <p>Fono: 73-2627204<\/p>\n                    <p>Mail: vgenaral@obispadodelinares.cl<\/p>\n                    <p>Secretaria: Sandra M\u00e9ndez A.<\/p>\n                    <p>Fono: 73-262 7204<\/p>\n                    <p>Mail:&nbsp;<span style=\"font-weight: 400; font-size: 16px; font-family: &quot;Open Sans&quot;; color: rgb(70, 112, 127);\">vgeneral@obispadodelinares.cl<\/span><\/p>\n                    <p>\n                      <br>\n                    <\/p>\n                    <p><em style=\"font-weight: 400; font-size: 16px; font-family: &quot;Open Sans&quot;; color: rgb(70, 112, 127);\">\ufeff<\/em><\/p>\n                  <\/div>\n                <\/div>\n              <\/div>\n            <\/div>\n          <\/div>\n          <div class=\"h-column h-column-container d-flex h-col-lg-4 h-col-md-4 h-col-12 style-875-outer style-local-283-c12-outer\">\n            <div data-colibri-id=\"283-c12\" class=\"d-flex h-flex-basis h-column__inner h-px-lg-3 h-px-md-3 h-px-3 v-inner-lg-3 v-inner-md-3 v-inner-3 style-875 style-local-283-c12 position-relative\">\n              <!---->\n              <!---->\n              <div class=\"w-100 h-y-container h-column__content h-column__v-align flex-basis-100 align-self-lg-start align-self-md-start align-self-start\">\n                <!---->\n                <div data-colibri-id=\"283-c13\" class=\"d-block style-907 style-local-283-c13 position-relative h-element\">\n                  <!---->\n                  <div class=\"h-image__frame-container-outer\">\n                    <div class=\"h-image__frame-container\">\n                      <!---->\n                      <!---->\n                      <img decoding=\"async\" width=\"2381\" height=\"2381\" data-src=\"https:\/\/obispadodelinares.cl\/ol\/wp-content\/uploads\/2020\/05\/cropped-Raul-Moris-scaled-1.jpg\" class=\"wp-image-21821 style-907-image style-local-283-c13-image lazyload\" alt=\"\" data-srcset=\"https:\/\/obispadodelinares.cl\/ol\/wp-content\/uploads\/2020\/05\/cropped-Raul-Moris-scaled-1.jpg 2381w, https:\/\/obispadodelinares.cl\/ol\/wp-content\/uploads\/2020\/05\/cropped-Raul-Moris-scaled-1-300x300.jpg 300w, https:\/\/obispadodelinares.cl\/ol\/wp-content\/uploads\/2020\/05\/cropped-Raul-Moris-scaled-1-1024x1024.jpg 1024w, https:\/\/obispadodelinares.cl\/ol\/wp-content\/uploads\/2020\/05\/cropped-Raul-Moris-scaled-1-150x150.jpg 150w, https:\/\/obispadodelinares.cl\/ol\/wp-content\/uploads\/2020\/05\/cropped-Raul-Moris-scaled-1-768x768.jpg 768w, https:\/\/obispadodelinares.cl\/ol\/wp-content\/uploads\/2020\/05\/cropped-Raul-Moris-scaled-1-1536x1536.jpg 1536w, https:\/\/obispadodelinares.cl\/ol\/wp-content\/uploads\/2020\/05\/cropped-Raul-Moris-scaled-1-2048x2048.jpg 2048w\" data-sizes=\"(max-width: 2381px) 100vw, 2381px\" src=\"data:image\/svg+xml;base64,PHN2ZyB3aWR0aD0iMSIgaGVpZ2h0PSIxIiB4bWxucz0iaHR0cDovL3d3dy53My5vcmcvMjAwMC9zdmciPjwvc3ZnPg==\" style=\"--smush-placeholder-width: 2381px; --smush-placeholder-aspect-ratio: 2381\/2381;\" \/>\n                      <div class=\"h-image__frame h-hide-lg h-hide-md h-hide-sm style-907-frameImage style-local-283-c13-frameImage\"><\/div>\n                    <\/div>\n                  <\/div>\n                <\/div>\n                <div data-colibri-id=\"283-c14\" class=\"h-global-transition-all h-heading style-871 style-local-283-c14 position-relative h-element\">\n                  <!---->\n                  <div class=\"h-heading__outer style-871 style-local-283-c14\">\n                    <!---->\n                    <!---->\n                    <h4 class=\"\">Pbro. Ra\u00fal Moris Gajardo.<\/h4>\n                  <\/div>\n                <\/div>\n                <div data-colibri-id=\"283-c15\" class=\"h-text h-text-component style-872 style-local-283-c15 position-relative h-element\">\n                  <!---->\n                  <!---->\n                  <div class=\"\">\n                    <p><em style=\"color: rgb(70, 112, 127); font-family: &quot;Open Sans&quot;; font-size: 16px; font-weight: 400;\">Vicario Pastoral<\/em><\/p>\n                    <p>Independencia 248. Casilla 107, Linares<\/p>\n                    <p>Fono: 73-2627207<\/p>\n                    <p>Mail: vicariapastoral@obispadodelinares.cl<\/p>\n                    <p>Secretario: Jos\u00e9 Dario \u00c1vila<\/p>\n                    <p>Fono: 73-262 7207<\/p>\n                    <p>Mail:&nbsp;<span style=\"color: rgb(70, 112, 127); font-family: &quot;Open Sans&quot;; font-size: 16px; font-weight: 400;\">jdavila@obispadodelinares.cl<\/span><\/p>\n                    <p>\n                      <br>\n                    <\/p>\n                    <p><em style=\"color: rgb(70, 112, 127); font-family: &quot;Open Sans&quot;; font-size: 16px; font-weight: 400;\">\ufeff<\/em><\/p>\n                  <\/div>\n                <\/div>\n              <\/div>\n            <\/div>\n          <\/div>\n        <\/div>\n      <\/div>\n    <\/div>\n  <\/div>\n  <div data-colibri-component=\"section\" data-colibri-id=\"283-c16\" id=\"overlappable-3\" class=\"h-section h-section-global-spacing d-flex align-items-lg-center align-items-md-center align-items-center style-877 style-local-283-c16 position-relative\">\n    <!---->\n    <!---->\n    <div class=\"h-section-grid-container h-section-fluid-container\">\n      <!---->\n      <div data-colibri-id=\"283-c17\" class=\"h-row-container gutters-row-lg-0 gutters-row-md-0 gutters-row-0 gutters-row-v-lg-0 gutters-row-v-md-0 gutters-row-v-0 style-878 style-local-283-c17 position-relative\">\n        <!---->\n        <div class=\"h-row justify-content-lg-center justify-content-md-center justify-content-center align-items-lg-stretch align-items-md-stretch align-items-stretch gutters-col-lg-0 gutters-col-md-0 gutters-col-0 gutters-col-v-lg-0 gutters-col-v-md-0 gutters-col-v-0\">\n          <!---->\n          <div class=\"h-column h-column-container d-flex h-col-lg-4 h-col-md-4 h-col-12 style-885-outer style-local-283-c18-outer\">\n            <div data-colibri-id=\"283-c18\" class=\"d-flex h-flex-basis h-column__inner h-px-lg-3 h-px-md-3 h-px-3 v-inner-lg-3 v-inner-md-3 v-inner-3 style-885 style-local-283-c18 position-relative\">\n              <!---->\n              <!---->\n              <div class=\"w-100 h-y-container h-column__content h-column__v-align flex-basis-100 align-self-lg-start align-self-md-start align-self-start\">\n                <!---->\n                <div data-colibri-id=\"283-c19\" class=\"h-icon style-886 style-local-283-c19 position-relative h-element\">\n                  <!----><span class=\"h-svg-icon h-icon__icon style-886-icon style-local-283-c19-icon\"><!--Icon by Ionicons (https:\/\/ionicons.com)--><svg version=\"1.1\" xmlns=\"http:\/\/www.w3.org\/2000\/svg\" xmlns:xlink=\"http:\/\/www.w3.org\/1999\/xlink\" id=\"ios-people\" viewBox=\"0 0 448 512\"><path d=\"M317 335c11 4-11-4 0 0zm0 0c28 10 46 35 46 65H85c0-22 9-42 27-55 15-11 31-12 49-16 7-1 24-5 26-13s1-15 1-23c0-3 0-3-2-5-4-4-6-9-8-14-2-8-3-16-4-24-9 2-10-16-12-21-1-4-7-24 3-21-3-5-4-13-5-19-2-13-2-26 3-39 10-26 37-39 64-38 26 1 51 16 59 42 4 12 3 26 1 39-1 5-2 11-4 15 10-3 4 20 3 23-2 5-3 21-12 19-1 10-2 22-7 31-1 2-7 8-7 10v11c0 5 0 10 2 15s10 7 14 8c14 5 27 5 41 10zm-206-13h2-2zm0 0c-9 5-17 11-24 19-1 2-6 11-7 11H0c0-20 12-34 30-40 6-2 27-4 30-11 2-5 1-11 1-16-10 1-24-1-32-7-2-2 3-9 4-12 1-4 2-7 3-11 1-9 1-19 1-28 0-16-1-35 8-49 8-13 23-18 38-18 24 0 43 13 47 37 3 16 1 32 2 48 0 8 2 16 5 24 1 2 5 7 3 9l-6 3c-5 2-11 3-17 4-1 0-8 0-9 1s0 9 0 11c0 4 1 6 5 7 6 2 19 3 23 8 2 3 1 5-2 5-7 1-14 2-21 5 2-1 2-2-1 0-8 4-4 2-1 0zm306-10c18 6 31 20 31 40h-80c-2-8-10-14-16-19-8-6-18-13-28-15-3-1-16 1-13-5 2-4 9-5 13-6s15-2 16-7c0-1 1-14 0-14-6 0-12-1-18-2-4-1-7-2-11-4-6-3-2-6 0-11 14-32-10-88 32-105 15-6 34-5 48 3 15 9 20 27 20 44 0 20-4 44 7 62 2 3 4 4 0 6-2 1-4 1-6 2l-12 3s-9 1-13 1c0 4-2 13 1 17 6 7 21 7 29 10z\"><\/path><\/svg><\/span><\/div>\n                <div\n                  data-colibri-id=\"283-c20\" class=\"h-global-transition-all h-heading style-887 style-local-283-c20 position-relative h-element\">\n                  <!---->\n                  <div class=\"h-heading__outer style-887 style-local-283-c20\">\n                    <!---->\n                    <!---->\n                    <h5 class=\"\">Consejo de Ordenes<\/h5>\n                  <\/div>\n              <\/div>\n              <div data-colibri-id=\"283-c21\" class=\"h-text h-text-component style-888 style-local-283-c21 position-relative h-element\">\n                <!---->\n                <!---->\n                <div class=\"\">\n                  <p>Mons. Tomislav Koljatic Maroevic<\/p>\n                  <p>Pbro. Silvio Jara Ram\u00edrez<\/p>\n                  <p>Pbro. Luis Fuentealba S\u00e1nchez<\/p>\n                  <p>Pbro. Jos\u00e9 Ulloa Oliveros<\/p>\n                  <p>Pbro. Gonzalo Aravena Valenzuela<\/p>\n                  <p>Pbro. Juan P\u00e9rez Nu\u00f1ez<\/p>\n                  <p>Pbro. Ra\u00fal Moris Gajardo<\/p>\n                  <p>\n                    <br>\n                  <\/p>\n                <\/div>\n              <\/div>\n              <div data-colibri-id=\"283-c22\" class=\"d-block style-3558 style-local-283-c22 position-relative h-element\">\n                <!---->\n                <div class=\"h-image__frame-container-outer\">\n                  <div class=\"h-image__frame-container\">\n                    <!---->\n                    <!---->\n                    <img decoding=\"async\" width=\"900\" height=\"600\" data-src=\"https:\/\/obispadodelinares.cl\/ol\/wp-content\/uploads\/2022\/03\/decanos.jpg\" class=\"wp-image-14386 style-3558-image style-local-283-c22-image lazyload\" alt=\"\" data-srcset=\"https:\/\/obispadodelinares.cl\/ol\/wp-content\/uploads\/2022\/03\/decanos.jpg 900w, https:\/\/obispadodelinares.cl\/ol\/wp-content\/uploads\/2022\/03\/decanos-300x200.jpg 300w, https:\/\/obispadodelinares.cl\/ol\/wp-content\/uploads\/2022\/03\/decanos-768x512.jpg 768w\" data-sizes=\"(max-width: 900px) 100vw, 900px\" src=\"data:image\/svg+xml;base64,PHN2ZyB3aWR0aD0iMSIgaGVpZ2h0PSIxIiB4bWxucz0iaHR0cDovL3d3dy53My5vcmcvMjAwMC9zdmciPjwvc3ZnPg==\" style=\"--smush-placeholder-width: 900px; --smush-placeholder-aspect-ratio: 900\/600;\" \/>\n                    <div class=\"h-image__frame h-hide-lg h-hide-md h-hide-sm style-3558-frameImage style-local-283-c22-frameImage\"><\/div>\n                  <\/div>\n                <\/div>\n              <\/div>\n            <\/div>\n          <\/div>\n        <\/div>\n        <div class=\"h-column h-column-container d-flex h-col-lg-4 h-col-md-4 h-col-12 style-890-outer style-local-283-c23-outer\">\n          <div data-colibri-id=\"283-c23\" class=\"d-flex h-flex-basis h-column__inner h-px-lg-3 h-px-md-3 h-px-3 v-inner-lg-3 v-inner-md-3 v-inner-3 style-890 style-local-283-c23 position-relative\">\n            <!---->\n            <!---->\n            <div class=\"w-100 h-y-container h-column__content h-column__v-align flex-basis-100 align-self-lg-start align-self-md-start align-self-start\">\n              <!---->\n              <div data-colibri-id=\"283-c24\" class=\"h-icon style-891 style-local-283-c24 position-relative h-element\">\n                <!----><span class=\"h-svg-icon h-icon__icon style-891-icon style-local-283-c24-icon\"><!--Icon by Font Awesome (https:\/\/fontawesome.com)-->\n    <svg version=\"1.1\" xmlns=\"http:\/\/www.w3.org\/2000\/svg\" xmlns:xlink=\"http:\/\/www.w3.org\/1999\/xlink\" id=\"comments\" viewBox=\"0 0 1792 1896.0833\">\n      <path d=\"M1408 768q0 139-94 257t-256.5 186.5T704 1280q-86 0-176-16-124 88-278 128-36 9-86 16h-3q-11 0-20.5-8t-11.5-21q-1-3-1-6.5t.5-6.5 2-6l2.5-5 3.5-5.5 4-5 4.5-5 4-4.5q5-6 23-25t26-29.5 22.5-29 25-38.5 20.5-44q-124-72-195-177T0 768q0-139 94-257t256.5-186.5T704 256t353.5 68.5T1314 511t94 257zm384 256q0 120-71 224.5T1526 1425q10 24 20.5 44t25 38.5 22.5 29 26 29.5 23 25q1 1 4 4.5t4.5 5 4 5 3.5 5.5l2.5 5 2 6 .5 6.5-1 6.5q-3 14-13 22t-22 7q-50-7-86-16-154-40-278-128-90 16-176 16-271 0-472-132 58 4 88 4 161 0 309-45t264-129q125-92 192-212t67-254q0-77-23-152 129 71 204 178t75 230z\"><\/path>\n    <\/svg><\/span><\/div>\n              <div data-colibri-id=\"283-c25\" class=\"h-global-transition-all h-heading style-892 style-local-283-c25 position-relative h-element\">\n                <!---->\n                <div class=\"h-heading__outer style-892 style-local-283-c25\">\n                  <!---->\n                  <!---->\n                  <h5 class=\"\"> Decanos<\/h5>\n                <\/div>\n              <\/div>\n              <div data-colibri-id=\"283-c26\" class=\"h-text h-text-component style-893 style-local-283-c26 position-relative h-element\">\n                <!---->\n                <!---->\n                <div class=\"\">\n                  <p>\n                    <br>\n                  <\/p>\n                  <p>P. Agustynus Saryanto msf \u2013 Parral<\/p>\n                  <p>Pbro. Gonzalo Aravena Valenzuela &#8211; Constituci\u00f3n<\/p>\n                  <p>Pbro. Juan P\u00e9rez N\u00fa\u00f1ez \u2013 San Javier<\/p>\n                  <p>Pbro. Alex Troncoso H.\u2013 Linares<\/p>\n                  <p>Pbro. Francisco Hormaz\u00e1bal Pastenes \u2013 Cauquenes<\/p>\n                <\/div>\n              <\/div>\n              <div data-colibri-id=\"283-c27\" class=\"style-3559 style-local-283-c27 position-relative h-element\">\n                <!---->\n              <\/div>\n              <div data-colibri-id=\"283-c28\" class=\"d-block style-3557 style-local-283-c28 position-relative h-element\">\n                <!---->\n                <div class=\"h-image__frame-container-outer\">\n                  <div class=\"h-image__frame-container\">\n                    <!---->\n                    <!---->\n                    <img decoding=\"async\" width=\"900\" height=\"600\" data-src=\"https:\/\/obispadodelinares.cl\/ol\/wp-content\/uploads\/2022\/03\/IMG_0134.jpg\" class=\"wp-image-14385 style-3557-image style-local-283-c28-image lazyload\" alt=\"\" data-srcset=\"https:\/\/obispadodelinares.cl\/ol\/wp-content\/uploads\/2022\/03\/IMG_0134.jpg 900w, https:\/\/obispadodelinares.cl\/ol\/wp-content\/uploads\/2022\/03\/IMG_0134-300x200.jpg 300w, https:\/\/obispadodelinares.cl\/ol\/wp-content\/uploads\/2022\/03\/IMG_0134-768x512.jpg 768w\" data-sizes=\"(max-width: 900px) 100vw, 900px\" src=\"data:image\/svg+xml;base64,PHN2ZyB3aWR0aD0iMSIgaGVpZ2h0PSIxIiB4bWxucz0iaHR0cDovL3d3dy53My5vcmcvMjAwMC9zdmciPjwvc3ZnPg==\" style=\"--smush-placeholder-width: 900px; --smush-placeholder-aspect-ratio: 900\/600;\" \/>\n                    <div class=\"h-image__frame h-hide-lg h-hide-md h-hide-sm style-3557-frameImage style-local-283-c28-frameImage\"><\/div>\n                  <\/div>\n                <\/div>\n              <\/div>\n            <\/div>\n          <\/div>\n        <\/div>\n        <div class=\"h-column h-column-container d-flex h-col-lg-4 h-col-md-4 h-col-12 style-916-outer style-local-283-c29-outer\">\n          <div data-colibri-id=\"283-c29\" class=\"d-flex h-flex-basis h-column__inner h-px-lg-3 h-px-md-3 h-px-3 v-inner-lg-3 v-inner-md-3 v-inner-3 style-916 style-local-283-c29 position-relative\">\n            <!---->\n            <!---->\n            <div class=\"w-100 h-y-container h-column__content h-column__v-align flex-basis-100 align-self-lg-start align-self-md-start align-self-start\">\n              <!---->\n              <div data-colibri-id=\"283-c30\" class=\"h-icon style-917 style-local-283-c30 position-relative h-element\">\n                <!----><span class=\"h-svg-icon h-icon__icon style-917-icon style-local-283-c30-icon\"><!--Icon by Font Awesome (https:\/\/fontawesome.com)-->\n    <svg version=\"1.1\" xmlns=\"http:\/\/www.w3.org\/2000\/svg\" xmlns:xlink=\"http:\/\/www.w3.org\/1999\/xlink\" id=\"gavel\" viewBox=\"0 0 1792 1896.0833\">\n      <path d=\"M1771 1536q0 53-37 90l-107 108q-39 37-91 37-53 0-90-37l-363-364q-38-36-38-90 0-53 43-96L832 928l-126 126q-14 14-34 14t-34-14q2 2 12.5 12t12.5 13 10 11.5 10 13.5 6 13.5 5.5 16.5 1.5 18q0 38-28 68-3 3-16.5 18t-19 20.5T614 1275t-22 15.5-22 9-26 4.5q-40 0-68-28L68 868q-28-28-28-68 0-13 4.5-26t9-22T69 730t16.5-18.5 20.5-19 18-16.5q30-28 68-28 10 0 18 1.5t16.5 5.5 13.5 6 13.5 10 11.5 10 13 12.5 12 12.5q-14-14-14-34t14-34l348-348q14-14 34-14t34 14q-2-2-12.5-12T681 265t-10-11.5-10-13.5-6-13.5-5.5-16.5-1.5-18q0-38 28-68 3-3 16.5-18t19-20.5T730 69t22-15.5 22-9 26-4.5q40 0 68 28l408 408q28 28 28 68 0 13-4.5 26t-9 22-15.5 22-16.5 18.5-20.5 19-18 16.5q-30 28-68 28-10 0-18-1.5t-16.5-5.5-13.5-6-13.5-10-11.5-10-13-12.5-12-12.5q14 14 14 34t-14 34L928 832l256 256q43-43 96-43 52 0 91 37l363 363q37 39 37 91z\"><\/path>\n    <\/svg><\/span><\/div>\n              <div data-colibri-id=\"283-c31\" class=\"h-global-transition-all h-heading style-918 style-local-283-c31 position-relative h-element\">\n                <!---->\n                <div class=\"h-heading__outer style-918 style-local-283-c31\">\n                  <!---->\n                  <!---->\n                  <h5 class=\"\">Tribunal Eclesi\u00e1stico<\/h5>\n                <\/div>\n              <\/div>\n              <div data-colibri-id=\"283-c32\" class=\"h-text h-text-component style-919 style-local-283-c32 position-relative h-element\">\n                <!---->\n                <!---->\n                <div class=\"\">\n                  <p>Vicario Judicial&nbsp; y Notario : Pbro. Silvio Jara Ram\u00edrez<\/p>\n                  <p>Auditora: Srta. Sandra M\u00e9ndez Arellano<\/p>\n                  <p>Abogada: Judith Villagr\u00e1n Molina<\/p>\n                  <p>Mail: jvillagran@obispadodelinares.cl<\/p>\n                  <p>Fono: 73 &#8211; 262 7207<\/p>\n                  <p>Secretaria: Sra. Pamela Guzm\u00e1n<\/p>\n                  <p>Mail: pguzman@obispadodelinares.cl<\/p>\n                  <p>Fono: 73-262 7214<\/p>\n                <\/div>\n              <\/div>\n            <\/div>\n          <\/div>\n        <\/div>\n      <\/div>\n    <\/div>\n  <\/div>\n<\/div>\n<div data-colibri-component=\"section\" data-colibri-id=\"283-c33\" id=\"f-a-q-2\" class=\"h-section h-section-global-spacing d-flex align-items-lg-center align-items-md-center align-items-center style-3243 style-local-283-c33 position-relative\">\n  <!---->\n  <!---->\n  <div class=\"h-section-grid-container h-section-boxed-container\">\n    <div data-colibri-id=\"283-c39\" class=\"h-row-container gutters-row-lg-2 gutters-row-md-2 gutters-row-2 gutters-row-v-lg-2 gutters-row-v-md-2 gutters-row-v-2 style-3254 style-local-283-c39 position-relative\">\n      <!---->\n      <div class=\"h-row justify-content-lg-start justify-content-md-start justify-content-start align-items-lg-stretch align-items-md-stretch align-items-stretch gutters-col-lg-2 gutters-col-md-2 gutters-col-2 gutters-col-v-lg-2 gutters-col-v-md-2 gutters-col-v-2\">\n        <!---->\n        <div class=\"h-column h-column-container d-flex h-col-lg-auto h-col-md-auto h-col-auto style-3255-outer style-local-283-c40-outer\">\n          <div data-colibri-id=\"283-c40\" class=\"d-flex h-flex-basis h-column__inner h-px-lg-2 h-px-md-2 h-px-2 v-inner-lg-0 v-inner-md-0 v-inner-0 style-3255 style-local-283-c40 position-relative\">\n            <!---->\n            <!---->\n            <div class=\"w-100 h-y-container h-column__content h-column__v-align flex-basis-100 align-self-lg-center align-self-md-center align-self-center\">\n              <!---->\n              <div data-colibri-id=\"283-c41\" class=\"h-global-transition-all h-heading style-3256 style-local-283-c41 position-relative h-element\">\n                <!---->\n                <div class=\"h-heading__outer style-3256 style-local-283-c41\">\n                  <!---->\n                  <!---->\n                  <h4 class=\"\">Consejo Diocesano de Pastoral<\/h4>\n                <\/div>\n              <\/div>\n            <\/div>\n          <\/div>\n        <\/div>\n        <div class=\"h-column h-column-container d-flex h-col-lg-auto h-col-md-auto h-col-auto style-3344-outer style-local-283-c42-outer\">\n          <div data-colibri-id=\"283-c42\" class=\"d-flex h-flex-basis h-column__inner h-px-lg-2 h-px-md-2 h-px-2 v-inner-lg-2 v-inner-md-2 v-inner-2 style-3344 style-local-283-c42 position-relative\">\n            <!---->\n            <!---->\n            <div class=\"w-100 h-y-container h-column__content h-column__v-align flex-basis-100 align-self-lg-start align-self-md-start align-self-start\">\n              <!---->\n              <div data-colibri-id=\"283-c43\" class=\"h-text h-text-component style-3345 style-local-283-c43 position-relative h-element\">\n                <!---->\n                <!---->\n                <div class=\"\">\n                  <p>El Consejo Diocesano de Pastoral es un \u00f3rgano estable, consultivo y representativo del Pueblo de Dios, que se configura bas\u00e1ndose en la igual dignidad de todos los bautizados, como hijos de Dios y templos del Esp\u00edritu. Su finalidad principal\n                    es colaborar con el Obispo diocesano en el discernimiento de todas aquellas materias referidas a la acci\u00f3n pastoral de la di\u00f3cesis<\/p>\n                <\/div>\n              <\/div>\n            <\/div>\n          <\/div>\n        <\/div>\n      <\/div>\n    <\/div>\n    <div data-colibri-id=\"283-c34\" class=\"h-row-container gutters-row-lg-2 gutters-row-md-2 gutters-row-0 gutters-row-v-lg-2 gutters-row-v-md-2 gutters-row-v-2 style-3244 style-local-283-c34 position-relative\">\n      <!---->\n      <div class=\"h-row justify-content-lg-center justify-content-md-center justify-content-center align-items-lg-stretch align-items-md-stretch align-items-stretch gutters-col-lg-2 gutters-col-md-2 gutters-col-0 gutters-col-v-lg-2 gutters-col-v-md-2 gutters-col-v-2\">\n        <!---->\n        <div class=\"h-column h-column-container d-flex h-col-lg-auto h-col-md-auto h-col-auto style-3245-outer style-local-283-c35-outer\">\n          <div data-colibri-id=\"283-c35\" class=\"d-flex h-flex-basis h-column__inner h-px-lg-2 h-px-md-2 h-px-2 v-inner-lg-2 v-inner-md-2 v-inner-2 style-3245 style-local-283-c35 position-relative\">\n            <!---->\n            <!---->\n            <div class=\"w-100 h-y-container h-column__content h-column__v-align flex-basis-100 align-self-lg-start align-self-md-start align-self-start\">\n              <!---->\n              <div data-toggle=\"true\" data-is-preview=\"true\" data-colibri-component=\"accordion\" data-colibri-id=\"283-c36\" class=\"h-accordion style-3246 style-local-283-c36 position-relative h-element\">\n                <!---->\n                <div data-colibri-id=\"283-c37\" class=\"h-accordion-item h-accordion-item-first-child style-3247 style-local-283-c37 position-relative h-element\">\n                  <!---->\n                  <a data-open-by-default=\"false\" href=\"#283-c37\" class=\"h-accordion-item-title d-flex align-items-center h-global-transition\">\n                    <!----><span>Saber m\u00e1s, click aqu\u00ed<\/span>\n                    <div class=\"h-accordion-item-title-normal-icon h-accordion-item-title-icon h-accordion-item-title-icon-right\"><span class=\"h-svg-icon\"><!--Icon by Icons8 Line Awesome (https:\/\/icons8.com\/line-awesome)--><svg version=\"1.1\" xmlns=\"http:\/\/www.w3.org\/2000\/svg\" xmlns:xlink=\"http:\/\/www.w3.org\/1999\/xlink\" id=\"plus\" viewBox=\"0 0 512 545.5\"><path d=\"M240 112h32v160h160v32H272v160h-32V304H80v-32h160V112z\"><\/path><\/svg><\/span><\/div>\n                    <div class=\"h-accordion-item-title-active-icon h-accordion-item-title-icon h-accordion-item-title-icon-right\"><span class=\"h-svg-icon\"><!--Icon by Icons8 Line Awesome (https:\/\/icons8.com\/line-awesome)--><svg version=\"1.1\" xmlns=\"http:\/\/www.w3.org\/2000\/svg\" xmlns:xlink=\"http:\/\/www.w3.org\/1999\/xlink\" id=\"minus\" viewBox=\"0 0 512 545.5\"><path d=\"M80 272h352v32H80v-32z\"><\/path><\/svg><\/span><\/div>\n                  <\/a>\n                  <div id=\"283-c37\" class=\"h-accordion-item-content__container\">\n                    <div class=\"w-100 h-y-container h-accordion-item-content\">\n                      <!---->\n                      <div data-colibri-id=\"283-c38\" class=\"h-text h-text-component style-3248 style-local-283-c38 position-relative h-element\">\n                        <!---->\n                        <!---->\n                        <div class=\"\">\n                          <p>1. Naturaleza<\/p>\n                          <p>El Consejo Diocesano de Pastoral es un \u00f3rgano estable, consultivo y representativo del Pueblo de Dios, que se configura bas\u00e1ndose en la igual dignidad de todos los bautizados, como hijos de Dios y templos del Esp\u00edritu. Su finalidad\n                            principal es colaborar con el Obispo diocesano en el discernimiento de todas aquellas materias referidas a la acci\u00f3n pastoral de la di\u00f3cesis.<\/p>\n                          <p>Es una expresi\u00f3n visible del santo Pueblo fiel de Dios que es representado por sus miembros.<\/p>\n                          <p>El C\u00f3digo dice que a este Consejo \u201cle corresponde, bajo la autoridad del obispo, estudiar y valorar lo que se refiere a las actividades pastorales en la di\u00f3cesis y sugerir conclusiones pr\u00e1cticas sobre ellas\u201d c.511. \u201cSu voto es\n                            consultivo\u201d c. 514,1<\/p>\n                          <p>Debe sesionar al menos una vez al a\u00f1o (C. 514,2).<\/p>\n                          <p>2. Composici\u00f3n<\/p>\n                          <p>El Consejo Diocesano de Pastoral es un \u00f3rgano representativo de la totalidad del Pueblo de Dios que peregrina en Linares c.512,2. Esto significa que sus miembros han de ser en su mayor\u00eda laicos \u201cque est\u00e1n en plena comuni\u00f3n con\n                            la Iglesia\u201d c. 512,1, hombres y mujeres \u201cde fe, buenas costumbres y prudencia\u201d (C. 512, 3)<\/p>\n                          <p>Son miembros del Consejo Diocesano de Pastoral:<\/p>\n                          <p>a) Por raz\u00f3n de su oficio<\/p>\n                          <p>&#8211; El Obispo Diocesano.<\/p>\n                          <p>&#8211; El Vicario General<\/p>\n                          <p>&#8211; El Vicario de Pastoral.<\/p>\n                          <p>b) Por designaci\u00f3n Episcopal<\/p>\n                          <p>&#8211; Los decanos<\/p>\n                          <p>&#8211; La\/el presidenta\/e de CONFERRE diocesana<\/p>\n                          <p>&#8211; La Priora del Monasterio de la Inmaculada del Maule o su delegada.<\/p>\n                          <p>&#8211; Los directores de los Departamentos Diocesanos.<\/p>\n                          <p>&#8211; Directores y encargados pastorales de los colegios cat\u00f3licos pertenecientes al obispado y de otros colegios de inspiraci\u00f3n cat\u00f3lica.<\/p>\n                          <p>&#8211; Presidente\/a de la Fundaci\u00f3n Caritas Linares y un delegado de sus \u00e1reas pastorales.<\/p>\n                          <p>&#8211; El Obispo puede convocar a ser parte de este consejo a alguna persona que estime conveniente, ya sea como miembro estable, o por un tiempo determinado.<\/p>\n                          <p>c) Por elecci\u00f3n de sus pares<\/p>\n                          <p>&#8211; Un Di\u00e1cono Permanente en representaci\u00f3n del cuerpo diaconal, elegido por los di\u00e1conos.<\/p>\n                          <p>&#8211; Un laico\/a en representaci\u00f3n de su decanato, elegido por sus pares del Comit\u00e9 Ejecutivo Decanal.<\/p>\n                          <p>&#8211; Dos j\u00f3venes de alguna unidad pastoral (parroquia o colegio) que sean elegidos por el Vicario pastoral, entre cinco candidatos presentados por el Equipo Diocesano de Pastoral.<\/p>\n                          <p>&#8211; El coordinador de los Movimientos Apost\u00f3licos.<\/p>\n                          <p>Para ser miembro del Consejo Diocesano de Pastoral se requiere (cfr. C. 512): tener compromiso comunitario y sensibilidad pastoral y su pertenencia a este organismo es personal y no se puede transferir a otra persona.<\/p>\n                          <p>3. Del t\u00e9rmino del servicio<\/p>\n                          <p>La duraci\u00f3n de los miembros del Consejo Diocesano de Pastoral ( c.513,1) ser\u00e1 de cinco a\u00f1os, a no ser que uno o varios integrantes pierdan su calidad de tales por alguna de las causas siguientes:<\/p>\n                          <p>&#8211; Renuncia espont\u00e1nea aceptada por el Obispo.<\/p>\n                          <p>&#8211; Cese en el oficio por el que era miembro de este consejo.<\/p>\n                          <p>&#8211; Falta de asistencia a tres reuniones sin causa justificada.<\/p>\n                          <p>La vacante de un miembro del Consejo Diocesano de Pastoral ser\u00e1 cubierta por la elecci\u00f3n de su reemplazante en la instancia que representaba, o por la designaci\u00f3n que haga el Obispo. Su mandato terminar\u00e1 al finalizar el per\u00edodo\n                            para el que fueron elegidos los integrantes de este Consejo.<\/p>\n                          <p>\u201cTodos los miembros del Consejo Diocesano de Pastoral cesan en sus funciones cuando la di\u00f3cesis queda con Sede Vacante\u201d. (C.513,2)<\/p>\n                          <p>4. Tareas<\/p>\n                          <p>a) Colaborar con el Obispo en la elaboraci\u00f3n de las Orientaciones Pastorales Diocesanas, teniendo como referente el Magisterio Universal y Latinoamericano y del Caribe y las Orientaciones Pastorales del Episcopado nacional.<\/p>\n                          <p>b) Acompa\u00f1ar al Vicario Pastoral y su equipo, en la implementaci\u00f3n de las Orientaciones Pastorales Diocesanas.<\/p>\n                          <p>c) Participar, con otras instancias, en la evaluaci\u00f3n del proceso diocesano de pastoral.<\/p>\n                          <p>d) Determinar, en conjunto con la Vicar\u00eda Pastoral, los caminos de aplicaci\u00f3n de lo discernido en el S\u00ednodo y en el Encuentro de Agentes Pastorales (EDAP) de la di\u00f3cesis.<\/p>\n                          <p>5. Reuniones<\/p>\n                          <p>El Consejo Diocesano de Pastoral \u201cha de convocarse por lo menos una vez al a\u00f1o\u201d c.514,2 preferentemente en el comienzo del a\u00f1o pastoral. Si es posible, se reunir\u00e1 al final del a\u00f1o para evaluar y planificar.<\/p>\n                          <p>Las reuniones del Consejo Diocesano de Pastoral ser\u00e1n convocadas y presididas por el Obispo, moderadas por el Vicario de Pastoral, y las actas ser\u00e1n realizadas por un secretario (a) elegido(a) por el mismo consejo.<\/p>\n                          <p>6. Preparaci\u00f3n de las reuniones<\/p>\n                          <p>La citaci\u00f3n al Consejo Diocesano de Pastoral ser\u00e1 hecha siempre por la secretaria del Vicario de Pastoral, por mandato y en nombre del Obispo.<\/p>\n                          <p>La citaci\u00f3n deber\u00e1 hacerse con un plazo m\u00ednimo de 15 d\u00edas de anticipaci\u00f3n, comunic\u00e1ndose con claridad:<\/p>\n                          <p>&#8211; Lugar, fecha y hora de comienzo y t\u00e9rmino de las sesiones.<\/p>\n                          <p>&#8211; La tabla de los temas a tratar ser\u00e1 confeccionada por el equipo de la Vicaria Pastoral con el obispo diocesano.<\/p>\n                          <p>&#8211; En esa tabla se indicar\u00e1n los temas que se abordar\u00e1n, para cada uno de los cuales se acompa\u00f1ar\u00e1 el material adecuado de informaci\u00f3n y estudio, si fuese oportuno.<\/p>\n                          <p>7. Relaci\u00f3n con el Consejo Presbiteral<\/p>\n                          <p>Por ser un organismo representativo de todo el Pueblo de Dios, es necesario que trabaje coordinadamente, en las materias referidas a la acci\u00f3n pastoral, con el Consejo Presbiteral. Esta coordinaci\u00f3n recae en el Vicario de Pastoral.<\/p>\n                        <\/div>\n                      <\/div>\n                    <\/div>\n                  <\/div>\n                <\/div>\n              <\/div>\n            <\/div>\n          <\/div>\n        <\/div>\n      <\/div>\n    <\/div>\n  <\/div>\n<\/div>\n<div data-colibri-component=\"section\" data-colibri-id=\"283-c44\" id=\"f-a-q-2\" class=\"h-section h-section-global-spacing d-flex align-items-lg-center align-items-md-center align-items-center style-3243 style-local-283-c44 position-relative\">\n  <!---->\n  <!---->\n  <div class=\"h-section-grid-container h-section-boxed-container\">\n    <div data-colibri-id=\"283-c50\" class=\"h-row-container gutters-row-lg-2 gutters-row-md-2 gutters-row-2 gutters-row-v-lg-2 gutters-row-v-md-2 gutters-row-v-2 style-3254 style-local-283-c50 position-relative\">\n      <!---->\n      <div class=\"h-row justify-content-lg-start justify-content-md-start justify-content-start align-items-lg-stretch align-items-md-stretch align-items-stretch gutters-col-lg-2 gutters-col-md-2 gutters-col-2 gutters-col-v-lg-2 gutters-col-v-md-2 gutters-col-v-2\">\n        <!---->\n        <div class=\"h-column h-column-container d-flex h-col-lg-auto h-col-md-auto h-col-auto style-3255-outer style-local-283-c51-outer\">\n          <div data-colibri-id=\"283-c51\" class=\"d-flex h-flex-basis h-column__inner h-px-lg-2 h-px-md-2 h-px-2 v-inner-lg-0 v-inner-md-0 v-inner-0 style-3255 style-local-283-c51 position-relative\">\n            <!---->\n            <!---->\n            <div class=\"w-100 h-y-container h-column__content h-column__v-align flex-basis-100 align-self-lg-center align-self-md-center align-self-center\">\n              <!---->\n              <div data-colibri-id=\"283-c52\" class=\"h-global-transition-all h-heading style-3256 style-local-283-c52 position-relative h-element\">\n                <!---->\n                <div class=\"h-heading__outer style-3256 style-local-283-c52\">\n                  <!---->\n                  <!---->\n                  <h4 class=\"\">CONSEJO DE PRESBITERIO<\/h4>\n                <\/div>\n              <\/div>\n              <div data-colibri-id=\"283-c53\" class=\"d-block style-3556 style-local-283-c53 position-relative h-element\">\n                <!---->\n                <div class=\"h-image__frame-container-outer\">\n                  <div class=\"h-image__frame-container\">\n                    <!---->\n                    <!---->\n                    <img decoding=\"async\" width=\"900\" height=\"600\" data-src=\"https:\/\/obispadodelinares.cl\/ol\/wp-content\/uploads\/2022\/03\/consejo.jpg\" class=\"wp-image-14377 style-3556-image style-local-283-c53-image lazyload\" alt=\"\" data-srcset=\"https:\/\/obispadodelinares.cl\/ol\/wp-content\/uploads\/2022\/03\/consejo.jpg 900w, https:\/\/obispadodelinares.cl\/ol\/wp-content\/uploads\/2022\/03\/consejo-300x200.jpg 300w, https:\/\/obispadodelinares.cl\/ol\/wp-content\/uploads\/2022\/03\/consejo-768x512.jpg 768w\" data-sizes=\"(max-width: 900px) 100vw, 900px\" src=\"data:image\/svg+xml;base64,PHN2ZyB3aWR0aD0iMSIgaGVpZ2h0PSIxIiB4bWxucz0iaHR0cDovL3d3dy53My5vcmcvMjAwMC9zdmciPjwvc3ZnPg==\" style=\"--smush-placeholder-width: 900px; --smush-placeholder-aspect-ratio: 900\/600;\" \/>\n                    <div class=\"h-image__frame h-hide-lg h-hide-md h-hide-sm style-3556-frameImage style-local-283-c53-frameImage\"><\/div>\n                  <\/div>\n                <\/div>\n              <\/div>\n            <\/div>\n          <\/div>\n        <\/div>\n        <div class=\"h-column h-column-container d-flex h-col-lg-auto h-col-md-auto h-col-auto style-3328-outer style-local-283-c54-outer\">\n          <div data-colibri-id=\"283-c54\" class=\"d-flex h-flex-basis h-column__inner h-px-lg-2 h-px-md-2 h-px-2 v-inner-lg-2 v-inner-md-2 v-inner-2 style-3328 style-local-283-c54 position-relative\">\n            <!---->\n            <!---->\n            <div class=\"w-100 h-y-container h-column__content h-column__v-align flex-basis-100 align-self-lg-start align-self-md-start align-self-start\">\n              <!---->\n              <div data-colibri-id=\"283-c55\" class=\"h-text h-text-component style-3325 style-local-283-c55 position-relative h-element\">\n                <!---->\n                <!---->\n                <div class=\"\">\n                  <p>El Consejo Presbiteral es una forma institucionalizada de ejercer la sinodalidad y corresponsabilidad ministerial del Obispo y de los Presb\u00edteros en el gobierno de la Iglesia Diocesana.<\/p>\n                  <p>Integrates:<\/p>\n                  <p>&nbsp;Mons. Tomislav Koljatic Maroevic, Pbro. Silvio Jara Ram\u00edrez,&nbsp;Pbro. Luis Fuentealba S\u00e1nchez,&nbsp;Pbro. Juan P\u00e9rez N\u00fa\u00f1ez,&nbsp;Pbro. Francisco Hormazabal Pastenes.&nbsp;Pbro. Gonzalo Aravena Valenzuela,&nbsp;Pbro. Jos\u00e9 Ulloa\n                    Oliveros,&nbsp;Pbro. Alejandro Quiroz, Troncoso,&nbsp;&nbsp;P. Agustynus Saryanto msf,&nbsp;Pbro. Ra\u00fal Moris Gajardo,&nbsp;Sor Sandra Mu\u00f1oz, OP., Hermana Carmen Gloria Mancilla sscc.<\/p>\n                <\/div>\n              <\/div>\n            <\/div>\n          <\/div>\n        <\/div>\n      <\/div>\n    <\/div>\n    <div data-colibri-id=\"283-c45\" class=\"h-row-container gutters-row-lg-2 gutters-row-md-2 gutters-row-0 gutters-row-v-lg-2 gutters-row-v-md-2 gutters-row-v-2 style-3244 style-local-283-c45 position-relative\">\n      <!---->\n      <div class=\"h-row justify-content-lg-center justify-content-md-center justify-content-center align-items-lg-stretch align-items-md-stretch align-items-stretch gutters-col-lg-2 gutters-col-md-2 gutters-col-0 gutters-col-v-lg-2 gutters-col-v-md-2 gutters-col-v-2\">\n        <!---->\n        <div class=\"h-column h-column-container d-flex h-col-lg-auto h-col-md-auto h-col-auto style-3245-outer style-local-283-c46-outer\">\n          <div data-colibri-id=\"283-c46\" class=\"d-flex h-flex-basis h-column__inner h-px-lg-2 h-px-md-2 h-px-2 v-inner-lg-2 v-inner-md-2 v-inner-2 style-3245 style-local-283-c46 position-relative\">\n            <!---->\n            <!---->\n            <div class=\"w-100 h-y-container h-column__content h-column__v-align flex-basis-100 align-self-lg-start align-self-md-start align-self-start\">\n              <!---->\n              <div data-toggle=\"true\" data-is-preview=\"true\" data-colibri-component=\"accordion\" data-colibri-id=\"283-c47\" class=\"h-accordion style-3246 style-local-283-c47 position-relative h-element\">\n                <!---->\n                <div data-colibri-id=\"283-c48\" class=\"h-accordion-item h-accordion-item-first-child style-3247 style-local-283-c48 position-relative h-element\">\n                  <!---->\n                  <a data-open-by-default=\"false\" href=\"#283-c48\" class=\"h-accordion-item-title d-flex align-items-center h-global-transition\">\n                    <!----><span>Saber m\u00e1s, click aqu\u00ed<\/span>\n                    <div class=\"h-accordion-item-title-normal-icon h-accordion-item-title-icon h-accordion-item-title-icon-right\"><span class=\"h-svg-icon\"><!--Icon by Icons8 Line Awesome (https:\/\/icons8.com\/line-awesome)--><svg version=\"1.1\" xmlns=\"http:\/\/www.w3.org\/2000\/svg\" xmlns:xlink=\"http:\/\/www.w3.org\/1999\/xlink\" id=\"plus\" viewBox=\"0 0 512 545.5\"><path d=\"M240 112h32v160h160v32H272v160h-32V304H80v-32h160V112z\"><\/path><\/svg><\/span><\/div>\n                    <div class=\"h-accordion-item-title-active-icon h-accordion-item-title-icon h-accordion-item-title-icon-right\"><span class=\"h-svg-icon\"><!--Icon by Icons8 Line Awesome (https:\/\/icons8.com\/line-awesome)--><svg version=\"1.1\" xmlns=\"http:\/\/www.w3.org\/2000\/svg\" xmlns:xlink=\"http:\/\/www.w3.org\/1999\/xlink\" id=\"minus\" viewBox=\"0 0 512 545.5\"><path d=\"M80 272h352v32H80v-32z\"><\/path><\/svg><\/span><\/div>\n                  <\/a>\n                  <div id=\"283-c48\" class=\"h-accordion-item-content__container\">\n                    <div class=\"w-100 h-y-container h-accordion-item-content\">\n                      <!---->\n                      <div data-colibri-id=\"283-c49\" class=\"h-text h-text-component style-3248 style-local-283-c49 position-relative h-element\">\n                        <!---->\n                        <!---->\n                        <div class=\"\">\n                          <p>1. Naturaleza<\/p>\n                          <p>El Consejo Presbiteral es una forma institucionalizada de ejercer la sinodalidad y corresponsabilidad ministerial del Obispo y de los Presb\u00edteros en el gobierno de la Iglesia Diocesana.<\/p>\n                          <p>Como indica el C\u00f3digo de Derecho Can\u00f3nico se trata de \u201cun grupo de sacerdotes que sea como el Senado del Obispo\u201d en representaci\u00f3n del presbiterio, cuya misi\u00f3n es ayudarlo \u201cen el gobierno de la Di\u00f3cesis conforme a la norma del\n                            derecho, para proveer lo m\u00e1s posible al bien pastoral de la porci\u00f3n del pueblo de Dios que se le ha encomendado\u201d (c. 495, 1) y para la mejor evangelizaci\u00f3n de todos los ambientes, incluidas las periferias existenciales y geogr\u00e1ficas.<\/p>\n                          <p>Seg\u00fan se\u00f1ala la Legislaci\u00f3n Complementaria de la CECh, se recuerda a todos que el Obispo y los presb\u00edteros son un solo cuerpo mirando \u201ca este mundo, tal cual hoy se presenta al amor y al ministerio de los pastores de la Iglesia\u201d\n                            (P.O. 22).<\/p>\n                          <p>Para ello es importante considerar cuanto expresa la Legislaci\u00f3n Complementaria de la CECh, T\u00edtulo I, n\u00b0 4, sobre el discernimiento:<\/p>\n                          <p>\u201cSe recomienda vivamente la participaci\u00f3n responsable de los miembros del Consejo en la discusi\u00f3n de los temas y hay que advertir que cada miembro del consejo, debe dar su voto en fidelidad a su conciencia, aunque no corresponda\n                            al parecer de quienes le eligieron, pero debe hacer ver el parecer de \u00e9stos en la discusi\u00f3n.<\/p>\n                          <p>Se ha de tener en cuenta del mismo modo, la consideraci\u00f3n de otros puntos de vista existentes en el presbiterio, aunque tales opiniones no tengan partidarios entre los miembros del Consejo.<\/p>\n                          <p>Es necesario tener claridad sobre el modo c\u00f3mo los presb\u00edteros pueden presentar sus inquietudes al Obispo para que, si lo considera oportuno, sean estudiadas por este Consejo\u201d.<\/p>\n                          <p>2. Composici\u00f3n del Consejo Presbiteral<\/p>\n                          <p>Seg\u00fan el Derecho Can\u00f3nico c. 497, son miembros del Consejo Presbiteral:<\/p>\n                          <p>a) Por raz\u00f3n de su oficio:<\/p>\n                          <p>&#8211; El Vicario General.<\/p>\n                          <p>&#8211; El Vicario de Pastoral.<\/p>\n                          <p>&#8211; Los decanos de los cinco decanatos de la di\u00f3cesis.<\/p>\n                          <p>b) Por nombramiento del Obispo, c. 502:<\/p>\n                          <p>&#8211; Algunos Decanos y otros sacerdotes con experiencia relevante.<\/p>\n                          <p>&#8211; Al menos un sacerdote que forme parte de la Comisi\u00f3n Diocesana para la Pastoral de los Presb\u00edteros.<\/p>\n                          <p>c) Por elecci\u00f3n (C. 497 &amp;1, 498 y 499; Normas complementarias CECh)<\/p>\n                          <p>&#8211; Cinco sacerdotes elegidos por los presb\u00edteros de la di\u00f3cesis y confirmados por el Obispo.<\/p>\n                          <p>Procedimiento de la elecci\u00f3n<\/p>\n                          <p>Estos cinco miembros ser\u00e1n elegidos en una Asamblea p\u00fablica de Presb\u00edteros.<\/p>\n                          <p>Es responsabilidad del Vicario Pastoral y un Equipo garante de la elecci\u00f3n invitar a esta Asamblea p\u00fablica a todos los sacerdotes diocesanos y sacerdotes-religiosos con ministerio pastoral activo en la Di\u00f3cesis a la Asamblea\n                            y preparar la votaci\u00f3n.<\/p>\n                          <p>Puede ser elegido cualquier sacerdote diocesano o religioso que ejerza un ministerio en la di\u00f3cesis.<\/p>\n                          <p>El voto ser\u00e1 secreto y el escrutinio realizado de inmediato delante de la Asamblea.<\/p>\n                          <p>Para aquellos miembros del presbiterio que no pueden asistir leg\u00edtimamente a esta Asamblea, podr\u00e1n hacer llegar su voto escrito y secreto al Vicario de Pastoral quien lo incorporara a la urna de votaci\u00f3n en el momento de la votaci\u00f3n.<\/p>\n                          <p>A estos se les enviar\u00e1 previamente la lista de todos los que pueden ser elegidos, para ser devuelta en sobre cerrado.<\/p>\n                          <p>Ser\u00e1n elegidos para el Consejo Presbiteral los sacerdotes que obtengan una mayor\u00eda absoluta en esta votaci\u00f3n.<\/p>\n                          <p>Si ello no ocurre en la primera votaci\u00f3n, se proceder\u00e1 a sucesivas votaciones con los presentes en la Asamblea electiva.<\/p>\n                          <p>Pueden ser elegidos tambi\u00e9n presb\u00edteros ausentes. En este caso el Vicario de Pastoral deber\u00e1 comunicarle lo antes posible a este elegido la nominaci\u00f3n, la que debe ser aceptada o rechazada libremente.<\/p>\n                          <p>No hay l\u00edmites a la reelecci\u00f3n de alguno de sus miembros.<\/p>\n                          <p>3. Del t\u00e9rmino de este servicio<\/p>\n                          <p>Un miembro del Consejo Presbiteral cesa como tal seg\u00fan los c\u00e1nones 192-195 por:<\/p>\n                          <p>a) Remoci\u00f3n de su oficio.<\/p>\n                          <p>b) Alejamiento del ministerio p\u00fablico del sacerdocio, aunque solamente se haya producido de hecho y no jur\u00eddicamente.<\/p>\n                          <p>c) Suspensi\u00f3n temporal por una denuncia fundada, mientras dure el proceso de Investigaci\u00f3n Previa. En este caso ser\u00e1 el Obispo quien determine si es necesario nombrar un reemplazante.<\/p>\n                          <p>d) Traslado de Di\u00f3cesis, enfermedad u otra causa que a juicio del Obispo resulte incompatible con la marcha ordinaria de estos Consejos.<\/p>\n                          <p>e) Sin embargo, la Legislaci\u00f3n Complementaria de la CECh establece que \u201cun sacerdote puede ser miembro de dos Consejos de Presbiterio si es que ejerce el ministerio en las dos Di\u00f3cesis y es compatible su asistencia a las reuniones\n                            seg\u00fan el criterio del Obispo\u201d (T\u00edtulo I, n\u00b0 7).<\/p>\n                          <p>Cualquiera de estas causas producir\u00e1 todos sus efectos al quedar consignada en Acta por escrito con la firma del Obispo.<\/p>\n                          <p>4. Tareas del Consejo Presbiteral<\/p>\n                          <p>Las tareas de este Consejo son m\u00faltiples.<\/p>\n                          <p>a) En relaci\u00f3n al obispo<\/p>\n                          <p>1.- Dar el parecer sobre los asuntos que el obispo someta a consulta de este Consejo para el mejor discernimiento en cuestiones referentes al r\u00e9gimen y conducci\u00f3n de la Di\u00f3cesis (c. 500 &amp;2).<\/p>\n                          <p>2.- Conocer la realidad de la di\u00f3cesis, como tambi\u00e9n las aspiraciones, sugerencias y problemas de quienes participan de la vida de la Di\u00f3cesis para hacerlas presente en este Consejo.<\/p>\n                          <p>3.- Proponer acciones que promuevan y faciliten colaboraci\u00f3n de los sacerdotes y los otros agentes pastorales de la Di\u00f3cesis con el Obispo y entre s\u00ed para vivir la comuni\u00f3n y participaci\u00f3n corresponsable.<\/p>\n                          <p>4.- Aconsejar al Obispo cuando se estime conveniente remover o trasladar a un P\u00e1rroco (c. 1742 y 1750), o cualquier otro agente pastoral relevante.<\/p>\n                          <p>5.- Aprobar por mayor\u00eda simple el erigir, cambiar, fusionar o suprimir parroquias (c. 515.2).<\/p>\n                          <p>6.- Aconsejar al Obispo frente a situaciones de conflictos, esc\u00e1ndalos, crisis suscitadas en alguna instituci\u00f3n de la di\u00f3cesis para el mayor bien de la Iglesia y de las personas.<\/p>\n                          <p>7.- Autorizar la reducci\u00f3n de un templo consagrado para que sea ocupado en un uso profano no s\u00f3rdido, por causas graves que impidan continuar dedic\u00e1ndolo al culto lit\u00fargico (c. 1222,2).<\/p>\n                          <p>b) En relaci\u00f3n con el S\u00ednodo Diocesano y el Consejo Diocesano de Pastoral<\/p>\n                          <p>1.- Decidir la convocatoria y la fecha de celebraci\u00f3n de la Asamblea General del S\u00ednodo Diocesano Permanente con la tem\u00e1tica preparatoria y sus contenidos medulares, (c. 461-468).<\/p>\n                          <p>2.- Colaborar con el Obispo, en la definici\u00f3n de las Orientaciones Pastorales, las cuales se elaborar\u00e1n en un proceso de discernimiento participativo, cuyo principal protagonista ser\u00e1 el Consejo Diocesano de Pastoral.<\/p>\n                          <p>3.- Deliberar acerca de las medidas adecuadas que se deduzcan de las sugerencias, estudio, valoraci\u00f3n y discernimiento hechos por el Consejo Diocesano de Pastoral, seg\u00fan el c. 511.<\/p>\n                          <p>c) En relaci\u00f3n con el Consejo de Asuntos Econ\u00f3micos Diocesano<\/p>\n                          <p>1.- Conocer, a partir de los informes presentados por el Consejo Econ\u00f3mico Diocesano, la situaci\u00f3n econ\u00f3mica de la di\u00f3cesis.<\/p>\n                          <p>2.- Proponer acciones pastorales a partir de ese Informe.<\/p>\n                          <p>3.- Respaldar la gesti\u00f3n del Consejo Diocesano de Asuntos Econ\u00f3micos, en vista a que cada parroquia tenga un consejo econ\u00f3mico y publique sus balances (c. 492-493; y c. 537).<\/p>\n                          <p>4.- Determinar las necesidades prioritarias que deben apoyarse con la parte correspondiente al Obispado del 1% de Contribuci\u00f3n a la Iglesia; el aporte de lo recaudado en forma extraordinaria en los Santuarios con ocasi\u00f3n de celebraciones\n                            masivas, o de otras ayudas voluntarias de los fieles, entregadas a la Caja Diocesana (c. 531).<\/p>\n                          <p>5.- Determinar la solicitud de un tributo mensual, semestral o anual moderado, para las necesidades del Obispado, a las personas jur\u00eddicas p\u00fablicas de la Di\u00f3cesis (c. 1263).<\/p>\n                          <p>d) En relaci\u00f3n con el clero<\/p>\n                          <p>1.- Coordinar con la Comisi\u00f3n Diocesana para la Pastoral de los Presb\u00edteros, todo lo relacionado con el ministerio y vida de los sacerdotes: espiritualidad, tem\u00e1tica de la formaci\u00f3n permanente y de las reuniones mensuales del\n                            clero, prevenci\u00f3n de salud, situaci\u00f3n econ\u00f3mica, trabajo pastoral, etc.<\/p>\n                          <p>2.- Procurar la ejecuci\u00f3n de iniciativas tendientes a atender la situaci\u00f3n espec\u00edfica de los di\u00e1conos permanentes, religiosos y religiosas, y laicos cualificados de la Di\u00f3cesis.<\/p>\n                          <p>Conocer situaciones de sacerdotes enfermos o que han dejado el ministerio y proponer acciones de solidaridad con ellos.<\/p>\n                          <p>5. Tareas del Obispo<\/p>\n                          <p>Al tenor de los canones las tareas del obispo en este Consejo son:<\/p>\n                          <p>a) Ser el Presidente de este Consejo<\/p>\n                          <p>b) Ratificar la elecci\u00f3n de los miembros de este Consejo elegidos en votaci\u00f3n por la Asamblea Presbiteral.<\/p>\n                          <p>c) Aprobar la Tabla de las reuniones presentada por el Vicario de Pastoral previamente.<\/p>\n                          <p>d) Convocar a las reuniones, que ser\u00e1n ordinarias y extraordinarias.<\/p>\n                          <p>Las extraordinarias, ser\u00e1n citadas:<\/p>\n                          <p>&#8211; Por propia iniciativa del Obispo;<\/p>\n                          <p>&#8211; Convocada por el obispo a petici\u00f3n de la mayor\u00eda de los miembros del Consejo.<\/p>\n                          <p>&#8211; El Obispo puede suspender o cambiar la fecha de alguna reuni\u00f3n ordinaria explicando oportunamente la causa y fijando la fecha de la nueva citaci\u00f3n.<\/p>\n                          <p>e) Promulgar los Estatutos y modificar los Estatutos o\u00eddo al Consejo Presbiteral.<\/p>\n                          <p>6. Citaci\u00f3n a las reuniones<\/p>\n                          <p>La citaci\u00f3n ser\u00e1 hecha por la Secretaria del Obispo.<\/p>\n                          <p>La citaci\u00f3n deber\u00e1 hacerse con un plazo m\u00ednimo de 15 d\u00edas de anticipaci\u00f3n, salvo cuando se trate de una reuni\u00f3n extraordinaria, en cuyo caso se har\u00e1 con la mayor diligencia posible, comunic\u00e1ndose la tabla de los temas a tratar.<\/p>\n                          <p>En toda citaci\u00f3n habr\u00e1 que se\u00f1alar siempre:<\/p>\n                          <p>Lugar, fecha y hora de comienzo de las reuniones. Las reuniones ordinarias ser\u00e1n todos los primeros mi\u00e9rcoles del mes, salvo en febrero (vacaciones).<\/p>\n                          <p>Su car\u00e1cter de reuni\u00f3n ordinaria o extraordinaria; y en este \u00faltimo caso a instancia de qui\u00e9n la convoca, si es el Obispo o por sugerencia de la mayor\u00eda de los miembros del Consejo.<\/p>\n                          <p>7.- Actas<\/p>\n                          <p>En todas las reuniones del Consejo se deber\u00e1 levantar un Acta.<\/p>\n                          <p>Para ello se elegir\u00e1 un Secretario de Actas de entre los miembros. \u00c9l ser\u00e1 responsable de escribirlas, de presentarla en la reuni\u00f3n siguiente para su aprobaci\u00f3n o correcci\u00f3n y guardar una copia f\u00edsica en el Archivo de la Vicar\u00eda\n                            de Pastoral una vez aprobada en la reuni\u00f3n siguiente.<\/p>\n                          <p>8.- Desarrollo de la reuni\u00f3n<\/p>\n                          <p>El orden de las reuniones, de acuerdo al c. 95 y a la praxis de la Di\u00f3cesis, ser\u00e1 el siguiente:<\/p>\n                          <p>Oraci\u00f3n a partir de una Lectio.<\/p>\n                          <p>Pausa: Caf\u00e9 o t\u00e9.<\/p>\n                          <p>Lectura del Acta anterior para su correcci\u00f3n y aprobaci\u00f3n.<\/p>\n                          <p>Lectura de la Tabla establecida por el Vicario de Pastoral en consulta con el obispo, con los asuntos presentados para el discernimiento comunitario.<\/p>\n                          <p>El Vicario de Pastoral deber\u00e1 preparar los Informes y materiales requeridos para la discusi\u00f3n de los temas de la Tabla.<\/p>\n                          <p>Desarrollo de los temas a tratar.<\/p>\n                          <p>Antes de finalizar la sesi\u00f3n si es factible se propondr\u00e1 la fecha y un avance del orden del d\u00eda de la reuni\u00f3n siguiente.<\/p>\n                          <p>Almuerzo fraterno.<\/p>\n                          <p>Las reuniones del Consejo tendr\u00e1n un Moderador y un Secretario de Actas. Ambos servicios ser\u00e1n prestados por sacerdotes que forman parte del Consejo.<\/p>\n                          <p>Es competencia exclusiva del Obispo Diocesano la publicaci\u00f3n y divulgaci\u00f3n de lo tratado y acordado en el Consejo Presbiteral.<\/p>\n                          <p>Los laicos\/as o religiosos\/as, que sean invitados a deliberar sobre alg\u00fan tema, podr\u00e1n plantear con toda libertad sus puntos de vista, pero sin derecho a voto, dada la propia naturaleza de este Consejo Presbiteral.<\/p>\n                          <p>Todo lo conversado en esta reuni\u00f3n debe ser mantenido en reserva fuera de ella para as\u00ed proteger la libre expresi\u00f3n de las ideas y opiniones de los consejeros.<\/p>\n                          <p>9. Disoluci\u00f3n del Consejo Presbiteral<\/p>\n                          <p>El Derecho Can\u00f3nico establece que si el Consejo Presbiteral dejase de cumplir la funci\u00f3n encomendada en bien de la di\u00f3cesis o abuse gravemente de ella, el obispo puede disolver el Consejo de Presbiterio despu\u00e9s de consultar al\n                            Metropolitano ( el Arzobispo de Santiago) y debe restablecer un nuevo Consejo de Presbiterio en el plazo de un a\u00f1o. (c. 501,3).<\/p>\n                          <p>10.- Sede Vacante<\/p>\n                          <p>Al quedar vacante la Sede, cesa el Consejo Presbiteral, y cumple sus funciones el Colegio de Consultores. El nuevo obispo tiene un plazo de un a\u00f1o para constituir en nuevo Consejo Presbiteral (c. 501,3)<\/p>\n                          <p>\n                            <br>\n                          <\/p>\n                        <\/div>\n                      <\/div>\n                    <\/div>\n                  <\/div>\n                <\/div>\n              <\/div>\n            <\/div>\n          <\/div>\n        <\/div>\n      <\/div>\n    <\/div>\n  <\/div>\n<\/div>\n<div data-colibri-component=\"section\" data-colibri-id=\"283-c56\" id=\"reusable-sections\" class=\"h-section h-section-global-spacing d-flex align-items-lg-center align-items-md-center align-items-center style-3263 style-local-283-c56 position-relative\">\n  <!---->\n  <!---->\n  <div class=\"h-section-grid-container h-section-boxed-container\">\n    <div data-colibri-id=\"283-c62\" class=\"h-row-container gutters-row-lg-2 gutters-row-md-2 gutters-row-2 gutters-row-v-lg-2 gutters-row-v-md-2 gutters-row-v-2 style-3269 style-local-283-c62 position-relative\">\n      <!---->\n      <div class=\"h-row justify-content-lg-start justify-content-md-start justify-content-start align-items-lg-stretch align-items-md-stretch align-items-stretch gutters-col-lg-2 gutters-col-md-2 gutters-col-2 gutters-col-v-lg-2 gutters-col-v-md-2 gutters-col-v-2\">\n        <!---->\n        <div class=\"h-column h-column-container d-flex h-col-lg-auto h-col-md-auto h-col-auto style-3270-outer style-local-283-c63-outer\">\n          <div data-colibri-id=\"283-c63\" class=\"d-flex h-flex-basis h-column__inner h-px-lg-2 h-px-md-2 h-px-2 v-inner-lg-0 v-inner-md-0 v-inner-0 style-3270 style-local-283-c63 position-relative\">\n            <!---->\n            <!---->\n            <div class=\"w-100 h-y-container h-column__content h-column__v-align flex-basis-auto align-self-lg-center align-self-md-center align-self-center\">\n              <!---->\n              <div data-colibri-id=\"283-c64\" class=\"h-global-transition-all h-heading style-3271 style-local-283-c64 position-relative h-element\">\n                <!---->\n                <div class=\"h-heading__outer style-3271 style-local-283-c64\">\n                  <!---->\n                  <!---->\n                  <h4 class=\"\">Colegio de Consultores<\/h4>\n                <\/div>\n              <\/div>\n            <\/div>\n          <\/div>\n        <\/div>\n        <div class=\"h-column h-column-container d-flex h-col-lg-auto h-col-md-auto h-col-auto style-3348-outer style-local-283-c65-outer\">\n          <div data-colibri-id=\"283-c65\" class=\"d-flex h-flex-basis h-column__inner h-px-lg-2 h-px-md-2 h-px-2 v-inner-lg-2 v-inner-md-2 v-inner-2 style-3348 style-local-283-c65 position-relative\">\n            <!---->\n            <!---->\n            <div class=\"w-100 h-y-container h-column__content h-column__v-align flex-basis-100 align-self-lg-start align-self-md-start align-self-start\">\n              <!---->\n              <div data-colibri-id=\"283-c66\" class=\"h-text h-text-component style-3349 style-local-283-c66 position-relative h-element\">\n                <!---->\n                <!---->\n                <div class=\"\">\n                  <p>La mayor parte de las atribuciones previstas por el Derecho para este Colegio se refieren al gobierno durante la Sede Vacante y la administraci\u00f3n econ\u00f3mica de la Di\u00f3cesis.<\/p>\n                <\/div>\n              <\/div>\n            <\/div>\n          <\/div>\n        <\/div>\n      <\/div>\n    <\/div>\n    <div data-colibri-id=\"283-c57\" class=\"h-row-container gutters-row-lg-2 gutters-row-md-2 gutters-row-0 gutters-row-v-lg-2 gutters-row-v-md-2 gutters-row-v-2 style-3264 style-local-283-c57 position-relative\">\n      <!---->\n      <div class=\"h-row justify-content-lg-center justify-content-md-center justify-content-center align-items-lg-stretch align-items-md-stretch align-items-stretch gutters-col-lg-2 gutters-col-md-2 gutters-col-0 gutters-col-v-lg-2 gutters-col-v-md-2 gutters-col-v-2\">\n        <!---->\n        <div class=\"h-column h-column-container d-flex h-col-lg-auto h-col-md-auto h-col-auto style-3265-outer style-local-283-c58-outer\">\n          <div data-colibri-id=\"283-c58\" class=\"d-flex h-flex-basis h-column__inner h-px-lg-2 h-px-md-2 h-px-2 v-inner-lg-2 v-inner-md-2 v-inner-2 style-3265 style-local-283-c58 position-relative\">\n            <!---->\n            <!---->\n            <div class=\"w-100 h-y-container h-column__content h-column__v-align flex-basis-100 align-self-lg-start align-self-md-start align-self-start\">\n              <!---->\n              <div data-toggle=\"true\" data-is-preview=\"true\" data-colibri-component=\"accordion\" data-colibri-id=\"283-c59\" class=\"h-accordion style-3266 style-local-283-c59 position-relative h-element\">\n                <!---->\n                <div data-colibri-id=\"283-c60\" class=\"h-accordion-item h-accordion-item-first-child style-3267 style-local-283-c60 position-relative h-element\">\n                  <!---->\n                  <a data-open-by-default=\"false\" href=\"#283-c60\" class=\"h-accordion-item-title d-flex align-items-center h-global-transition\">\n                    <!----><span>Saber m\u00e1s, click aqu\u00ed<\/span>\n                    <div class=\"h-accordion-item-title-normal-icon h-accordion-item-title-icon h-accordion-item-title-icon-right\"><span class=\"h-svg-icon\"><!--Icon by Icons8 Line Awesome (https:\/\/icons8.com\/line-awesome)--><svg version=\"1.1\" xmlns=\"http:\/\/www.w3.org\/2000\/svg\" xmlns:xlink=\"http:\/\/www.w3.org\/1999\/xlink\" id=\"plus\" viewBox=\"0 0 512 545.5\"><path d=\"M240 112h32v160h160v32H272v160h-32V304H80v-32h160V112z\"><\/path><\/svg><\/span><\/div>\n                    <div class=\"h-accordion-item-title-active-icon h-accordion-item-title-icon h-accordion-item-title-icon-right\"><span class=\"h-svg-icon\"><!--Icon by Icons8 Line Awesome (https:\/\/icons8.com\/line-awesome)--><svg version=\"1.1\" xmlns=\"http:\/\/www.w3.org\/2000\/svg\" xmlns:xlink=\"http:\/\/www.w3.org\/1999\/xlink\" id=\"minus\" viewBox=\"0 0 512 545.5\"><path d=\"M80 272h352v32H80v-32z\"><\/path><\/svg><\/span><\/div>\n                  <\/a>\n                  <div id=\"283-c60\" class=\"h-accordion-item-content__container\">\n                    <div class=\"w-100 h-y-container h-accordion-item-content\">\n                      <!---->\n                      <div data-colibri-id=\"283-c61\" class=\"h-text h-text-component style-3268 style-local-283-c61 position-relative h-element\">\n                        <!---->\n                        <!---->\n                        <div class=\"\">\n                          <p>1. Naturaleza<\/p>\n                          <p>No obstante, la estrecha conexi\u00f3n que tiene en esta Di\u00f3cesis con el Consejo Presbiteral, el Colegio de Consultores es un \u00f3rgano independiente del mismo, porque sus funciones no cesan hasta que expire el mandato por el que fueron\n                            elegidos sus miembros, incluso si el Obispo finaliza su oficio. (c. 502,1).<\/p>\n                          <p>La mayor parte de las atribuciones previstas por el Derecho para este Colegio se refieren al gobierno durante la Sede Vacante y la administraci\u00f3n econ\u00f3mica de la Di\u00f3cesis (c\u00e1nones 272; 377\u00a7 3; 382 \u00a7 3; 404 \u00a7\u00a7 1.3; 413 \u00a7 2; 419;\n                            421 \u00a7 1; 442; 430 \u00a7 2; 485; 494; 501 \u00a7 2; 833, 4; 1018 \u00a7 1, 2; 1277).<\/p>\n                          <p>Espec\u00edficamente el Colegio de Consultores tiene que dar su consentimiento, junto con el Consejo de Asuntos Econ\u00f3micos, para que el Obispo u otra persona jur\u00eddica p\u00fablica no sujeta al Obispo diocesano, pero que s\u00ed le est\u00e1 sometida,\n                            puedan enajenar bienes que pertenecen al patrimonio estable de la Iglesia (cf. c. 1291 -1292). El monto m\u00ednimo a partir del cual se debe consultar a este Consejo lo fija la Conferencia Episcopal de Chile.<\/p>\n                          <p>2. Composici\u00f3n del Colegio de Consultores<\/p>\n                          <p>Son miembros del Colegio de Consultores Diocesanos seg\u00fan el c. 502, n.1:<\/p>\n                          <p>a) Por raz\u00f3n de su oficio:<\/p>\n                          <p>&#8211; El Vicario General.<\/p>\n                          <p>&#8211; El Vicario de Pastoral.<\/p>\n                          <p>b) Por designaci\u00f3n episcopal<\/p>\n                          <p>&#8211; Los Decanos de cada zona pastoral.<\/p>\n                          <p>&#8211; Alguno de los integrantes de la Comisi\u00f3n Diocesana para la Pastoral de los Presb\u00edteros.<\/p>\n                          <p>Los miembros del Colegio de Consultores son nombrados para cinco a\u00f1os.<\/p>\n                          <p>3. Del t\u00e9rmino de este servicio<\/p>\n                          <p>Al cumplirse el quinquenio para el que el Colegio de Consultores ha sido establecido, sigue ejerciendo sus funciones propias en tanto no se constituya un nuevo Colegio de Consultores (canon 502 \u00a7 1), incluso en caso de que se\n                            haya renovado el Consejo Presbiteral y ninguno de los Consultores haya quedado dentro del nuevo Consejo Presbiteral.<\/p>\n                          <p>En caso de cesar alg\u00fan miembro del Colegio de Consultores, puede ser nombrado otro en su lugar, pero no es obligaci\u00f3n hacerlo a no ser que el n\u00famero de los que quedan sea inferior a seis (Comisi\u00f3n de Interpretaci\u00f3n).<\/p>\n                          <p>Los miembros del Consejo Presbiteral que forman parte del Colegio de Consultores no dejan de pertenecer a este Colegio por el mero hecho de cesar en el Consejo Presbiteral (Comisi\u00f3n de Interpr.).<\/p>\n                          <p>4. Funcionamiento del Colegio de Consultores<\/p>\n                          <p>Preside el Colegio de Consultores el Obispo diocesano.<\/p>\n                          <p>En caso de Sede Vacante o Impedida, preside el Colegio el sacerdote miembro del Consejo m\u00e1s antiguo en ordenaci\u00f3n (canon 502 \u00a7 2), quien a tenor del canon 419 convocar\u00e1 al Colegio de Consultores para elegir Administrador Diocesano\n                            antes de ocho d\u00edas, a partir del momento en que reciba la noticia de la vacancia de la Sede (canon 421). Lo mismo se habr\u00e1 de hacer en el caso de Sede impedida seg\u00fan canon 413 &amp; 2.<\/p>\n                          <p>Tanto en Sede Plena como en Sede Vacante o Impedida no ser\u00e1 obligatorio convocar a reuniones a quienes conste que est\u00e1n ausentes de la Di\u00f3cesis. Si es el Presidente quien est\u00e1 ausente, har\u00e1 sus veces el sacerdote m\u00e1s antiguo\n                            en ordenaci\u00f3n de los miembros del Colegio presentes en la Di\u00f3cesis.<\/p>\n                          <p>Si alg\u00fan Consultor no fue convocado, pero se hace presente para la reuni\u00f3n colegial, gozar\u00e1 de plenas facultades. Adem\u00e1s, el Colegio podr\u00e1 proceder como tal, aunque no haya habido citaci\u00f3n previa y todos sus miembros se hayan\n                            reunido espont\u00e1neamente.<\/p>\n                          <p>Cuando se produce la vacancia de la Sede, y no habiendo alg\u00fan obispo auxiliar, le corresponde al Colegio de Consultores ejercitar las funciones de gobierno y convocar a sus miembros para la elecci\u00f3n del Administrador Diocesano.<\/p>\n                          <p>Seg\u00fan el canon 424, el Administrador Diocesano ha de escogerse de acuerdo con lo indicado en los c\u00e1nones 165\u2013178; y el elegido debe cumplir lo que se\u00f1ala el canon 425.<\/p>\n                          <p>Para los efectos de levantar Acta de lo realizado; si en el grupo no est\u00e1 presente quien habitualmente ejerce la funci\u00f3n de Secretario de Actas, puede hacerlo cualquiera de los miembros del Colegio y es de aconsejar que la firmen\n                            todos o, por lo menos, el que hizo de actuario, el presidente y los escrutadores (canon 173 \u00a7 4).<\/p>\n                          <p>\n                            <br>\n                          <\/p>\n                          <p>\n                            <br>\n                          <\/p>\n                        <\/div>\n                      <\/div>\n                    <\/div>\n                  <\/div>\n                <\/div>\n              <\/div>\n            <\/div>\n          <\/div>\n        <\/div>\n      <\/div>\n    <\/div>\n  <\/div>\n<\/div>\n<div data-colibri-component=\"section\" data-colibri-id=\"283-c67\" id=\"reusable-sections-2\" class=\"h-section h-section-global-spacing d-flex align-items-lg-center align-items-md-center align-items-center style-3272 style-local-283-c67 position-relative\">\n  <!---->\n  <!---->\n  <div class=\"h-section-grid-container h-section-boxed-container\">\n    <div data-colibri-id=\"283-c73\" class=\"h-row-container gutters-row-lg-2 gutters-row-md-2 gutters-row-2 gutters-row-v-lg-2 gutters-row-v-md-2 gutters-row-v-2 style-3278 style-local-283-c73 position-relative\">\n      <!---->\n      <div class=\"h-row justify-content-lg-start justify-content-md-start justify-content-start align-items-lg-stretch align-items-md-stretch align-items-stretch gutters-col-lg-2 gutters-col-md-2 gutters-col-2 gutters-col-v-lg-2 gutters-col-v-md-2 gutters-col-v-2\">\n        <!---->\n        <div class=\"h-column h-column-container d-flex h-col-lg-auto h-col-md-auto h-col-auto style-3279-outer style-local-283-c74-outer\">\n          <div data-colibri-id=\"283-c74\" class=\"d-flex h-flex-basis h-column__inner h-px-lg-2 h-px-md-2 h-px-2 v-inner-lg-0 v-inner-md-0 v-inner-0 style-3279 style-local-283-c74 position-relative\">\n            <!---->\n            <!---->\n            <div class=\"w-100 h-y-container h-column__content h-column__v-align flex-basis-100 align-self-lg-center align-self-md-center align-self-center\">\n              <!---->\n              <div data-colibri-id=\"283-c75\" class=\"d-block style-4712 style-local-283-c75 position-relative h-element\">\n                <!---->\n                <div class=\"h-image__frame-container-outer\">\n                  <div class=\"h-image__frame-container\">\n                    <!---->\n                    <!---->\n                    <img decoding=\"async\" width=\"1565\" height=\"1440\" data-src=\"https:\/\/obispadodelinares.cl\/ol\/wp-content\/uploads\/2025\/04\/cropped-consejo-de-prevencio-diocesano-scaled-1.jpg\" class=\"wp-image-20900 style-4712-image style-local-283-c75-image lazyload\" alt=\"\" data-srcset=\"https:\/\/obispadodelinares.cl\/ol\/wp-content\/uploads\/2025\/04\/cropped-consejo-de-prevencio-diocesano-scaled-1.jpg 1565w, https:\/\/obispadodelinares.cl\/ol\/wp-content\/uploads\/2025\/04\/cropped-consejo-de-prevencio-diocesano-scaled-1-300x276.jpg 300w, https:\/\/obispadodelinares.cl\/ol\/wp-content\/uploads\/2025\/04\/cropped-consejo-de-prevencio-diocesano-scaled-1-1024x942.jpg 1024w, https:\/\/obispadodelinares.cl\/ol\/wp-content\/uploads\/2025\/04\/cropped-consejo-de-prevencio-diocesano-scaled-1-768x707.jpg 768w, https:\/\/obispadodelinares.cl\/ol\/wp-content\/uploads\/2025\/04\/cropped-consejo-de-prevencio-diocesano-scaled-1-1536x1413.jpg 1536w\" data-sizes=\"(max-width: 1565px) 100vw, 1565px\" src=\"data:image\/svg+xml;base64,PHN2ZyB3aWR0aD0iMSIgaGVpZ2h0PSIxIiB4bWxucz0iaHR0cDovL3d3dy53My5vcmcvMjAwMC9zdmciPjwvc3ZnPg==\" style=\"--smush-placeholder-width: 1565px; --smush-placeholder-aspect-ratio: 1565\/1440;\" \/>\n                    <div class=\"h-image__frame h-hide-lg h-hide-md h-hide-sm style-4712-frameImage style-local-283-c75-frameImage\"><\/div>\n                  <\/div>\n                <\/div>\n              <\/div>\n              <div data-colibri-id=\"283-c76\" class=\"h-global-transition-all h-heading style-3280 style-local-283-c76 position-relative h-element\">\n                <!---->\n                <div class=\"h-heading__outer style-3280 style-local-283-c76\">\n                  <!---->\n                  <!---->\n                  <h4 class=\"\">CONSEJO DE PREVENCI\u00d3N DE ABUSOS<\/h4>\n                <\/div>\n              <\/div>\n            <\/div>\n          <\/div>\n        <\/div>\n        <div class=\"h-column h-column-container d-flex h-col-lg-auto h-col-md-auto h-col-auto style-3281-outer style-local-283-c77-outer\">\n          <div data-colibri-id=\"283-c77\" class=\"d-flex h-flex-basis h-column__inner h-px-lg-2 h-px-md-2 h-px-2 v-inner-lg-2 v-inner-md-2 v-inner-2 style-3281 style-local-283-c77 position-relative\">\n            <!---->\n            <!---->\n            <div class=\"w-100 h-y-container h-column__content h-column__v-align flex-basis-100 align-self-lg-start align-self-md-start align-self-start\">\n              <!---->\n              <div data-colibri-id=\"283-c78\" class=\"h-text h-text-component style-3282 style-local-283-c78 position-relative h-element\">\n                <!---->\n                <!---->\n                <div class=\"\">\n                  <p><span style=\"font-weight: 400; font-size: 16px; font-family: &quot;Open Sans&quot;; color: rgb(70, 112, 127);\">Este consejo tiene entre otras funciones la recepci\u00f3n de noticias y denuncias relativas a abusos de autoridad, de conciencia y sexuales cometidos por miembros del Clero y otros agentes pastorales, dichas denuncias deben ser dirigidas al tel\u00e9fono <\/span>\n                    <span\n                      style=\"font-weight: 800; font-size: 16px; font-family: &quot;Open Sans&quot;; color: rgb(70, 112, 127);\">732627225<\/span><span style=\"font-weight: 400; font-size: 16px; font-family: &quot;Open Sans&quot;; color: rgb(70, 112, 127);\"> o al Correo <\/span><span style=\"font-weight: 800; font-size: 16px; font-family: &quot;Open Sans&quot;; color: rgb(70, 112, 127);\">jvillagran@obispadodelinares.cl<\/span><\/p>\n                  <p>Respondiendo a las \u00faltimas orientaciones y normativas entregadas por el Papa Francisco, los Organismos competentes de la Santa Sede y de la CECh, existe en la Di\u00f3cesis el Consejo de Prevenci\u00f3n de Abusos.<\/p>\n                  <p>Este Consejo tiene como finalidad responder a las exigencias de estos tiempos y as\u00ed poner en pr\u00e1ctica todas las disposiciones vigentes antes se\u00f1aladas.<\/p>\n                  <p>Integrantes:&nbsp;Pbro. Silvio Jara Ram\u00edrez,&nbsp;Pbro. Ra\u00fal Moris Gajardo,&nbsp;Sra. Judith Villagr\u00e1n Molina, abogada (Receptora de Denuncias ).&nbsp;<\/p>\n                <\/div>\n              <\/div>\n            <\/div>\n          <\/div>\n        <\/div>\n      <\/div>\n    <\/div>\n    <div data-colibri-id=\"283-c68\" class=\"h-row-container gutters-row-lg-2 gutters-row-md-2 gutters-row-0 gutters-row-v-lg-2 gutters-row-v-md-2 gutters-row-v-2 style-3273 style-local-283-c68 position-relative\">\n      <!---->\n      <div class=\"h-row justify-content-lg-center justify-content-md-center justify-content-center align-items-lg-stretch align-items-md-stretch align-items-stretch gutters-col-lg-2 gutters-col-md-2 gutters-col-0 gutters-col-v-lg-2 gutters-col-v-md-2 gutters-col-v-2\">\n        <!---->\n        <div class=\"h-column h-column-container d-flex h-col-lg-auto h-col-md-auto h-col-auto style-3274-outer style-local-283-c69-outer\">\n          <div data-colibri-id=\"283-c69\" class=\"d-flex h-flex-basis h-column__inner h-px-lg-2 h-px-md-2 h-px-2 v-inner-lg-2 v-inner-md-2 v-inner-2 style-3274 style-local-283-c69 position-relative\">\n            <!---->\n            <!---->\n            <div class=\"w-100 h-y-container h-column__content h-column__v-align flex-basis-100 align-self-lg-start align-self-md-start align-self-start\">\n              <!---->\n              <div data-toggle=\"true\" data-is-preview=\"true\" data-colibri-component=\"accordion\" data-colibri-id=\"283-c70\" class=\"h-accordion style-3275 style-local-283-c70 position-relative h-element\">\n                <!---->\n                <div data-colibri-id=\"283-c71\" class=\"h-accordion-item h-accordion-item-first-child style-3276 style-local-283-c71 position-relative h-element\">\n                  <!---->\n                  <a data-open-by-default=\"false\" href=\"#283-c71\" class=\"h-accordion-item-title d-flex align-items-center h-global-transition\">\n                    <!----><span>Saber m\u00e1s, click aqu\u00ed<\/span>\n                    <div class=\"h-accordion-item-title-normal-icon h-accordion-item-title-icon h-accordion-item-title-icon-right\"><span class=\"h-svg-icon\"><!--Icon by Icons8 Line Awesome (https:\/\/icons8.com\/line-awesome)--><svg version=\"1.1\" xmlns=\"http:\/\/www.w3.org\/2000\/svg\" xmlns:xlink=\"http:\/\/www.w3.org\/1999\/xlink\" id=\"plus\" viewBox=\"0 0 512 545.5\"><path d=\"M240 112h32v160h160v32H272v160h-32V304H80v-32h160V112z\"><\/path><\/svg><\/span><\/div>\n                    <div class=\"h-accordion-item-title-active-icon h-accordion-item-title-icon h-accordion-item-title-icon-right\"><span class=\"h-svg-icon\"><!--Icon by Icons8 Line Awesome (https:\/\/icons8.com\/line-awesome)--><svg version=\"1.1\" xmlns=\"http:\/\/www.w3.org\/2000\/svg\" xmlns:xlink=\"http:\/\/www.w3.org\/1999\/xlink\" id=\"minus\" viewBox=\"0 0 512 545.5\"><path d=\"M80 272h352v32H80v-32z\"><\/path><\/svg><\/span><\/div>\n                  <\/a>\n                  <div id=\"283-c71\" class=\"h-accordion-item-content__container\">\n                    <div class=\"w-100 h-y-container h-accordion-item-content\">\n                      <!---->\n                      <div data-colibri-id=\"283-c72\" class=\"h-text h-text-component style-3277 style-local-283-c72 position-relative h-element\">\n                        <!---->\n                        <!---->\n                        <div class=\"\">\n                          <p>\n                            <br>\n                          <\/p>\n                          <p>12.2.- Tareas<\/p>\n                          <p>En primer lugar el Consejo se establece para asesorar al obispo en estas delicadas materias y velar por el pleno cumplimiento de la normativa vigente.<\/p>\n                          <p>Luego tiene la responsabilidad de la formaci\u00f3n en Prevenci\u00f3n de abusos para todos los agentes pastorales de la di\u00f3cesis.<\/p>\n                          <p>De modo muy especial deber\u00e1 tener canales muy expeditos para recibir denuncias sobre estas materias y proceder con toda la celeridad que sea posible. Deber\u00e1 mantener informado a las v\u00edctimas del desarrollo de las causas can\u00f3nicas.<\/p>\n                          <p>Particularmente deber\u00e1 acoger, orientar y ofrecer acompa\u00f1amiento a las eventuales v\u00edctimas de abusos de poder, de autoridad y sexuales cometidos por miembros de nuestra comunidad eclesial.<\/p>\n                          <p>Tambi\u00e9n deber\u00e1 velar por velar por el desarrollo de un juicio justo y seg\u00fan las normas vigentes al respecto.<\/p>\n                          <p>Finalmente deber\u00e1 acompa\u00f1ar pastoralmente a los cl\u00e9rigos investigados o castigados en sede civil o can\u00f3nica.<\/p>\n                          <p>12.3.-Miembros<\/p>\n                          <p>Ser\u00e1n nombrados por el obispo seg\u00fan lo establecido por el derecho vigente.<\/p>\n                          <p>12.4.-Reuniones<\/p>\n                          <p>Deber\u00e1 reunirse al menos 3 veces al a\u00f1o.<\/p>\n                          <p>Deber\u00e1 tener un Secretario de Actas quien deber\u00e1 presentarla en la siguiente reuni\u00f3n para su aprobaci\u00f3n.<\/p>\n                          <p>Luego deber\u00e1 archivarla en lugar en el Archivo diocesano.<\/p>\n                          <p>\n                            <br>\n                          <\/p>\n                        <\/div>\n                      <\/div>\n                    <\/div>\n                  <\/div>\n                <\/div>\n              <\/div>\n            <\/div>\n          <\/div>\n        <\/div>\n      <\/div>\n    <\/div>\n  <\/div>\n<\/div>\n<div data-colibri-component=\"section\" data-colibri-id=\"283-c79\" id=\"reusable-sections-3\" class=\"h-section h-section-global-spacing d-flex align-items-lg-center align-items-md-center align-items-center style-3294 style-local-283-c79 position-relative\">\n  <!---->\n  <!---->\n  <div class=\"h-section-grid-container h-section-boxed-container\">\n    <div data-colibri-id=\"283-c85\" class=\"h-row-container gutters-row-lg-2 gutters-row-md-2 gutters-row-2 gutters-row-v-lg-2 gutters-row-v-md-2 gutters-row-v-2 style-3300 style-local-283-c85 position-relative\">\n      <!---->\n      <div class=\"h-row justify-content-lg-start justify-content-md-start justify-content-start align-items-lg-stretch align-items-md-stretch align-items-stretch gutters-col-lg-2 gutters-col-md-2 gutters-col-2 gutters-col-v-lg-2 gutters-col-v-md-2 gutters-col-v-2\">\n        <!---->\n        <div class=\"h-column h-column-container d-flex h-col-lg-auto h-col-md-auto h-col-auto style-3301-outer style-local-283-c86-outer\">\n          <div data-colibri-id=\"283-c86\" class=\"d-flex h-flex-basis h-column__inner h-px-lg-2 h-px-md-2 h-px-2 v-inner-lg-0 v-inner-md-0 v-inner-0 style-3301 style-local-283-c86 position-relative\">\n            <!---->\n            <!---->\n            <div class=\"w-100 h-y-container h-column__content h-column__v-align flex-basis-100 align-self-lg-center align-self-md-center align-self-center\">\n              <!---->\n              <div data-colibri-id=\"283-c87\" class=\"h-global-transition-all h-heading style-3302 style-local-283-c87 position-relative h-element\">\n                <!---->\n                <div class=\"h-heading__outer style-3302 style-local-283-c87\">\n                  <!---->\n                  <!---->\n                  <h4 class=\"\">Vicar\u00eda Pastoral <\/h4>\n                <\/div>\n              <\/div>\n            <\/div>\n          <\/div>\n        <\/div>\n        <div class=\"h-column h-column-container d-flex h-col-lg-auto h-col-md-auto h-col-auto style-3303-outer style-local-283-c88-outer\">\n          <div data-colibri-id=\"283-c88\" class=\"d-flex h-flex-basis h-column__inner h-px-lg-2 h-px-md-2 h-px-2 v-inner-lg-2 v-inner-md-2 v-inner-2 style-3303 style-local-283-c88 position-relative\">\n            <!---->\n            <!---->\n            <div class=\"w-100 h-y-container h-column__content h-column__v-align flex-basis-100 align-self-lg-start align-self-md-start align-self-start\">\n              <!---->\n              <div data-colibri-id=\"283-c89\" class=\"h-text h-text-component style-3304 style-local-283-c89 position-relative h-element\">\n                <!---->\n                <!---->\n                <div class=\"\">\n                  <p>\n                    <br>La Vicar\u00eda Pastoral es el organismo que, bajo la conducci\u00f3n del Vicario de Pastoral, colabora con el Obispo diocesano en todo lo que implican las diversas etapas de la proyecci\u00f3n pastoral, esto es, la planificaci\u00f3n, coordinaci\u00f3n, ejecuci\u00f3n\n                    y evaluaci\u00f3n de los planes pastorales aprobados en las instancias ordinarias.<\/p>\n                  <p>Vicario Pastoral:<\/p>\n                  <p>Pbro. Luis Fuentealba S\u00e1nchez<\/p>\n                  <p>\n                    <br>\n                  <\/p>\n                <\/div>\n              <\/div>\n            <\/div>\n          <\/div>\n        <\/div>\n      <\/div>\n    <\/div>\n    <div data-colibri-id=\"283-c80\" class=\"h-row-container gutters-row-lg-2 gutters-row-md-2 gutters-row-0 gutters-row-v-lg-2 gutters-row-v-md-2 gutters-row-v-2 style-3295 style-local-283-c80 position-relative\">\n      <!---->\n      <div class=\"h-row justify-content-lg-center justify-content-md-center justify-content-center align-items-lg-stretch align-items-md-stretch align-items-stretch gutters-col-lg-2 gutters-col-md-2 gutters-col-0 gutters-col-v-lg-2 gutters-col-v-md-2 gutters-col-v-2\">\n        <!---->\n        <div class=\"h-column h-column-container d-flex h-col-lg-auto h-col-md-auto h-col-auto style-3296-outer style-local-283-c81-outer\">\n          <div data-colibri-id=\"283-c81\" class=\"d-flex h-flex-basis h-column__inner h-px-lg-2 h-px-md-2 h-px-2 v-inner-lg-2 v-inner-md-2 v-inner-2 style-3296 style-local-283-c81 position-relative\">\n            <!---->\n            <!---->\n            <div class=\"w-100 h-y-container h-column__content h-column__v-align flex-basis-100 align-self-lg-start align-self-md-start align-self-start\">\n              <!---->\n              <div data-toggle=\"true\" data-is-preview=\"true\" data-colibri-component=\"accordion\" data-colibri-id=\"283-c82\" class=\"h-accordion style-3297 style-local-283-c82 position-relative h-element\">\n                <!---->\n                <div data-colibri-id=\"283-c83\" class=\"h-accordion-item h-accordion-item-first-child style-3298 style-local-283-c83 position-relative h-element\">\n                  <!---->\n                  <a data-open-by-default=\"false\" href=\"#283-c83\" class=\"h-accordion-item-title d-flex align-items-center h-global-transition\">\n                    <!----><span>Saber m\u00e1s, click aqu\u00ed<\/span>\n                    <div class=\"h-accordion-item-title-normal-icon h-accordion-item-title-icon h-accordion-item-title-icon-right\"><span class=\"h-svg-icon\"><!--Icon by Icons8 Line Awesome (https:\/\/icons8.com\/line-awesome)--><svg version=\"1.1\" xmlns=\"http:\/\/www.w3.org\/2000\/svg\" xmlns:xlink=\"http:\/\/www.w3.org\/1999\/xlink\" id=\"plus\" viewBox=\"0 0 512 545.5\"><path d=\"M240 112h32v160h160v32H272v160h-32V304H80v-32h160V112z\"><\/path><\/svg><\/span><\/div>\n                    <div class=\"h-accordion-item-title-active-icon h-accordion-item-title-icon h-accordion-item-title-icon-right\"><span class=\"h-svg-icon\"><!--Icon by Icons8 Line Awesome (https:\/\/icons8.com\/line-awesome)--><svg version=\"1.1\" xmlns=\"http:\/\/www.w3.org\/2000\/svg\" xmlns:xlink=\"http:\/\/www.w3.org\/1999\/xlink\" id=\"minus\" viewBox=\"0 0 512 545.5\"><path d=\"M80 272h352v32H80v-32z\"><\/path><\/svg><\/span><\/div>\n                  <\/a>\n                  <div id=\"283-c83\" class=\"h-accordion-item-content__container\">\n                    <div class=\"w-100 h-y-container h-accordion-item-content\">\n                      <!---->\n                      <div data-colibri-id=\"283-c84\" class=\"h-text h-text-component style-3299 style-local-283-c84 position-relative h-element\">\n                        <!---->\n                        <!---->\n                        <div class=\"\">\n                          <p>\n                            <br>\n                          <\/p>\n                          <p>8.2.- Tareas<\/p>\n                          <p>1) Trabajar en estrecha coordinaci\u00f3n con el Consejo Diocesano de Pastoral a fin de implementar las Orientaciones Pastorales Diocesanas, las iniciativas que surgen de la Santa Sede y del Papa, de las decisiones de la Conferencia\n                            Episcopal de Chile y de los acuerdos tomados en el Edap, S\u00ednodo, Consejo Presbiteral y otras instancias aut\u00e9nticas de la vida pastoral de la Di\u00f3cesis.<\/p>\n                          <p>2)La Vicar\u00eda Pastoral, en coordinaci\u00f3n con el Consejo Pastoral Diocesano, tienen la misi\u00f3n de realizar el Encuentro de Agentes Pastorales (EDAP) y la Asamblea Sinodal.<\/p>\n                          <p>3)La Vicar\u00eda de Pastoral debe realizar todos los a\u00f1os, en conjunto con cada Director de Departamento, el Presupuesto Anual de los ingresos y egresos de su unidad el que se incluir\u00e1 en el Presupuesto Total de la Vicar\u00eda. Este\n                            Presupuesto deber\u00e1 ser presentado al Administrador de Bienes del obispado antes de terminar el a\u00f1o calendario para que \u00e9l lo presente al Consejo Econ\u00f3mico Diocesano para su aprobaci\u00f3n.<\/p>\n                          <p>4)Seg\u00fan la tradici\u00f3n de la di\u00f3cesis, cada Departamento postular\u00e1 a Proyectos de Fundaciones para intentar financiar sus operaciones. El d\u00e9ficit lo cubrir\u00e1 el obispado con sus ingresos ordinarios.<\/p>\n                          <p>8.3.- El Vicario de Pastoral<\/p>\n                          <p>El obispo nombra al Vicario de Pastoral quien preside por derecho propio la Vicar\u00eda de Pastoral. Debe ser presb\u00edtero.<\/p>\n                          <p>\u00c9l es el responsable de llevar adelante las tareas encomendadas a la Vicar\u00eda se\u00f1aladas en el punto 2 anterior.<\/p>\n                          <p>Debe presidir las reuniones ordinarias de la Vicar\u00eda, representar a la di\u00f3cesis en las reuniones convocadas por la CECh en temas que dicen relaci\u00f3n a la pastoral.<\/p>\n                          <p>Es por derecho propio miembro de la Comisi\u00f3n Diocesana del Clero.<\/p>\n                          <p>En la medida de sus posibilidades, deber\u00e1 visitar los decanatos para escuchar y animar la acci\u00f3n pastoral decanal y asegurar que esta labor este en comuni\u00f3n con las orientaciones diocesanas.<\/p>\n                          <p>8.4.- Composici\u00f3n<\/p>\n                          <p>A la cabeza ejecutiva de la Vicar\u00eda de Pastoral est\u00e1 el Vicario, que debe ser presb\u00edtero, nombrado por el obispo.<\/p>\n                          <p>Sobre \u00e9l recae la responsabilidad de llevar adelante toda la tarea pastoral definida m\u00e1s arriba, acompa\u00f1ado por su Equipo de Reflexi\u00f3n Pastoral y los directores de las \u00c1reas Pastorales de la Curia. \u00c9l propondr\u00e1 al obispo los\n                            posibles nombres de los Directores de las \u00c1reas.<\/p>\n                          <p>Estos Directores pueden ser consagrados o laicos, y son responsables de la conducci\u00f3n de su \u00c1rea pastoral a nivel diocesano.<\/p>\n                          <p>Estas \u00e1reas y sus tareas son:<\/p>\n                          <p>1.-Animaci\u00f3n B\u00edblica de la Pastoral, cuya misi\u00f3n es hacer que la Palabra de Dios sea el primer inspirador de toda acci\u00f3n pastoral.<\/p>\n                          <p>2.-Catequesis es la oficina diocesana responsable coordinaci\u00f3n, formaci\u00f3n y seguimiento de los catequistas parroquiales, en estrecha colaboraci\u00f3n con los p\u00e1rrocos.<\/p>\n                          <p>3.-Comunicaciones que es el responsable de la edici\u00f3n del Peri\u00f3dico Buena Nueva de papel y digital y el acompa\u00f1amiento de los Corresponsales. Asimismo le corresponde asegurar la presencia de las noticias de la Iglesia diocesana\n                            en los medios de comunicaci\u00f3n social regional.<\/p>\n                          <p>4.- Contribuci\u00f3n a la Iglesia. Su misi\u00f3n es animar la pastoral del 1%, atender espiritualmente y formar a las visitadoras.<\/p>\n                          <p>5.-Educaci\u00f3n al que le corresponde llevar el control de los profesores de religi\u00f3n autorizados en la di\u00f3cesis por el obispo, la tarea de promover la formaci\u00f3n permanente de los profesores de religi\u00f3n y de gestionar los cursos\n                            que permitan regularizar el t\u00edtulo de profesor de religi\u00f3n a los que no lo tienen.<\/p>\n                          <p>6.-Misiones que se encarga de la animaci\u00f3n misionera de las parroquias y de la coordinaci\u00f3n de la Infancia Misionera.<\/p>\n                          <p>7.- Pastoral Familiar especialmente en la formaci\u00f3n de agentes pastorales para la Pastoral Familiar y la coordinaci\u00f3n de los Movimientos de Familia que act\u00faan en la di\u00f3cesis.<\/p>\n                          <p>8.-Pastoral Juvenil haciendo presente a Cristo y su Iglesia en el mundo juvenil en sus diferentes fronteras.<\/p>\n                          <p>8.5.- Reuniones, Tabla y Actas<\/p>\n                          <p>El Vicario de Pastoral presidir\u00e1 una reuni\u00f3n mensual con los directores de \u00e1reas, para promover el mejor servicio pastoral de los decanatos, parroquias, colegios y movimientos apost\u00f3licos.<\/p>\n                          <p>El Vicario de Pastoral es el responsable de presidir la reuni\u00f3n, preparar la tabla, escuchadas las peticiones de los miembros y en continuidad a los temas en curso.<\/p>\n                          <p>En dicha reuni\u00f3n el Vicario de Pastoral expone las necesidades pastorales surgidas de los decanatos, parroquias, colegios, movimientos y en el Consejo Diocesano de Pastoral y directores de \u00e1reas, en orden a que la Curia diocesana\n                            planifique, delegue, coordine, ejecute y eval\u00fae las respuestas dadas a estas necesidades.<\/p>\n                          <p>El Vicario de Pastoral podr\u00e1 invitar libremente a Decanos, p\u00e1rrocos, consagrados y consagradas, laicos y laicas para que aporten su experiencia en alg\u00fan tema particular.<\/p>\n                          <p>La Secretaria de la Vicar\u00eda de Pastoral debe llevar el Acta y conservarla en el Archivo de la Curia diocesana.<\/p>\n                          <p>El Vicario de Pastoral podr\u00e1 invitar al obispo para ver temas de inter\u00e9s o para ser informados de noticias diocesanas de actualidad.<\/p>\n                          <p>\n                            <br>\n                          <\/p>\n                          <p>\n                            <br>\n                          <\/p>\n                        <\/div>\n                      <\/div>\n                    <\/div>\n                  <\/div>\n                <\/div>\n              <\/div>\n            <\/div>\n          <\/div>\n        <\/div>\n      <\/div>\n    <\/div>\n  <\/div>\n<\/div>\n<div data-colibri-component=\"section\" data-colibri-id=\"283-c90\" id=\"reusable-sections-4\" class=\"h-section h-section-global-spacing d-flex align-items-lg-center align-items-md-center align-items-center style-3305 style-local-283-c90 position-relative\">\n  <!---->\n  <!---->\n  <div class=\"h-section-grid-container h-section-boxed-container\">\n    <div data-colibri-id=\"283-c96\" class=\"h-row-container gutters-row-lg-2 gutters-row-md-2 gutters-row-2 gutters-row-v-lg-2 gutters-row-v-md-2 gutters-row-v-2 style-3311 style-local-283-c96 position-relative\">\n      <!---->\n      <div class=\"h-row justify-content-lg-start justify-content-md-start justify-content-start align-items-lg-stretch align-items-md-stretch align-items-stretch gutters-col-lg-2 gutters-col-md-2 gutters-col-2 gutters-col-v-lg-2 gutters-col-v-md-2 gutters-col-v-2\">\n        <!---->\n        <div class=\"h-column h-column-container d-flex h-col-lg-auto h-col-md-auto h-col-auto style-3312-outer style-local-283-c97-outer\">\n          <div data-colibri-id=\"283-c97\" class=\"d-flex h-flex-basis h-column__inner h-px-lg-2 h-px-md-2 h-px-2 v-inner-lg-0 v-inner-md-0 v-inner-0 style-3312 style-local-283-c97 position-relative\">\n            <!---->\n            <!---->\n            <div class=\"w-100 h-y-container h-column__content h-column__v-align flex-basis-100 align-self-lg-center align-self-md-center align-self-center\">\n              <!---->\n              <div data-colibri-id=\"283-c98\" class=\"h-global-transition-all h-heading style-3313 style-local-283-c98 position-relative h-element\">\n                <!---->\n                <div class=\"h-heading__outer style-3313 style-local-283-c98\">\n                  <!---->\n                  <!---->\n                  <h4 class=\"\">Consejo de Asuntos Econ\u00f3micos Diocesano<\/h4>\n                <\/div>\n              <\/div>\n              <div data-colibri-id=\"283-c99\" class=\"d-block style-3316 style-local-283-c99 position-relative h-element\">\n                <!---->\n                <div class=\"h-image__frame-container-outer\">\n                  <div class=\"h-image__frame-container\">\n                    <!---->\n                    <!---->\n                    <img decoding=\"async\" width=\"1429\" height=\"1417\" data-src=\"https:\/\/obispadodelinares.cl\/ol\/wp-content\/uploads\/2021\/06\/cropped-consejo-economico-obispado-scaled-e1624992954957.jpg\" class=\"wp-image-13250 style-3316-image style-local-283-c99-image lazyload\" alt=\"\" data-srcset=\"https:\/\/obispadodelinares.cl\/ol\/wp-content\/uploads\/2021\/06\/cropped-consejo-economico-obispado-scaled-e1624992954957.jpg 1429w, https:\/\/obispadodelinares.cl\/ol\/wp-content\/uploads\/2021\/06\/cropped-consejo-economico-obispado-scaled-e1624992954957-300x297.jpg 300w, https:\/\/obispadodelinares.cl\/ol\/wp-content\/uploads\/2021\/06\/cropped-consejo-economico-obispado-scaled-e1624992954957-1024x1015.jpg 1024w, https:\/\/obispadodelinares.cl\/ol\/wp-content\/uploads\/2021\/06\/cropped-consejo-economico-obispado-scaled-e1624992954957-150x150.jpg 150w, https:\/\/obispadodelinares.cl\/ol\/wp-content\/uploads\/2021\/06\/cropped-consejo-economico-obispado-scaled-e1624992954957-768x762.jpg 768w\" data-sizes=\"(max-width: 1429px) 100vw, 1429px\" src=\"data:image\/svg+xml;base64,PHN2ZyB3aWR0aD0iMSIgaGVpZ2h0PSIxIiB4bWxucz0iaHR0cDovL3d3dy53My5vcmcvMjAwMC9zdmciPjwvc3ZnPg==\" style=\"--smush-placeholder-width: 1429px; --smush-placeholder-aspect-ratio: 1429\/1417;\" \/>\n                    <div class=\"h-image__frame h-hide-lg h-hide-md h-hide-sm style-3316-frameImage style-local-283-c99-frameImage\"><\/div>\n                  <\/div>\n                <\/div>\n              <\/div>\n            <\/div>\n          <\/div>\n        <\/div>\n        <div class=\"h-column h-column-container d-flex h-col-lg-auto h-col-md-auto h-col-auto style-3314-outer style-local-283-c100-outer\">\n          <div data-colibri-id=\"283-c100\" class=\"d-flex h-flex-basis h-column__inner h-px-lg-2 h-px-md-2 h-px-2 v-inner-lg-2 v-inner-md-2 v-inner-2 style-3314 style-local-283-c100 position-relative\">\n            <!---->\n            <!---->\n            <div class=\"w-100 h-y-container h-column__content h-column__v-align flex-basis-100 align-self-lg-start align-self-md-start align-self-start\">\n              <!---->\n              <div data-colibri-id=\"283-c101\" class=\"h-text h-text-component style-3315 style-local-283-c101 position-relative h-element\">\n                <!---->\n                <!---->\n                <div class=\"\">\n                  <p>Este Consejo es el m\u00e1ximo responsable de la administraci\u00f3n patrimonial en la di\u00f3cesis.<\/p>\n                  <p>Integrantes:<\/p>\n                  <p>Mons. Tomislav Koljatic Maroevic,&nbsp;Pbro. Silvio Jara Ram\u00edrez,&nbsp;Sra. Judith Villagr\u00e1n Molina,&nbsp;Sr. Rodrigo Barrera,&nbsp;Sr. Carlos Morales \u00c1lvarez,&nbsp;Sr. Ignacio Ruiz-Tagle V.,&nbsp;Sr. Eduardo Cort\u00e9s Monroy, di\u00e1cono permanente.<\/p>\n                <\/div>\n              <\/div>\n            <\/div>\n          <\/div>\n        <\/div>\n      <\/div>\n    <\/div>\n    <div data-colibri-id=\"283-c91\" class=\"h-row-container gutters-row-lg-2 gutters-row-md-2 gutters-row-0 gutters-row-v-lg-2 gutters-row-v-md-2 gutters-row-v-2 style-3306 style-local-283-c91 position-relative\">\n      <!---->\n      <div class=\"h-row justify-content-lg-center justify-content-md-center justify-content-center align-items-lg-stretch align-items-md-stretch align-items-stretch gutters-col-lg-2 gutters-col-md-2 gutters-col-0 gutters-col-v-lg-2 gutters-col-v-md-2 gutters-col-v-2\">\n        <!---->\n        <div class=\"h-column h-column-container d-flex h-col-lg-auto h-col-md-auto h-col-auto style-3307-outer style-local-283-c92-outer\">\n          <div data-colibri-id=\"283-c92\" class=\"d-flex h-flex-basis h-column__inner h-px-lg-2 h-px-md-2 h-px-2 v-inner-lg-2 v-inner-md-2 v-inner-2 style-3307 style-local-283-c92 position-relative\">\n            <!---->\n            <!---->\n            <div class=\"w-100 h-y-container h-column__content h-column__v-align flex-basis-100 align-self-lg-start align-self-md-start align-self-start\">\n              <!---->\n              <div data-toggle=\"true\" data-is-preview=\"true\" data-colibri-component=\"accordion\" data-colibri-id=\"283-c93\" class=\"h-accordion style-3308 style-local-283-c93 position-relative h-element\">\n                <!---->\n                <div data-colibri-id=\"283-c94\" class=\"h-accordion-item h-accordion-item-first-child style-3309 style-local-283-c94 position-relative h-element\">\n                  <!---->\n                  <a data-open-by-default=\"false\" href=\"#283-c94\" class=\"h-accordion-item-title d-flex align-items-center h-global-transition\">\n                    <!----><span>Saber m\u00e1s, click aqu\u00ed<\/span>\n                    <div class=\"h-accordion-item-title-normal-icon h-accordion-item-title-icon h-accordion-item-title-icon-right\"><span class=\"h-svg-icon\"><!--Icon by Icons8 Line Awesome (https:\/\/icons8.com\/line-awesome)--><svg version=\"1.1\" xmlns=\"http:\/\/www.w3.org\/2000\/svg\" xmlns:xlink=\"http:\/\/www.w3.org\/1999\/xlink\" id=\"plus\" viewBox=\"0 0 512 545.5\"><path d=\"M240 112h32v160h160v32H272v160h-32V304H80v-32h160V112z\"><\/path><\/svg><\/span><\/div>\n                    <div class=\"h-accordion-item-title-active-icon h-accordion-item-title-icon h-accordion-item-title-icon-right\"><span class=\"h-svg-icon\"><!--Icon by Icons8 Line Awesome (https:\/\/icons8.com\/line-awesome)--><svg version=\"1.1\" xmlns=\"http:\/\/www.w3.org\/2000\/svg\" xmlns:xlink=\"http:\/\/www.w3.org\/1999\/xlink\" id=\"minus\" viewBox=\"0 0 512 545.5\"><path d=\"M80 272h352v32H80v-32z\"><\/path><\/svg><\/span><\/div>\n                  <\/a>\n                  <div id=\"283-c94\" class=\"h-accordion-item-content__container\">\n                    <div class=\"w-100 h-y-container h-accordion-item-content\">\n                      <!---->\n                      <div data-colibri-id=\"283-c95\" class=\"h-text h-text-component style-3310 style-local-283-c95 position-relative h-element\">\n                        <!---->\n                        <!---->\n                        <div class=\"\">\n                          <p>6.1.- Naturaleza<\/p>\n                          <p>Seg\u00fan prescribe el C\u00f3digo de Derecho Can\u00f3nico, en los c. 492,1 \u00aben cada Di\u00f3cesis ha de constituirse un Consejo de Asuntos Econ\u00f3micos, presidido por el Obispo o su delegado, que conste al menos de tres fieles designados por el\n                            Obispo, que sean verdaderamente expertos en materia econ\u00f3mica y en derecho civil, y de probada integridad\u201d.<\/p>\n                          <p>Este Consejo es el m\u00e1ximo responsable de la administraci\u00f3n patrimonial en la di\u00f3cesis. Aunque su car\u00e1cter es consultivo, puede llegar a ser vinculante (c. 1292,1) en el caso de la venta de bienes patrimoniales de un valor superior\n                            a los US $ 500 mil, seg\u00fan la norma vigente dictada por la Conferencia Episcopal de Chile en la Legislaci\u00f3n Complementaria.<\/p>\n                          <p>Los miembros ser\u00e1n nombrados libremente por el obispo, o\u00eddo el Vicario General y Vicario de Pastoral. El periodo es de 5 a\u00f1os, renovable indefinidamente, por Decreto de la Curia (C. 492,2).<\/p>\n                          <p>Por causa grave puede ser removido alg\u00fan miembro, o\u00eddo al Vicario General y Vicario de Pastoral.<\/p>\n                          <p>6.2.- Tareas<\/p>\n                          <p>Las principales tareas del Consejo diocesano de Asuntos Econ\u00f3micos son:<\/p>\n                          <p>1.-Ayudar a la Di\u00f3cesis a dar un sentido pastoral a los recursos monetarios con el fin de que sirvan para transmitir en nuestro tiempo los bienes salv\u00edficos que Jes\u00fas confi\u00f3 a la Iglesia.<\/p>\n                          <p>2.-Velar para que en todas las Instituciones dependientes de la Iglesia diocesana el manejo de temas financieros sea adecuado y transparente.<\/p>\n                          <p>3.- \u201cAsesorar al obispo, junto al Consejo de Consultores, en el nombramiento del ec\u00f3nomo diocesano o Administrador de Bienes quien debe ser experto en materias econ\u00f3micas y de reconocida honradez\u201d (Cf. c.494,1)<\/p>\n                          <p>4.- Aconsejar corresponsablemente al Obispo, al Administrador de Bienes del Obispado y a todo Agente pastoral con responsabilidad jur\u00eddica en materias de econom\u00eda y negocios, especialmente en situaciones de crisis, incertidumbres\n                            o mayores riesgos.<\/p>\n                          <p>5.- Custodiar la integridad y buena administraci\u00f3n de los bienes muebles e inmuebles del Patrimonio de la Di\u00f3cesis, y si es del caso de las Parroquias, Cementerios, Colegios, y otras Instituciones con personalidad jur\u00eddica p\u00fablica\n                            relacionadas con la Iglesia local.<\/p>\n                          <p>6.- Prevenir problemas y conflictos que puedan generar dificultades econ\u00f3micas y pastorales.<\/p>\n                          <p>7.- Vigilar el cumplimiento de la normativa vigente en lo civil (contratos, impuestos, etc.) en lo que dice relaci\u00f3n a la administraci\u00f3n de las actividades econ\u00f3micas sostenidas por el Obispado y organismos dependientes, ya sea\n                            que \u00e9stas sean con o sin fines de lucro.<\/p>\n                          <p>8.- Velar por la observancia de la normativa vigente establecida en el C\u00f3digo de Derecho Can\u00f3nico ( Libro V, De los bienes temporales de la Iglesia, C 1254 al 1298) y en la Legislaci\u00f3n complementaria aprobada por la CECh para\n                            los asuntos econ\u00f3micos y administrativos.<\/p>\n                          <p>9.- Aprobar el Presupuesto anual de ingresos y gastos del Obispado y de las instituciones dependientes de este, que debe presentar el Administrador de Bienes antes de comenzar cada a\u00f1o. C. 493<\/p>\n                          <p>10.- Revisar al menos cada 3 meses la marcha financiera del obispado y sus instituciones anejas, particularmente revisando el cumplimiento del Presupuesto aprobado para ese periodo. C.493<\/p>\n                          <p>11.- Aprobar los Balances de cuentas e Informes econ\u00f3micos de ingresos y gastos a fin de a\u00f1o presentados por el Administrador de Bienes u otras personas responsables de actividades econ\u00f3micas vinculadas con la vida de la Di\u00f3cesis.<\/p>\n                          <p>12.- Asesorar en la elecci\u00f3n de las inversiones y ventas de patrimonio si se da el caso.<\/p>\n                          <p>13.- Asegurar cumplir la normativa vigente por la Legislaci\u00f3n Complementaria de la CECh en cuanto a informar a la S Sede de estas acciones econ\u00f3micas cuando los montos lo requieran.<\/p>\n                          <p>14.- Aprobar tomar deuda bancaria a petici\u00f3n del Administrador de Bienes.<\/p>\n                          <p>15.- Proponer y revisar Protocolos en relaci\u00f3n con los procedimientos administrativos para los tiempos actuales.<\/p>\n                          <p>16.- Informar al Consejo Presbiteral, a trav\u00e9s del Administrador de Bienes, de la situaci\u00f3n econ\u00f3mica de la di\u00f3cesis, al menos una vez al a\u00f1o.<\/p>\n                          <p>6.3.- Composici\u00f3n<\/p>\n                          <p>En la di\u00f3cesis conforman este Consejo:<\/p>\n                          <p>El Obispo<\/p>\n                          <p>El Vicario General<\/p>\n                          <p>Un laico,a que sea abogado.<\/p>\n                          <p>Laicos expertos en materias comerciales y econ\u00f3micas.<\/p>\n                          <p>Dada la tarea de fiscalizaci\u00f3n que le corresponde a este Consejo, el Administrador de Bienes no forma parte del Consejo propiamente tal, lo que no obsta a que sea invitado a cada reuni\u00f3n.<\/p>\n                          <p>Seg\u00fan las circunstancias el Consejo puede invitar a expertos en las materias que se tratan en \u00e9l.<\/p>\n                          <p>6.4.- Reuniones<\/p>\n                          <p>El Consejo Diocesano de Asuntos Econ\u00f3micos debe sesionar al menos cuatro veces al a\u00f1o, convocado por el obispo o el Administrador de Bienes.<\/p>\n                          <p>En la primera sesi\u00f3n del a\u00f1o deber\u00e1 conocer y aprobar el Presupuesto de ingresos y gastos del periodo de las instituciones dependientes del obispado, que deber\u00e1 presentar el Administrador de Bienes. Asimismo deber\u00e1 aprobar las\n                            cuentas de ingresos y gastos del a\u00f1o anterior que deber\u00e1 presentar el Administrador de Bienes. (c. 493).<\/p>\n                          <p>Preside el obispo o quien \u00e9l delegue esta tarea.<\/p>\n                          <p>6.5.- Actas<\/p>\n                          <p>Entre los miembros del Consejo se elegir\u00e1 a uno como Secretario de Actas, quien deber\u00e1 leerla en la siguiente reuni\u00f3n para ser corregida y aprobada.<\/p>\n                          <p>Este Secretario es el responsable de que las actas aprobadas sean cuidadosamente resguardadas en la Curia de modo digital y f\u00edsico.<\/p>\n                          <p>Al cabo de unos a\u00f1os, estas Actas deben ser foliadas y empastadas para quedar en el Archivo Diocesano como testimonio hist\u00f3rico de los acuerdos, documentos, Presupuestos y balances entregados en estas reuniones.<\/p>\n                          <p>6.6.- Tabla y desarrollo<\/p>\n                          <p>Ordinariamente la reuni\u00f3n la prepara el Administrador de Bienes quien deber\u00e1 entregar al menos el avance del Presupuesto al mes anterior, flujos de caja, saldos en los bancos y los documentos requeridos para estudiar los temas\n                            del d\u00eda, fijados en una Tabla.<\/p>\n                          <p>Se comienza con la revisi\u00f3n del Acta anterior que debe ser aprobada con el objeto de ser guardada en el archivo diocesano.<\/p>\n                          <p>Luego se trata de los temas fijados en la Tabla previamente establecida.<\/p>\n                          <p>Pueden ser invitadas tantas personas sean necesarias para mejor decidir sobre los asuntos en cuesti\u00f3n.<\/p>\n                          <p>7.- El Administrador de Bienes o Ec\u00f3nomo Diocesano<\/p>\n                          <p>Por su parte y seg\u00fan el derecho can\u00f3nico, en relaci\u00f3n al Administrador de Bienes o Ec\u00f3nomo Diocesano ha de cumplirse:<\/p>\n                          <p>1.- \u201cEl Obispo, o\u00eddo el colegio de consultores y el consejo de asuntos econ\u00f3micos, debe nombrar un ec\u00f3nomo, que sea verdaderamente experto en materia econ\u00f3mica y de reconocida honradez. (C.494,1)<\/p>\n                          <p>2.- \u201cSe ha de nombrar al ec\u00f3nomo para cinco a\u00f1os, pero el nombramiento puede renovarse por otros quinquenios, incluso m\u00e1s de una vez, al vencer el plazo; durante el tiempo de su cargo, no debe ser removido si no es por causa\n                            grave, que el Obispo ha de ponderar habiendo o\u00eddo al colegio de consultores y al consejo de asuntos econ\u00f3micos\u201d. (C.494,2)<\/p>\n                          <p>3.- \u201cCorresponde al ec\u00f3nomo, de acuerdo con el modo determinado por el consejo de asuntos econ\u00f3micos, administrar los bienes de la di\u00f3cesis bajo la autoridad del Obispo y, con los ingresos propios de la di\u00f3cesis, hacer los gastos\n                            que ordenen leg\u00edtimamente el Obispo o quienes hayan sido encargados por \u00e9l\u201d. (C.494,3)<\/p>\n                          <p>4.- \u201cEl ec\u00f3nomo diocesano puede ser removido con el consentimiento del Colegio de Consultores\u201d (C. 485)<\/p>\n                          <p>En particular al ec\u00f3nomo le corresponde realizar los Presupuestos de todas las instituciones dependientes del obispado y presentarlo en la reuni\u00f3n del Consejo de Asuntos Econ\u00f3micos del obispado para obtener su aprobaci\u00f3n.<\/p>\n                          <p>Asimismo es el responsable de llevar el control mensual de la ejecuci\u00f3n del Presupuesto diocesano aprobado.<\/p>\n                          <p>Al ec\u00f3nomo le corresponde, en profunda comuni\u00f3n con el obispo, supervisar el trabajo administrativo y al personal del obispado, firmar los Contratos de trabajo, desvincular por raz\u00f3n justificada, velar por el bienestar del personal\n                            laico de las instituciones bajo su responsabilidad y mantener un clima laboral acorde con la naturaleza de la instituci\u00f3n.<\/p>\n                          <p>Le corresponde tambi\u00e9n representar al obispado en los asuntos econ\u00f3micos ordinarios, y eventualmente en situaciones judiciales de orden econ\u00f3micos. No podr\u00e1 entablar acciones judiciales a nombre del obispado sin el consentimiento\n                            del obispo o del Consejo Econ\u00f3mico diocesano.<\/p>\n                          <p>El ec\u00f3nomo deber\u00e1 informar al Consejo Presbiteral, al menos una vez al a\u00f1o, de la marcha econ\u00f3mica de las instituciones relacionadas con el obispado y que est\u00e1n bajo su responsabilidad.<\/p>\n                          <p>El ec\u00f3nomo siempre estar\u00e1 disponible para responder las preguntas de alg\u00fan p\u00e1rroco o de su Consejo Parroquial y colaborar con su gesti\u00f3n administrativa, incluso delegando en otros.<\/p>\n                          <p>Tambi\u00e9n el ec\u00f3nomo representa a la di\u00f3cesis en las reuniones convocadas por la Conferencia Episcopal de Chile en los temas que dicen relaci\u00f3n a su responsabilidad.<\/p>\n                          <p>Anexo<\/p>\n                          <p>Integridad en el Servicio Eclesial.(ISE) CECh, 2020<\/p>\n                          <p>6.- Actuar con responsabilidad en la administraci\u00f3n y uso de los bienes materiales<\/p>\n                          <p>La persona bautizada que desarrolla con integridad su servicio en la Iglesia:<\/p>\n                          <p>a. Ejerce la administraci\u00f3n de los bienes encomendados para el servicio pastoral a la luz del Evangelio, y en el esp\u00edritu y carisma de su comunidad diocesana o religiosa (constituciones y normas propias) y seg\u00fan criterios de\n                            justicia y transparencia exigidos por la sociedad actual.<\/p>\n                          <p>b. Elabora, junto al organismo pertinente, un presupuesto anual de los ingresos y gastos previstos para el ejercicio del encargo pastoral. Lleva registros precisos de los ingresos, donaciones y gastos.<\/p>\n                          <p>c. Distingue y trasparenta la administraci\u00f3n de sus bienes propios (personales), en conformidad a las disposiciones vigentes sobre esta materia.<\/p>\n                          <p>d. Al menos una vez al a\u00f1o, realiza la administraci\u00f3n y rendici\u00f3n de cuentas de manera responsable y transparente, en conformidad a las normas y reglamentos especiales, considerando la debida actuaci\u00f3n de los organismos consultivos\n                            pertinentes.<\/p>\n                          <p>e. Entrega a las autoridades u organismos competentes informes sobre la administraci\u00f3n de los bienes encomendados para el ejercicio del encargo pastoral.<\/p>\n                          <p>f. Cumple con las leyes estatales referidas a la tributaci\u00f3n respecto de las actividades que produzcan rentas sujetas al pago de impuestos, seg\u00fan lo establecido en el ordenamiento can\u00f3nico y las leyes del Estado.<\/p>\n                          <p>Adem\u00e1s, el MINISTRO O CONSAGRADO que desarrolla con integridad su servicio en la Iglesia, seg\u00fan esta orientaci\u00f3n:<\/p>\n                          <p>g. Observa las normas y reglamentos establecidos por las autoridades eclesi\u00e1sticas competentes referidos a la administraci\u00f3n de los bienes, seg\u00fan el Derecho Can\u00f3nico y\/o constituciones y estatutos propios.<\/p>\n                          <p>Anexo<\/p>\n                          <p>Algunos textos del Derecho Can\u00f3nico relacionados con estos temas.<\/p>\n                          <p>1279 \u00a7 1. La administraci\u00f3n de los bienes eclesi\u00e1sticos corresponde a quien de manera inmediata rige la persona a quien pertenecen esos bienes, si no determinan otra cosa el derecho particular, los estatutos o una costumbre leg\u00edtima,\n                            y quedando a salvo el derecho del Ordinario a intervenir en caso de negligencia del administrador.<\/p>\n                          <p>\u00a7 2. Para la administraci\u00f3n de los bienes de una persona jur\u00eddica p\u00fablica que no tenga administradores propios por disposici\u00f3n del derecho, por escritura de fundaci\u00f3n, o por sus estatutos, el Ordinario a quien est\u00e1 sujeta designar\u00e1\n                            por un trienio a personas id\u00f3neas; este nombramiento es renovable.<\/p>\n                          <p>1280 Toda persona jur\u00eddica ha de tener su consejo de asuntos econ\u00f3micos, o al menos dos consejeros, que, conforme a los estatutos, ayuden al administrador en el cumplimiento de su funci\u00f3n.<\/p>\n                          <p>Toda parroquia debe tener su Consejo de asuntos econ\u00f3micos, con al menos 3 consejeros.<\/p>\n                          <p>1281 \u00a7 1. Quedando firmes las prescripciones de los estatutos, los administradores realizan inv\u00e1lidamente los actos que sobrepasan los l\u00edmites y el modo de la administraci\u00f3n ordinaria, a no ser que hubieran obtenido previamente\n                            autorizaci\u00f3n escrita del Ordinario.<\/p>\n                          <p>Seg\u00fan estos Estatutos, para vender una propiedad de la parroquia de un valor superior a $10 millones debe pedir autorizaci\u00f3n del obispo.<\/p>\n                          <p>Si es un monto superior a los 50 mil d\u00f3lares, se debe pedir autorizaci\u00f3n al Consejo de Consultores y Consejo Econ\u00f3mico Diocesano.<\/p>\n                          <p>\u00a7 2. Debe determinarse en los estatutos qu\u00e9 actos sobrepasan el l\u00edmite y el modo de la administraci\u00f3n ordinaria; y si los estatutos no prescriben nada sobre esta cuesti\u00f3n, compete al Obispo diocesano, o\u00eddo el consejo de asuntos\n                            econ\u00f3micos, determinar cu\u00e1les son estos actos para las personas que le est\u00e1n sometidas.<\/p>\n                          <p>1284 \u00a7 1. Todos los administradores est\u00e1n obligados a cumplir su funci\u00f3n con la diligencia de un buen padre de familia.<\/p>\n                          <p>\u00a7 2. Deben por tanto:<\/p>\n                          <p>1 vigilar para que los bienes encomendados a su cuidado no perezcan en modo alguno ni sufran da\u00f1o, suscribiendo a tal fin, si fuese necesario, contratos de seguro.<\/p>\n                          <p>Se puede tener un seguro colectivo que hace que las primas sean m\u00e1s bajas, al menos por incendios.<\/p>\n                          <p>2 cuidar de que la propiedad de los bienes eclesi\u00e1sticos se asegure por los modos civilmente v\u00e1lidos;<\/p>\n                          <p>3 observar las normas can\u00f3nicas y civiles, las impuestas por el fundador o donante o por la leg\u00edtima autoridad, y cuidar sobre todo de que no sobrevenga da\u00f1o para la Iglesia por inobservancia de las leyes civiles;<\/p>\n                          <p>4 cobrar diligente y oportunamente las rentas y producto de los bienes, conservar de modo seguro los ya cobrados y emplearlos seg\u00fan la intenci\u00f3n del fundador o las normas leg\u00edtimas;<\/p>\n                          <p>5 pagar puntualmente el inter\u00e9s debido por pr\u00e9stamo o hipoteca, y cuidar de que el capital prestado se devuelva a su tiempo;<\/p>\n                          <p>6 con el consentimiento del Ordinario, aplicar a los fines de la persona jur\u00eddica el dinero que sobre del pago de los gastos y que pueda ser invertido productivamente;<\/p>\n                          <p>7 llevar con orden los libros de ingresos y egresos<\/p>\n                          <p>8 hacer balance de la administraci\u00f3n al final de cada a\u00f1o;<\/p>\n                          <p>9 ordenar debidamente y guardar en un archivo conveniente y apto los documentos e instrumentos en los que se fundan los derechos de la Iglesia o del instituto sobre los bienes; y, donde pueda hacerse f\u00e1cilmente, depositar copias\n                            aut\u00e9nticas de los mismos en el archivo de la curia.<\/p>\n                          <p>\u00a7 3. Se aconseja encarecidamente que los administradores hagan cada a\u00f1o presupuesto de las entradas y salidas; y se deja al derecho particular preceptuarlo y determinar con detalle el modo de presentarlo.<\/p>\n                          <p>Para esto se puede solicitar asesor\u00eda a la Administraci\u00f3n del Obispado<\/p>\n                          <p>1285 S\u00f3lo dentro de los l\u00edmites de la administraci\u00f3n ordinaria es l\u00edcito a los administradores hacer donaciones para fines de piedad o de caridad cristiana con bienes muebles que no pertenezcan al patrimonio estable.<\/p>\n                          <p>1286 Los administradores de bienes:<\/p>\n                          <p>1 en los contratos de trabajo y conforme a los principios que ense\u00f1a la Iglesia, han de observar cuidadosamente tambi\u00e9n las leyes civiles en materia laboral y social;<\/p>\n                          <p>2 deben pagar un salario justo y honesto al personal contratado, de manera que \u00e9ste pueda satisfacer convenientemente las necesidades personales y de los suyos.<\/p>\n                          <p>1287 \u00a7 1. Quedando reprobada la costumbre contraria, los administradores, tanto cl\u00e9rigos como laicos, de cualesquiera bienes eclesi\u00e1sticos que no est\u00e9n leg\u00edtimamente exentos de la potestad de r\u00e9gimen del Obispo diocesano, deben\n                            rendir cuentas cada a\u00f1o al Ordinario del lugar que encargar\u00e1 de su revisi\u00f3n al consejo de asuntos econ\u00f3micos.<\/p>\n                          <p>\u00a7 2. Los administradores rindan cuentas a los fieles acerca de los bienes que \u00e9stos entregan a la Iglesia, seg\u00fan las normas que determine el derecho particular.<\/p>\n                          <p>1288 Los administradores no deben incoar un litigio en nombre de una persona jur\u00eddica p\u00fablica, ni contestar a la demanda en el fuero civil, sin haber obtenido licencia del Ordinario propio dada por escrito.<\/p>\n                          <p>\n                            <br>\n                          <\/p>\n                          <p>\n                            <br>\n                          <\/p>\n                          <p>\n                            <br>\n                          <\/p>\n                        <\/div>\n                      <\/div>\n                    <\/div>\n                  <\/div>\n                <\/div>\n              <\/div>\n            <\/div>\n          <\/div>\n        <\/div>\n      <\/div>\n    <\/div>\n  <\/div>\n<\/div>\n<div data-colibri-component=\"section\" data-colibri-id=\"283-c102\" id=\"reusable-sections-5\" class=\"h-section h-section-global-spacing d-flex align-items-lg-center align-items-md-center align-items-center style-3332 style-local-283-c102 position-relative\">\n  <!---->\n  <!---->\n  <div class=\"h-section-grid-container h-section-boxed-container\">\n    <div data-colibri-id=\"283-c108\" class=\"h-row-container gutters-row-lg-2 gutters-row-md-2 gutters-row-2 gutters-row-v-lg-2 gutters-row-v-md-2 gutters-row-v-2 style-3338 style-local-283-c108 position-relative\">\n      <!---->\n      <div class=\"h-row justify-content-lg-start justify-content-md-start justify-content-start align-items-lg-stretch align-items-md-stretch align-items-stretch gutters-col-lg-2 gutters-col-md-2 gutters-col-2 gutters-col-v-lg-2 gutters-col-v-md-2 gutters-col-v-2\">\n        <!---->\n        <div class=\"h-column h-column-container d-flex h-col-lg-auto h-col-md-auto h-col-auto style-3339-outer style-local-283-c109-outer\">\n          <div data-colibri-id=\"283-c109\" class=\"d-flex h-flex-basis h-column__inner h-px-lg-2 h-px-md-2 h-px-2 v-inner-lg-0 v-inner-md-0 v-inner-0 style-3339 style-local-283-c109 position-relative\">\n            <!---->\n            <!---->\n            <div class=\"w-100 h-y-container h-column__content h-column__v-align flex-basis-100 align-self-lg-center align-self-md-center align-self-center\">\n              <!---->\n              <div data-colibri-id=\"283-c110\" class=\"h-global-transition-all h-heading style-3340 style-local-283-c110 position-relative h-element\">\n                <!---->\n                <div class=\"h-heading__outer style-3340 style-local-283-c110\">\n                  <!---->\n                  <!---->\n                  <h4 class=\"\">Curia Diocesana<\/h4>\n                <\/div>\n              <\/div>\n            <\/div>\n          <\/div>\n        <\/div>\n        <div class=\"h-column h-column-container d-flex h-col-lg-auto h-col-md-auto h-col-auto style-3341-outer style-local-283-c111-outer\">\n          <div data-colibri-id=\"283-c111\" class=\"d-flex h-flex-basis h-column__inner h-px-lg-2 h-px-md-2 h-px-2 v-inner-lg-2 v-inner-md-2 v-inner-2 style-3341 style-local-283-c111 position-relative\">\n            <!---->\n            <!---->\n            <div class=\"w-100 h-y-container h-column__content h-column__v-align flex-basis-100 align-self-lg-start align-self-md-start align-self-start\">\n              <!---->\n              <div data-colibri-id=\"283-c112\" class=\"h-text h-text-component style-3343 style-local-283-c112 position-relative h-element\">\n                <!---->\n                <!---->\n                <div class=\"\">\n                  <p>\u201cLa curia diocesana es el conjunto de personas y organismos que colaboran con el obispo en el gobierno de toda la di\u00f3cesis, principalmente en la direcci\u00f3n de la actividad pastoral, en la administraci\u00f3n de los bienes econ\u00f3micos de la\n                    di\u00f3cesis, as\u00ed como en el ejercicio de la potestad judicial\u201d<\/p>\n                <\/div>\n              <\/div>\n            <\/div>\n          <\/div>\n        <\/div>\n      <\/div>\n    <\/div>\n    <div data-colibri-id=\"283-c103\" class=\"h-row-container gutters-row-lg-2 gutters-row-md-2 gutters-row-0 gutters-row-v-lg-2 gutters-row-v-md-2 gutters-row-v-2 style-3333 style-local-283-c103 position-relative\">\n      <!---->\n      <div class=\"h-row justify-content-lg-center justify-content-md-center justify-content-center align-items-lg-stretch align-items-md-stretch align-items-stretch gutters-col-lg-2 gutters-col-md-2 gutters-col-0 gutters-col-v-lg-2 gutters-col-v-md-2 gutters-col-v-2\">\n        <!---->\n        <div class=\"h-column h-column-container d-flex h-col-lg-auto h-col-md-auto h-col-auto style-3334-outer style-local-283-c104-outer\">\n          <div data-colibri-id=\"283-c104\" class=\"d-flex h-flex-basis h-column__inner h-px-lg-2 h-px-md-2 h-px-2 v-inner-lg-2 v-inner-md-2 v-inner-2 style-3334 style-local-283-c104 position-relative\">\n            <!---->\n            <!---->\n            <div class=\"w-100 h-y-container h-column__content h-column__v-align flex-basis-100 align-self-lg-start align-self-md-start align-self-start\">\n              <!---->\n              <div data-toggle=\"true\" data-is-preview=\"true\" data-colibri-component=\"accordion\" data-colibri-id=\"283-c105\" class=\"h-accordion style-3335 style-local-283-c105 position-relative h-element\">\n                <!---->\n                <div data-colibri-id=\"283-c106\" class=\"h-accordion-item h-accordion-item-first-child style-3336 style-local-283-c106 position-relative h-element\">\n                  <!---->\n                  <a data-open-by-default=\"false\" href=\"#283-c106\" class=\"h-accordion-item-title d-flex align-items-center h-global-transition\">\n                    <!----><span>Saber m\u00e1s, click aqu\u00ed<\/span>\n                    <div class=\"h-accordion-item-title-normal-icon h-accordion-item-title-icon h-accordion-item-title-icon-right\"><span class=\"h-svg-icon\"><!--Icon by Icons8 Line Awesome (https:\/\/icons8.com\/line-awesome)--><svg version=\"1.1\" xmlns=\"http:\/\/www.w3.org\/2000\/svg\" xmlns:xlink=\"http:\/\/www.w3.org\/1999\/xlink\" id=\"plus\" viewBox=\"0 0 512 545.5\"><path d=\"M240 112h32v160h160v32H272v160h-32V304H80v-32h160V112z\"><\/path><\/svg><\/span><\/div>\n                    <div class=\"h-accordion-item-title-active-icon h-accordion-item-title-icon h-accordion-item-title-icon-right\"><span class=\"h-svg-icon\"><!--Icon by Icons8 Line Awesome (https:\/\/icons8.com\/line-awesome)--><svg version=\"1.1\" xmlns=\"http:\/\/www.w3.org\/2000\/svg\" xmlns:xlink=\"http:\/\/www.w3.org\/1999\/xlink\" id=\"minus\" viewBox=\"0 0 512 545.5\"><path d=\"M80 272h352v32H80v-32z\"><\/path><\/svg><\/span><\/div>\n                  <\/a>\n                  <div id=\"283-c106\" class=\"h-accordion-item-content__container\">\n                    <div class=\"w-100 h-y-container h-accordion-item-content\">\n                      <!---->\n                      <div data-colibri-id=\"283-c107\" class=\"h-text h-text-component style-3337 style-local-283-c107 position-relative h-element\">\n                        <!---->\n                        <!---->\n                        <div class=\"\">\n                          <p>1.- Naturaleza <\/p>\n                          <p>\u201cLa curia diocesana es el conjunto de personas y organismos que colaboran con el obispo en el gobierno de toda la di\u00f3cesis, principalmente en la direcci\u00f3n de la actividad pastoral, en la administraci\u00f3n de los bienes econ\u00f3micos\n                            de la di\u00f3cesis, as\u00ed como en el ejercicio de la potestad judicial\u201d (c. 469)<\/p>\n                          <p>\u201cCorresponde al Obispo diocesano nombrar a quienes han de desempe\u00f1ar los oficios en la Curia\u201d (c. 470) y \u201cvelar para que se coordinen debidamente todos los asuntos que se refieren a la administraci\u00f3n de toda la Di\u00f3cesis y que\n                            se ordenen del modo m\u00e1s eficaz\u201d(c. 473,1) y tambi\u00e9n es el responsable de coordinar la acci\u00f3n pastoral de la Curia (473,2). <\/p>\n                          <p>En raz\u00f3n de su oficio, todos los miembros de la curia est\u00e1n llamados a guardar reserva de las materias tratadas en raz\u00f3n de su cargo (c. 471,2).<\/p>\n                          <p>A continuaci\u00f3n se describe estos organismos y personas que conforman la Curia Diocesana de Linares. <\/p>\n                          <p>2.- El Vicario General <\/p>\n                          <p>3.- El Secretario Canciller<\/p>\n                          <p>Archivo diocesano <\/p>\n                          <p>4.- El Vicario Judicial<\/p>\n                          <p>5.- El Oficio Judicial<\/p>\n                          <p>5.1.- Naturaleza <\/p>\n                          <p>El Juez de Primera instancia en las causas contenciosas en que est\u00e9 implicado el bien p\u00fablico de la Iglesia es el Obispo diocesano, quien puede ejercer la potestad judicial por s\u00ed mismo o por medio de otras personas cualificadas.\n                            <\/p>\n                          <p>5.2.- Composici\u00f3n<\/p>\n                          <p>Los miembros del Oficio Judicial son nombrados por el Obispo por un per\u00edodo de 5 a\u00f1os renovables indefinidamente, pudiendo ser removidos por causa justificada, o\u00eddo el consejo del Vicario Judicial. <\/p>\n                          <p>El Vicario General act\u00faa como Vicario Judicial y Promotor de Justicia a tenor de los c\u00e1nones 1430 y 1435. Tambi\u00e9n es el Defensor del V\u00ednculo a tenor del Canon 1432.<\/p>\n                          <p>El abogado integrante ser\u00e1 el abogado del Obispado.<\/p>\n                          <p>Se recurrir\u00e1 a un sic\u00f3logo competente cada vez que sea necesario en las causas tratadas. <\/p>\n                          <p>Se deber\u00e1 proveer oportunamente de un Auditor y Notario eclesi\u00e1stico. <\/p>\n                          <p>Todos estos nombramientos deben constar en el respectivo Decreto Episcopal. <\/p>\n                          <p>\n                            <br>\n                          <\/p>\n                          <p>\n                            <br>\n                          <\/p>\n                        <\/div>\n                      <\/div>\n                    <\/div>\n                  <\/div>\n                <\/div>\n              <\/div>\n            <\/div>\n          <\/div>\n        <\/div>\n      <\/div>\n    <\/div>\n  <\/div>\n<\/div>\n<div data-colibri-component=\"section\" data-colibri-id=\"283-c113\" id=\"reusable-sections-6\" class=\"h-section h-section-global-spacing d-flex align-items-lg-center align-items-md-center align-items-center style-3350 style-local-283-c113 position-relative\">\n  <!---->\n  <!---->\n  <div class=\"h-section-grid-container h-section-boxed-container\">\n    <!---->\n    <div data-colibri-id=\"283-c114\" class=\"h-row-container gutters-row-lg-2 gutters-row-md-2 gutters-row-2 gutters-row-v-lg-2 gutters-row-v-md-2 gutters-row-v-2 style-3351 style-local-283-c114 position-relative\">\n      <!---->\n      <div class=\"h-row justify-content-lg-center justify-content-md-center justify-content-center align-items-lg-stretch align-items-md-stretch align-items-stretch gutters-col-lg-2 gutters-col-md-2 gutters-col-2 gutters-col-v-lg-2 gutters-col-v-md-2 gutters-col-v-2\">\n        <!---->\n        <div class=\"h-column h-column-container d-flex h-col-lg-6 h-col-md-6 h-col-12 style-3352-outer style-local-283-c115-outer\">\n          <div data-colibri-id=\"283-c115\" class=\"d-flex h-flex-basis h-column__inner h-px-lg-0 h-px-md-0 h-px-2 v-inner-lg-0 v-inner-md-0 v-inner-2 style-3352 style-local-283-c115 position-relative\">\n            <!---->\n            <!---->\n            <div class=\"w-100 h-y-container h-column__content h-column__v-align flex-basis-100 align-self-lg-start align-self-md-start align-self-start\">\n              <!---->\n              <div data-colibri-id=\"283-c116\" class=\"h-row-container gutters-row-lg-1 gutters-row-md-1 gutters-row-0 gutters-row-v-lg-1 gutters-row-v-md-1 gutters-row-v-2 style-3353 style-local-283-c116 position-relative\">\n                <!---->\n                <div class=\"h-row justify-content-lg-center justify-content-md-center justify-content-center align-items-lg-stretch align-items-md-stretch align-items-stretch gutters-col-lg-1 gutters-col-md-1 gutters-col-0 gutters-col-v-lg-1 gutters-col-v-md-1 gutters-col-v-2\">\n                  <!---->\n                  <div class=\"h-column h-column-container d-flex h-col-lg-auto h-col-md-auto h-col-auto style-3354-outer style-local-283-c117-outer\">\n                    <div data-colibri-id=\"283-c117\" class=\"d-flex h-flex-basis h-column__inner h-px-lg-1 h-px-md-1 h-px-1 v-inner-lg-1 v-inner-md-1 v-inner-1 style-3354 style-local-283-c117 position-relative\">\n                      <!---->\n                      <!---->\n                      <div class=\"w-100 h-y-container h-column__content h-column__v-align flex-basis-auto align-self-lg-start align-self-md-start align-self-start\">\n                        <!---->\n                        <div data-colibri-id=\"283-c118\" class=\"d-block style-3355 style-local-283-c118 position-relative h-element\">\n                          <!---->\n                          <div class=\"h-image__frame-container-outer\">\n                            <div class=\"h-image__frame-container\">\n                              <!---->\n                              <!---->\n                              <img decoding=\"async\" width=\"70\" height=\"70\" data-src=\"https:\/\/obispadodelinares.cl\/ol\/wp-content\/uploads\/2018\/01\/cropped-sacerdotes-1.png\" class=\"wp-image-9640 style-3355-image style-local-283-c118-image lazyload\" alt=\"\" src=\"data:image\/svg+xml;base64,PHN2ZyB3aWR0aD0iMSIgaGVpZ2h0PSIxIiB4bWxucz0iaHR0cDovL3d3dy53My5vcmcvMjAwMC9zdmciPjwvc3ZnPg==\" style=\"--smush-placeholder-width: 70px; --smush-placeholder-aspect-ratio: 70\/70;\" \/>\n                              <div class=\"h-image__frame h-hide-lg h-hide-md h-hide-sm style-3355-frameImage style-local-283-c118-frameImage\"><\/div>\n                            <\/div>\n                          <\/div>\n                        <\/div>\n                      <\/div>\n                    <\/div>\n                  <\/div>\n                  <div class=\"h-column h-column-container d-flex h-col-lg h-col-md h-col-auto style-3356-outer style-local-283-c119-outer\">\n                    <div data-colibri-id=\"283-c119\" class=\"d-flex h-flex-basis h-column__inner h-px-lg-1 h-px-md-1 h-px-1 v-inner-lg-1 v-inner-md-1 v-inner-1 style-3356 style-local-283-c119 position-relative\">\n                      <!---->\n                      <!---->\n                      <div class=\"w-100 h-y-container h-column__content h-column__v-align flex-basis-100 align-self-lg-start align-self-md-start align-self-start\">\n                        <!---->\n                        <div data-colibri-id=\"283-c120\" class=\"h-global-transition-all h-heading style-3357 style-local-283-c120 position-relative h-element\">\n                          <!---->\n                          <div class=\"h-heading__outer style-3357 style-local-283-c120\">\n                            <!---->\n                            <!---->\n                            <h5 class=\"\">vicaria general<\/h5>\n                          <\/div>\n                        <\/div>\n                        <div data-colibri-id=\"283-c121\" class=\"h-text h-text-component style-3358 style-local-283-c121 position-relative h-element\">\n                          <!---->\n                          <!---->\n                          <div class=\"\">\n                            <p>Pbro. <span style=\"color: rgb(70, 112, 127); font-family: &quot;Open Sans&quot;; font-size: 16px; font-weight: 400;\">Luis Fuentealba S\u00e1nchez<\/span>,<\/p>\n                            <p>Direcci\u00f3n: Independencia 248. Casilla 107, Linares.<\/p>\n                            <p>Fono: 73-262 7204<\/p>\n                            <p>Secretaria: <span style=\"font-weight: 400; font-size: 16px; font-family: &quot;Open Sans&quot;; color: rgb(70, 112, 127);\">Sandra M\u00e9ndez A.<\/span>, F. 732627204<\/p>\n                            <p>E-mail: <span style=\"font-weight: 400; font-size: 16px; font-family: &quot;Open Sans&quot;; color: rgb(70, 112, 127);\">vgeneral@obispadodelinares.cl<\/span><\/p>\n                          <\/div>\n                        <\/div>\n                      <\/div>\n                    <\/div>\n                  <\/div>\n                <\/div>\n              <\/div>\n            <\/div>\n          <\/div>\n        <\/div>\n        <div class=\"h-column h-column-container d-flex h-col-lg-6 h-col-md-6 h-col-12 style-3359-outer style-local-283-c122-outer\">\n          <div data-colibri-id=\"283-c122\" class=\"d-flex h-flex-basis h-column__inner h-px-lg-0 h-px-md-0 h-px-2 v-inner-lg-0 v-inner-md-0 v-inner-2 style-3359 style-local-283-c122 position-relative\">\n            <!---->\n            <!---->\n            <div class=\"w-100 h-y-container h-column__content h-column__v-align flex-basis-100 align-self-lg-start align-self-md-start align-self-start\">\n              <!---->\n              <div data-colibri-id=\"283-c123\" class=\"h-row-container gutters-row-lg-1 gutters-row-md-1 gutters-row-0 gutters-row-v-lg-1 gutters-row-v-md-1 gutters-row-v-2 style-3353 style-local-283-c123 position-relative\">\n                <!---->\n                <div class=\"h-row justify-content-lg-center justify-content-md-center justify-content-center align-items-lg-stretch align-items-md-stretch align-items-stretch gutters-col-lg-1 gutters-col-md-1 gutters-col-0 gutters-col-v-lg-1 gutters-col-v-md-1 gutters-col-v-2\">\n                  <!---->\n                  <div class=\"h-column h-column-container d-flex h-col-lg-auto h-col-md-auto h-col-auto style-3354-outer style-local-283-c124-outer\">\n                    <div data-colibri-id=\"283-c124\" class=\"d-flex h-flex-basis h-column__inner h-px-lg-1 h-px-md-1 h-px-1 v-inner-lg-1 v-inner-md-1 v-inner-1 style-3354 style-local-283-c124 position-relative\">\n                      <!---->\n                      <!---->\n                      <div class=\"w-100 h-y-container h-column__content h-column__v-align flex-basis-auto align-self-lg-start align-self-md-start align-self-start\">\n                        <!---->\n                        <div data-colibri-id=\"283-c125\" class=\"d-block style-3360 style-local-283-c125 position-relative h-element\">\n                          <!---->\n                          <div class=\"h-image__frame-container-outer\">\n                            <div class=\"h-image__frame-container\">\n                              <!---->\n                              <!---->\n                              <img decoding=\"async\" width=\"70\" height=\"70\" data-src=\"https:\/\/obispadodelinares.cl\/ol\/wp-content\/uploads\/2018\/01\/cropped-movimientos.png\" class=\"wp-image-9641 style-3360-image style-local-283-c125-image lazyload\" alt=\"\" src=\"data:image\/svg+xml;base64,PHN2ZyB3aWR0aD0iMSIgaGVpZ2h0PSIxIiB4bWxucz0iaHR0cDovL3d3dy53My5vcmcvMjAwMC9zdmciPjwvc3ZnPg==\" style=\"--smush-placeholder-width: 70px; --smush-placeholder-aspect-ratio: 70\/70;\" \/>\n                              <div class=\"h-image__frame h-hide-lg h-hide-md h-hide-sm style-3360-frameImage style-local-283-c125-frameImage\"><\/div>\n                            <\/div>\n                          <\/div>\n                        <\/div>\n                      <\/div>\n                    <\/div>\n                  <\/div>\n                  <div class=\"h-column h-column-container d-flex h-col-lg h-col-md h-col-auto style-3356-outer style-local-283-c126-outer\">\n                    <div data-colibri-id=\"283-c126\" class=\"d-flex h-flex-basis h-column__inner h-px-lg-1 h-px-md-1 h-px-1 v-inner-lg-1 v-inner-md-1 v-inner-1 style-3356 style-local-283-c126 position-relative\">\n                      <!---->\n                      <!---->\n                      <div class=\"w-100 h-y-container h-column__content h-column__v-align flex-basis-100 align-self-lg-start align-self-md-start align-self-start\">\n                        <!---->\n                        <div data-colibri-id=\"283-c127\" class=\"h-global-transition-all h-heading style-3357 style-local-283-c127 position-relative h-element\">\n                          <!---->\n                          <div class=\"h-heading__outer style-3357 style-local-283-c127\">\n                            <!---->\n                            <!---->\n                            <h5 class=\"\">vicaria pastoral<\/h5>\n                          <\/div>\n                        <\/div>\n                        <div data-colibri-id=\"283-c128\" class=\"h-text h-text-component style-3358 style-local-283-c128 position-relative h-element\">\n                          <!---->\n                          <!---->\n                          <div class=\"\">\n                            <p>Pbro. <span style=\"font-weight: 400; font-size: 16px; font-family: &quot;Open Sans&quot;; color: rgb(70, 112, 127);\">Ra\u00fal Moris Gajardo<\/span>.<\/p>\n                            <p>Direcci\u00f3n: Independencia 248. Casilla 107, Linares.<\/p>\n                            <p>Fono: 73-262 7207.<\/p>\n                            <p>Secretario: Jos\u00e9 Dario \u00c1vila., Fono: 73-262 7207<\/p>\n                            <p>E-mail:<span style=\"color: rgb(70, 112, 127); font-family: &quot;Open Sans&quot;; font-size: 16px; font-weight: 400;\">vicariapastoral@obispadodelinares.cl<\/span><\/p>\n                          <\/div>\n                        <\/div>\n                      <\/div>\n                    <\/div>\n                  <\/div>\n                <\/div>\n              <\/div>\n            <\/div>\n          <\/div>\n        <\/div>\n      <\/div>\n    <\/div>\n    <div data-colibri-id=\"283-c129\" class=\"h-row-container gutters-row-lg-2 gutters-row-md-2 gutters-row-0 gutters-row-v-lg-2 gutters-row-v-md-2 gutters-row-v-2 style-3361 style-local-283-c129 position-relative\">\n      <!---->\n      <div class=\"h-row justify-content-lg-center justify-content-md-center justify-content-center align-items-lg-stretch align-items-md-stretch align-items-stretch gutters-col-lg-2 gutters-col-md-2 gutters-col-0 gutters-col-v-lg-2 gutters-col-v-md-2 gutters-col-v-2\">\n        <!---->\n        <div class=\"h-column h-column-container d-flex h-col-lg-auto h-col-md-auto h-col-auto style-3362-outer style-local-283-c130-outer\">\n          <div data-colibri-id=\"283-c130\" class=\"d-flex h-flex-basis h-column__inner h-px-lg-2 h-px-md-2 h-px-2 v-inner-lg-2 v-inner-md-2 v-inner-2 style-3362 style-local-283-c130 position-relative\">\n            <!---->\n            <!---->\n            <div class=\"w-100 h-y-container h-column__content h-column__v-align flex-basis-100 align-self-lg-start align-self-md-start align-self-start\">\n              <!---->\n              <div data-colibri-id=\"283-c131\" class=\"h-global-transition-all h-heading style-3363 style-local-283-c131 position-relative h-element\">\n                <!---->\n                <div class=\"h-heading__outer style-3363 style-local-283-c131\">\n                  <!---->\n                  <!---->\n                  <h2 class=\"\">Escuela de Formaci\u00f3n\n                    <br>\n                  <\/h2>\n                <\/div>\n              <\/div>\n            <\/div>\n          <\/div>\n        <\/div>\n      <\/div>\n    <\/div>\n    <div data-colibri-id=\"283-c132\" class=\"h-row-container gutters-row-lg-2 gutters-row-md-2 gutters-row-0 gutters-row-v-lg-2 gutters-row-v-md-2 gutters-row-v-2 style-3364 style-local-283-c132 position-relative\">\n      <!---->\n      <div class=\"h-row justify-content-lg-center justify-content-md-center justify-content-center align-items-lg-stretch align-items-md-stretch align-items-stretch gutters-col-lg-2 gutters-col-md-2 gutters-col-0 gutters-col-v-lg-2 gutters-col-v-md-2 gutters-col-v-2\">\n        <!---->\n        <div class=\"h-column h-column-container d-flex h-col-lg-auto h-col-md-auto h-col-auto style-3365-outer style-local-283-c133-outer\">\n          <div data-colibri-id=\"283-c133\" class=\"d-flex h-flex-basis h-column__inner h-px-lg-2 h-px-md-2 h-px-2 v-inner-lg-2 v-inner-md-2 v-inner-2 style-3365 style-local-283-c133 position-relative\">\n            <!---->\n            <!---->\n            <div class=\"w-100 h-y-container h-column__content h-column__v-align flex-basis-100 align-self-lg-start align-self-md-start align-self-start\">\n              <!---->\n              <div data-colibri-component=\"tabs\" data-colibri-id=\"283-c134\" class=\"h-tabs h-tabs-horizontal h-tabs--horizontal--auto-lg h-tabs--horizontal--auto-md h-tabs--horizontal--full h-tabs h-tabs-horizontal h-tabs--horizontal--auto-lg h-tabs--horizontal--auto-md h-tabs--horizontal--full style-3366 style-local-283-c134 position-relative h-element\">\n                <!---->\n                <div class=\"h-tabs-navigation d-flex h-tabs-navigation-horizontal\">\n                  <a href=\"#director-departamento-2\" class=\"h-tabs-navigation-item d-flex align-items-center h-global-transition h-tabs-navigation-active-item h-custom-active-state\" rel=\"#director-departamento-2\">\n                    <!----><span class=\"h-tabs-navigation-item__text\">Director Departamento:<\/span><\/a>\n                  <a href=\"#equipo-de-directivo\" class=\"h-tabs-navigation-item d-flex align-items-center h-global-transition\" rel=\"#equipo-de-directivo\">\n                    <!----><span class=\"h-tabs-navigation-item__text\">Equipo de Directivo:<\/span><\/a>\n                <\/div>\n                <div id=\"director-departamento-2\" skip-smooth-scroll=\"true\" skip-scroll-spy=\"true\" data-colibri-id=\"283-c135\" class=\"h-tabs-item-content h-tabs-item h-tabs-content-horizontal h-tabs-content-283-c135 style-3367 style-local-283-c135 position-relative h-element h-tabs-content-active\">\n                  <!---->\n                  <div class=\"w-100 h-y-container\">\n                    <!---->\n                    <div data-colibri-id=\"283-c136\" class=\"h-text h-text-component style-3368 style-local-283-c136 position-relative h-element\">\n                      <!---->\n                      <!---->\n                      <div class=\"\">\n                        <p>Pbro. Juan P\u00e9rez Nu\u00f1ez<\/p>\n                      <\/div>\n                    <\/div>\n                  <\/div>\n                <\/div>\n                <div id=\"equipo-de-directivo\" skip-smooth-scroll=\"true\" skip-scroll-spy=\"true\" data-colibri-id=\"283-c137\" class=\"h-tabs-item-content h-tabs-item h-tabs-content-horizontal h-tabs-content-283-c137 style-3369 style-local-283-c137 position-relative h-element hide\">\n                  <!---->\n                  <div class=\"w-100 h-y-container\">\n                    <!---->\n                    <div data-colibri-id=\"283-c138\" class=\"h-text h-text-component style-3370 style-local-283-c138 position-relative h-element\">\n                      <!---->\n                      <!---->\n                      <div class=\"\">\n                        <p>Monse\u00f1or Tomislav Koljatic.<\/p>\n                        <p>Pbro. Luis Fuentealba.<\/p>\n                        <p>Pbro. Ra\u00fal Moris Gajardo.<\/p>\n                        <p>Pbro. Juan P\u00e9rez.<\/p>\n                      <\/div>\n                    <\/div>\n                  <\/div>\n                <\/div>\n              <\/div>\n            <\/div>\n          <\/div>\n        <\/div>\n      <\/div>\n    <\/div>\n  <\/div>\n<\/div>\n<div data-colibri-component=\"section\" data-colibri-id=\"283-c142\" id=\"reusable-sections-7\" class=\"h-section h-section-global-spacing d-flex align-items-lg-center align-items-md-center align-items-center style-3373 style-local-283-c142 position-relative\">\n  <!---->\n  <!---->\n  <div class=\"h-section-grid-container h-section-boxed-container\">\n    <!---->\n    <div data-colibri-id=\"283-c143\" class=\"h-row-container gutters-row-lg-2 gutters-row-md-2 gutters-row-2 gutters-row-v-lg-2 gutters-row-v-md-2 gutters-row-v-2 style-3374 style-local-283-c143 position-relative\">\n      <!---->\n      <div class=\"h-row justify-content-lg-center justify-content-md-center justify-content-center align-items-lg-stretch align-items-md-stretch align-items-stretch gutters-col-lg-2 gutters-col-md-2 gutters-col-2 gutters-col-v-lg-2 gutters-col-v-md-2 gutters-col-v-2\">\n        <!---->\n        <div class=\"h-column h-column-container d-flex h-col-lg-6 h-col-md-6 h-col-12 style-3375-outer style-local-283-c144-outer\">\n          <div data-colibri-id=\"283-c144\" class=\"d-flex h-flex-basis h-column__inner h-px-lg-0 h-px-md-0 h-px-2 v-inner-lg-0 v-inner-md-0 v-inner-2 style-3375 style-local-283-c144 position-relative\">\n            <!---->\n            <!---->\n            <div class=\"w-100 h-y-container h-column__content h-column__v-align flex-basis-100 align-self-lg-start align-self-md-start align-self-start\">\n              <!---->\n              <div data-colibri-id=\"283-c145\" class=\"h-row-container gutters-row-lg-1 gutters-row-md-1 gutters-row-0 gutters-row-v-lg-1 gutters-row-v-md-1 gutters-row-v-2 style-3376 style-local-283-c145 position-relative\">\n                <!---->\n                <div class=\"h-row justify-content-lg-center justify-content-md-center justify-content-center align-items-lg-stretch align-items-md-stretch align-items-stretch gutters-col-lg-1 gutters-col-md-1 gutters-col-0 gutters-col-v-lg-1 gutters-col-v-md-1 gutters-col-v-2\">\n                  <!---->\n                  <div class=\"h-column h-column-container d-flex h-col-lg-auto h-col-md-auto h-col-auto style-3377-outer style-local-283-c146-outer\">\n                    <div data-colibri-id=\"283-c146\" class=\"d-flex h-flex-basis h-column__inner h-px-lg-1 h-px-md-1 h-px-1 v-inner-lg-1 v-inner-md-1 v-inner-1 style-3377 style-local-283-c146 position-relative\">\n                      <!---->\n                      <!---->\n                      <div class=\"w-100 h-y-container h-column__content h-column__v-align flex-basis-auto align-self-lg-start align-self-md-start align-self-start\">\n                        <!---->\n                        <div data-colibri-id=\"283-c147\" class=\"h-icon style-3378 style-local-283-c147 position-relative h-element\">\n                          <!----><span class=\"h-svg-icon h-icon__icon style-3378-icon style-local-283-c147-icon\"><!--Icon by Ionicons (https:\/\/ionicons.com)--><svg version=\"1.1\" xmlns=\"http:\/\/www.w3.org\/2000\/svg\" xmlns:xlink=\"http:\/\/www.w3.org\/1999\/xlink\" id=\"android-person\" viewBox=\"0 0 384 512\"><path d=\"M192 256c-53 0-96-43-96-96s43-96 96-96 96 43 96 96-43 96-96 96zm0 48c64 0 192 32 192 96v48H0v-48c0-64 128-96 192-96z\"><\/path><\/svg><\/span><\/div>\n                      <\/div>\n                    <\/div>\n                  <\/div>\n                  <div class=\"h-column h-column-container d-flex h-col-lg h-col-md h-col-auto style-3379-outer style-local-283-c148-outer\">\n                    <div data-colibri-id=\"283-c148\" class=\"d-flex h-flex-basis h-column__inner h-px-lg-1 h-px-md-1 h-px-1 v-inner-lg-1 v-inner-md-1 v-inner-1 style-3379 style-local-283-c148 position-relative\">\n                      <!---->\n                      <!---->\n                      <div class=\"w-100 h-y-container h-column__content h-column__v-align flex-basis-100 align-self-lg-start align-self-md-start align-self-start\">\n                        <!---->\n                        <div data-colibri-id=\"283-c149\" class=\"h-global-transition-all h-heading style-3380 style-local-283-c149 position-relative h-element\">\n                          <!---->\n                          <div class=\"h-heading__outer style-3380 style-local-283-c149\">\n                            <!---->\n                            <!---->\n                            <h5 class=\"\">secretaria episcopal<\/h5>\n                          <\/div>\n                        <\/div>\n                        <div data-colibri-id=\"283-c150\" class=\"h-text h-text-component style-3381 style-local-283-c150 position-relative h-element\">\n                          <!---->\n                          <!---->\n                          <div class=\"\">\n                            <p>Srta. In\u00e9s Villarreal<\/p>\n                            <p>Fono: 73-262 7201<\/p>\n                            <p>Mail: secretaria@obispadodelinares.cl<\/p>\n                          <\/div>\n                        <\/div>\n                      <\/div>\n                    <\/div>\n                  <\/div>\n                <\/div>\n              <\/div>\n            <\/div>\n          <\/div>\n        <\/div>\n        <div class=\"h-column h-column-container d-flex h-col-lg-6 h-col-md-6 h-col-12 style-3382-outer style-local-283-c151-outer\">\n          <div data-colibri-id=\"283-c151\" class=\"d-flex h-flex-basis h-column__inner h-px-lg-0 h-px-md-0 h-px-2 v-inner-lg-0 v-inner-md-0 v-inner-2 style-3382 style-local-283-c151 position-relative\">\n            <!---->\n            <!---->\n            <div class=\"w-100 h-y-container h-column__content h-column__v-align flex-basis-100 align-self-lg-start align-self-md-start align-self-start\">\n              <!---->\n              <div data-colibri-id=\"283-c152\" class=\"h-row-container gutters-row-lg-1 gutters-row-md-1 gutters-row-0 gutters-row-v-lg-1 gutters-row-v-md-1 gutters-row-v-2 style-3376 style-local-283-c152 position-relative\">\n                <!---->\n                <div class=\"h-row justify-content-lg-center justify-content-md-center justify-content-center align-items-lg-stretch align-items-md-stretch align-items-stretch gutters-col-lg-1 gutters-col-md-1 gutters-col-0 gutters-col-v-lg-1 gutters-col-v-md-1 gutters-col-v-2\">\n                  <!---->\n                  <div class=\"h-column h-column-container d-flex h-col-lg-auto h-col-md-auto h-col-auto style-3377-outer style-local-283-c153-outer\">\n                    <div data-colibri-id=\"283-c153\" class=\"d-flex h-flex-basis h-column__inner h-px-lg-1 h-px-md-1 h-px-1 v-inner-lg-1 v-inner-md-1 v-inner-1 style-3377 style-local-283-c153 position-relative\">\n                      <!---->\n                      <!---->\n                      <div class=\"w-100 h-y-container h-column__content h-column__v-align flex-basis-auto align-self-lg-start align-self-md-start align-self-start\">\n                        <!---->\n                        <div data-colibri-id=\"283-c154\" class=\"h-icon style-3378 style-local-283-c154 position-relative h-element\">\n                          <!----><span class=\"h-svg-icon h-icon__icon style-3378-icon style-local-283-c154-icon\"><!--Icon by Ionicons (https:\/\/ionicons.com)--><svg version=\"1.1\" xmlns=\"http:\/\/www.w3.org\/2000\/svg\" xmlns:xlink=\"http:\/\/www.w3.org\/1999\/xlink\" id=\"android-person\" viewBox=\"0 0 384 512\"><path d=\"M192 256c-53 0-96-43-96-96s43-96 96-96 96 43 96 96-43 96-96 96zm0 48c64 0 192 32 192 96v48H0v-48c0-64 128-96 192-96z\"><\/path><\/svg><\/span><\/div>\n                      <\/div>\n                    <\/div>\n                  <\/div>\n                  <div class=\"h-column h-column-container d-flex h-col-lg h-col-md h-col-auto style-3379-outer style-local-283-c155-outer\">\n                    <div data-colibri-id=\"283-c155\" class=\"d-flex h-flex-basis h-column__inner h-px-lg-1 h-px-md-1 h-px-1 v-inner-lg-1 v-inner-md-1 v-inner-1 style-3379 style-local-283-c155 position-relative\">\n                      <!---->\n                      <!---->\n                      <div class=\"w-100 h-y-container h-column__content h-column__v-align flex-basis-100 align-self-lg-start align-self-md-start align-self-start\">\n                        <!---->\n                        <div data-colibri-id=\"283-c156\" class=\"h-global-transition-all h-heading style-3380 style-local-283-c156 position-relative h-element\">\n                          <!---->\n                          <div class=\"h-heading__outer style-3380 style-local-283-c156\">\n                            <!---->\n                            <!---->\n                            <h5 class=\"\">Archivo<\/h5>\n                          <\/div>\n                        <\/div>\n                        <div data-colibri-id=\"283-c157\" class=\"h-text h-text-component style-3381 style-local-283-c157 position-relative h-element\">\n                          <!---->\n                          <!---->\n                          <div class=\"\">\n                            <p>Sra. <span style=\"font-weight: 400; font-size: 16px; font-family: &quot;Open Sans&quot;; color: rgb(70, 112, 127);\">Pamela Guzm\u00e1n<\/span><\/p>\n                            <p>Fono: <span style=\"color: rgb(70, 112, 127); font-family: &quot;Open Sans&quot;; font-size: 16px; font-weight: 400;\">73-262 7204<\/span><\/p>\n                            <p>Mail: archivo@obispadodelinares.cl<\/p>\n                          <\/div>\n                        <\/div>\n                      <\/div>\n                    <\/div>\n                  <\/div>\n                <\/div>\n              <\/div>\n            <\/div>\n          <\/div>\n        <\/div>\n      <\/div>\n    <\/div>\n  <\/div>\n<\/div>\n<\/div>","protected":false},"excerpt":{"rendered":"<p>Monse\u00f1or Tomislav Koljatic M. Obispo de Linares Pbro. Luis Fuentealba S\u00e1nchez Vicario General Independencia 248. Casilla 107, Linares Fono: 73-2627204 Mail: vgenaral@obispadodelinares.cl Secretaria: Sandra M\u00e9ndez A. Fono: 73-262 7204 Mail:&nbsp;vgeneral@obispadodelinares.cl \ufeff Pbro. Ra\u00fal Moris Gajardo. Vicario Pastoral Independencia 248. Casilla 107, Linares Fono: 73-2627207 Mail: vicariapastoral@obispadodelinares.cl Secretario: Jos\u00e9 Dario \u00c1vila Fono: 73-262 7207 Mail:&nbsp;jdavila@obispadodelinares.cl \ufeff [&hellip;]<\/p>\n","protected":false},"author":1,"featured_media":0,"parent":0,"menu_order":0,"comment_status":"closed","ping_status":"closed","template":"page-templates\/full-width-page.php","meta":{"h5ap_radio_sources":[],"footnotes":""},"class_list":["post-283","page","type-page","status-publish","hentry"],"_links":{"self":[{"href":"https:\/\/obispadodelinares.cl\/ol\/index.php?rest_route=\/wp\/v2\/pages\/283","targetHints":{"allow":["GET"]}}],"collection":[{"href":"https:\/\/obispadodelinares.cl\/ol\/index.php?rest_route=\/wp\/v2\/pages"}],"about":[{"href":"https:\/\/obispadodelinares.cl\/ol\/index.php?rest_route=\/wp\/v2\/types\/page"}],"author":[{"embeddable":true,"href":"https:\/\/obispadodelinares.cl\/ol\/index.php?rest_route=\/wp\/v2\/users\/1"}],"replies":[{"embeddable":true,"href":"https:\/\/obispadodelinares.cl\/ol\/index.php?rest_route=%2Fwp%2Fv2%2Fcomments&post=283"}],"version-history":[{"count":21,"href":"https:\/\/obispadodelinares.cl\/ol\/index.php?rest_route=\/wp\/v2\/pages\/283\/revisions"}],"predecessor-version":[{"id":21840,"href":"https:\/\/obispadodelinares.cl\/ol\/index.php?rest_route=\/wp\/v2\/pages\/283\/revisions\/21840"}],"wp:attachment":[{"href":"https:\/\/obispadodelinares.cl\/ol\/index.php?rest_route=%2Fwp%2Fv2%2Fmedia&parent=283"}],"curies":[{"name":"wp","href":"https:\/\/api.w.org\/{rel}","templated":true}]}}