{"id":20082,"date":"2024-11-20T15:25:43","date_gmt":"2024-11-20T18:25:43","guid":{"rendered":"https:\/\/obispadodelinares.cl\/ol\/?page_id=20082"},"modified":"2024-11-20T16:26:01","modified_gmt":"2024-11-20T19:26:01","slug":"calendario-de-peregrinacion-reliquias-san-ambrosio","status":"publish","type":"page","link":"https:\/\/obispadodelinares.cl\/ol\/?page_id=20082","title":{"rendered":"Calendario de Peregrinaci\u00f3n Reliquias San Ambrosio"},"content":{"rendered":"<div data-colibri-id=\"20082-c1\" class=\"style-4612 style-local-20082-c1 position-relative\">\n  <!---->\n  <div data-colibri-component=\"section\" data-colibri-id=\"20082-c37\" id=\"blank-2\" class=\"h-section h-section-global-spacing d-flex align-items-lg-center align-items-md-center align-items-center style-4653 style-local-20082-c37 position-relative\">\n    <!---->\n    <!---->\n    <div class=\"h-section-grid-container h-section-boxed-container\">\n      <!---->\n      <div data-colibri-id=\"20082-c45\" class=\"h-row-container gutters-row-lg-2 gutters-row-md-2 gutters-row-0 gutters-row-v-lg-2 gutters-row-v-md-2 gutters-row-v-2 style-4661 style-local-20082-c45 position-relative\">\n        <!---->\n        <div class=\"h-row justify-content-lg-center justify-content-md-center justify-content-center align-items-lg-stretch align-items-md-stretch align-items-stretch gutters-col-lg-2 gutters-col-md-2 gutters-col-0 gutters-col-v-lg-2 gutters-col-v-md-2 gutters-col-v-2\">\n          <!---->\n          <div class=\"h-column h-column-container d-flex h-col-lg-auto h-col-md-auto h-col-auto style-4662-outer style-local-20082-c46-outer\">\n            <div data-colibri-id=\"20082-c46\" class=\"d-flex h-flex-basis h-column__inner h-px-lg-2 h-px-md-2 h-px-2 v-inner-lg-2 v-inner-md-2 v-inner-2 style-4662 style-local-20082-c46 position-relative\">\n              <!---->\n              <!---->\n              <div class=\"w-100 h-y-container h-column__content h-column__v-align flex-basis-100 align-self-lg-start align-self-md-start align-self-start\">\n                <!---->\n                <div data-colibri-id=\"20082-c47\" class=\"page-title style-60 style-local-20082-c47 position-relative h-element\">\n                  <!---->\n                  <div class=\"h-page-title__outer style-60-outer style-local-20082-c47-outer\">\n                    <div class=\"h-global-transition-all\"><span><h1 style='margin-bottom:0'>Calendario de Peregrinaci\u00f3n Reliquias San Ambrosio<\/h1><\/span><\/div>\n                  <\/div>\n                <\/div>\n              <\/div>\n            <\/div>\n          <\/div>\n        <\/div>\n      <\/div>\n    <\/div>\n  <\/div>\n  <div data-colibri-component=\"section\" data-colibri-id=\"20082-c2\" id=\"overlappable\" class=\"h-section h-section-global-spacing d-flex align-items-lg-center align-items-md-center align-items-center style-4617 style-local-20082-c2 position-relative\">\n    <!---->\n    <!---->\n    <div class=\"h-section-grid-container h-section-boxed-container\">\n      <!---->\n      <div data-colibri-id=\"20082-c3\" class=\"h-row-container gutters-row-lg-0 gutters-row-md-0 gutters-row-0 gutters-row-v-lg-0 gutters-row-v-md-0 gutters-row-v-0 style-4618 style-local-20082-c3 position-relative\">\n        <!---->\n        <div class=\"h-row justify-content-lg-center justify-content-md-center justify-content-center align-items-lg-stretch align-items-md-stretch align-items-stretch gutters-col-lg-0 gutters-col-md-0 gutters-col-0 gutters-col-v-lg-0 gutters-col-v-md-0 gutters-col-v-0\">\n          <!---->\n          <div class=\"h-column h-column-container d-flex h-col-lg-auto h-col-md-auto h-col-auto style-4619-outer style-local-20082-c4-outer\">\n            <div data-colibri-id=\"20082-c4\" class=\"d-flex h-flex-basis h-column__inner h-ui-empty-state-container h-px-lg-0 h-px-md-0 h-px-0 v-inner-lg-0 v-inner-md-0 v-inner-0 style-4619 style-local-20082-c4 position-relative\">\n              <!---->\n              <!---->\n              <div class=\"w-100 h-y-container h-column__content h-column__v-align flex-basis-100\">\n                <!---->\n              <\/div>\n            <\/div>\n          <\/div>\n          <div class=\"h-column h-column-container d-flex h-col-lg-auto h-col-md-auto h-col-auto style-4620-outer style-local-20082-c5-outer\">\n            <div data-colibri-id=\"20082-c5\" class=\"d-flex h-flex-basis h-column__inner h-px-lg-2 h-px-md-2 h-px-2 v-inner-lg-2 v-inner-md-2 v-inner-2 style-4620 style-local-20082-c5 position-relative\">\n              <!---->\n              <!---->\n              <div class=\"w-100 h-y-container h-column__content h-column__v-align flex-basis-100 align-self-lg-center align-self-md-center align-self-center\">\n                <!---->\n                <div data-colibri-id=\"20082-c6\" class=\"h-global-transition-all h-heading style-4621 style-local-20082-c6 position-relative h-element\">\n                  <!---->\n                  <div class=\"h-heading__outer style-4621 style-local-20082-c6\">\n                    <!---->\n                    <!---->\n                    <h4 class=\"\">San Ambrosio de Mil\u00e1n (340-397)Patrono de la Di\u00f3cesis de Linares &#8211; cHILE<\/h4>\n                  <\/div>\n                <\/div>\n                <div data-colibri-id=\"20082-c7\" class=\"h-text h-text-component style-4622 style-local-20082-c7 position-relative h-element\">\n                  <!---->\n                  <!---->\n                  <div class=\"\">\n                    <p><span style=\"color: rgb(0, 0, 0); font-weight: 400;\">Naci\u00f3 en el seno de una familia romana cristiana en la ciudad de Tr\u00e9veris (en territorio de la actual Alemania) alrededor del a\u00f1o 340.<\/span><\/p>\n                    <p><span style=\"color: rgb(0, 0, 0); font-weight: 400;\">Su padre era el Prefecto de la regi\u00f3n, es decir, representante del Emperador romano, y su madre una mujer piadosa y culta.<\/span><\/p>\n                    <p>\n                      <br>\n                    <\/p>\n                    <p>\n                      <br>\n                    <\/p>\n                  <\/div>\n                <\/div>\n              <\/div>\n            <\/div>\n          <\/div>\n          <div class=\"h-column h-column-container d-flex h-col-lg-auto h-col-md-auto h-col-auto style-4620-outer style-local-20082-c8-outer\">\n            <div data-colibri-id=\"20082-c8\" class=\"d-flex h-flex-basis h-column__inner h-px-lg-2 h-px-md-2 h-px-2 v-inner-lg-2 v-inner-md-2 v-inner-2 style-4620 style-local-20082-c8 position-relative\">\n              <!---->\n              <!---->\n              <div class=\"w-100 h-y-container h-column__content h-column__v-align flex-basis-100 align-self-lg-center align-self-md-center align-self-center\">\n                <!---->\n                <div data-colibri-id=\"20082-c9\" class=\"h-text h-text-component style-4631 style-local-20082-c9 position-relative h-element\">\n                  <!---->\n                  <!---->\n                  <div class=\"\">\n                    <p><span style=\"font-weight: 400; font-size: 16px; font-family: &quot;Open Sans&quot;; color: rgb(70, 112, 127);\">Las Reliquias permanecen exdpuestas en la capilla de Adoraci\u00f3n Permanente en el Templo Catedral de Linares<\/span><\/p>\n                  <\/div>\n                <\/div>\n                <div data-colibri-id=\"20082-c10\" class=\"h-text h-text-component style-4622 style-local-20082-c10 position-relative h-element\">\n                  <!---->\n                  <!---->\n                  <div class=\"\">\n                    <p><span style=\"font-weight: 400; color: rgb(0, 0, 0);\">Se lo considera una de las mayores lumbreras del cristianismo, siendo uno de los 37 doctores de la Iglesia Universal y uno de los cuatro Padres de la Iglesia latina junto a San Agust\u00edn, te\u00f3logo, al Papa San Gregorio Magno y San Jer\u00f3nimo, traductor de la Biblia. Estas cuatro figuras est\u00e1n en el mosaico del \u00e1bside de nuestra Catedral de Linares. <\/span><\/p>\n                    <p><span style=\"font-weight: 400; color: rgb(0, 0, 0);\">San Ambrosio, el C\u00f3nsul de Dios, muri\u00f3 en Mil\u00e1n el 4 de abril del 397 ( un s\u00e1bado santo) a la edad de 57 a\u00f1os. Su cuerpo reposa en la Bas\u00edlica de San Ambrosio de Mil\u00e1n, donde es venerado por las multitudes de fieles que acuden a \u00e9l. <\/span><\/p>\n                    <p><span style=\"font-weight: 400; color: rgb(0, 0, 0);\">En resumen, se le recuerda como un pastor ap\u00f3stol de la caridad con los pobres, reformador lit\u00fargico, gu\u00eda espiritual y maestro de vida, orador c\u00e9lebre, defensor de la Iglesia y de la fe en Jesucristo<\/span><\/p>\n                    <p>\n                      <br>\n                    <\/p>\n                  <\/div>\n                <\/div>\n              <\/div>\n            <\/div>\n          <\/div>\n          <div class=\"h-column h-column-container d-flex h-col-lg-auto h-col-md-auto h-col-auto style-4625-outer style-local-20082-c11-outer\">\n            <div data-colibri-id=\"20082-c11\" class=\"d-flex h-flex-basis h-column__inner h-ui-empty-state-container h-px-lg-0 h-px-md-0 h-px-0 v-inner-lg-0 v-inner-md-0 v-inner-0 style-4625 style-local-20082-c11 position-relative\">\n              <!---->\n              <!---->\n              <div class=\"w-100 h-y-container h-column__content h-column__v-align flex-basis-100\">\n                <!---->\n              <\/div>\n            <\/div>\n          <\/div>\n        <\/div>\n      <\/div>\n    <\/div>\n  <\/div>\n  <div data-colibri-component=\"section\" data-colibri-id=\"20082-c12\" id=\"initial-content\" class=\"h-section h-section-global-spacing d-flex align-items-lg-center align-items-md-center align-items-center style-4613 style-local-20082-c12 position-relative\">\n    <!---->\n    <!---->\n    <div class=\"h-section-grid-container h-section-boxed-container\">\n      <!---->\n      <div data-colibri-id=\"20082-c13\" class=\"h-row-container gutters-row-lg-2 gutters-row-md-2 gutters-row-0 gutters-row-v-lg-2 gutters-row-v-md-2 gutters-row-v-2 style-4628 style-local-20082-c13 position-relative\">\n        <!---->\n        <div class=\"h-row justify-content-lg-center justify-content-md-center justify-content-center align-items-lg-stretch align-items-md-stretch align-items-stretch gutters-col-lg-2 gutters-col-md-2 gutters-col-0 gutters-col-v-lg-2 gutters-col-v-md-2 gutters-col-v-2\">\n          <!---->\n          <div class=\"h-column h-column-container d-flex h-col-lg-auto h-col-md-auto h-col-auto style-4629-outer style-local-20082-c14-outer\">\n            <div data-colibri-id=\"20082-c14\" class=\"d-flex h-flex-basis h-column__inner h-px-lg-2 h-px-md-2 h-px-2 v-inner-lg-2 v-inner-md-2 v-inner-2 style-4629 style-local-20082-c14 position-relative\">\n              <!---->\n              <!---->\n              <div class=\"w-100 h-y-container h-column__content h-column__v-align flex-basis-100 align-self-lg-start align-self-md-start align-self-start\">\n                <!---->\n                <div data-colibri-id=\"20082-c15\" class=\"h-text h-text-component style-4630 style-local-20082-c15 position-relative h-element\">\n                  <!---->\n                  <!---->\n                  <div class=\"\">\n                    <p>Las Reliquias permanecen expuestas en la capilla de Adoraci\u00f3n Permanente en el Templo Catedral de Linares<\/p>\n                    <p>El Calendario tiene la finalidad de mostrar en los lugares de la Di\u00f3cesis que&nbsp; estar\u00e1 peregrinando (<span style=\"font-weight: 400; font-size: 16px; font-family: &quot;Open Sans&quot;; color: rgb(70, 112, 127);\">los d\u00edas se\u00f1alados)<\/span>                      la Reliquia de San Ambrosio , es de responsabilidad de cada Parroquia, Colegio o Comunidad las actividades que ser realiz\u00e1n mientras las reliquias est\u00e9n bajo su custodia. Las fechas reservadas aparecen destacadas con color verde.<\/p>\n                    <p>\n                      <br>\n                    <\/p>\n                  <\/div>\n                <\/div>\n              <\/div>\n            <\/div>\n          <\/div>\n        <\/div>\n      <\/div>\n      <div data-colibri-id=\"20082-c16\" class=\"h-row-container gutters-row-lg-2 gutters-row-md-2 gutters-row-0 gutters-row-v-lg-2 gutters-row-v-md-2 gutters-row-v-2 style-4632 style-local-20082-c16 position-relative\">\n        <!---->\n        <div class=\"h-row justify-content-lg-center justify-content-md-center justify-content-center align-items-lg-stretch align-items-md-stretch align-items-stretch gutters-col-lg-2 gutters-col-md-2 gutters-col-0 gutters-col-v-lg-2 gutters-col-v-md-2 gutters-col-v-2\">\n          <!---->\n          <div class=\"h-column h-column-container d-flex h-col-lg-auto h-col-md-auto h-col-auto style-4633-outer style-local-20082-c17-outer\">\n            <div data-colibri-id=\"20082-c17\" class=\"d-flex h-flex-basis h-column__inner h-px-lg-2 h-px-md-2 h-px-2 v-inner-lg-2 v-inner-md-2 v-inner-2 style-4633 style-local-20082-c17 position-relative\">\n              <!---->\n              <!---->\n              <div class=\"w-100 h-y-container h-column__content h-column__v-align flex-basis-100 align-self-lg-start align-self-md-start align-self-start\">\n                <!---->\n                <div data-colibri-id=\"20082-c18\" class=\"h-global-transition-all h-heading style-4634 style-local-20082-c18 position-relative h-element\">\n                  <!---->\n                  <div class=\"h-heading__outer style-4634 style-local-20082-c18\">\n                    <!---->\n                    <!---->\n                    <h1 class=\"\">Calendario de Peregrinaci\u00f3n<\/h1>\n                  <\/div>\n                <\/div>\n              <\/div>\n            <\/div>\n          <\/div>\n        <\/div>\n      <\/div>\n      <div data-colibri-id=\"20082-c19\" class=\"h-row-container gutters-row-lg-2 gutters-row-md-2 gutters-row-0 gutters-row-v-lg-2 gutters-row-v-md-2 gutters-row-v-2 style-4614 style-local-20082-c19 position-relative\">\n        <!---->\n        <div class=\"h-row justify-content-lg-center justify-content-md-center justify-content-center align-items-lg-stretch align-items-md-stretch align-items-stretch gutters-col-lg-2 gutters-col-md-2 gutters-col-0 gutters-col-v-lg-2 gutters-col-v-md-2 gutters-col-v-2\">\n          <!---->\n          <div class=\"h-column h-column-container d-flex h-col-lg-auto h-col-md-auto h-col-auto style-4615-outer style-local-20082-c20-outer\">\n            <div data-colibri-id=\"20082-c20\" class=\"d-flex h-flex-basis h-column__inner h-px-lg-2 h-px-md-2 h-px-2 v-inner-lg-2 v-inner-md-2 v-inner-2 style-4615 style-local-20082-c20 position-relative\">\n              <!---->\n              <!---->\n              <div class=\"w-100 h-y-container h-column__content h-column__v-align flex-basis-100 align-self-lg-start align-self-md-start align-self-start\">\n                <!---->\n                <div data-colibri-id=\"20082-c21\" class=\"style-4616 style-local-20082-c21 position-relative h-element\">\n                  <!---->\n                  <div>\n                    <iframe src=\"https:\/\/calendar.google.com\/calendar\/embed?height=600&amp;wkst=2&amp;ctz=America%2FSantiago&amp;showPrint=0&amp;title=Peregrinaci%C3%B3n%20Reliquias%20de%20San%20Ambrosio&amp;src=Y19jMDUyN2Q4N2YwYmU3OWVjYmM3NzI5ZGI3OGFiMjBkNTg5YjRiZjI5MDhjNmNhNjNkOTA2MzZhNDlkNTA3ZDE3QGdyb3VwLmNhbGVuZGFyLmdvb2dsZS5jb20&amp;src=ZXMtNDE5LmNsI2hvbGlkYXlAZ3JvdXAudi5jYWxlbmRhci5nb29nbGUuY29t&amp;color=%230B8043&amp;color=%23D50000\"\n                      style=\"border:solid 1px #777\" width=\"800\" height=\"600\" frameborder=\"0\" scrolling=\"no\"><\/iframe>\n                  <\/div>\n                <\/div>\n              <\/div>\n            <\/div>\n          <\/div>\n        <\/div>\n      <\/div>\n    <\/div>\n  <\/div>\n  <div data-colibri-component=\"section\" data-colibri-id=\"20082-c22\" id=\"custom\" class=\"h-section h-section-global-spacing d-flex align-items-lg-center align-items-md-center align-items-center style-4635 style-local-20082-c22 position-relative\">\n    <!---->\n    <!---->\n    <div class=\"h-section-grid-container h-section-boxed-container\">\n      <!---->\n      <div data-colibri-id=\"20082-c71\" class=\"h-row-container gutters-row-lg-2 gutters-row-md-2 gutters-row-0 gutters-row-v-lg-2 gutters-row-v-md-2 gutters-row-v-2 style-4685 style-local-20082-c71 position-relative\">\n        <!---->\n        <div class=\"h-row justify-content-lg-center justify-content-md-center justify-content-center align-items-lg-stretch align-items-md-stretch align-items-stretch gutters-col-lg-2 gutters-col-md-2 gutters-col-0 gutters-col-v-lg-2 gutters-col-v-md-2 gutters-col-v-2\">\n          <!---->\n          <div class=\"h-column h-column-container d-flex h-col-lg-auto h-col-md-auto h-col-auto style-4686-outer style-local-20082-c72-outer\">\n            <div data-colibri-id=\"20082-c72\" class=\"d-flex h-flex-basis h-column__inner h-px-lg-2 h-px-md-2 h-px-2 v-inner-lg-2 v-inner-md-2 v-inner-2 style-4686 style-local-20082-c72 position-relative\">\n              <!---->\n              <!---->\n              <div class=\"w-100 h-y-container h-column__content h-column__v-align flex-basis-100 align-self-lg-start align-self-md-start align-self-start\">\n                <!---->\n                <div data-colibri-id=\"20082-c73\" class=\"h-global-transition-all h-heading style-4687 style-local-20082-c73 position-relative h-element\">\n                  <!---->\n                  <div class=\"h-heading__outer style-4687 style-local-20082-c73\">\n                    <!---->\n                    <!---->\n                    <h1 class=\"\">Historia de San Ambrosio<\/h1>\n                  <\/div>\n                <\/div>\n              <\/div>\n            <\/div>\n          <\/div>\n        <\/div>\n      <\/div>\n      <div data-colibri-id=\"20082-c61\" class=\"h-row-container gutters-row-lg-2 gutters-row-md-2 gutters-row-0 gutters-row-v-lg-2 gutters-row-v-md-2 gutters-row-v-2 style-4675 style-local-20082-c61 position-relative\">\n        <!---->\n        <div class=\"h-row justify-content-lg-center justify-content-md-center justify-content-center align-items-lg-stretch align-items-md-stretch align-items-stretch gutters-col-lg-2 gutters-col-md-2 gutters-col-0 gutters-col-v-lg-2 gutters-col-v-md-2 gutters-col-v-2\">\n          <!---->\n          <div class=\"h-column h-column-container d-flex h-col-lg-auto h-col-md-auto h-col-auto style-4676-outer style-local-20082-c62-outer\">\n            <div data-colibri-id=\"20082-c62\" class=\"d-flex h-flex-basis h-column__inner h-px-lg-2 h-px-md-2 h-px-2 v-inner-lg-2 v-inner-md-2 v-inner-2 style-4676 style-local-20082-c62 position-relative\">\n              <!---->\n              <!---->\n              <div class=\"w-100 h-y-container h-column__content h-column__v-align flex-basis-100 align-self-lg-start align-self-md-start align-self-start\">\n                <!---->\n                <div data-colibri-id=\"20082-c63\" class=\"d-block style-4677 style-local-20082-c63 position-relative h-element\">\n                  <!---->\n                  <div class=\"h-image__frame-container-outer\">\n                    <div class=\"h-image__frame-container\">\n                      <!---->\n                      <!---->\n                      <img fetchpriority=\"high\" decoding=\"async\" width=\"2491\" height=\"3850\" src=\"https:\/\/obispadodelinares.cl\/ol\/wp-content\/uploads\/2024\/11\/San-Ambrosio-de-Milan-0001.png\" class=\"wp-image-20187 style-4677-image style-local-20082-c63-image\" alt=\"\" srcset=\"https:\/\/obispadodelinares.cl\/ol\/wp-content\/uploads\/2024\/11\/San-Ambrosio-de-Milan-0001.png 2491w, https:\/\/obispadodelinares.cl\/ol\/wp-content\/uploads\/2024\/11\/San-Ambrosio-de-Milan-0001-194x300.png 194w, https:\/\/obispadodelinares.cl\/ol\/wp-content\/uploads\/2024\/11\/San-Ambrosio-de-Milan-0001-663x1024.png 663w, https:\/\/obispadodelinares.cl\/ol\/wp-content\/uploads\/2024\/11\/San-Ambrosio-de-Milan-0001-768x1187.png 768w, https:\/\/obispadodelinares.cl\/ol\/wp-content\/uploads\/2024\/11\/San-Ambrosio-de-Milan-0001-994x1536.png 994w, https:\/\/obispadodelinares.cl\/ol\/wp-content\/uploads\/2024\/11\/San-Ambrosio-de-Milan-0001-1325x2048.png 1325w\" sizes=\"(max-width: 2491px) 100vw, 2491px\" \/>\n                      <div class=\"h-image__frame h-hide-lg h-hide-md h-hide-sm style-4677-frameImage style-local-20082-c63-frameImage\"><\/div>\n                    <\/div>\n                  <\/div>\n                <\/div>\n              <\/div>\n            <\/div>\n          <\/div>\n          <div class=\"h-column h-column-container d-flex h-col-lg-auto h-col-md-auto h-col-auto style-4678-outer style-local-20082-c64-outer\">\n            <div data-colibri-id=\"20082-c64\" class=\"d-flex h-flex-basis h-column__inner h-px-lg-2 h-px-md-2 h-px-2 v-inner-lg-2 v-inner-md-2 v-inner-2 style-4678 style-local-20082-c64 position-relative\">\n              <!---->\n              <!---->\n              <div class=\"w-100 h-y-container h-column__content h-column__v-align flex-basis-100 align-self-lg-start align-self-md-start align-self-start\">\n                <!---->\n                <div data-colibri-id=\"20082-c65\" class=\"d-block style-4679 style-local-20082-c65 position-relative h-element\">\n                  <!---->\n                  <div class=\"h-image__frame-container-outer\">\n                    <div class=\"h-image__frame-container\">\n                      <!---->\n                      <!---->\n                      <img decoding=\"async\" width=\"1663\" height=\"2550\" data-src=\"https:\/\/obispadodelinares.cl\/ol\/wp-content\/uploads\/2024\/11\/San-Ambrosio-de-Milan-0002.png\" class=\"wp-image-20188 style-4679-image style-local-20082-c65-image lazyload\" alt=\"\" data-srcset=\"https:\/\/obispadodelinares.cl\/ol\/wp-content\/uploads\/2024\/11\/San-Ambrosio-de-Milan-0002.png 1663w, https:\/\/obispadodelinares.cl\/ol\/wp-content\/uploads\/2024\/11\/San-Ambrosio-de-Milan-0002-196x300.png 196w, https:\/\/obispadodelinares.cl\/ol\/wp-content\/uploads\/2024\/11\/San-Ambrosio-de-Milan-0002-668x1024.png 668w, https:\/\/obispadodelinares.cl\/ol\/wp-content\/uploads\/2024\/11\/San-Ambrosio-de-Milan-0002-768x1178.png 768w, https:\/\/obispadodelinares.cl\/ol\/wp-content\/uploads\/2024\/11\/San-Ambrosio-de-Milan-0002-1002x1536.png 1002w, https:\/\/obispadodelinares.cl\/ol\/wp-content\/uploads\/2024\/11\/San-Ambrosio-de-Milan-0002-1336x2048.png 1336w\" data-sizes=\"(max-width: 1663px) 100vw, 1663px\" src=\"data:image\/svg+xml;base64,PHN2ZyB3aWR0aD0iMSIgaGVpZ2h0PSIxIiB4bWxucz0iaHR0cDovL3d3dy53My5vcmcvMjAwMC9zdmciPjwvc3ZnPg==\" style=\"--smush-placeholder-width: 1663px; --smush-placeholder-aspect-ratio: 1663\/2550;\" \/>\n                      <div class=\"h-image__frame h-hide-lg h-hide-md h-hide-sm style-4679-frameImage style-local-20082-c65-frameImage\"><\/div>\n                    <\/div>\n                  <\/div>\n                <\/div>\n              <\/div>\n            <\/div>\n          <\/div>\n        <\/div>\n      <\/div>\n      <div data-colibri-id=\"20082-c66\" class=\"h-row-container gutters-row-lg-2 gutters-row-md-2 gutters-row-0 gutters-row-v-lg-2 gutters-row-v-md-2 gutters-row-v-2 style-4680 style-local-20082-c66 position-relative\">\n        <!---->\n        <div class=\"h-row justify-content-lg-center justify-content-md-center justify-content-center align-items-lg-stretch align-items-md-stretch align-items-stretch gutters-col-lg-2 gutters-col-md-2 gutters-col-0 gutters-col-v-lg-2 gutters-col-v-md-2 gutters-col-v-2\">\n          <!---->\n          <div class=\"h-column h-column-container d-flex h-col-lg-auto h-col-md-auto h-col-auto style-4681-outer style-local-20082-c67-outer\">\n            <div data-colibri-id=\"20082-c67\" class=\"d-flex h-flex-basis h-column__inner h-px-lg-2 h-px-md-2 h-px-2 v-inner-lg-2 v-inner-md-2 v-inner-2 style-4681 style-local-20082-c67 position-relative\">\n              <!---->\n              <!---->\n              <div class=\"w-100 h-y-container h-column__content h-column__v-align flex-basis-100 align-self-lg-start align-self-md-start align-self-start\">\n                <!---->\n                <div data-colibri-id=\"20082-c68\" class=\"d-block style-4682 style-local-20082-c68 position-relative h-element\">\n                  <!---->\n                  <div class=\"h-image__frame-container-outer\">\n                    <div class=\"h-image__frame-container\">\n                      <!---->\n                      <!---->\n                      <img decoding=\"async\" width=\"1637\" height=\"2550\" data-src=\"https:\/\/obispadodelinares.cl\/ol\/wp-content\/uploads\/2024\/11\/San-Ambrosio-de-Milan-0003.png\" class=\"wp-image-20189 style-4682-image style-local-20082-c68-image lazyload\" alt=\"\" data-srcset=\"https:\/\/obispadodelinares.cl\/ol\/wp-content\/uploads\/2024\/11\/San-Ambrosio-de-Milan-0003.png 1637w, https:\/\/obispadodelinares.cl\/ol\/wp-content\/uploads\/2024\/11\/San-Ambrosio-de-Milan-0003-193x300.png 193w, https:\/\/obispadodelinares.cl\/ol\/wp-content\/uploads\/2024\/11\/San-Ambrosio-de-Milan-0003-657x1024.png 657w, https:\/\/obispadodelinares.cl\/ol\/wp-content\/uploads\/2024\/11\/San-Ambrosio-de-Milan-0003-768x1196.png 768w, https:\/\/obispadodelinares.cl\/ol\/wp-content\/uploads\/2024\/11\/San-Ambrosio-de-Milan-0003-986x1536.png 986w, https:\/\/obispadodelinares.cl\/ol\/wp-content\/uploads\/2024\/11\/San-Ambrosio-de-Milan-0003-1315x2048.png 1315w\" data-sizes=\"(max-width: 1637px) 100vw, 1637px\" src=\"data:image\/svg+xml;base64,PHN2ZyB3aWR0aD0iMSIgaGVpZ2h0PSIxIiB4bWxucz0iaHR0cDovL3d3dy53My5vcmcvMjAwMC9zdmciPjwvc3ZnPg==\" style=\"--smush-placeholder-width: 1637px; --smush-placeholder-aspect-ratio: 1637\/2550;\" \/>\n                      <div class=\"h-image__frame h-hide-lg h-hide-md h-hide-sm style-4682-frameImage style-local-20082-c68-frameImage\"><\/div>\n                    <\/div>\n                  <\/div>\n                <\/div>\n              <\/div>\n            <\/div>\n          <\/div>\n          <div class=\"h-column h-column-container d-flex h-col-lg-auto h-col-md-auto h-col-auto style-4683-outer style-local-20082-c69-outer\">\n            <div data-colibri-id=\"20082-c69\" class=\"d-flex h-flex-basis h-column__inner h-px-lg-2 h-px-md-2 h-px-2 v-inner-lg-2 v-inner-md-2 v-inner-2 style-4683 style-local-20082-c69 position-relative\">\n              <!---->\n              <!---->\n              <div class=\"w-100 h-y-container h-column__content h-column__v-align flex-basis-100 align-self-lg-start align-self-md-start align-self-start\">\n                <!---->\n                <div data-colibri-id=\"20082-c70\" class=\"d-block style-4684 style-local-20082-c70 position-relative h-element\">\n                  <!---->\n                  <div class=\"h-image__frame-container-outer\">\n                    <div class=\"h-image__frame-container\">\n                      <!---->\n                      <!---->\n                      <img decoding=\"async\" width=\"2492\" height=\"3850\" data-src=\"https:\/\/obispadodelinares.cl\/ol\/wp-content\/uploads\/2024\/11\/San-Ambrosio-de-Milan-0004.png\" class=\"wp-image-20190 style-4684-image style-local-20082-c70-image lazyload\" alt=\"\" data-srcset=\"https:\/\/obispadodelinares.cl\/ol\/wp-content\/uploads\/2024\/11\/San-Ambrosio-de-Milan-0004.png 2492w, https:\/\/obispadodelinares.cl\/ol\/wp-content\/uploads\/2024\/11\/San-Ambrosio-de-Milan-0004-194x300.png 194w, https:\/\/obispadodelinares.cl\/ol\/wp-content\/uploads\/2024\/11\/San-Ambrosio-de-Milan-0004-663x1024.png 663w, https:\/\/obispadodelinares.cl\/ol\/wp-content\/uploads\/2024\/11\/San-Ambrosio-de-Milan-0004-768x1187.png 768w, https:\/\/obispadodelinares.cl\/ol\/wp-content\/uploads\/2024\/11\/San-Ambrosio-de-Milan-0004-994x1536.png 994w, https:\/\/obispadodelinares.cl\/ol\/wp-content\/uploads\/2024\/11\/San-Ambrosio-de-Milan-0004-1326x2048.png 1326w\" data-sizes=\"(max-width: 2492px) 100vw, 2492px\" src=\"data:image\/svg+xml;base64,PHN2ZyB3aWR0aD0iMSIgaGVpZ2h0PSIxIiB4bWxucz0iaHR0cDovL3d3dy53My5vcmcvMjAwMC9zdmciPjwvc3ZnPg==\" style=\"--smush-placeholder-width: 2492px; --smush-placeholder-aspect-ratio: 2492\/3850;\" \/>\n                      <div class=\"h-image__frame h-hide-lg h-hide-md h-hide-sm style-4684-frameImage style-local-20082-c70-frameImage\"><\/div>\n                    <\/div>\n                  <\/div>\n                <\/div>\n              <\/div>\n            <\/div>\n          <\/div>\n        <\/div>\n      <\/div>\n      <div data-colibri-id=\"20082-c48\" class=\"h-row-container gutters-row-lg-2 gutters-row-md-2 gutters-row-0 gutters-row-v-lg-2 gutters-row-v-md-2 gutters-row-v-2 style-4663 style-local-20082-c48 position-relative\">\n        <!---->\n        <div class=\"h-row justify-content-lg-center justify-content-md-center justify-content-center align-items-lg-stretch align-items-md-stretch align-items-stretch gutters-col-lg-2 gutters-col-md-2 gutters-col-0 gutters-col-v-lg-2 gutters-col-v-md-2 gutters-col-v-2\">\n          <!---->\n          <div class=\"h-column h-column-container d-flex h-col-lg-auto h-col-md-auto h-col-auto style-4664-outer style-local-20082-c49-outer\">\n            <div data-colibri-id=\"20082-c49\" class=\"d-flex h-flex-basis h-column__inner h-px-lg-2 h-px-md-2 h-px-2 v-inner-lg-2 v-inner-md-2 v-inner-2 style-4664 style-local-20082-c49 position-relative\">\n              <!---->\n              <!---->\n              <div class=\"w-100 h-y-container h-column__content h-column__v-align flex-basis-100 align-self-lg-start align-self-md-start align-self-start\">\n                <!---->\n                <div data-colibri-id=\"20082-c50\" class=\"d-block style-4640 style-local-20082-c50 position-relative h-element\">\n                  <!---->\n                  <div class=\"h-image__frame-container-outer\">\n                    <div class=\"h-image__frame-container\">\n                      <!---->\n                      <!---->\n                      <img decoding=\"async\" width=\"777\" height=\"1132\" data-src=\"https:\/\/obispadodelinares.cl\/ol\/wp-content\/uploads\/2024\/11\/cropped-IMG_5672.jpg\" class=\"wp-image-20100 style-4640-image style-local-20082-c50-image lazyload\" alt=\"\" data-srcset=\"https:\/\/obispadodelinares.cl\/ol\/wp-content\/uploads\/2024\/11\/cropped-IMG_5672.jpg 777w, https:\/\/obispadodelinares.cl\/ol\/wp-content\/uploads\/2024\/11\/cropped-IMG_5672-206x300.jpg 206w, https:\/\/obispadodelinares.cl\/ol\/wp-content\/uploads\/2024\/11\/cropped-IMG_5672-703x1024.jpg 703w, https:\/\/obispadodelinares.cl\/ol\/wp-content\/uploads\/2024\/11\/cropped-IMG_5672-768x1119.jpg 768w\" data-sizes=\"(max-width: 777px) 100vw, 777px\" src=\"data:image\/svg+xml;base64,PHN2ZyB3aWR0aD0iMSIgaGVpZ2h0PSIxIiB4bWxucz0iaHR0cDovL3d3dy53My5vcmcvMjAwMC9zdmciPjwvc3ZnPg==\" style=\"--smush-placeholder-width: 777px; --smush-placeholder-aspect-ratio: 777\/1132;\" \/>\n                      <div class=\"h-image__frame h-hide-lg h-hide-md h-hide-sm style-4640-frameImage style-local-20082-c50-frameImage\"><\/div>\n                    <\/div>\n                  <\/div>\n                <\/div>\n              <\/div>\n            <\/div>\n          <\/div>\n          <div class=\"h-column h-column-container d-flex h-col-lg-auto h-col-md-auto h-col-auto style-4665-outer style-local-20082-c51-outer\">\n            <div data-colibri-id=\"20082-c51\" class=\"d-flex h-flex-basis h-column__inner h-px-lg-2 h-px-md-2 h-px-2 v-inner-lg-2 v-inner-md-2 v-inner-2 style-4665 style-local-20082-c51 position-relative\">\n              <!---->\n              <!---->\n              <div class=\"w-100 h-y-container h-column__content h-column__v-align flex-basis-100 align-self-lg-start align-self-md-start align-self-start\">\n                <!---->\n                <div data-colibri-id=\"20082-c25\" class=\"d-block style-4641 style-local-20082-c25 position-relative h-element\">\n                  <!---->\n                  <div class=\"h-image__frame-container-outer\">\n                    <div class=\"h-image__frame-container\">\n                      <!---->\n                      <!---->\n                      <img decoding=\"async\" width=\"295\" height=\"210\" data-src=\"https:\/\/obispadodelinares.cl\/ol\/wp-content\/uploads\/2024\/11\/cropped-IMG_5670.jpg\" class=\"wp-image-20129 style-4641-image style-local-20082-c25-image lazyload\" alt=\"\" src=\"data:image\/svg+xml;base64,PHN2ZyB3aWR0aD0iMSIgaGVpZ2h0PSIxIiB4bWxucz0iaHR0cDovL3d3dy53My5vcmcvMjAwMC9zdmciPjwvc3ZnPg==\" style=\"--smush-placeholder-width: 295px; --smush-placeholder-aspect-ratio: 295\/210;\" \/>\n                      <div class=\"h-image__frame h-hide-lg h-hide-md h-hide-sm style-4641-frameImage style-local-20082-c25-frameImage\"><\/div>\n                    <\/div>\n                  <\/div>\n                <\/div>\n              <\/div>\n            <\/div>\n          <\/div>\n        <\/div>\n      <\/div>\n    <\/div>\n  <\/div>\n<\/div>","protected":false},"excerpt":{"rendered":"<p>San Ambrosio de Mil\u00e1n (340-397)Patrono de la Di\u00f3cesis de Linares &#8211; cHILE Naci\u00f3 en el seno de una familia romana cristiana en la ciudad de Tr\u00e9veris (en territorio de la actual Alemania) alrededor del a\u00f1o 340. Su padre era el Prefecto de la regi\u00f3n, es decir, representante del Emperador romano, y su madre una mujer [&hellip;]<\/p>\n","protected":false},"author":1,"featured_media":0,"parent":0,"menu_order":0,"comment_status":"closed","ping_status":"closed","template":"page-templates\/full-width-page.php","meta":{"h5ap_radio_sources":[],"footnotes":""},"class_list":["post-20082","page","type-page","status-publish","hentry"],"_links":{"self":[{"href":"https:\/\/obispadodelinares.cl\/ol\/index.php?rest_route=\/wp\/v2\/pages\/20082","targetHints":{"allow":["GET"]}}],"collection":[{"href":"https:\/\/obispadodelinares.cl\/ol\/index.php?rest_route=\/wp\/v2\/pages"}],"about":[{"href":"https:\/\/obispadodelinares.cl\/ol\/index.php?rest_route=\/wp\/v2\/types\/page"}],"author":[{"embeddable":true,"href":"https:\/\/obispadodelinares.cl\/ol\/index.php?rest_route=\/wp\/v2\/users\/1"}],"replies":[{"embeddable":true,"href":"https:\/\/obispadodelinares.cl\/ol\/index.php?rest_route=%2Fwp%2Fv2%2Fcomments&post=20082"}],"version-history":[{"count":16,"href":"https:\/\/obispadodelinares.cl\/ol\/index.php?rest_route=\/wp\/v2\/pages\/20082\/revisions"}],"predecessor-version":[{"id":20192,"href":"https:\/\/obispadodelinares.cl\/ol\/index.php?rest_route=\/wp\/v2\/pages\/20082\/revisions\/20192"}],"wp:attachment":[{"href":"https:\/\/obispadodelinares.cl\/ol\/index.php?rest_route=%2Fwp%2Fv2%2Fmedia&parent=20082"}],"curies":[{"name":"wp","href":"https:\/\/api.w.org\/{rel}","templated":true}]}}