{"id":1948,"date":"2018-02-16T03:53:51","date_gmt":"2018-02-16T03:53:51","guid":{"rendered":"http:\/\/obispadodelinares.cl\/ol\/?page_id=1948"},"modified":"2022-06-22T13:28:05","modified_gmt":"2022-06-22T13:28:05","slug":"decanato-de-linares","status":"publish","type":"page","link":"https:\/\/obispadodelinares.cl\/ol\/?page_id=1948","title":{"rendered":"Decanato de Linares"},"content":{"rendered":"\t\t<div data-elementor-type=\"wp-post\" data-elementor-id=\"1948\" class=\"elementor elementor-1948\">\n\t\t\t\t\t\t<section class=\"elementor-section elementor-top-section elementor-element elementor-element-3fdf9df7 elementor-section-boxed elementor-section-height-default elementor-section-height-default\" data-id=\"3fdf9df7\" data-element_type=\"section\" data-e-type=\"section\">\n\t\t\t\t\t\t<div class=\"elementor-container elementor-column-gap-default\">\n\t\t\t\t\t<div class=\"elementor-column elementor-col-100 elementor-top-column elementor-element elementor-element-1aae3dd7\" data-id=\"1aae3dd7\" data-element_type=\"column\" data-e-type=\"column\">\n\t\t\t<div class=\"elementor-widget-wrap elementor-element-populated\">\n\t\t\t\t\t\t<section class=\"elementor-section elementor-inner-section elementor-element elementor-element-24f0cee elementor-section-boxed elementor-section-height-default elementor-section-height-default\" data-id=\"24f0cee\" data-element_type=\"section\" data-e-type=\"section\">\n\t\t\t\t\t\t<div class=\"elementor-container elementor-column-gap-default\">\n\t\t\t\t\t<div class=\"elementor-column elementor-col-50 elementor-inner-column elementor-element elementor-element-38fc605\" data-id=\"38fc605\" data-element_type=\"column\" data-e-type=\"column\">\n\t\t\t<div class=\"elementor-widget-wrap elementor-element-populated\">\n\t\t\t\t\t\t<div class=\"elementor-element elementor-element-500303a elementor-widget elementor-widget-text-editor\" data-id=\"500303a\" data-element_type=\"widget\" data-e-type=\"widget\" data-widget_type=\"text-editor.default\">\n\t\t\t\t<div class=\"elementor-widget-container\">\n\t\t\t\t\t\t\t\t\t<h3>Parroquia de la Santa Cruz, Yerbas Buenas<\/h3><p><strong>A\u00f1o\u00a0de Fundaci\u00f3n<\/strong>:\u00a01771<\/p><p><strong>P\u00e1rroco<\/strong>:\u00a0Pbro. Lorenzo Santiago Solari Villa<\/p><p><strong>Mail<\/strong>:<\/p><p><strong>Direcci\u00f3n<\/strong>:\u00a0Casilla 14, Yerbas Buenas.<\/p><p><strong>Tel\u00e9fono<\/strong>: 73 &#8211; 2390057<\/p><p><strong>Secretario<\/strong>: Eduardo Salazar<\/p><p><strong>Rese\u00f1a hist\u00f3rica<\/strong>: La Doctrina de Putag\u00e1n, Loncomilla y Purapel, fundada entre los a\u00f1os 1580 y 1585, a orillas del R\u00edo Putag\u00e1n, abarcaba la mayor parte de lo que hoy es la Provincia de Linares y pertenec\u00eda al Obispado de Santiago. Posteriormente, en 1753, pas\u00f3 a la jurisdicci\u00f3n del Obispado de Concepci\u00f3n. Fue elevada a la categor\u00eda de Parroquia de La Santa Cruz de Abr\u00e1nquil en 1771. Despu\u00e9s de la fundaci\u00f3n de la Villa de San Ambrosio de Linares en 1794 y de la consiguiente creaci\u00f3n de la parroquia de Linares en 1796, aparece con su actual nombre \u201cSanta Cruz\u201d de Yerbas Buenas.<\/p>\t\t\t\t\t\t\t\t<\/div>\n\t\t\t\t<\/div>\n\t\t\t\t\t<\/div>\n\t\t<\/div>\n\t\t\t\t<div class=\"elementor-column elementor-col-50 elementor-inner-column elementor-element elementor-element-bd2e034\" data-id=\"bd2e034\" data-element_type=\"column\" data-e-type=\"column\">\n\t\t\t<div class=\"elementor-widget-wrap elementor-element-populated\">\n\t\t\t\t\t\t<div class=\"elementor-element elementor-element-4fee0d4 elementor-widget elementor-widget-text-editor\" data-id=\"4fee0d4\" data-element_type=\"widget\" data-e-type=\"widget\" data-widget_type=\"text-editor.default\">\n\t\t\t\t<div class=\"elementor-widget-container\">\n\t\t\t\t\t\t\t\t\t<h3>Parroquia El Sagrario (Templo Catedral), Linares<\/h3><p><strong>A\u00f1o\u00a0de Fundaci\u00f3n<\/strong>:\u00a01796<\/p><p><strong>P\u00e1rroco<\/strong>:\u00a0Pbro. Silvio Antonio Jara Ram\u00edrez<\/p><p><strong>Mail<\/strong>: archivo@obispadodelinares.cl<\/p><p><strong>Direcci\u00f3n<\/strong>: Independencia 280 Casilla 107, Linares<\/p><p><strong>Tel\u00e9fono:<\/strong> 73 &#8211; 2627246<\/p><p><strong>Secretaria<\/strong>: Sylvia Cecilia V\u00e1squez Albornoz<\/p><p><strong>Rese\u00f1a hist\u00f3rica<\/strong>: La vida de esta parroquia comienza en 1796, despu\u00e9s de fundarse la Villa de San Ambrosio de Linares en 1794, habi\u00e9ndose trasladado desde la Iglesia de la Santa Cruz de Abr\u00e1nquil.<\/p>\t\t\t\t\t\t\t\t<\/div>\n\t\t\t\t<\/div>\n\t\t\t\t\t<\/div>\n\t\t<\/div>\n\t\t\t\t\t<\/div>\n\t\t<\/section>\n\t\t\t\t<section class=\"elementor-section elementor-inner-section elementor-element elementor-element-551e801 elementor-section-boxed elementor-section-height-default elementor-section-height-default\" data-id=\"551e801\" data-element_type=\"section\" data-e-type=\"section\">\n\t\t\t\t\t\t<div class=\"elementor-container elementor-column-gap-default\">\n\t\t\t\t\t<div class=\"elementor-column elementor-col-50 elementor-inner-column elementor-element elementor-element-7b27a1b\" data-id=\"7b27a1b\" data-element_type=\"column\" data-e-type=\"column\">\n\t\t\t<div class=\"elementor-widget-wrap elementor-element-populated\">\n\t\t\t\t\t\t<div class=\"elementor-element elementor-element-0368945 elementor-widget elementor-widget-text-editor\" data-id=\"0368945\" data-element_type=\"widget\" data-e-type=\"widget\" data-widget_type=\"text-editor.default\">\n\t\t\t\t<div class=\"elementor-widget-container\">\n\t\t\t\t\t\t\t\t\t<h3>Parroquia Inmaculado Coraz\u00f3n de Mar\u00eda, Linares<\/h3>\n<p style=\"text-align: left;\"><span style=\"font-size: 14px;\"><strong>A\u00f1o de Fundaci\u00f3n<\/strong>: 1960<\/span><span style=\"font-size: 14px;\">&nbsp;<\/span><\/p>\n<p><span style=\"font-size: 14px;\"><strong>P\u00e1rroco<\/strong>: Pbro.&nbsp;Carlos Wilfredo Ter\u00e1n Castillo<\/span><span style=\"font-size: 14px;\">&nbsp;<\/span><\/p>\n<p><span style=\"font-size: 14px;\"><strong>Mail<\/strong>:&nbsp;pcorazondemaria@obispadodelinares.cl&nbsp;<\/span><\/p>\n<p><span style=\"font-size: 14px;\"><strong>Direcci\u00f3n<\/strong>: Maip\u00fa 114,&nbsp; Linares, Linares&nbsp;<\/span><\/p>\n<p><strong><span style=\"font-size: 14px;\">Tel\u00e9fono:&nbsp;&nbsp;<\/span><\/strong><span style=\"font-size: 14px;\">&nbsp;+56 9 6693 4607<\/span><\/p>\n<p><span style=\"font-size: 14px;\"><strong>Secretaria<\/strong>:&nbsp;Gladys Maureira<\/span><\/p>\n<p><span style=\"font-size: 14px;\">&nbsp;<\/span><span style=\"font-size: 14px;\"><strong>Rese\u00f1a hist\u00f3rica<\/strong>:&nbsp;Fundada&nbsp; el 23 de octubre de 1960, atendida por los Padres Claretianos, hasta el a\u00f1o 2008.&nbsp; El Templo est\u00e1 declarado Monumento Hist\u00f3rico Nacional.<\/span><\/p>\t\t\t\t\t\t\t\t<\/div>\n\t\t\t\t<\/div>\n\t\t\t\t\t<\/div>\n\t\t<\/div>\n\t\t\t\t<div class=\"elementor-column elementor-col-50 elementor-inner-column elementor-element elementor-element-2b1d22a\" data-id=\"2b1d22a\" data-element_type=\"column\" data-e-type=\"column\">\n\t\t\t<div class=\"elementor-widget-wrap elementor-element-populated\">\n\t\t\t\t\t\t<div class=\"elementor-element elementor-element-2b21bc0 elementor-widget elementor-widget-text-editor\" data-id=\"2b21bc0\" data-element_type=\"widget\" data-e-type=\"widget\" data-widget_type=\"text-editor.default\">\n\t\t\t\t<div class=\"elementor-widget-container\">\n\t\t\t\t\t\t\t\t\t<h3>Parroquia Jes\u00fas Obrero, Linares.<\/h3><p><strong>A\u00f1o de Fundaci\u00f3n<\/strong>: 1967<\/p><p><strong>P\u00e1rroco<\/strong>:<\/p><p><strong>Mail<\/strong>:<\/p><p><strong>Direcci\u00f3n<\/strong>:\u00a0Pdte. Ib\u00e1\u00f1ez 1010. Casilla 431, Linares.<\/p><p><strong>Tel\u00e9fono:<\/strong><\/p><p><strong>Secretaria<\/strong>:<\/p><p><strong>Rese\u00f1a hist\u00f3rica<\/strong>: Fundada en julio de 1967.<\/p>\t\t\t\t\t\t\t\t<\/div>\n\t\t\t\t<\/div>\n\t\t\t\t\t<\/div>\n\t\t<\/div>\n\t\t\t\t\t<\/div>\n\t\t<\/section>\n\t\t\t\t<section class=\"elementor-section elementor-inner-section elementor-element elementor-element-e24f344 elementor-section-boxed elementor-section-height-default elementor-section-height-default\" data-id=\"e24f344\" data-element_type=\"section\" data-e-type=\"section\">\n\t\t\t\t\t\t<div class=\"elementor-container elementor-column-gap-default\">\n\t\t\t\t\t<div class=\"elementor-column elementor-col-50 elementor-inner-column elementor-element elementor-element-8f81fdc\" data-id=\"8f81fdc\" data-element_type=\"column\" data-e-type=\"column\">\n\t\t\t<div class=\"elementor-widget-wrap elementor-element-populated\">\n\t\t\t\t\t\t<div class=\"elementor-element elementor-element-bd7ab7a elementor-widget elementor-widget-text-editor\" data-id=\"bd7ab7a\" data-element_type=\"widget\" data-e-type=\"widget\" data-widget_type=\"text-editor.default\">\n\t\t\t\t<div class=\"elementor-widget-container\">\n\t\t\t\t\t\t\t\t\t<h3>Parroquia Mar\u00eda Auxiliadora (Salesianos), Linares<\/h3><p><a href=\"https:\/\/www.google.cl\/maps\/place\/Iglesia+Salesianos+Linares+(+Maria+Auxiliadora)\/@-35.8479522,-71.6203537,14z\/data=!4m8!1m2!2m1!1sparroquia+mar%C3%ADa+auxiliadora!3m4!1s0x9665f5571a6ba1e7:0x17518cc33051e838!8m2!3d-35.8521629!4d-71.5818776\" target=\"_blank\" rel=\"noopener\">\u00a0<\/a><strong>A\u00f1o de Fundaci\u00f3n<\/strong>: 1925<\/p><p><strong>P\u00e1rroco<\/strong>:\u00a0Esteban Merino sdb.<\/p><p><strong>Mail<\/strong>:\u00a0parroquiamauxiliadoralinares@gmail.com<\/p><p><strong>Vicarios: <\/strong>Pbro. Bernardo Venegas sdb. , Pbro. Juan V\u00e1squez sdb. Pbro. Mauricio Jacques sdb.<\/p><p><strong>Direcci\u00f3n<\/strong>: Valent\u00edn Letelier esquina Eleuterio Ram\u00edrez, Casilla 217, Linares.<\/p><p><strong>Tel\u00e9fono:<\/strong> 73-2211736<\/p><p><strong>Secretario<\/strong>: Gonzalo Olivares<\/p><p><strong>Rese\u00f1a hist\u00f3rica<\/strong>: Fundada el 10 de enero de 1925, atendida por los Padres Salesianos.<\/p>\t\t\t\t\t\t\t\t<\/div>\n\t\t\t\t<\/div>\n\t\t\t\t\t<\/div>\n\t\t<\/div>\n\t\t\t\t<div class=\"elementor-column elementor-col-50 elementor-inner-column elementor-element elementor-element-7e38649\" data-id=\"7e38649\" data-element_type=\"column\" data-e-type=\"column\">\n\t\t\t<div class=\"elementor-widget-wrap elementor-element-populated\">\n\t\t\t\t\t\t<div class=\"elementor-element elementor-element-a884e0d elementor-widget elementor-widget-text-editor\" data-id=\"a884e0d\" data-element_type=\"widget\" data-e-type=\"widget\" data-widget_type=\"text-editor.default\">\n\t\t\t\t<div class=\"elementor-widget-container\">\n\t\t\t\t\t\t\t\t\t<h3>Parroquia Mar\u00eda Peregrina, Linares<\/h3><p><strong>A\u00f1o de Fundaci\u00f3n<\/strong>: 1994<\/p><p><strong>P\u00e1rroco<\/strong>: Pbro. Marcelo Soto Campos<\/p><p><strong>Mail<\/strong>:<\/p><p><strong>Direcci\u00f3n<\/strong>: Coironal s\/n. Casilla 107, Linares. \/ <strong>Tel\u00e9fono:<\/strong>\u00a0 442899190<\/p><p><strong>Secretaria<\/strong>: Sra. Viviana Negrete<\/p><p><strong>Rese\u00f1a hist\u00f3rica<\/strong>: Fundada el 31 de mayo de 1994.<\/p>\t\t\t\t\t\t\t\t<\/div>\n\t\t\t\t<\/div>\n\t\t\t\t\t<\/div>\n\t\t<\/div>\n\t\t\t\t\t<\/div>\n\t\t<\/section>\n\t\t\t\t\t<\/div>\n\t\t<\/div>\n\t\t\t\t\t<\/div>\n\t\t<\/section>\n\t\t\t\t<section class=\"elementor-section elementor-top-section elementor-element elementor-element-d35c7f6 elementor-section-boxed elementor-section-height-default elementor-section-height-default\" data-id=\"d35c7f6\" data-element_type=\"section\" data-e-type=\"section\">\n\t\t\t\t\t\t<div class=\"elementor-container elementor-column-gap-default\">\n\t\t\t\t\t<div class=\"elementor-column elementor-col-100 elementor-top-column elementor-element elementor-element-8c070be\" data-id=\"8c070be\" data-element_type=\"column\" data-e-type=\"column\">\n\t\t\t<div class=\"elementor-widget-wrap elementor-element-populated\">\n\t\t\t\t\t\t<section class=\"elementor-section elementor-inner-section elementor-element elementor-element-0e54b0a elementor-section-boxed elementor-section-height-default elementor-section-height-default\" data-id=\"0e54b0a\" data-element_type=\"section\" data-e-type=\"section\">\n\t\t\t\t\t\t<div class=\"elementor-container elementor-column-gap-default\">\n\t\t\t\t\t<div class=\"elementor-column elementor-col-50 elementor-inner-column elementor-element elementor-element-0e5ccf1\" data-id=\"0e5ccf1\" data-element_type=\"column\" data-e-type=\"column\">\n\t\t\t<div class=\"elementor-widget-wrap elementor-element-populated\">\n\t\t\t\t\t\t<div class=\"elementor-element elementor-element-f6a297e elementor-widget elementor-widget-text-editor\" data-id=\"f6a297e\" data-element_type=\"widget\" data-e-type=\"widget\" data-widget_type=\"text-editor.default\">\n\t\t\t\t<div class=\"elementor-widget-container\">\n\t\t\t\t\t\t\t\t\t<h3>Parroquia Nuestra Se\u00f1ora del Carmen, Linares<\/h3><p><strong>A\u00f1o de Fundaci\u00f3n<\/strong>: 1976<\/p><p><strong>P\u00e1rroco<\/strong>: Pbro. Marcelo Soto Campos<\/p><p><strong>Mail:<\/strong><\/p><p><strong>Direcci\u00f3n<\/strong>: Gral. Cristi esq. Covadonga, Pobl. Arturo Prat. Casilla 424, Linares.<\/p><p><strong>Tel\u00e9fono:\u00a0<\/strong><b>994964362 \/\u00a0<\/b><b>996844238<\/b><\/p><p><strong>Secretaria<\/strong>:<\/p><p><strong>Horario Atenci\u00f3n Oficina<\/strong>: Lunes a mi\u00e9rcoles,\u00a0 viernes y s\u00e1bado de 09.00 a 13:00 horas.<\/p><p><strong>Rese\u00f1a hist\u00f3rica<\/strong>: Fundada el 6 de enero de 1976.<\/p>\t\t\t\t\t\t\t\t<\/div>\n\t\t\t\t<\/div>\n\t\t\t\t\t<\/div>\n\t\t<\/div>\n\t\t\t\t<div class=\"elementor-column elementor-col-50 elementor-inner-column elementor-element elementor-element-b1b5869\" data-id=\"b1b5869\" data-element_type=\"column\" data-e-type=\"column\">\n\t\t\t<div class=\"elementor-widget-wrap elementor-element-populated\">\n\t\t\t\t\t\t<div class=\"elementor-element elementor-element-7e3b7e7 elementor-widget elementor-widget-text-editor\" data-id=\"7e3b7e7\" data-element_type=\"widget\" data-e-type=\"widget\" data-widget_type=\"text-editor.default\">\n\t\t\t\t<div class=\"elementor-widget-container\">\n\t\t\t\t\t\t\t\t\t<h3>Parroquia Nuestra Se\u00f1ora del Rosario de Pompeya, Linares<\/h3><p><strong>A\u00f1o de Fundaci\u00f3n<\/strong>: 1960<\/p><p><strong>P\u00e1rroco<\/strong>: Pbro. Alex Troncoso<\/p><p><strong>Mail<\/strong>:<\/p><p><strong>Direcci\u00f3n<\/strong>: Brasil 170, Linares.<\/p><p><strong>Tel\u00e9fono:<\/strong> 73 &#8211; 2212663<\/p><p><strong>Secretaria:<\/strong>\u00a0<\/p><p><strong>Rese\u00f1a hist\u00f3rica<\/strong>: Fundada el 09 de octubre de 1960, Atendida por los padres Capuchinos, hasta el 03 de febrero de 1988 en que pas\u00f3 al Clero Diocesano.<\/p>\t\t\t\t\t\t\t\t<\/div>\n\t\t\t\t<\/div>\n\t\t\t\t\t<\/div>\n\t\t<\/div>\n\t\t\t\t\t<\/div>\n\t\t<\/section>\n\t\t\t\t<section class=\"elementor-section elementor-inner-section elementor-element elementor-element-f2fb907 elementor-section-boxed elementor-section-height-default elementor-section-height-default\" data-id=\"f2fb907\" data-element_type=\"section\" data-e-type=\"section\">\n\t\t\t\t\t\t<div class=\"elementor-container elementor-column-gap-default\">\n\t\t\t\t\t<div class=\"elementor-column elementor-col-50 elementor-inner-column elementor-element elementor-element-de0e4ca\" data-id=\"de0e4ca\" data-element_type=\"column\" data-e-type=\"column\">\n\t\t\t<div class=\"elementor-widget-wrap elementor-element-populated\">\n\t\t\t\t\t\t<div class=\"elementor-element elementor-element-34158c3 elementor-widget elementor-widget-text-editor\" data-id=\"34158c3\" data-element_type=\"widget\" data-e-type=\"widget\" data-widget_type=\"text-editor.default\">\n\t\t\t\t<div class=\"elementor-widget-container\">\n\t\t\t\t\t\t\t\t\t<h3>Parroquia San Antonio de Padua, Linares<\/h3><p><strong>A\u00f1o de Fundaci\u00f3n<\/strong>: 1994<\/p><p><strong>P\u00e1rroco<\/strong>: Pbro. Ra\u00fal Marco Antonio Moris Gajardo<\/p><p><strong>Mail<\/strong>:\u00a0secretaria@psalinares.cl<\/p><p><strong>Contacto<\/strong>: Av. Cardenal Ra\u00fal Silva Henr\u00edquez # 01474. Linares.<\/p><p><strong>Tel\u00e9fono:<\/strong> 73-2216537.<\/p><p><strong>Secretaria<\/strong>: Sra.Loreto del Pilar Gonz\u00e1lez Morales<\/p><p><strong>Rese\u00f1a hist\u00f3rica<\/strong>: Fundada el 13 de junio de 1994.<\/p><p>http:\/\/www.psalinares.cl<\/p>\t\t\t\t\t\t\t\t<\/div>\n\t\t\t\t<\/div>\n\t\t\t\t\t<\/div>\n\t\t<\/div>\n\t\t\t\t<div class=\"elementor-column elementor-col-50 elementor-inner-column elementor-element elementor-element-5a11436\" data-id=\"5a11436\" data-element_type=\"column\" data-e-type=\"column\">\n\t\t\t<div class=\"elementor-widget-wrap elementor-element-populated\">\n\t\t\t\t\t\t<div class=\"elementor-element elementor-element-f492313 elementor-widget elementor-widget-text-editor\" data-id=\"f492313\" data-element_type=\"widget\" data-e-type=\"widget\" data-widget_type=\"text-editor.default\">\n\t\t\t\t<div class=\"elementor-widget-container\">\n\t\t\t\t\t\t\t\t\t<h3>Parroquia Santos Chilenos, Linares<\/h3><p><strong>A\u00f1o de Fundaci\u00f3n<\/strong>: 1997<\/p><p><strong>P\u00e1rroco<\/strong>: Pbro. Ra\u00fal Marco Antonio Moris Gajardo<\/p><p><strong>Mail<\/strong>:\u00a0secretaria@psalinares.cl<\/p><p><strong>Direcci\u00f3n<\/strong>: Oficina\u00a0 Condell 66 &#8211; B. Linares.<\/p><p><strong>Tel\u00e9fono:<\/strong> 73 &#8211; 2219956.<\/p><p><strong>Secretaria<\/strong>: Mar\u00eda Teresa Briones.<\/p><p><strong>Rese\u00f1a hist\u00f3rica<\/strong>: Fundada el 31 de octubre de 1997.<\/p>\t\t\t\t\t\t\t\t<\/div>\n\t\t\t\t<\/div>\n\t\t\t\t\t<\/div>\n\t\t<\/div>\n\t\t\t\t\t<\/div>\n\t\t<\/section>\n\t\t\t\t<section class=\"elementor-section elementor-inner-section elementor-element elementor-element-da91d6e elementor-section-boxed elementor-section-height-default elementor-section-height-default\" data-id=\"da91d6e\" data-element_type=\"section\" data-e-type=\"section\">\n\t\t\t\t\t\t<div class=\"elementor-container elementor-column-gap-default\">\n\t\t\t\t\t<div class=\"elementor-column elementor-col-50 elementor-inner-column elementor-element elementor-element-27f08a1\" data-id=\"27f08a1\" data-element_type=\"column\" data-e-type=\"column\">\n\t\t\t<div class=\"elementor-widget-wrap elementor-element-populated\">\n\t\t\t\t\t\t<div class=\"elementor-element elementor-element-b4c6ea9 elementor-widget elementor-widget-text-editor\" data-id=\"b4c6ea9\" data-element_type=\"widget\" data-e-type=\"widget\" data-widget_type=\"text-editor.default\">\n\t\t\t\t<div class=\"elementor-widget-container\">\n\t\t\t\t\t\t\t\t\t<h3>Parroquia Nuestra Se\u00f1ora de la Buena Esperanza, Panim\u00e1vida<\/h3><p><strong>A\u00f1o de Fundaci\u00f3n<\/strong>: 1913<\/p><p><strong>P\u00e1rroco<\/strong>: Pbro. Juan Yamil Pinto Agloni<\/p><p><strong>Mail<\/strong>:<\/p><p><strong>Direcci\u00f3n:\u00a0<\/strong><\/p><p><strong>Contacto<\/strong>: Casilla 321, Correo Linares.<\/p><p><strong>Tel\u00e9fono:<\/strong> 73 &#8211; 2502119<\/p><p><strong>Secretaria<\/strong>:\u00a0<\/p><p><strong>Rese\u00f1a hist\u00f3rica<\/strong>: Fundada el 03 de febrero de 1913.<\/p>\t\t\t\t\t\t\t\t<\/div>\n\t\t\t\t<\/div>\n\t\t\t\t\t<\/div>\n\t\t<\/div>\n\t\t\t\t<div class=\"elementor-column elementor-col-50 elementor-inner-column elementor-element elementor-element-64e5cbe\" data-id=\"64e5cbe\" data-element_type=\"column\" data-e-type=\"column\">\n\t\t\t<div class=\"elementor-widget-wrap elementor-element-populated\">\n\t\t\t\t\t\t<div class=\"elementor-element elementor-element-5e35471 elementor-widget elementor-widget-text-editor\" data-id=\"5e35471\" data-element_type=\"widget\" data-e-type=\"widget\" data-widget_type=\"text-editor.default\">\n\t\t\t\t<div class=\"elementor-widget-container\">\n\t\t\t\t\t\t\t\t\t<h3>Parroquia San Miguel Arc\u00e1ngel, Colb\u00fan<\/h3><p><strong>A\u00f1o de Fundaci\u00f3n<\/strong>: 1930<\/p><p><strong>P\u00e1rroco<\/strong>: Pbro. Mario Alfonso Agurto Navarrete<\/p><p><strong>Mail<\/strong>: parroquiamiguelarcangelcolbun@gmail.com<\/p><p><strong>Direcci\u00f3n Contacto<\/strong>:\u00a0Clasificador 2, Colb\u00fan.<\/p><p><strong>Tel\u00e9fono:\u00a0<\/strong>73-2351040.<\/p><p><strong>Secretaria<\/strong>: Sra. M\u00f3nica Elisa Ramos S\u00e1ez.<\/p><p><strong>Rese\u00f1a hist\u00f3rica<\/strong>:Fundada el 08 de diciembre de 1930.<\/p>\t\t\t\t\t\t\t\t<\/div>\n\t\t\t\t<\/div>\n\t\t\t\t\t<\/div>\n\t\t<\/div>\n\t\t\t\t\t<\/div>\n\t\t<\/section>\n\t\t\t\t\t<\/div>\n\t\t<\/div>\n\t\t\t\t\t<\/div>\n\t\t<\/section>\n\t\t\t\t<\/div>\n\t\t","protected":false},"excerpt":{"rendered":"<p>Parroquia de la Santa Cruz, Yerbas Buenas A\u00f1o\u00a0de Fundaci\u00f3n:\u00a01771 P\u00e1rroco:\u00a0Pbro. Lorenzo Santiago Solari Villa Mail: Direcci\u00f3n:\u00a0Casilla 14, Yerbas Buenas. Tel\u00e9fono: 73 &#8211; 2390057 Secretario: Eduardo Salazar Rese\u00f1a hist\u00f3rica: La Doctrina de Putag\u00e1n, Loncomilla y Purapel, fundada entre los a\u00f1os 1580 y 1585, a orillas del R\u00edo Putag\u00e1n, abarcaba la mayor parte de lo que hoy [&hellip;]<\/p>\n","protected":false},"author":1,"featured_media":0,"parent":0,"menu_order":0,"comment_status":"closed","ping_status":"closed","template":"","meta":{"h5ap_radio_sources":[],"footnotes":""},"class_list":["post-1948","page","type-page","status-publish","hentry"],"_links":{"self":[{"href":"https:\/\/obispadodelinares.cl\/ol\/index.php?rest_route=\/wp\/v2\/pages\/1948","targetHints":{"allow":["GET"]}}],"collection":[{"href":"https:\/\/obispadodelinares.cl\/ol\/index.php?rest_route=\/wp\/v2\/pages"}],"about":[{"href":"https:\/\/obispadodelinares.cl\/ol\/index.php?rest_route=\/wp\/v2\/types\/page"}],"author":[{"embeddable":true,"href":"https:\/\/obispadodelinares.cl\/ol\/index.php?rest_route=\/wp\/v2\/users\/1"}],"replies":[{"embeddable":true,"href":"https:\/\/obispadodelinares.cl\/ol\/index.php?rest_route=%2Fwp%2Fv2%2Fcomments&post=1948"}],"version-history":[{"count":0,"href":"https:\/\/obispadodelinares.cl\/ol\/index.php?rest_route=\/wp\/v2\/pages\/1948\/revisions"}],"wp:attachment":[{"href":"https:\/\/obispadodelinares.cl\/ol\/index.php?rest_route=%2Fwp%2Fv2%2Fmedia&parent=1948"}],"curies":[{"name":"wp","href":"https:\/\/api.w.org\/{rel}","templated":true}]}}