{"id":16579,"date":"2023-06-23T16:17:14","date_gmt":"2023-06-23T16:17:14","guid":{"rendered":"http:\/\/obispadodelinares.cl\/ol\/?page_id=16579"},"modified":"2023-06-27T23:57:56","modified_gmt":"2023-06-27T23:57:56","slug":"documentos-oopp-2023-2026","status":"publish","type":"page","link":"https:\/\/obispadodelinares.cl\/ol\/?page_id=16579","title":{"rendered":"Documentos OOPP 2023 -2026"},"content":{"rendered":"<div data-colibri-id=\"16579-c1\" class=\"style-3887 style-local-16579-c1 position-relative\">\n  <!---->\n  <div data-colibri-component=\"section\" data-colibri-id=\"16579-c2\" id=\"overlappable\" class=\"h-section h-section-global-spacing d-flex align-items-lg-center align-items-md-center align-items-center style-3888 style-local-16579-c2 position-relative\">\n    <!---->\n    <!---->\n    <div class=\"h-section-grid-container h-section-boxed-container\">\n      <!---->\n      <div data-colibri-id=\"16579-c3\" class=\"h-row-container gutters-row-lg-2 gutters-row-md-2 gutters-row-2 gutters-row-v-lg-2 gutters-row-v-md-2 gutters-row-v-2 style-3889 style-local-16579-c3 position-relative\">\n        <!---->\n        <div class=\"h-row justify-content-lg-center justify-content-md-center justify-content-center align-items-lg-stretch align-items-md-stretch align-items-stretch gutters-col-lg-2 gutters-col-md-2 gutters-col-2 gutters-col-v-lg-2 gutters-col-v-md-2 gutters-col-v-2\">\n          <!---->\n          <div class=\"h-column h-column-container d-flex h-col-lg-auto h-col-md-auto h-col-auto style-3890-outer style-local-16579-c4-outer\">\n            <div data-colibri-id=\"16579-c4\" class=\"d-flex h-flex-basis h-column__inner h-px-lg-2 h-px-md-2 h-px-2 v-inner-lg-2 v-inner-md-2 v-inner-2 style-3890 style-local-16579-c4 position-relative\">\n              <!---->\n              <!---->\n              <div class=\"w-100 h-y-container h-column__content h-column__v-align flex-basis-100 align-self-lg-center align-self-md-center align-self-center\">\n                <!---->\n                <div data-colibri-id=\"16579-c5\" class=\"h-global-transition-all h-heading style-3891 style-local-16579-c5 position-relative h-element\">\n                  <!---->\n                  <div class=\"h-heading__outer style-3891 style-local-16579-c5\">\n                    <!---->\n                    <!---->\n                    <h3 class=\"\">Documentos Citados<\/h3>\n                  <\/div>\n                <\/div>\n                <div data-colibri-id=\"16579-c6\" class=\"h-text h-text-component style-3892 style-local-16579-c6 position-relative h-element\">\n                  <!---->\n                  <!---->\n                  <div class=\"\">\n                    <p>OOPP 2023 &#8211; 2026<\/p>\n                  <\/div>\n                <\/div>\n                <div data-colibri-id=\"16579-c7\" class=\"h-text h-text-component style-3906 style-local-16579-c7 position-relative h-element\">\n                  <!---->\n                  <!---->\n                  <div class=\"\">\n                    <p>En este apartado podr\u00e1 encontrar documentos del Magisterio( Iglesia Universal), Latinoamerica, Nacional y Diocesana<\/p>\n                  <\/div>\n                <\/div>\n              <\/div>\n            <\/div>\n          <\/div>\n          <div class=\"h-column h-column-container d-flex h-col-lg-auto h-col-md-auto h-col-auto style-3895-outer style-local-16579-c8-outer\">\n            <div data-colibri-id=\"16579-c8\" class=\"d-flex h-flex-basis h-column__inner h-px-lg-2 h-px-md-2 h-px-2 v-inner-lg-2 v-inner-md-2 v-inner-2 style-3895 style-local-16579-c8 position-relative\">\n              <!---->\n              <!---->\n              <div class=\"w-100 h-y-container h-column__content h-column__v-align flex-basis-100 align-self-lg-start align-self-md-start align-self-start\">\n                <!---->\n                <div data-colibri-component=\"tabs\" data-colibri-id=\"16579-c9\" class=\"h-tabs h-tabs-horizontal h-tabs--horizontal--auto-lg h-tabs--horizontal--auto-md h-tabs--horizontal--full h-tabs h-tabs-horizontal h-tabs--horizontal--auto-lg h-tabs--horizontal--auto-md h-tabs--horizontal--full style-3907 style-local-16579-c9 position-relative h-element\">\n                  <!---->\n                  <div class=\"h-tabs-navigation d-flex h-tabs-navigation-horizontal\">\n                    <a href=\"#magisterio\" class=\"h-tabs-navigation-item d-flex align-items-center h-global-transition h-tabs-navigation-active-item h-custom-active-state\" rel=\"#magisterio\">\n                      <!----><span class=\"h-tabs-navigation-item__text\">Magisterio<\/span><\/a>\n                    <a href=\"#latinoamerica\" class=\"h-tabs-navigation-item d-flex align-items-center h-global-transition\" rel=\"#latinoamerica\">\n                      <!----><span class=\"h-tabs-navigation-item__text\">Latinoamerica<\/span><\/a>\n                    <a href=\"#nacional\" class=\"h-tabs-navigation-item d-flex align-items-center h-global-transition\" rel=\"#nacional\">\n                      <!----><span class=\"h-tabs-navigation-item__text\">Nacional<\/span><\/a>\n                    <a href=\"#diocesana\" class=\"h-tabs-navigation-item d-flex align-items-center h-global-transition\" rel=\"#diocesana\">\n                      <!----><span class=\"h-tabs-navigation-item__text\">Diocesana<\/span><\/a>\n                  <\/div>\n                  <div id=\"magisterio\" skip-smooth-scroll=\"true\" skip-scroll-spy=\"true\" data-colibri-id=\"16579-c10\" class=\"h-tabs-item-content h-tabs-item h-tabs-content-horizontal h-tabs-content-16579-c10 style-3908 style-local-16579-c10 position-relative h-element h-tabs-content-active\">\n                    <!---->\n                    <div class=\"w-100 h-y-container\">\n                      <!---->\n                      <div data-colibri-id=\"16579-c11\" class=\"h-x-container style-3919 style-local-16579-c11 position-relative h-element\">\n                        <!---->\n                        <div class=\"h-x-container-inner style-dynamic-16579-c11-group style-3919-spacing style-local-16579-c11-spacing\"><span class=\"h-button__outer style-3920-outer style-local-16579-c12-outer d-inline-flex h-element\"><a h-use-smooth-scroll=\"true\" href=\"https:\/\/drive.google.com\/file\/d\/10z6ZP5TiVYCi_cjUXmQS1WJoVefhWFGX\/view?usp=drive_link\" target=\"_blank\" data-colibri-id=\"16579-c12\" class=\"d-flex w-100 align-items-center h-button justify-content-lg-center justify-content-md-center justify-content-center style-3920 style-local-16579-c12 position-relative\" rel=\"noopener\"><!----><!----> <span>50 Aniversario Sinodo<\/span><\/a>\n                          <\/span>\n                        <\/div>\n                      <\/div>\n                      <div data-colibri-id=\"16579-c13\" class=\"h-x-container style-3921 style-local-16579-c13 position-relative h-element\">\n                        <!---->\n                        <div class=\"h-x-container-inner style-dynamic-16579-c13-group style-3921-spacing style-local-16579-c13-spacing\"><span class=\"h-button__outer style-3922-outer style-local-16579-c14-outer d-inline-flex h-element\"><a h-use-smooth-scroll=\"true\" href=\"https:\/\/drive.google.com\/file\/d\/1-Rf843k8u7RW5C_CfIXu-uAN2C15jreQ\/view?usp=drive_link\" target=\"_blank\" data-colibri-id=\"16579-c14\" class=\"d-flex w-100 align-items-center h-button justify-content-lg-center justify-content-md-center justify-content-center style-3922 style-local-16579-c14 position-relative\" rel=\"noopener\"><!----><!----> <span>Apostolicam Actuositatem<\/span><\/a>\n                          <\/span>\n                        <\/div>\n                      <\/div>\n                      <div data-colibri-id=\"16579-c15\" class=\"h-x-container style-3923 style-local-16579-c15 position-relative h-element\">\n                        <!---->\n                        <div class=\"h-x-container-inner style-dynamic-16579-c15-group style-3923-spacing style-local-16579-c15-spacing\"><span class=\"h-button__outer style-3924-outer style-local-16579-c16-outer d-inline-flex h-element\"><a h-use-smooth-scroll=\"true\" href=\"https:\/\/drive.google.com\/file\/d\/1LYY_PBsK5V2b8u8xest7Z5E-E_7rCDyx\/view?usp=sharing\" target=\"_blank\" data-colibri-id=\"16579-c16\" class=\"d-flex w-100 align-items-center h-button justify-content-lg-center justify-content-md-center justify-content-center style-3924 style-local-16579-c16 position-relative\" rel=\"noopener\"><!----><!----> <span>COMISI\u00d3N TEOL\u00d3GICA INTERNACIONAL LA SINODALIDAD EN LA VIDA Y EN LA MISI\u00d3N DE LA IGLESIA<\/span><\/a>\n                          <\/span>\n                        <\/div>\n                      <\/div>\n                      <div data-colibri-id=\"16579-c17\" class=\"h-x-container style-3925 style-local-16579-c17 position-relative h-element\">\n                        <!---->\n                        <div class=\"h-x-container-inner style-dynamic-16579-c17-group style-3925-spacing style-local-16579-c17-spacing\"><span class=\"h-button__outer style-3926-outer style-local-16579-c18-outer d-inline-flex h-element\"><a h-use-smooth-scroll=\"true\" href=\"https:\/\/drive.google.com\/file\/d\/1rcIB-EcaQuY4c5W5D1F9sKvGYyY_H_s1\/view?usp=sharing\" target=\"_blank\" data-colibri-id=\"16579-c18\" class=\"d-flex w-100 align-items-center h-button justify-content-lg-center justify-content-md-center justify-content-center style-3926 style-local-16579-c18 position-relative\" rel=\"noopener\"><!----><!----> <span>Fratelli Tutti<\/span><\/a>\n                          <\/span>\n                        <\/div>\n                      <\/div>\n                      <div data-colibri-id=\"16579-c19\" class=\"h-x-container style-3929 style-local-16579-c19 position-relative h-element\">\n                        <!---->\n                        <div class=\"h-x-container-inner style-dynamic-16579-c19-group style-3929-spacing style-local-16579-c19-spacing\"><span class=\"h-button__outer style-3930-outer style-local-16579-c20-outer d-inline-flex h-element\"><a h-use-smooth-scroll=\"true\" href=\"https:\/\/drive.google.com\/file\/d\/1W9i2j1CtJSMy8Xdwy_TuYVFYPA6FdbCi\/view?usp=sharing\" target=\"_blank\" data-colibri-id=\"16579-c20\" class=\"d-flex w-100 align-items-center h-button justify-content-lg-center justify-content-md-center justify-content-center style-3930 style-local-16579-c20 position-relative\" rel=\"noopener\"><!----><!----> <span>Laudato Si<\/span><\/a>\n                          <\/span>\n                        <\/div>\n                      <\/div>\n                      <div data-colibri-id=\"16579-c21\" class=\"h-x-container style-3931 style-local-16579-c21 position-relative h-element\">\n                        <!---->\n                        <div class=\"h-x-container-inner style-dynamic-16579-c21-group style-3931-spacing style-local-16579-c21-spacing\"><span class=\"h-button__outer style-3932-outer style-local-16579-c22-outer d-inline-flex h-element\"><a h-use-smooth-scroll=\"true\" href=\"https:\/\/drive.google.com\/file\/d\/1t0OZh6I1KOwsSAMHFvEK6_bKRFI6YrkL\/view?usp=sharing\" target=\"_blank\" data-colibri-id=\"16579-c22\" class=\"d-flex w-100 align-items-center h-button justify-content-lg-center justify-content-md-center justify-content-center style-3932 style-local-16579-c22 position-relative\" rel=\"noopener\"><!----><!----> <span>Lumen Gentium<\/span><\/a>\n                          <\/span>\n                        <\/div>\n                      <\/div>\n                      <div data-colibri-id=\"16579-c23\" class=\"h-x-container style-3933 style-local-16579-c23 position-relative h-element\">\n                        <!---->\n                        <div class=\"h-x-container-inner style-dynamic-16579-c23-group style-3933-spacing style-local-16579-c23-spacing\"><span class=\"h-button__outer style-3934-outer style-local-16579-c24-outer d-inline-flex h-element\"><a h-use-smooth-scroll=\"true\" href=\"https:\/\/drive.google.com\/file\/d\/1_Lc6Xn74K0Pq6DLW68aruHLlnTX18e5m\/view?usp=sharing\" target=\"_blank\" data-colibri-id=\"16579-c24\" class=\"d-flex w-100 align-items-center h-button justify-content-lg-center justify-content-md-center justify-content-center style-3934 style-local-16579-c24 position-relative\" rel=\"noopener\"><!----><!----> <span>Redemptoris Missio<\/span><\/a>\n                          <\/span>\n                        <\/div>\n                      <\/div>\n                    <\/div>\n                  <\/div>\n                  <div id=\"latinoamerica\" skip-smooth-scroll=\"true\" skip-scroll-spy=\"true\" data-colibri-id=\"16579-c25\" class=\"h-tabs-item-content h-tabs-item h-tabs-content-horizontal h-tabs-content-16579-c25 style-3910 style-local-16579-c25 position-relative h-element hide\">\n                    <!---->\n                    <div class=\"w-100 h-y-container\">\n                      <!---->\n                      <div data-colibri-id=\"16579-c26\" class=\"h-x-container style-3935 style-local-16579-c26 position-relative h-element\">\n                        <!---->\n                        <div class=\"h-x-container-inner style-dynamic-16579-c26-group style-3935-spacing style-local-16579-c26-spacing\"><span class=\"h-button__outer style-3936-outer style-local-16579-c27-outer d-inline-flex h-element\"><a h-use-smooth-scroll=\"true\" href=\"https:\/\/drive.google.com\/file\/d\/1ZBWpFrtHcx0qN0ExFyXpMWcwam96Q1lo\/view?usp=sharing\" target=\"_blank\" data-colibri-id=\"16579-c27\" class=\"d-flex w-100 align-items-center h-button justify-content-lg-center justify-content-md-center justify-content-center style-3936 style-local-16579-c27 position-relative\" rel=\"noopener\"><!----><!----> <span>documento de aparecida<\/span><\/a>\n                          <\/span>\n                        <\/div>\n                      <\/div>\n                      <div data-colibri-id=\"16579-c28\" class=\"h-x-container style-3937 style-local-16579-c28 position-relative h-element\">\n                        <!---->\n                        <div class=\"h-x-container-inner style-dynamic-16579-c28-group style-3937-spacing style-local-16579-c28-spacing\"><span class=\"h-button__outer style-3938-outer style-local-16579-c29-outer d-inline-flex h-element\"><a h-use-smooth-scroll=\"true\" href=\"https:\/\/drive.google.com\/file\/d\/1ghG4YLeQY04rqgH2VdklQA7Z4rSKv-Ow\/view?usp=sharing\" target=\"_blank\" data-colibri-id=\"16579-c29\" class=\"d-flex w-100 align-items-center h-button justify-content-lg-center justify-content-md-center justify-content-center style-3938 style-local-16579-c29 position-relative\" rel=\"noopener\"><!----><!----> <span>documento para el discernimiento comunitario<\/span><\/a>\n                          <\/span>\n                        <\/div>\n                      <\/div>\n                      <div data-colibri-id=\"16579-c30\" class=\"h-x-container style-3939 style-local-16579-c30 position-relative h-element\">\n                        <!---->\n                        <div class=\"h-x-container-inner style-dynamic-16579-c30-group style-3939-spacing style-local-16579-c30-spacing\"><span class=\"h-button__outer style-3940-outer style-local-16579-c31-outer d-inline-flex h-element\"><a h-use-smooth-scroll=\"true\" href=\"https:\/\/drive.google.com\/file\/d\/1kgu3-3C4oCa-4lks59gfbksqg6Rscu60\/view?usp=sharing\" target=\"_blank\" data-colibri-id=\"16579-c31\" class=\"d-flex w-100 align-items-center h-button justify-content-lg-center justify-content-md-center justify-content-center style-3940 style-local-16579-c31 position-relative\" rel=\"noopener\"><!----><!----> <span>informe resumido 1\u00b0 asamblea eclesial latinoamericana<\/span><\/a>\n                          <\/span>\n                        <\/div>\n                      <\/div>\n                      <div data-colibri-id=\"16579-c32\" class=\"h-x-container style-3941 style-local-16579-c32 position-relative h-element\">\n                        <!---->\n                        <div class=\"h-x-container-inner style-dynamic-16579-c32-group style-3941-spacing style-local-16579-c32-spacing\"><span class=\"h-button__outer style-3942-outer style-local-16579-c33-outer d-inline-flex h-element\"><a h-use-smooth-scroll=\"true\" href=\"https:\/\/drive.google.com\/file\/d\/1LdlML3O7VCOWm6pl9n0ldgGVv2OIcIGq\/view?usp=drive_link\" target=\"_blank\" data-colibri-id=\"16579-c33\" class=\"d-flex w-100 align-items-center h-button justify-content-lg-center justify-content-md-center justify-content-center style-3942 style-local-16579-c33 position-relative\" rel=\"noopener\"><!----><!----> <span>Sintesis narrativa 1\u00b0 Asamblea Eclesial Latinoamerica<\/span><\/a>\n                          <\/span>\n                        <\/div>\n                      <\/div>\n                      <div data-colibri-id=\"16579-c34\" class=\"h-text h-text-component style-3911 style-local-16579-c34 position-relative h-element\">\n                        <!---->\n                        <!---->\n                        <div class=\"\"><\/div>\n                      <\/div>\n                    <\/div>\n                  <\/div>\n                  <div id=\"nacional\" skip-smooth-scroll=\"true\" skip-scroll-spy=\"true\" data-colibri-id=\"16579-c35\" class=\"h-tabs-item-content h-tabs-item h-tabs-content-horizontal h-tabs-content-16579-c35 style-3912 style-local-16579-c35 position-relative h-element hide\">\n                    <!---->\n                    <div class=\"w-100 h-y-container\">\n                      <!---->\n                      <div data-colibri-id=\"16579-c36\" class=\"h-x-container style-3943 style-local-16579-c36 position-relative h-element\">\n                        <!---->\n                        <div class=\"h-x-container-inner style-dynamic-16579-c36-group style-3943-spacing style-local-16579-c36-spacing\"><span class=\"h-button__outer style-3944-outer style-local-16579-c37-outer d-inline-flex h-element\"><a h-use-smooth-scroll=\"true\" href=\"https:\/\/drive.google.com\/file\/d\/1wnRuZs6qDc4f7a9hAZTkp3UP4NqIlNi2\/view?usp=sharing\" target=\"_blank\" data-colibri-id=\"16579-c37\" class=\"d-flex w-100 align-items-center h-button justify-content-lg-center justify-content-md-center justify-content-center style-3944 style-local-16579-c37 position-relative\" rel=\"noopener\"><!----><!----> <span>CARTA DEL SANTO PADRE FRANCISCO AL PUEBLO DE DIOS QUE PEREGRINA EN CHILE<\/span><\/a>\n                          <\/span>\n                        <\/div>\n                      <\/div>\n                      <div data-colibri-id=\"16579-c38\" class=\"h-x-container style-3947 style-local-16579-c38 position-relative h-element\">\n                        <!---->\n                        <div class=\"h-x-container-inner style-dynamic-16579-c38-group style-3947-spacing style-local-16579-c38-spacing\"><span class=\"h-button__outer style-3948-outer style-local-16579-c39-outer d-inline-flex h-element\"><a h-use-smooth-scroll=\"true\" href=\"https:\/\/drive.google.com\/file\/d\/1Nuouaymc2MGeZwIp-75CK4sjhJhAfnN_\/view?usp=sharing\" target=\"_blank\" data-colibri-id=\"16579-c39\" class=\"d-flex w-100 align-items-center h-button justify-content-lg-center justify-content-md-center justify-content-center style-3948 style-local-16579-c39 position-relative\" rel=\"noopener\"><!----><!----> <span>ise (integridad en el servicio eclesial)<\/span><\/a>\n                          <\/span>\n                        <\/div>\n                      <\/div>\n                      <div data-colibri-id=\"16579-c40\" class=\"h-x-container style-3949 style-local-16579-c40 position-relative h-element\">\n                        <!---->\n                        <div class=\"h-x-container-inner style-dynamic-16579-c40-group style-3949-spacing style-local-16579-c40-spacing\"><span class=\"h-button__outer style-3950-outer style-local-16579-c41-outer d-inline-flex h-element\"><a h-use-smooth-scroll=\"true\" href=\"https:\/\/drive.google.com\/file\/d\/1ZWskFzzqUZ000fNkwCFzU0ELRQ-CAsxq\/view?usp=sharing\" target=\"_blank\" data-colibri-id=\"16579-c41\" class=\"d-flex w-100 align-items-center h-button justify-content-lg-center justify-content-md-center justify-content-center style-3950 style-local-16579-c41 position-relative\" rel=\"noopener\"><!----><!----> <span>\u201cCuidado y Esperanza. L\u00edneas gu\u00eda de la Conferencia Episcopal de Chile para tratar los casos de abusos sexuales a menores de edad<\/span><\/a>\n                          <\/span>\n                        <\/div>\n                      <\/div>\n                      <div data-colibri-id=\"16579-c42\" class=\"h-x-container style-3955 style-local-16579-c42 position-relative h-element\">\n                        <!---->\n                        <div class=\"h-x-container-inner style-dynamic-16579-c42-group style-3955-spacing style-local-16579-c42-spacing\"><span class=\"h-button__outer style-3956-outer style-local-16579-c43-outer d-inline-flex h-element\"><a h-use-smooth-scroll=\"true\" href=\"https:\/\/drive.google.com\/file\/d\/1pk7kwfODDkHYYcUpSEGWqWlUstBNG0Sk\/view?usp=sharing\" target=\"_blank\" data-colibri-id=\"16579-c43\" class=\"d-flex w-100 align-items-center h-button justify-content-lg-center justify-content-md-center justify-content-center style-3956 style-local-16579-c43 position-relative\" rel=\"noopener\"><!----><!----> <span>orientaciones pastorales nacionales 2023-2026<\/span><\/a>\n                          <\/span>\n                        <\/div>\n                      <\/div>\n                      <div data-colibri-id=\"16579-c44\" class=\"h-x-container style-3953 style-local-16579-c44 position-relative h-element\">\n                        <!---->\n                        <div class=\"h-x-container-inner style-dynamic-16579-c44-group style-3953-spacing style-local-16579-c44-spacing\"><span class=\"h-button__outer style-3954-outer style-local-16579-c45-outer d-inline-flex h-element\"><a h-use-smooth-scroll=\"true\" href=\"https:\/\/drive.google.com\/file\/d\/1XMzdRFS7C8oK0QeKUyicXJFQiOzKuLce\/view?usp=sharing\" target=\"_blank\" data-colibri-id=\"16579-c45\" class=\"d-flex w-100 align-items-center h-button justify-content-lg-center justify-content-md-center justify-content-center style-3954 style-local-16579-c45 position-relative\" rel=\"noopener\"><!----><!----> <span>s\u00edntesis final 3\u00b0 Asamblea eclesial nacional<\/span><\/a>\n                          <\/span>\n                        <\/div>\n                      <\/div>\n                      <div data-colibri-id=\"16579-c46\" class=\"h-x-container style-3951 style-local-16579-c46 position-relative h-element\">\n                        <!---->\n                        <div class=\"h-x-container-inner style-dynamic-16579-c46-group style-3951-spacing style-local-16579-c46-spacing\"><span class=\"h-button__outer style-3952-outer style-local-16579-c47-outer d-inline-flex h-element\"><a h-use-smooth-scroll=\"true\" href=\"https:\/\/drive.google.com\/file\/d\/1zJQvkJYaMtmZyCwGX3FrDm5GktNQtkr6\/view?usp=sharing\" target=\"_blank\" data-colibri-id=\"16579-c47\" class=\"d-flex w-100 align-items-center h-button justify-content-lg-center justify-content-md-center justify-content-center style-3952 style-local-16579-c47 position-relative\" rel=\"noopener\"><!----><!----> <span>Sistematizaci\u00f3n- discernimiento eclesial  &#8211; Informe de resultados <\/span><\/a>\n                          <\/span>\n                        <\/div>\n                      <\/div>\n                      <div data-colibri-id=\"16579-c48\" class=\"h-text h-text-component style-3913 style-local-16579-c48 position-relative h-element\">\n                        <!---->\n                        <!---->\n                        <div class=\"\"><\/div>\n                      <\/div>\n                    <\/div>\n                  <\/div>\n                  <div id=\"diocesana\" skip-smooth-scroll=\"true\" skip-scroll-spy=\"true\" data-colibri-id=\"16579-c49\" class=\"h-tabs-item-content h-tabs-item h-tabs-content-horizontal h-tabs-content-16579-c49 style-3914 style-local-16579-c49 position-relative h-element hide\">\n                    <!---->\n                    <div class=\"w-100 h-y-container\">\n                      <!---->\n                      <div data-colibri-id=\"16579-c59\" class=\"h-x-container style-3976 style-local-16579-c59 position-relative h-element\">\n                        <!---->\n                        <div class=\"h-x-container-inner style-dynamic-16579-c59-group style-3976-spacing style-local-16579-c59-spacing\"><span class=\"h-button__outer style-3977-outer style-local-16579-c60-outer d-inline-flex h-element\"><a h-use-smooth-scroll=\"true\" href=\"https:\/\/drive.google.com\/file\/d\/1vxEyefE5wF7dsoATk-VWsQdZpdLMqjXe\/view?usp=sharing\" target=\"_blank\" data-colibri-id=\"16579-c60\" class=\"d-flex w-100 align-items-center h-button justify-content-lg-center justify-content-md-center justify-content-center style-3977 style-local-16579-c60 position-relative\" rel=\"noopener\"><!----><!----> <span>documento de salida sinodo diocesano xli a\u00f1o 2021<\/span><\/a>\n                          <\/span>\n                        <\/div>\n                      <\/div>\n                      <div data-colibri-id=\"16579-c51\" class=\"h-x-container style-3968 style-local-16579-c51 position-relative h-element\">\n                        <!---->\n                        <div class=\"h-x-container-inner style-dynamic-16579-c51-group style-3968-spacing style-local-16579-c51-spacing\"><span class=\"h-button__outer style-3969-outer style-local-16579-c52-outer d-inline-flex h-element\"><a h-use-smooth-scroll=\"true\" href=\"https:\/\/drive.google.com\/file\/d\/1MoA9neGgG6r0L6flF68206nTv63CykzQ\/view?usp=sharing\" data-colibri-id=\"16579-c52\" class=\"d-flex w-100 align-items-center h-button justify-content-lg-center justify-content-md-center justify-content-center style-3969 style-local-16579-c52 position-relative\" target=\"_blank\" rel=\"noopener\"><!----><!----> <span>documento de trabajo Camino al centenario<\/span><\/a>\n                          <\/span>\n                        <\/div>\n                      <\/div>\n                      <div data-colibri-id=\"16579-c53\" class=\"h-x-container style-3970 style-local-16579-c53 position-relative h-element\">\n                        <!---->\n                        <div class=\"h-x-container-inner style-dynamic-16579-c53-group style-3970-spacing style-local-16579-c53-spacing\"><span class=\"h-button__outer style-3971-outer style-local-16579-c54-outer d-inline-flex h-element\"><a h-use-smooth-scroll=\"true\" href=\"https:\/\/drive.google.com\/file\/d\/1cZ2rBOYUM8AQ9TiuWZpIwcylArypQbfv\/view?usp=sharing\" data-colibri-id=\"16579-c54\" class=\"d-flex w-100 align-items-center h-button justify-content-lg-center justify-content-md-center justify-content-center style-3971 style-local-16579-c54 position-relative\" target=\"_blank\" rel=\"noopener\"><!----><!----> <span>Orientaciones pastorales diocesanas 2023-2026<\/span><\/a>\n                          <\/span>\n                        <\/div>\n                      <\/div>\n                      <div data-colibri-id=\"16579-c57\" class=\"h-x-container style-3974 style-local-16579-c57 position-relative h-element\">\n                        <!---->\n                        <div class=\"h-x-container-inner style-dynamic-16579-c57-group style-3974-spacing style-local-16579-c57-spacing\"><span class=\"h-button__outer style-3975-outer style-local-16579-c58-outer d-inline-flex h-element\"><a h-use-smooth-scroll=\"true\" href=\"https:\/\/drive.google.com\/file\/d\/1fhJG9OCdrj05VjbQNWNelVAHJ6EDnJeG\/view?usp=sharing\" data-colibri-id=\"16579-c58\" class=\"d-flex w-100 align-items-center h-button justify-content-lg-center justify-content-md-center justify-content-center style-3975 style-local-16579-c58 position-relative\" target=\"_blank\" rel=\"noopener\"><!----><!----> <span>Presentaciones Orientaciones Pastorales 2023-2026<\/span><\/a>\n                          <\/span>\n                        <\/div>\n                      <\/div>\n                      <div data-colibri-id=\"16579-c55\" class=\"h-x-container style-3972 style-local-16579-c55 position-relative h-element\">\n                        <!---->\n                        <div class=\"h-x-container-inner style-dynamic-16579-c55-group style-3972-spacing style-local-16579-c55-spacing\"><span class=\"h-button__outer style-3973-outer style-local-16579-c56-outer d-inline-flex h-element\"><a h-use-smooth-scroll=\"true\" href=\"https:\/\/drive.google.com\/file\/d\/1RNnO2hn4QQjc8vRiu5oUOl-VYPqCqHwv\/view?usp=sharing\" data-colibri-id=\"16579-c56\" class=\"d-flex w-100 align-items-center h-button justify-content-lg-center justify-content-md-center justify-content-center style-3973 style-local-16579-c56 position-relative\" target=\"_blank\" rel=\"noopener\"><!----><!----> <span>sinodo diocesano xli 2021<\/span><\/a>\n                          <\/span>\n                        <\/div>\n                      <\/div>\n                    <\/div>\n                  <\/div>\n                <\/div>\n                <div data-colibri-id=\"16579-c50\" class=\"h-text h-text-component style-3915 style-local-16579-c50 position-relative h-element\">\n                  <!---->\n                  <!---->\n                  <div class=\"\"><\/div>\n                <\/div>\n              <\/div>\n            <\/div>\n          <\/div>\n        <\/div>\n      <\/div>\n    <\/div>\n  <\/div>\n<\/div>","protected":false},"excerpt":{"rendered":"<p>Documentos Citados OOPP 2023 &#8211; 2026 En este apartado podr\u00e1 encontrar documentos del Magisterio( Iglesia Universal), Latinoamerica, Nacional y Diocesana Magisterio Latinoamerica Nacional Diocesana 50 Aniversario Sinodo Apostolicam Actuositatem COMISI\u00d3N TEOL\u00d3GICA INTERNACIONAL LA SINODALIDAD EN LA VIDA Y EN LA MISI\u00d3N DE LA IGLESIA Fratelli Tutti Laudato Si Lumen Gentium Redemptoris Missio documento de aparecida [&hellip;]<\/p>\n","protected":false},"author":1,"featured_media":0,"parent":0,"menu_order":0,"comment_status":"closed","ping_status":"closed","template":"page-templates\/full-width-page.php","meta":{"h5ap_radio_sources":[],"footnotes":""},"class_list":["post-16579","page","type-page","status-publish","hentry"],"_links":{"self":[{"href":"https:\/\/obispadodelinares.cl\/ol\/index.php?rest_route=\/wp\/v2\/pages\/16579","targetHints":{"allow":["GET"]}}],"collection":[{"href":"https:\/\/obispadodelinares.cl\/ol\/index.php?rest_route=\/wp\/v2\/pages"}],"about":[{"href":"https:\/\/obispadodelinares.cl\/ol\/index.php?rest_route=\/wp\/v2\/types\/page"}],"author":[{"embeddable":true,"href":"https:\/\/obispadodelinares.cl\/ol\/index.php?rest_route=\/wp\/v2\/users\/1"}],"replies":[{"embeddable":true,"href":"https:\/\/obispadodelinares.cl\/ol\/index.php?rest_route=%2Fwp%2Fv2%2Fcomments&post=16579"}],"version-history":[{"count":18,"href":"https:\/\/obispadodelinares.cl\/ol\/index.php?rest_route=\/wp\/v2\/pages\/16579\/revisions"}],"predecessor-version":[{"id":16724,"href":"https:\/\/obispadodelinares.cl\/ol\/index.php?rest_route=\/wp\/v2\/pages\/16579\/revisions\/16724"}],"wp:attachment":[{"href":"https:\/\/obispadodelinares.cl\/ol\/index.php?rest_route=%2Fwp%2Fv2%2Fmedia&parent=16579"}],"curies":[{"name":"wp","href":"https:\/\/api.w.org\/{rel}","templated":true}]}}