{"id":15793,"date":"2023-01-03T12:15:44","date_gmt":"2023-01-03T12:15:44","guid":{"rendered":"http:\/\/obispadodelinares.cl\/ol\/?page_id=15793"},"modified":"2023-01-03T14:54:09","modified_gmt":"2023-01-03T14:54:09","slug":"resumen-noticioso-2022","status":"publish","type":"page","link":"https:\/\/obispadodelinares.cl\/ol\/?page_id=15793","title":{"rendered":"Resumen Noticioso 2022"},"content":{"rendered":"<div data-colibri-id=\"15793-c1\" class=\"style-3696 style-local-15793-c1 position-relative\">\n  <!---->\n  <div data-colibri-component=\"section\" data-colibri-id=\"15793-c2\" id=\"team\" class=\"h-section h-section-global-spacing d-flex align-items-lg-center align-items-md-center align-items-center style-3730 style-local-15793-c2 position-relative\">\n    <div class=\"background-wrapper\">\n      <div class=\"background-layer background-layer-media-container-lg\">\n        <!---->\n        <div class=\"overlay-layer\">\n          <div class=\"overlay-image-layer\" style=\"background-color: rgb(253, 253, 253); opacity: 0.9;\"><\/div>\n        <\/div>\n      <\/div>\n      <div class=\"background-layer background-layer-media-container-md\">\n        <!---->\n        <div class=\"overlay-layer\">\n          <div class=\"overlay-image-layer\" style=\"background-color: rgb(253, 253, 253); opacity: 0.9;\"><\/div>\n        <\/div>\n      <\/div>\n      <div class=\"background-layer background-layer-media-container\">\n        <!---->\n        <div class=\"overlay-layer\">\n          <div class=\"overlay-image-layer\" style=\"background-color: rgb(253, 253, 253); opacity: 0.9;\"><\/div>\n        <\/div>\n      <\/div>\n    <\/div>\n    <!---->\n    <div class=\"h-section-grid-container h-section-boxed-container\">\n      <div data-colibri-id=\"15793-c135\" class=\"h-row-container gutters-row-lg-2 gutters-row-md-2 gutters-row-0 gutters-row-v-lg-2 gutters-row-v-md-2 gutters-row-v-2 style-3742 style-local-15793-c135 position-relative\">\n        <!---->\n        <div class=\"h-row justify-content-lg-center justify-content-md-center justify-content-center align-items-lg-stretch align-items-md-stretch align-items-stretch gutters-col-lg-2 gutters-col-md-2 gutters-col-0 gutters-col-v-lg-2 gutters-col-v-md-2 gutters-col-v-2\">\n          <!---->\n          <div class=\"h-column h-column-container d-flex h-col-lg-auto h-col-md-auto h-col-auto style-3743-outer style-local-15793-c136-outer\">\n            <div data-colibri-id=\"15793-c136\" class=\"d-flex h-flex-basis h-column__inner h-px-lg-2 h-px-md-2 h-px-2 v-inner-lg-2 v-inner-md-2 v-inner-2 style-3743 style-local-15793-c136 position-relative\">\n              <!---->\n              <!---->\n              <div class=\"w-100 h-y-container h-column__content h-column__v-align flex-basis-100 align-self-lg-start align-self-md-start align-self-start\">\n                <!---->\n                <div data-colibri-id=\"15793-c137\" class=\"h-global-transition-all h-heading style-3744 style-local-15793-c137 position-relative h-element\">\n                  <!---->\n                  <div class=\"h-heading__outer style-3744 style-local-15793-c137\">\n                    <!---->\n                    <!---->\n                    <h2 class=\"\"><\/h2>\n                  <\/div>\n                <\/div>\n              <\/div>\n            <\/div>\n          <\/div>\n        <\/div>\n      <\/div>\n      <div data-colibri-id=\"15793-c3\" class=\"h-row-container gutters-row-lg-2 gutters-row-md-2 gutters-row-0 gutters-row-v-lg-2 gutters-row-v-md-2 gutters-row-v-2 style-3761 style-local-15793-c3 position-relative\">\n        <!---->\n        <div class=\"h-row justify-content-lg-center justify-content-md-center justify-content-center align-items-lg-stretch align-items-md-stretch align-items-stretch gutters-col-lg-2 gutters-col-md-2 gutters-col-0 gutters-col-v-lg-2 gutters-col-v-md-2 gutters-col-v-2\">\n          <!---->\n          <div class=\"h-column h-column-container d-flex h-col-lg-auto h-col-md-auto h-col-auto style-3762-outer style-local-15793-c4-outer\">\n            <div data-colibri-id=\"15793-c4\" class=\"d-flex h-flex-basis h-column__inner h-px-lg-2 h-px-md-2 h-px-2 v-inner-lg-2 v-inner-md-2 v-inner-2 style-3762 style-local-15793-c4 position-relative\">\n              <!---->\n              <!---->\n              <div class=\"w-100 h-y-container h-column__content h-column__v-align flex-basis-100 align-self-lg-start align-self-md-start align-self-start\">\n                <!---->\n                <div data-colibri-id=\"15793-c5\" class=\"h-lead h-text h-text-component style-3745 style-local-15793-c5 position-relative h-element\">\n                  <!---->\n                  <!---->\n                  <div class=\"\">\n                    <p>Compartimos en este especial un resumen del acontecer noticioso en el que se manifiesta la acci\u00f3n de Dios en el caminar de nuestras comunidades en la Di\u00f3cesis de San Ambrosio de Linares.<\/p>\n                  <\/div>\n                <\/div>\n              <\/div>\n            <\/div>\n          <\/div>\n        <\/div>\n      <\/div>\n      <div data-colibri-id=\"15793-c6\" class=\"h-row-container gutters-row-lg-2 gutters-row-md-2 gutters-row-0 gutters-row-v-lg-2 gutters-row-v-md-2 gutters-row-v-2 style-3747 style-local-15793-c6 position-relative\">\n        <!---->\n        <div class=\"h-row justify-content-lg-center justify-content-md-center justify-content-center align-items-lg-stretch align-items-md-stretch align-items-stretch gutters-col-lg-2 gutters-col-md-2 gutters-col-0 gutters-col-v-lg-2 gutters-col-v-md-2 gutters-col-v-2\">\n          <!---->\n          <div class=\"h-column h-column-container d-flex h-col-lg-auto h-col-md-auto h-col-auto style-3750-outer style-local-15793-c7-outer\">\n            <div data-colibri-id=\"15793-c7\" class=\"d-flex h-flex-basis h-column__inner h-px-lg-2 h-px-md-2 h-px-2 v-inner-lg-2 v-inner-md-2 v-inner-2 style-3750 style-local-15793-c7 position-relative\">\n              <!---->\n              <!---->\n              <div class=\"w-100 h-y-container h-column__content h-column__v-align flex-basis-100 align-self-lg-start align-self-md-start align-self-start\">\n                <!---->\n                <div data-colibri-id=\"15793-c8\" class=\"d-block style-3754 style-local-15793-c8 position-relative h-element\">\n                  <!---->\n                  <div class=\"h-image__frame-container-outer\">\n                    <div class=\"h-image__frame-container\">\n                      <!---->\n                      <!---->\n                      <img fetchpriority=\"high\" decoding=\"async\" width=\"1200\" height=\"800\" src=\"https:\/\/obispadodelinares.cl\/ol\/wp-content\/uploads\/2022\/01\/IMG_4958.jpg\" class=\"wp-image-14189 style-3754-image style-local-15793-c8-image\" alt=\"\" srcset=\"https:\/\/obispadodelinares.cl\/ol\/wp-content\/uploads\/2022\/01\/IMG_4958.jpg 1200w, https:\/\/obispadodelinares.cl\/ol\/wp-content\/uploads\/2022\/01\/IMG_4958-300x200.jpg 300w, https:\/\/obispadodelinares.cl\/ol\/wp-content\/uploads\/2022\/01\/IMG_4958-1024x683.jpg 1024w, https:\/\/obispadodelinares.cl\/ol\/wp-content\/uploads\/2022\/01\/IMG_4958-768x512.jpg 768w\" sizes=\"(max-width: 1200px) 100vw, 1200px\" \/>\n                      <div class=\"h-image__frame h-hide-lg h-hide-md h-hide-sm style-3754-frameImage style-local-15793-c8-frameImage\"><\/div>\n                    <\/div>\n                  <\/div>\n                <\/div>\n                <div data-colibri-id=\"15793-c9\" class=\"h-global-transition-all h-heading style-3755 style-local-15793-c9 position-relative h-element\">\n                  <!---->\n                  <div class=\"h-heading__outer style-3755 style-local-15793-c9\">\n                    <!---->\n                    <!---->\n                    <a href=\"https:\/\/obispadodelinares.cl\/ol\/estudiante-del-liceo-bicentenario-san-jose-de-san-javier-logra-puntaje-nacional-en-matematicas\/\" target=\"_blank\" h-use-smooth-scroll=\"true\" rel=\"noopener\">\n                      <h5 class=\"\">Estudiante del Liceo Bicentenario San Jos\u00e9 de San Javier, logra Puntaje Nacional en Matem\u00e1ticas<\/h5>\n                    <\/a>\n                  <\/div>\n                <\/div>\n                <div data-colibri-id=\"15793-c10\" class=\"h-x-container style-3756 style-local-15793-c10 position-relative h-element\">\n                  <!---->\n                  <div class=\"h-x-container-inner style-dynamic-15793-c10-group style-3756-spacing style-local-15793-c10-spacing\"><span class=\"h-button__outer style-3757-outer style-local-15793-c11-outer d-inline-flex h-element\"><a h-use-smooth-scroll=\"true\" href=\"https:\/\/obispadodelinares.cl\/ol\/estudiante-del-liceo-bicentenario-san-jose-de-san-javier-logra-puntaje-nacional-en-matematicas\/\" target=\"_blank\" data-colibri-id=\"15793-c11\" class=\"d-flex w-100 align-items-center h-button justify-content-lg-center justify-content-md-center justify-content-center style-3757 style-local-15793-c11 position-relative\" rel=\"noopener\"><!----><!----> <span>Leer M\u00e1s<\/span><\/a>\n                    <\/span>\n                  <\/div>\n                <\/div>\n              <\/div>\n            <\/div>\n          <\/div>\n          <div class=\"h-column h-column-container d-flex h-col-lg-auto h-col-md-auto h-col-auto style-3750-outer style-local-15793-c12-outer\">\n            <div data-colibri-id=\"15793-c12\" class=\"d-flex h-flex-basis h-column__inner h-px-lg-2 h-px-md-2 h-px-2 v-inner-lg-2 v-inner-md-2 v-inner-2 style-3750 style-local-15793-c12 position-relative\">\n              <!---->\n              <!---->\n              <div class=\"w-100 h-y-container h-column__content h-column__v-align flex-basis-100 align-self-lg-start align-self-md-start align-self-start\">\n                <!---->\n                <div data-colibri-id=\"15793-c13\" class=\"d-block style-3754 style-local-15793-c13 position-relative h-element\">\n                  <!---->\n                  <div class=\"h-image__frame-container-outer\">\n                    <div class=\"h-image__frame-container\">\n                      <!---->\n                      <!---->\n                      <img decoding=\"async\" width=\"1600\" height=\"1200\" data-src=\"https:\/\/obispadodelinares.cl\/ol\/wp-content\/uploads\/2022\/03\/WhatsApp-Image-2022-03-31-at-12.14.40-PM.jpeg\" class=\"wp-image-14526 style-3754-image style-local-15793-c13-image lazyload\" alt=\"\" data-srcset=\"https:\/\/obispadodelinares.cl\/ol\/wp-content\/uploads\/2022\/03\/WhatsApp-Image-2022-03-31-at-12.14.40-PM.jpeg 1600w, https:\/\/obispadodelinares.cl\/ol\/wp-content\/uploads\/2022\/03\/WhatsApp-Image-2022-03-31-at-12.14.40-PM-300x225.jpeg 300w, https:\/\/obispadodelinares.cl\/ol\/wp-content\/uploads\/2022\/03\/WhatsApp-Image-2022-03-31-at-12.14.40-PM-1024x768.jpeg 1024w, https:\/\/obispadodelinares.cl\/ol\/wp-content\/uploads\/2022\/03\/WhatsApp-Image-2022-03-31-at-12.14.40-PM-768x576.jpeg 768w, https:\/\/obispadodelinares.cl\/ol\/wp-content\/uploads\/2022\/03\/WhatsApp-Image-2022-03-31-at-12.14.40-PM-1536x1152.jpeg 1536w\" data-sizes=\"(max-width: 1600px) 100vw, 1600px\" src=\"data:image\/svg+xml;base64,PHN2ZyB3aWR0aD0iMSIgaGVpZ2h0PSIxIiB4bWxucz0iaHR0cDovL3d3dy53My5vcmcvMjAwMC9zdmciPjwvc3ZnPg==\" style=\"--smush-placeholder-width: 1600px; --smush-placeholder-aspect-ratio: 1600\/1200;\" \/>\n                      <div class=\"h-image__frame h-hide-lg h-hide-md h-hide-sm style-3754-frameImage style-local-15793-c13-frameImage\"><\/div>\n                    <\/div>\n                  <\/div>\n                <\/div>\n                <div data-colibri-id=\"15793-c14\" class=\"h-global-transition-all h-heading style-3755 style-local-15793-c14 position-relative h-element\">\n                  <!---->\n                  <div class=\"h-heading__outer style-3755 style-local-15793-c14\">\n                    <!---->\n                    <!---->\n                    <a href=\"https:\/\/obispadodelinares.cl\/ol\/al-espiritu-santo-y-a-nosotros-nos-ha-parecido-bien-2\/\" target=\"_blank\" h-use-smooth-scroll=\"true\" rel=\"noopener\">\n                      <h5 class=\"\">Encuentro EDAP 2022,&nbsp;Al Esp\u00edritu Santo y a nosotros nos ha parecido bien<\/h5>\n                    <\/a>\n                  <\/div>\n                <\/div>\n                <div data-colibri-id=\"15793-c15\" class=\"h-x-container style-3756 style-local-15793-c15 position-relative h-element\">\n                  <!---->\n                  <div class=\"h-x-container-inner style-dynamic-15793-c15-group style-3756-spacing style-local-15793-c15-spacing\"><span class=\"h-button__outer style-3757-outer style-local-15793-c16-outer d-inline-flex h-element\"><a h-use-smooth-scroll=\"true\" href=\"https:\/\/obispadodelinares.cl\/ol\/al-espiritu-santo-y-a-nosotros-nos-ha-parecido-bien-2\/\" target=\"_blank\" data-colibri-id=\"15793-c16\" class=\"d-flex w-100 align-items-center h-button justify-content-lg-center justify-content-md-center justify-content-center style-3757 style-local-15793-c16 position-relative\" rel=\"noopener\"><!----><!----> <span>Leer M\u00e1s<\/span><\/a>\n                    <\/span>\n                  <\/div>\n                <\/div>\n              <\/div>\n            <\/div>\n          <\/div>\n          <div class=\"h-column h-column-container d-flex h-col-lg-auto h-col-md-auto h-col-auto style-3750-outer style-local-15793-c17-outer\">\n            <div data-colibri-id=\"15793-c17\" class=\"d-flex h-flex-basis h-column__inner h-px-lg-2 h-px-md-2 h-px-2 v-inner-lg-2 v-inner-md-2 v-inner-2 style-3750 style-local-15793-c17 position-relative\">\n              <!---->\n              <!---->\n              <div class=\"w-100 h-y-container h-column__content h-column__v-align flex-basis-100 align-self-lg-start align-self-md-start align-self-start\">\n                <!---->\n                <div data-colibri-id=\"15793-c18\" class=\"d-block style-3754 style-local-15793-c18 position-relative h-element\">\n                  <!---->\n                  <div class=\"h-image__frame-container-outer\">\n                    <div class=\"h-image__frame-container\">\n                      <!---->\n                      <!---->\n                      <img decoding=\"async\" width=\"707\" height=\"1000\" data-src=\"https:\/\/obispadodelinares.cl\/ol\/wp-content\/uploads\/2022\/04\/1.jpg\" class=\"wp-image-14572 style-3754-image style-local-15793-c18-image lazyload\" alt=\"\" data-srcset=\"https:\/\/obispadodelinares.cl\/ol\/wp-content\/uploads\/2022\/04\/1.jpg 707w, https:\/\/obispadodelinares.cl\/ol\/wp-content\/uploads\/2022\/04\/1-212x300.jpg 212w\" data-sizes=\"(max-width: 707px) 100vw, 707px\" src=\"data:image\/svg+xml;base64,PHN2ZyB3aWR0aD0iMSIgaGVpZ2h0PSIxIiB4bWxucz0iaHR0cDovL3d3dy53My5vcmcvMjAwMC9zdmciPjwvc3ZnPg==\" style=\"--smush-placeholder-width: 707px; --smush-placeholder-aspect-ratio: 707\/1000;\" \/>\n                      <div class=\"h-image__frame h-hide-lg h-hide-md h-hide-sm style-3754-frameImage style-local-15793-c18-frameImage\"><\/div>\n                    <\/div>\n                  <\/div>\n                <\/div>\n                <div data-colibri-id=\"15793-c19\" class=\"h-global-transition-all h-heading style-3755 style-local-15793-c19 position-relative h-element\">\n                  <!---->\n                  <div class=\"h-heading__outer style-3755 style-local-15793-c19\">\n                    <!---->\n                    <!---->\n                    <a href=\"https:\/\/obispadodelinares.cl\/ol\/semana-santa-semana-mayor\/\" target=\"_blank\" h-use-smooth-scroll=\"true\" rel=\"noopener\">\n                      <h5 class=\"\">Semana Santa, Semana Mayor\n                        <br>Especial Gr\u00e1fico Semana Santa 2022<\/h5>\n                    <\/a>\n                  <\/div>\n                <\/div>\n                <div data-colibri-id=\"15793-c20\" class=\"h-x-container style-3756 style-local-15793-c20 position-relative h-element\">\n                  <!---->\n                  <div class=\"h-x-container-inner style-dynamic-15793-c20-group style-3756-spacing style-local-15793-c20-spacing\"><span class=\"h-button__outer style-3757-outer style-local-15793-c21-outer d-inline-flex h-element\"><a h-use-smooth-scroll=\"true\" href=\"https:\/\/obispadodelinares.cl\/ol\/semana-santa-semana-mayor\/\" target=\"_blank\" data-colibri-id=\"15793-c21\" class=\"d-flex w-100 align-items-center h-button justify-content-lg-center justify-content-md-center justify-content-center style-3757 style-local-15793-c21 position-relative\" rel=\"noopener\"><!----><!----> <span>Leer M\u00e1s<\/span><\/a>\n                    <\/span>\n                  <\/div>\n                <\/div>\n              <\/div>\n            <\/div>\n          <\/div>\n          <div class=\"h-column h-column-container d-flex h-col-lg-auto h-col-md-auto h-col-auto style-3750-outer style-local-15793-c22-outer\">\n            <div data-colibri-id=\"15793-c22\" class=\"d-flex h-flex-basis h-column__inner h-px-lg-2 h-px-md-2 h-px-2 v-inner-lg-2 v-inner-md-2 v-inner-2 style-3750 style-local-15793-c22 position-relative\">\n              <!---->\n              <!---->\n              <div class=\"w-100 h-y-container h-column__content h-column__v-align flex-basis-100 align-self-lg-start align-self-md-start align-self-start\">\n                <!---->\n                <div data-colibri-id=\"15793-c23\" class=\"d-block style-3754 style-local-15793-c23 position-relative h-element\">\n                  <!---->\n                  <div class=\"h-image__frame-container-outer\">\n                    <div class=\"h-image__frame-container\">\n                      <!---->\n                      <!---->\n                      <img decoding=\"async\" width=\"1706\" height=\"1710\" data-src=\"https:\/\/obispadodelinares.cl\/ol\/wp-content\/uploads\/2022\/09\/cropped-logo-corregido-1.jpg\" class=\"wp-image-15796 style-3754-image style-local-15793-c23-image lazyload\" alt=\"\" data-srcset=\"https:\/\/obispadodelinares.cl\/ol\/wp-content\/uploads\/2022\/09\/cropped-logo-corregido-1.jpg 1706w, https:\/\/obispadodelinares.cl\/ol\/wp-content\/uploads\/2022\/09\/cropped-logo-corregido-1-300x300.jpg 300w, https:\/\/obispadodelinares.cl\/ol\/wp-content\/uploads\/2022\/09\/cropped-logo-corregido-1-1022x1024.jpg 1022w, https:\/\/obispadodelinares.cl\/ol\/wp-content\/uploads\/2022\/09\/cropped-logo-corregido-1-150x150.jpg 150w, https:\/\/obispadodelinares.cl\/ol\/wp-content\/uploads\/2022\/09\/cropped-logo-corregido-1-768x770.jpg 768w, https:\/\/obispadodelinares.cl\/ol\/wp-content\/uploads\/2022\/09\/cropped-logo-corregido-1-1532x1536.jpg 1532w\" data-sizes=\"(max-width: 1706px) 100vw, 1706px\" src=\"data:image\/svg+xml;base64,PHN2ZyB3aWR0aD0iMSIgaGVpZ2h0PSIxIiB4bWxucz0iaHR0cDovL3d3dy53My5vcmcvMjAwMC9zdmciPjwvc3ZnPg==\" style=\"--smush-placeholder-width: 1706px; --smush-placeholder-aspect-ratio: 1706\/1710;\" \/>\n                      <div class=\"h-image__frame h-hide-lg h-hide-md h-hide-sm style-3754-frameImage style-local-15793-c23-frameImage\"><\/div>\n                    <\/div>\n                  <\/div>\n                <\/div>\n                <div data-colibri-id=\"15793-c24\" class=\"h-global-transition-all h-heading style-3755 style-local-15793-c24 position-relative h-element\">\n                  <!---->\n                  <div class=\"h-heading__outer style-3755 style-local-15793-c24\">\n                    <!---->\n                    <!---->\n                    <a href=\"https:\/\/pbndelinares.cl\/?p=2735\" target=\"_blank\" h-use-smooth-scroll=\"true\" rel=\"noopener\">\n                      <h5 class=\"\">Un Logo para el Centenario<\/h5>\n                    <\/a>\n                  <\/div>\n                <\/div>\n                <div data-colibri-id=\"15793-c25\" class=\"h-x-container style-3756 style-local-15793-c25 position-relative h-element\">\n                  <!---->\n                  <div class=\"h-x-container-inner style-dynamic-15793-c25-group style-3756-spacing style-local-15793-c25-spacing\"><span class=\"h-button__outer style-3757-outer style-local-15793-c26-outer d-inline-flex h-element\"><a h-use-smooth-scroll=\"true\" href=\"https:\/\/pbndelinares.cl\/?p=2735\" target=\"_blank\" data-colibri-id=\"15793-c26\" class=\"d-flex w-100 align-items-center h-button justify-content-lg-center justify-content-md-center justify-content-center style-3757 style-local-15793-c26 position-relative\" rel=\"noopener\"><!----><!----> <span>Leer M\u00e1s<\/span><\/a>\n                    <\/span>\n                  <\/div>\n                <\/div>\n              <\/div>\n            <\/div>\n          <\/div>\n        <\/div>\n      <\/div>\n      <div data-colibri-id=\"15793-c27\" class=\"h-row-container gutters-row-lg-2 gutters-row-md-2 gutters-row-0 gutters-row-v-lg-2 gutters-row-v-md-2 gutters-row-v-2 style-3747 style-local-15793-c27 position-relative\">\n        <!---->\n        <div class=\"h-row justify-content-lg-center justify-content-md-center justify-content-center align-items-lg-stretch align-items-md-stretch align-items-stretch gutters-col-lg-2 gutters-col-md-2 gutters-col-0 gutters-col-v-lg-2 gutters-col-v-md-2 gutters-col-v-2\">\n          <!---->\n          <div class=\"h-column h-column-container d-flex h-col-lg-auto h-col-md-auto h-col-auto style-3750-outer style-local-15793-c28-outer\">\n            <div data-colibri-id=\"15793-c28\" class=\"d-flex h-flex-basis h-column__inner h-px-lg-2 h-px-md-2 h-px-2 v-inner-lg-2 v-inner-md-2 v-inner-2 style-3750 style-local-15793-c28 position-relative\">\n              <!---->\n              <!---->\n              <div class=\"w-100 h-y-container h-column__content h-column__v-align flex-basis-100 align-self-lg-start align-self-md-start align-self-start\">\n                <!---->\n                <div data-colibri-id=\"15793-c29\" class=\"d-block style-3754 style-local-15793-c29 position-relative h-element\">\n                  <!---->\n                  <div class=\"h-image__frame-container-outer\">\n                    <div class=\"h-image__frame-container\">\n                      <!---->\n                      <!---->\n                      <img decoding=\"async\" width=\"1280\" height=\"960\" data-src=\"https:\/\/obispadodelinares.cl\/ol\/wp-content\/uploads\/2022\/06\/WhatsApp-Image-2022-06-14-at-12.14.29-PM-3.jpeg\" class=\"wp-image-14831 style-3754-image style-local-15793-c29-image lazyload\" alt=\"\" data-srcset=\"https:\/\/obispadodelinares.cl\/ol\/wp-content\/uploads\/2022\/06\/WhatsApp-Image-2022-06-14-at-12.14.29-PM-3.jpeg 1280w, https:\/\/obispadodelinares.cl\/ol\/wp-content\/uploads\/2022\/06\/WhatsApp-Image-2022-06-14-at-12.14.29-PM-3-300x225.jpeg 300w, https:\/\/obispadodelinares.cl\/ol\/wp-content\/uploads\/2022\/06\/WhatsApp-Image-2022-06-14-at-12.14.29-PM-3-1024x768.jpeg 1024w, https:\/\/obispadodelinares.cl\/ol\/wp-content\/uploads\/2022\/06\/WhatsApp-Image-2022-06-14-at-12.14.29-PM-3-768x576.jpeg 768w\" data-sizes=\"(max-width: 1280px) 100vw, 1280px\" src=\"data:image\/svg+xml;base64,PHN2ZyB3aWR0aD0iMSIgaGVpZ2h0PSIxIiB4bWxucz0iaHR0cDovL3d3dy53My5vcmcvMjAwMC9zdmciPjwvc3ZnPg==\" style=\"--smush-placeholder-width: 1280px; --smush-placeholder-aspect-ratio: 1280\/960;\" \/>\n                      <div class=\"h-image__frame h-hide-lg h-hide-md h-hide-sm style-3754-frameImage style-local-15793-c29-frameImage\"><\/div>\n                    <\/div>\n                  <\/div>\n                <\/div>\n                <div data-colibri-id=\"15793-c30\" class=\"h-global-transition-all h-heading style-3755 style-local-15793-c30 position-relative h-element\">\n                  <!---->\n                  <div class=\"h-heading__outer style-3755 style-local-15793-c30\">\n                    <!---->\n                    <!---->\n                    <a href=\"https:\/\/obispadodelinares.cl\/ol\/periodico-buena-nueva-de-linares-celebro-45-anos-uniendo-a-la-diocesis\/\" target=\"_blank\" h-use-smooth-scroll=\"true\" rel=\"noopener\">\n                      <h5 class=\"\">Peri\u00f3dico Buena Nueva de Linares, celebr\u00f3 45 a\u00f1os uniendo a la Di\u00f3cesis<\/h5>\n                    <\/a>\n                  <\/div>\n                <\/div>\n                <div data-colibri-id=\"15793-c31\" class=\"h-x-container style-3756 style-local-15793-c31 position-relative h-element\">\n                  <!---->\n                  <div class=\"h-x-container-inner style-dynamic-15793-c31-group style-3756-spacing style-local-15793-c31-spacing\"><span class=\"h-button__outer style-3757-outer style-local-15793-c32-outer d-inline-flex h-element\"><a h-use-smooth-scroll=\"true\" href=\"https:\/\/obispadodelinares.cl\/ol\/periodico-buena-nueva-de-linares-celebro-45-anos-uniendo-a-la-diocesis\/\" target=\"_blank\" data-colibri-id=\"15793-c32\" class=\"d-flex w-100 align-items-center h-button justify-content-lg-center justify-content-md-center justify-content-center style-3757 style-local-15793-c32 position-relative\" rel=\"noopener\"><!----><!----> <span>Leer M\u00e1s<\/span><\/a>\n                    <\/span>\n                  <\/div>\n                <\/div>\n              <\/div>\n            <\/div>\n          <\/div>\n          <div class=\"h-column h-column-container d-flex h-col-lg-auto h-col-md-auto h-col-auto style-3750-outer style-local-15793-c33-outer\">\n            <div data-colibri-id=\"15793-c33\" class=\"d-flex h-flex-basis h-column__inner h-px-lg-2 h-px-md-2 h-px-2 v-inner-lg-2 v-inner-md-2 v-inner-2 style-3750 style-local-15793-c33 position-relative\">\n              <!---->\n              <!---->\n              <div class=\"w-100 h-y-container h-column__content h-column__v-align flex-basis-100 align-self-lg-start align-self-md-start align-self-start\">\n                <!---->\n                <div data-colibri-id=\"15793-c34\" class=\"d-block style-3754 style-local-15793-c34 position-relative h-element\">\n                  <!---->\n                  <div class=\"h-image__frame-container-outer\">\n                    <div class=\"h-image__frame-container\">\n                      <!---->\n                      <!---->\n                      <img decoding=\"async\" width=\"1280\" height=\"853\" data-src=\"https:\/\/obispadodelinares.cl\/ol\/wp-content\/uploads\/2022\/07\/WhatsApp-Image-2022-07-25-at-5.08.48-PM.jpeg\" class=\"wp-image-15045 style-3754-image style-local-15793-c34-image lazyload\" alt=\"\" data-srcset=\"https:\/\/obispadodelinares.cl\/ol\/wp-content\/uploads\/2022\/07\/WhatsApp-Image-2022-07-25-at-5.08.48-PM.jpeg 1280w, https:\/\/obispadodelinares.cl\/ol\/wp-content\/uploads\/2022\/07\/WhatsApp-Image-2022-07-25-at-5.08.48-PM-300x200.jpeg 300w, https:\/\/obispadodelinares.cl\/ol\/wp-content\/uploads\/2022\/07\/WhatsApp-Image-2022-07-25-at-5.08.48-PM-1024x682.jpeg 1024w, https:\/\/obispadodelinares.cl\/ol\/wp-content\/uploads\/2022\/07\/WhatsApp-Image-2022-07-25-at-5.08.48-PM-768x512.jpeg 768w\" data-sizes=\"(max-width: 1280px) 100vw, 1280px\" src=\"data:image\/svg+xml;base64,PHN2ZyB3aWR0aD0iMSIgaGVpZ2h0PSIxIiB4bWxucz0iaHR0cDovL3d3dy53My5vcmcvMjAwMC9zdmciPjwvc3ZnPg==\" style=\"--smush-placeholder-width: 1280px; --smush-placeholder-aspect-ratio: 1280\/853;\" \/>\n                      <div class=\"h-image__frame h-hide-lg h-hide-md h-hide-sm style-3754-frameImage style-local-15793-c34-frameImage\"><\/div>\n                    <\/div>\n                  <\/div>\n                <\/div>\n                <div data-colibri-id=\"15793-c35\" class=\"h-global-transition-all h-heading style-3755 style-local-15793-c35 position-relative h-element\">\n                  <!---->\n                  <div class=\"h-heading__outer style-3755 style-local-15793-c35\">\n                    <!---->\n                    <!---->\n                    <a href=\"https:\/\/obispadodelinares.cl\/ol\/la-alegria-de-caminar-con-cristo-en-su-mision\/\" target=\"_blank\" h-use-smooth-scroll=\"true\" rel=\"noopener\">\n                      <h5 class=\"\">La alegr\u00eda de caminar con Cristo en su misi\u00f3n<\/h5>\n                    <\/a>\n                  <\/div>\n                <\/div>\n                <div data-colibri-id=\"15793-c36\" class=\"h-x-container style-3756 style-local-15793-c36 position-relative h-element\">\n                  <!---->\n                  <div class=\"h-x-container-inner style-dynamic-15793-c36-group style-3756-spacing style-local-15793-c36-spacing\"><span class=\"h-button__outer style-3757-outer style-local-15793-c37-outer d-inline-flex h-element\"><a h-use-smooth-scroll=\"true\" href=\"https:\/\/obispadodelinares.cl\/ol\/la-alegria-de-caminar-con-cristo-en-su-mision\/\" target=\"_blank\" data-colibri-id=\"15793-c37\" class=\"d-flex w-100 align-items-center h-button justify-content-lg-center justify-content-md-center justify-content-center style-3757 style-local-15793-c37 position-relative\" rel=\"noopener\"><!----><!----> <span>Leer M\u00e1s<\/span><\/a>\n                    <\/span>\n                  <\/div>\n                <\/div>\n              <\/div>\n            <\/div>\n          <\/div>\n          <div class=\"h-column h-column-container d-flex h-col-lg-auto h-col-md-auto h-col-auto style-3750-outer style-local-15793-c38-outer\">\n            <div data-colibri-id=\"15793-c38\" class=\"d-flex h-flex-basis h-column__inner h-px-lg-2 h-px-md-2 h-px-2 v-inner-lg-2 v-inner-md-2 v-inner-2 style-3750 style-local-15793-c38 position-relative\">\n              <!---->\n              <!---->\n              <div class=\"w-100 h-y-container h-column__content h-column__v-align flex-basis-100 align-self-lg-start align-self-md-start align-self-start\">\n                <!---->\n                <div data-colibri-id=\"15793-c39\" class=\"d-block style-3754 style-local-15793-c39 position-relative h-element\">\n                  <!---->\n                  <div class=\"h-image__frame-container-outer\">\n                    <div class=\"h-image__frame-container\">\n                      <!---->\n                      <!---->\n                      <img decoding=\"async\" width=\"1280\" height=\"720\" data-src=\"https:\/\/obispadodelinares.cl\/ol\/wp-content\/uploads\/2022\/08\/WhatsApp-Image-2022-08-08-at-5.21.04-PM.jpeg\" class=\"wp-image-15096 style-3754-image style-local-15793-c39-image lazyload\" alt=\"\" data-srcset=\"https:\/\/obispadodelinares.cl\/ol\/wp-content\/uploads\/2022\/08\/WhatsApp-Image-2022-08-08-at-5.21.04-PM.jpeg 1280w, https:\/\/obispadodelinares.cl\/ol\/wp-content\/uploads\/2022\/08\/WhatsApp-Image-2022-08-08-at-5.21.04-PM-300x169.jpeg 300w, https:\/\/obispadodelinares.cl\/ol\/wp-content\/uploads\/2022\/08\/WhatsApp-Image-2022-08-08-at-5.21.04-PM-1024x576.jpeg 1024w, https:\/\/obispadodelinares.cl\/ol\/wp-content\/uploads\/2022\/08\/WhatsApp-Image-2022-08-08-at-5.21.04-PM-768x432.jpeg 768w\" data-sizes=\"(max-width: 1280px) 100vw, 1280px\" src=\"data:image\/svg+xml;base64,PHN2ZyB3aWR0aD0iMSIgaGVpZ2h0PSIxIiB4bWxucz0iaHR0cDovL3d3dy53My5vcmcvMjAwMC9zdmciPjwvc3ZnPg==\" style=\"--smush-placeholder-width: 1280px; --smush-placeholder-aspect-ratio: 1280\/720;\" \/>\n                      <div class=\"h-image__frame h-hide-lg h-hide-md h-hide-sm style-3754-frameImage style-local-15793-c39-frameImage\"><\/div>\n                    <\/div>\n                  <\/div>\n                <\/div>\n                <div data-colibri-id=\"15793-c40\" class=\"h-global-transition-all h-heading style-3755 style-local-15793-c40 position-relative h-element\">\n                  <!---->\n                  <div class=\"h-heading__outer style-3755 style-local-15793-c40\">\n                    <!---->\n                    <!---->\n                    <a href=\"https:\/\/obispadodelinares.cl\/ol\/volviendo-a-ser-alumnos-para-ser-mejores-profesores\/\" target=\"_blank\" h-use-smooth-scroll=\"true\" rel=\"noopener\">\n                      <h5 class=\"\">Volviendo a ser Alumnos, para ser mejores Profesores<\/h5>\n                    <\/a>\n                  <\/div>\n                <\/div>\n                <div data-colibri-id=\"15793-c41\" class=\"h-x-container style-3756 style-local-15793-c41 position-relative h-element\">\n                  <!---->\n                  <div class=\"h-x-container-inner style-dynamic-15793-c41-group style-3756-spacing style-local-15793-c41-spacing\"><span class=\"h-button__outer style-3757-outer style-local-15793-c42-outer d-inline-flex h-element\"><a h-use-smooth-scroll=\"true\" href=\"https:\/\/obispadodelinares.cl\/ol\/volviendo-a-ser-alumnos-para-ser-mejores-profesores\/\" target=\"_blank\" data-colibri-id=\"15793-c42\" class=\"d-flex w-100 align-items-center h-button justify-content-lg-center justify-content-md-center justify-content-center style-3757 style-local-15793-c42 position-relative\" rel=\"noopener\"><!----><!----> <span>Leer M\u00e1s<\/span><\/a>\n                    <\/span>\n                  <\/div>\n                <\/div>\n              <\/div>\n            <\/div>\n          <\/div>\n          <div class=\"h-column h-column-container d-flex h-col-lg-auto h-col-md-auto h-col-auto style-3750-outer style-local-15793-c43-outer\">\n            <div data-colibri-id=\"15793-c43\" class=\"d-flex h-flex-basis h-column__inner h-px-lg-2 h-px-md-2 h-px-2 v-inner-lg-2 v-inner-md-2 v-inner-2 style-3750 style-local-15793-c43 position-relative\">\n              <!---->\n              <!---->\n              <div class=\"w-100 h-y-container h-column__content h-column__v-align flex-basis-100 align-self-lg-start align-self-md-start align-self-start\">\n                <!---->\n                <div data-colibri-id=\"15793-c44\" class=\"d-block style-3754 style-local-15793-c44 position-relative h-element\">\n                  <!---->\n                  <div class=\"h-image__frame-container-outer\">\n                    <div class=\"h-image__frame-container\">\n                      <!---->\n                      <!---->\n                      <img decoding=\"async\" width=\"1080\" height=\"1080\" data-src=\"https:\/\/obispadodelinares.cl\/ol\/wp-content\/uploads\/2023\/01\/Foto-6-Pag.-6y7.jpg\" class=\"wp-image-15800 style-3754-image style-local-15793-c44-image lazyload\" alt=\"\" data-srcset=\"https:\/\/obispadodelinares.cl\/ol\/wp-content\/uploads\/2023\/01\/Foto-6-Pag.-6y7.jpg 1080w, https:\/\/obispadodelinares.cl\/ol\/wp-content\/uploads\/2023\/01\/Foto-6-Pag.-6y7-300x300.jpg 300w, https:\/\/obispadodelinares.cl\/ol\/wp-content\/uploads\/2023\/01\/Foto-6-Pag.-6y7-1024x1024.jpg 1024w, https:\/\/obispadodelinares.cl\/ol\/wp-content\/uploads\/2023\/01\/Foto-6-Pag.-6y7-150x150.jpg 150w, https:\/\/obispadodelinares.cl\/ol\/wp-content\/uploads\/2023\/01\/Foto-6-Pag.-6y7-768x768.jpg 768w\" data-sizes=\"(max-width: 1080px) 100vw, 1080px\" src=\"data:image\/svg+xml;base64,PHN2ZyB3aWR0aD0iMSIgaGVpZ2h0PSIxIiB4bWxucz0iaHR0cDovL3d3dy53My5vcmcvMjAwMC9zdmciPjwvc3ZnPg==\" style=\"--smush-placeholder-width: 1080px; --smush-placeholder-aspect-ratio: 1080\/1080;\" \/>\n                      <div class=\"h-image__frame h-hide-lg h-hide-md h-hide-sm style-3754-frameImage style-local-15793-c44-frameImage\"><\/div>\n                    <\/div>\n                  <\/div>\n                <\/div>\n                <div data-colibri-id=\"15793-c45\" class=\"h-global-transition-all h-heading style-3755 style-local-15793-c45 position-relative h-element\">\n                  <!---->\n                  <div class=\"h-heading__outer style-3755 style-local-15793-c45\">\n                    <!---->\n                    <!---->\n                    <a href=\"https:\/\/pbndelinares.cl\/?p=2407\" target=\"_blank\" h-use-smooth-scroll=\"true\" rel=\"noopener\">\n                      <h5 class=\"\">Buena Nueva en Chanco, M\u00e1s que una Radio<\/h5>\n                    <\/a>\n                  <\/div>\n                <\/div>\n                <div data-colibri-id=\"15793-c46\" class=\"h-x-container style-3756 style-local-15793-c46 position-relative h-element\">\n                  <!---->\n                  <div class=\"h-x-container-inner style-dynamic-15793-c46-group style-3756-spacing style-local-15793-c46-spacing\"><span class=\"h-button__outer style-3757-outer style-local-15793-c47-outer d-inline-flex h-element\"><a h-use-smooth-scroll=\"true\" href=\"https:\/\/pbndelinares.cl\/?p=2407\" target=\"_blank\" data-colibri-id=\"15793-c47\" class=\"d-flex w-100 align-items-center h-button justify-content-lg-center justify-content-md-center justify-content-center style-3757 style-local-15793-c47 position-relative\" rel=\"noopener\"><!----><!----> <span>Leer M\u00e1s<\/span><\/a>\n                    <\/span>\n                  <\/div>\n                <\/div>\n              <\/div>\n            <\/div>\n          <\/div>\n        <\/div>\n      <\/div>\n      <div data-colibri-id=\"15793-c48\" class=\"h-row-container gutters-row-lg-2 gutters-row-md-2 gutters-row-0 gutters-row-v-lg-2 gutters-row-v-md-2 gutters-row-v-2 style-3747 style-local-15793-c48 position-relative\">\n        <!---->\n        <div class=\"h-row justify-content-lg-center justify-content-md-center justify-content-center align-items-lg-stretch align-items-md-stretch align-items-stretch gutters-col-lg-2 gutters-col-md-2 gutters-col-0 gutters-col-v-lg-2 gutters-col-v-md-2 gutters-col-v-2\">\n          <!---->\n          <div class=\"h-column h-column-container d-flex h-col-lg-auto h-col-md-auto h-col-auto style-3750-outer style-local-15793-c49-outer\">\n            <div data-colibri-id=\"15793-c49\" class=\"d-flex h-flex-basis h-column__inner h-px-lg-2 h-px-md-2 h-px-2 v-inner-lg-2 v-inner-md-2 v-inner-2 style-3750 style-local-15793-c49 position-relative\">\n              <!---->\n              <!---->\n              <div class=\"w-100 h-y-container h-column__content h-column__v-align flex-basis-100 align-self-lg-start align-self-md-start align-self-start\">\n                <!---->\n                <div data-colibri-id=\"15793-c50\" class=\"d-block style-3754 style-local-15793-c50 position-relative h-element\">\n                  <!---->\n                  <div class=\"h-image__frame-container-outer\">\n                    <div class=\"h-image__frame-container\">\n                      <!---->\n                      <!---->\n                      <img decoding=\"async\" width=\"1600\" height=\"1200\" data-src=\"https:\/\/obispadodelinares.cl\/ol\/wp-content\/uploads\/2022\/08\/WhatsApp-Image-2022-08-09-at-3.01.56-PM-4.jpeg\" class=\"wp-image-15102 style-3754-image style-local-15793-c50-image lazyload\" alt=\"\" data-srcset=\"https:\/\/obispadodelinares.cl\/ol\/wp-content\/uploads\/2022\/08\/WhatsApp-Image-2022-08-09-at-3.01.56-PM-4.jpeg 1600w, https:\/\/obispadodelinares.cl\/ol\/wp-content\/uploads\/2022\/08\/WhatsApp-Image-2022-08-09-at-3.01.56-PM-4-300x225.jpeg 300w, https:\/\/obispadodelinares.cl\/ol\/wp-content\/uploads\/2022\/08\/WhatsApp-Image-2022-08-09-at-3.01.56-PM-4-1024x768.jpeg 1024w, https:\/\/obispadodelinares.cl\/ol\/wp-content\/uploads\/2022\/08\/WhatsApp-Image-2022-08-09-at-3.01.56-PM-4-768x576.jpeg 768w, https:\/\/obispadodelinares.cl\/ol\/wp-content\/uploads\/2022\/08\/WhatsApp-Image-2022-08-09-at-3.01.56-PM-4-1536x1152.jpeg 1536w\" data-sizes=\"(max-width: 1600px) 100vw, 1600px\" src=\"data:image\/svg+xml;base64,PHN2ZyB3aWR0aD0iMSIgaGVpZ2h0PSIxIiB4bWxucz0iaHR0cDovL3d3dy53My5vcmcvMjAwMC9zdmciPjwvc3ZnPg==\" style=\"--smush-placeholder-width: 1600px; --smush-placeholder-aspect-ratio: 1600\/1200;\" \/>\n                      <div class=\"h-image__frame h-hide-lg h-hide-md h-hide-sm style-3754-frameImage style-local-15793-c50-frameImage\"><\/div>\n                    <\/div>\n                  <\/div>\n                <\/div>\n                <div data-colibri-id=\"15793-c51\" class=\"h-global-transition-all h-heading style-3755 style-local-15793-c51 position-relative h-element\">\n                  <!---->\n                  <div class=\"h-heading__outer style-3755 style-local-15793-c51\">\n                    <!---->\n                    <!---->\n                    <a href=\"https:\/\/obispadodelinares.cl\/ol\/ustedes-son-las-semillas-del-reino-en-tierras-maulina\/\" target=\"_blank\" h-use-smooth-scroll=\"true\" rel=\"noopener\">\n                      <h5 class=\"\">Ustedes son las semillas del reino en tierras Maulina<\/h5>\n                    <\/a>\n                  <\/div>\n                <\/div>\n                <div data-colibri-id=\"15793-c52\" class=\"h-x-container style-3756 style-local-15793-c52 position-relative h-element\">\n                  <!---->\n                  <div class=\"h-x-container-inner style-dynamic-15793-c52-group style-3756-spacing style-local-15793-c52-spacing\"><span class=\"h-button__outer style-3757-outer style-local-15793-c53-outer d-inline-flex h-element\"><a h-use-smooth-scroll=\"true\" href=\"https:\/\/obispadodelinares.cl\/ol\/ustedes-son-las-semillas-del-reino-en-tierras-maulina\/\" target=\"_blank\" data-colibri-id=\"15793-c53\" class=\"d-flex w-100 align-items-center h-button justify-content-lg-center justify-content-md-center justify-content-center style-3757 style-local-15793-c53 position-relative\" rel=\"noopener\"><!----><!----> <span>Leer M\u00e1s<\/span><\/a>\n                    <\/span>\n                  <\/div>\n                <\/div>\n              <\/div>\n            <\/div>\n          <\/div>\n          <div class=\"h-column h-column-container d-flex h-col-lg-auto h-col-md-auto h-col-auto style-3758-outer style-local-15793-c54-outer\">\n            <div data-colibri-id=\"15793-c54\" class=\"d-flex h-flex-basis h-column__inner h-px-lg-2 h-px-md-2 h-px-2 v-inner-lg-2 v-inner-md-2 v-inner-2 style-3758 style-local-15793-c54 position-relative\">\n              <!---->\n              <!---->\n              <div class=\"w-100 h-y-container h-column__content h-column__v-align flex-basis-100 align-self-lg-start align-self-md-start align-self-start\">\n                <!---->\n                <div data-colibri-id=\"15793-c55\" class=\"d-block style-3754 style-local-15793-c55 position-relative h-element\">\n                  <!---->\n                  <div class=\"h-image__frame-container-outer\">\n                    <div class=\"h-image__frame-container\">\n                      <!---->\n                      <!---->\n                      <img decoding=\"async\" width=\"579\" height=\"579\" data-src=\"https:\/\/obispadodelinares.cl\/ol\/wp-content\/uploads\/2022\/08\/cropped-IMG_4831.jpg\" class=\"wp-image-15799 style-3754-image style-local-15793-c55-image lazyload\" alt=\"\" data-srcset=\"https:\/\/obispadodelinares.cl\/ol\/wp-content\/uploads\/2022\/08\/cropped-IMG_4831.jpg 579w, https:\/\/obispadodelinares.cl\/ol\/wp-content\/uploads\/2022\/08\/cropped-IMG_4831-300x300.jpg 300w, https:\/\/obispadodelinares.cl\/ol\/wp-content\/uploads\/2022\/08\/cropped-IMG_4831-150x150.jpg 150w\" data-sizes=\"(max-width: 579px) 100vw, 579px\" src=\"data:image\/svg+xml;base64,PHN2ZyB3aWR0aD0iMSIgaGVpZ2h0PSIxIiB4bWxucz0iaHR0cDovL3d3dy53My5vcmcvMjAwMC9zdmciPjwvc3ZnPg==\" style=\"--smush-placeholder-width: 579px; --smush-placeholder-aspect-ratio: 579\/579;\" \/>\n                      <div class=\"h-image__frame h-hide-lg h-hide-md h-hide-sm style-3754-frameImage style-local-15793-c55-frameImage\"><\/div>\n                    <\/div>\n                  <\/div>\n                <\/div>\n                <div data-colibri-id=\"15793-c56\" class=\"h-global-transition-all h-heading style-3755 style-local-15793-c56 position-relative h-element\">\n                  <!---->\n                  <div class=\"h-heading__outer style-3755 style-local-15793-c56\">\n                    <!---->\n                    <!---->\n                    <a href=\"https:\/\/obispadodelinares.cl\/ol\/destacamos-el-valor-de-los-pequenos-gestos-que-generan-grandes-cambios\/\" target=\"_blank\" h-use-smooth-scroll=\"true\" rel=\"noopener\">\n                      <h5 class=\"\">Misa D\u00eda de la Solidaridad<\/h5>\n                    <\/a>\n                  <\/div>\n                <\/div>\n                <div data-colibri-id=\"15793-c57\" class=\"h-x-container style-3756 style-local-15793-c57 position-relative h-element\">\n                  <!---->\n                  <div class=\"h-x-container-inner style-dynamic-15793-c57-group style-3756-spacing style-local-15793-c57-spacing\"><span class=\"h-button__outer style-3757-outer style-local-15793-c58-outer d-inline-flex h-element\"><a h-use-smooth-scroll=\"true\" href=\"https:\/\/obispadodelinares.cl\/ol\/destacamos-el-valor-de-los-pequenos-gestos-que-generan-grandes-cambios\/\" target=\"_blank\" data-colibri-id=\"15793-c58\" class=\"d-flex w-100 align-items-center h-button justify-content-lg-center justify-content-md-center justify-content-center style-3757 style-local-15793-c58 position-relative\" rel=\"noopener\"><!----><!----> <span>Leer M\u00e1s<\/span><\/a>\n                    <\/span>\n                  <\/div>\n                <\/div>\n              <\/div>\n            <\/div>\n          <\/div>\n          <div class=\"h-column h-column-container d-flex h-col-lg-auto h-col-md-auto h-col-auto style-3759-outer style-local-15793-c59-outer\">\n            <div data-colibri-id=\"15793-c59\" class=\"d-flex h-flex-basis h-column__inner h-px-lg-2 h-px-md-2 h-px-2 v-inner-lg-2 v-inner-md-2 v-inner-2 style-3759 style-local-15793-c59 position-relative\">\n              <!---->\n              <!---->\n              <div class=\"w-100 h-y-container h-column__content h-column__v-align flex-basis-100 align-self-lg-start align-self-md-start align-self-start\">\n                <!---->\n                <div data-colibri-id=\"15793-c60\" class=\"d-block style-3754 style-local-15793-c60 position-relative h-element\">\n                  <!---->\n                  <div class=\"h-image__frame-container-outer\">\n                    <div class=\"h-image__frame-container\">\n                      <!---->\n                      <!---->\n                      <img decoding=\"async\" width=\"1280\" height=\"853\" data-src=\"https:\/\/obispadodelinares.cl\/ol\/wp-content\/uploads\/2022\/08\/WhatsApp-Image-2022-08-25-at-1.10.51-PM-10.jpeg\" class=\"wp-image-15140 style-3754-image style-local-15793-c60-image lazyload\" alt=\"\" data-srcset=\"https:\/\/obispadodelinares.cl\/ol\/wp-content\/uploads\/2022\/08\/WhatsApp-Image-2022-08-25-at-1.10.51-PM-10.jpeg 1280w, https:\/\/obispadodelinares.cl\/ol\/wp-content\/uploads\/2022\/08\/WhatsApp-Image-2022-08-25-at-1.10.51-PM-10-300x200.jpeg 300w, https:\/\/obispadodelinares.cl\/ol\/wp-content\/uploads\/2022\/08\/WhatsApp-Image-2022-08-25-at-1.10.51-PM-10-1024x682.jpeg 1024w, https:\/\/obispadodelinares.cl\/ol\/wp-content\/uploads\/2022\/08\/WhatsApp-Image-2022-08-25-at-1.10.51-PM-10-768x512.jpeg 768w\" data-sizes=\"(max-width: 1280px) 100vw, 1280px\" src=\"data:image\/svg+xml;base64,PHN2ZyB3aWR0aD0iMSIgaGVpZ2h0PSIxIiB4bWxucz0iaHR0cDovL3d3dy53My5vcmcvMjAwMC9zdmciPjwvc3ZnPg==\" style=\"--smush-placeholder-width: 1280px; --smush-placeholder-aspect-ratio: 1280\/853;\" \/>\n                      <div class=\"h-image__frame h-hide-lg h-hide-md h-hide-sm style-3754-frameImage style-local-15793-c60-frameImage\"><\/div>\n                    <\/div>\n                  <\/div>\n                <\/div>\n                <div data-colibri-id=\"15793-c61\" class=\"h-global-transition-all h-heading style-3755 style-local-15793-c61 position-relative h-element\">\n                  <!---->\n                  <div class=\"h-heading__outer style-3755 style-local-15793-c61\">\n                    <!---->\n                    <!---->\n                    <a href=\"https:\/\/obispadodelinares.cl\/ol\/ix-congreso-de-doctrina-social-de-la-iglesia-de-los-cuatro-colegios-del-obispado-de-linares\/\" target=\"_blank\" h-use-smooth-scroll=\"true\" rel=\"noopener\">\n                      <h5 class=\"\">IX Congreso de Doctrina Social de la Iglesia de los cuatro Colegios del Obispado de Linares<\/h5>\n                    <\/a>\n                  <\/div>\n                <\/div>\n                <div data-colibri-id=\"15793-c62\" class=\"h-x-container style-3756 style-local-15793-c62 position-relative h-element\">\n                  <!---->\n                  <div class=\"h-x-container-inner style-dynamic-15793-c62-group style-3756-spacing style-local-15793-c62-spacing\"><span class=\"h-button__outer style-3757-outer style-local-15793-c63-outer d-inline-flex h-element\"><a h-use-smooth-scroll=\"true\" href=\"https:\/\/obispadodelinares.cl\/ol\/ix-congreso-de-doctrina-social-de-la-iglesia-de-los-cuatro-colegios-del-obispado-de-linares\/\" target=\"_blank\" data-colibri-id=\"15793-c63\" class=\"d-flex w-100 align-items-center h-button justify-content-lg-center justify-content-md-center justify-content-center style-3757 style-local-15793-c63 position-relative\" rel=\"noopener\"><!----><!----> <span>Leer M\u00e1s<\/span><\/a>\n                    <\/span>\n                  <\/div>\n                <\/div>\n              <\/div>\n            <\/div>\n          <\/div>\n          <div class=\"h-column h-column-container d-flex h-col-lg-auto h-col-md-auto h-col-auto style-3760-outer style-local-15793-c64-outer\">\n            <div data-colibri-id=\"15793-c64\" class=\"d-flex h-flex-basis h-column__inner h-px-lg-2 h-px-md-2 h-px-2 v-inner-lg-2 v-inner-md-2 v-inner-2 style-3760 style-local-15793-c64 position-relative\">\n              <!---->\n              <!---->\n              <div class=\"w-100 h-y-container h-column__content h-column__v-align flex-basis-100 align-self-lg-start align-self-md-start align-self-start\">\n                <!---->\n                <div data-colibri-id=\"15793-c65\" class=\"d-block style-3754 style-local-15793-c65 position-relative h-element\">\n                  <!---->\n                  <div class=\"h-image__frame-container-outer\">\n                    <div class=\"h-image__frame-container\">\n                      <!---->\n                      <!---->\n                      <img decoding=\"async\" width=\"1280\" height=\"1280\" data-src=\"https:\/\/obispadodelinares.cl\/ol\/wp-content\/uploads\/2022\/09\/virgen-campesina-nirivilo-2022.jpeg\" class=\"wp-image-15341 style-3754-image style-local-15793-c65-image lazyload\" alt=\"\" data-srcset=\"https:\/\/obispadodelinares.cl\/ol\/wp-content\/uploads\/2022\/09\/virgen-campesina-nirivilo-2022.jpeg 1280w, https:\/\/obispadodelinares.cl\/ol\/wp-content\/uploads\/2022\/09\/virgen-campesina-nirivilo-2022-300x300.jpeg 300w, https:\/\/obispadodelinares.cl\/ol\/wp-content\/uploads\/2022\/09\/virgen-campesina-nirivilo-2022-1024x1024.jpeg 1024w, https:\/\/obispadodelinares.cl\/ol\/wp-content\/uploads\/2022\/09\/virgen-campesina-nirivilo-2022-150x150.jpeg 150w, https:\/\/obispadodelinares.cl\/ol\/wp-content\/uploads\/2022\/09\/virgen-campesina-nirivilo-2022-768x768.jpeg 768w\" data-sizes=\"(max-width: 1280px) 100vw, 1280px\" src=\"data:image\/svg+xml;base64,PHN2ZyB3aWR0aD0iMSIgaGVpZ2h0PSIxIiB4bWxucz0iaHR0cDovL3d3dy53My5vcmcvMjAwMC9zdmciPjwvc3ZnPg==\" style=\"--smush-placeholder-width: 1280px; --smush-placeholder-aspect-ratio: 1280\/1280;\" \/>\n                      <div class=\"h-image__frame h-hide-lg h-hide-md h-hide-sm style-3754-frameImage style-local-15793-c65-frameImage\"><\/div>\n                    <\/div>\n                  <\/div>\n                <\/div>\n                <div data-colibri-id=\"15793-c66\" class=\"h-global-transition-all h-heading style-3755 style-local-15793-c66 position-relative h-element\">\n                  <!---->\n                  <div class=\"h-heading__outer style-3755 style-local-15793-c66\">\n                    <!---->\n                    <!---->\n                    <a href=\"https:\/\/obispadodelinares.cl\/ol\/la-virgen-campesina-nos-reune-y-nos-anima-a-caminar-juntos\/\" target=\"_blank\" h-use-smooth-scroll=\"true\" rel=\"noopener\">\n                      <h5 class=\"\">La Virgen Campesina nos re\u00fane y nos anima a caminar juntos<\/h5>\n                    <\/a>\n                  <\/div>\n                <\/div>\n                <div data-colibri-id=\"15793-c67\" class=\"h-x-container style-3756 style-local-15793-c67 position-relative h-element\">\n                  <!---->\n                  <div class=\"h-x-container-inner style-dynamic-15793-c67-group style-3756-spacing style-local-15793-c67-spacing\"><span class=\"h-button__outer style-3757-outer style-local-15793-c68-outer d-inline-flex h-element\"><a h-use-smooth-scroll=\"true\" href=\"https:\/\/obispadodelinares.cl\/ol\/la-virgen-campesina-nos-reune-y-nos-anima-a-caminar-juntos\/\" target=\"_blank\" data-colibri-id=\"15793-c68\" class=\"d-flex w-100 align-items-center h-button justify-content-lg-center justify-content-md-center justify-content-center style-3757 style-local-15793-c68 position-relative\" rel=\"noopener\"><!----><!----> <span>Leer M\u00e1s<\/span><\/a>\n                    <\/span>\n                  <\/div>\n                <\/div>\n              <\/div>\n            <\/div>\n          <\/div>\n        <\/div>\n      <\/div>\n      <div data-colibri-id=\"15793-c69\" class=\"h-row-container gutters-row-lg-2 gutters-row-md-2 gutters-row-0 gutters-row-v-lg-2 gutters-row-v-md-2 gutters-row-v-2 style-3747 style-local-15793-c69 position-relative\">\n        <!---->\n        <div class=\"h-row justify-content-lg-center justify-content-md-center justify-content-center align-items-lg-stretch align-items-md-stretch align-items-stretch gutters-col-lg-2 gutters-col-md-2 gutters-col-0 gutters-col-v-lg-2 gutters-col-v-md-2 gutters-col-v-2\">\n          <!---->\n          <div class=\"h-column h-column-container d-flex h-col-lg-auto h-col-md-auto h-col-auto style-3750-outer style-local-15793-c70-outer\">\n            <div data-colibri-id=\"15793-c70\" class=\"d-flex h-flex-basis h-column__inner h-px-lg-2 h-px-md-2 h-px-2 v-inner-lg-2 v-inner-md-2 v-inner-2 style-3750 style-local-15793-c70 position-relative\">\n              <!---->\n              <!---->\n              <div class=\"w-100 h-y-container h-column__content h-column__v-align flex-basis-100 align-self-lg-start align-self-md-start align-self-start\">\n                <!---->\n                <div data-colibri-id=\"15793-c71\" class=\"d-block style-3754 style-local-15793-c71 position-relative h-element\">\n                  <!---->\n                  <div class=\"h-image__frame-container-outer\">\n                    <div class=\"h-image__frame-container\">\n                      <!---->\n                      <!---->\n                      <img decoding=\"async\" width=\"768\" height=\"680\" data-src=\"https:\/\/obispadodelinares.cl\/ol\/wp-content\/uploads\/2022\/09\/IMG_5259-e1664224491968.jpg\" class=\"wp-image-15319 style-3754-image style-local-15793-c71-image lazyload\" alt=\"\" data-srcset=\"https:\/\/obispadodelinares.cl\/ol\/wp-content\/uploads\/2022\/09\/IMG_5259-e1664224491968.jpg 768w, https:\/\/obispadodelinares.cl\/ol\/wp-content\/uploads\/2022\/09\/IMG_5259-e1664224491968-300x266.jpg 300w\" data-sizes=\"(max-width: 768px) 100vw, 768px\" src=\"data:image\/svg+xml;base64,PHN2ZyB3aWR0aD0iMSIgaGVpZ2h0PSIxIiB4bWxucz0iaHR0cDovL3d3dy53My5vcmcvMjAwMC9zdmciPjwvc3ZnPg==\" style=\"--smush-placeholder-width: 768px; --smush-placeholder-aspect-ratio: 768\/680;\" \/>\n                      <div class=\"h-image__frame h-hide-lg h-hide-md h-hide-sm style-3754-frameImage style-local-15793-c71-frameImage\"><\/div>\n                    <\/div>\n                  <\/div>\n                <\/div>\n                <div data-colibri-id=\"15793-c72\" class=\"h-global-transition-all h-heading style-3755 style-local-15793-c72 position-relative h-element\">\n                  <!---->\n                  <div class=\"h-heading__outer style-3755 style-local-15793-c72\">\n                    <!---->\n                    <!---->\n                    <a href=\"https:\/\/obispadodelinares.cl\/ol\/dia-de-la-oracion-por-chile-en-linares\/\" target=\"_blank\" h-use-smooth-scroll=\"true\" rel=\"noopener\">\n                      <h5 class=\"\">D\u00eda de la Oraci\u00f3n por Chile en Linares<\/h5>\n                    <\/a>\n                  <\/div>\n                <\/div>\n                <div data-colibri-id=\"15793-c73\" class=\"h-x-container style-3756 style-local-15793-c73 position-relative h-element\">\n                  <!---->\n                  <div class=\"h-x-container-inner style-dynamic-15793-c73-group style-3756-spacing style-local-15793-c73-spacing\"><span class=\"h-button__outer style-3757-outer style-local-15793-c74-outer d-inline-flex h-element\"><a h-use-smooth-scroll=\"true\" href=\"https:\/\/obispadodelinares.cl\/ol\/dia-de-la-oracion-por-chile-en-linares\/\" target=\"_blank\" data-colibri-id=\"15793-c74\" class=\"d-flex w-100 align-items-center h-button justify-content-lg-center justify-content-md-center justify-content-center style-3757 style-local-15793-c74 position-relative\" rel=\"noopener\"><!----><!----> <span>Leer M\u00e1s<\/span><\/a>\n                    <\/span>\n                  <\/div>\n                <\/div>\n              <\/div>\n            <\/div>\n          <\/div>\n          <div class=\"h-column h-column-container d-flex h-col-lg-auto h-col-md-auto h-col-auto style-3750-outer style-local-15793-c75-outer\">\n            <div data-colibri-id=\"15793-c75\" class=\"d-flex h-flex-basis h-column__inner h-px-lg-2 h-px-md-2 h-px-2 v-inner-lg-2 v-inner-md-2 v-inner-2 style-3750 style-local-15793-c75 position-relative\">\n              <!---->\n              <!---->\n              <div class=\"w-100 h-y-container h-column__content h-column__v-align flex-basis-100 align-self-lg-start align-self-md-start align-self-start\">\n                <!---->\n                <div data-colibri-id=\"15793-c76\" class=\"d-block style-3754 style-local-15793-c76 position-relative h-element\">\n                  <!---->\n                  <div class=\"h-image__frame-container-outer\">\n                    <div class=\"h-image__frame-container\">\n                      <!---->\n                      <!---->\n                      <img decoding=\"async\" width=\"984\" height=\"720\" data-src=\"https:\/\/obispadodelinares.cl\/ol\/wp-content\/uploads\/2022\/10\/San-Francisco-de-Asis-Huerta-de-Maule.jpeg\" class=\"wp-image-15412 style-3754-image style-local-15793-c76-image lazyload\" alt=\"\" data-srcset=\"https:\/\/obispadodelinares.cl\/ol\/wp-content\/uploads\/2022\/10\/San-Francisco-de-Asis-Huerta-de-Maule.jpeg 984w, https:\/\/obispadodelinares.cl\/ol\/wp-content\/uploads\/2022\/10\/San-Francisco-de-Asis-Huerta-de-Maule-300x220.jpeg 300w, https:\/\/obispadodelinares.cl\/ol\/wp-content\/uploads\/2022\/10\/San-Francisco-de-Asis-Huerta-de-Maule-768x562.jpeg 768w\" data-sizes=\"(max-width: 984px) 100vw, 984px\" src=\"data:image\/svg+xml;base64,PHN2ZyB3aWR0aD0iMSIgaGVpZ2h0PSIxIiB4bWxucz0iaHR0cDovL3d3dy53My5vcmcvMjAwMC9zdmciPjwvc3ZnPg==\" style=\"--smush-placeholder-width: 984px; --smush-placeholder-aspect-ratio: 984\/720;\" \/>\n                      <div class=\"h-image__frame h-hide-lg h-hide-md h-hide-sm style-3754-frameImage style-local-15793-c76-frameImage\"><\/div>\n                    <\/div>\n                  <\/div>\n                <\/div>\n                <div data-colibri-id=\"15793-c77\" class=\"h-global-transition-all h-heading style-3755 style-local-15793-c77 position-relative h-element\">\n                  <!---->\n                  <div class=\"h-heading__outer style-3755 style-local-15793-c77\">\n                    <!---->\n                    <!---->\n                    <a href=\"https:\/\/obispadodelinares.cl\/ol\/san-francisco-de-asis-un-amigo-de-los-campesinos\/\" target=\"_blank\" h-use-smooth-scroll=\"true\" rel=\"noopener\">\n                      <h5 class=\"\">San Francisco de As\u00eds, un amigo de los campesinos<\/h5>\n                    <\/a>\n                  <\/div>\n                <\/div>\n                <div data-colibri-id=\"15793-c78\" class=\"h-x-container style-3756 style-local-15793-c78 position-relative h-element\">\n                  <!---->\n                  <div class=\"h-x-container-inner style-dynamic-15793-c78-group style-3756-spacing style-local-15793-c78-spacing\"><span class=\"h-button__outer style-3757-outer style-local-15793-c79-outer d-inline-flex h-element\"><a h-use-smooth-scroll=\"true\" href=\"https:\/\/obispadodelinares.cl\/ol\/san-francisco-de-asis-un-amigo-de-los-campesinos\/\" target=\"_blank\" data-colibri-id=\"15793-c79\" class=\"d-flex w-100 align-items-center h-button justify-content-lg-center justify-content-md-center justify-content-center style-3757 style-local-15793-c79 position-relative\" rel=\"noopener\"><!----><!----> <span>Leer M\u00e1s<\/span><\/a>\n                    <\/span>\n                  <\/div>\n                <\/div>\n              <\/div>\n            <\/div>\n          <\/div>\n          <div class=\"h-column h-column-container d-flex h-col-lg-auto h-col-md-auto h-col-auto style-3750-outer style-local-15793-c80-outer\">\n            <div data-colibri-id=\"15793-c80\" class=\"d-flex h-flex-basis h-column__inner h-px-lg-2 h-px-md-2 h-px-2 v-inner-lg-2 v-inner-md-2 v-inner-2 style-3750 style-local-15793-c80 position-relative\">\n              <!---->\n              <!---->\n              <div class=\"w-100 h-y-container h-column__content h-column__v-align flex-basis-100 align-self-lg-start align-self-md-start align-self-start\">\n                <!---->\n                <div data-colibri-id=\"15793-c81\" class=\"d-block style-3754 style-local-15793-c81 position-relative h-element\">\n                  <!---->\n                  <div class=\"h-image__frame-container-outer\">\n                    <div class=\"h-image__frame-container\">\n                      <!---->\n                      <!---->\n                      <img decoding=\"async\" width=\"1500\" height=\"1000\" data-src=\"https:\/\/obispadodelinares.cl\/ol\/wp-content\/uploads\/2022\/10\/IMG_5752.jpg\" class=\"wp-image-15452 style-3754-image style-local-15793-c81-image lazyload\" alt=\"\" data-srcset=\"https:\/\/obispadodelinares.cl\/ol\/wp-content\/uploads\/2022\/10\/IMG_5752.jpg 1500w, https:\/\/obispadodelinares.cl\/ol\/wp-content\/uploads\/2022\/10\/IMG_5752-300x200.jpg 300w, https:\/\/obispadodelinares.cl\/ol\/wp-content\/uploads\/2022\/10\/IMG_5752-1024x683.jpg 1024w, https:\/\/obispadodelinares.cl\/ol\/wp-content\/uploads\/2022\/10\/IMG_5752-768x512.jpg 768w\" data-sizes=\"(max-width: 1500px) 100vw, 1500px\" src=\"data:image\/svg+xml;base64,PHN2ZyB3aWR0aD0iMSIgaGVpZ2h0PSIxIiB4bWxucz0iaHR0cDovL3d3dy53My5vcmcvMjAwMC9zdmciPjwvc3ZnPg==\" style=\"--smush-placeholder-width: 1500px; --smush-placeholder-aspect-ratio: 1500\/1000;\" \/>\n                      <div class=\"h-image__frame h-hide-lg h-hide-md h-hide-sm style-3754-frameImage style-local-15793-c81-frameImage\"><\/div>\n                    <\/div>\n                  <\/div>\n                <\/div>\n                <div data-colibri-id=\"15793-c82\" class=\"h-global-transition-all h-heading style-3755 style-local-15793-c82 position-relative h-element\">\n                  <!---->\n                  <div class=\"h-heading__outer style-3755 style-local-15793-c82\">\n                    <!---->\n                    <!---->\n                    <a href=\"\/\/obispadodelinares.cl\/ol\/fiesta-de-nuestra-senora-del-rosario-en-sauzal-tradicion-esperanza-y-emocion\/\" target=\"_blank\" h-use-smooth-scroll=\"true\" rel=\"noopener\">\n                      <h5 class=\"\">Fiesta de Nuestra Se\u00f1ora del Rosario en Sauzal tradici\u00f3n, esperanza y emoci\u00f3n<\/h5>\n                    <\/a>\n                  <\/div>\n                <\/div>\n                <div data-colibri-id=\"15793-c83\" class=\"h-x-container style-3756 style-local-15793-c83 position-relative h-element\">\n                  <!---->\n                  <div class=\"h-x-container-inner style-dynamic-15793-c83-group style-3756-spacing style-local-15793-c83-spacing\"><span class=\"h-button__outer style-3757-outer style-local-15793-c84-outer d-inline-flex h-element\"><a h-use-smooth-scroll=\"true\" href=\"https:\/\/obispadodelinares.cl\/ol\/fiesta-de-nuestra-senora-del-rosario-en-sauzal-tradicion-esperanza-y-emocion\/\" target=\"_blank\" data-colibri-id=\"15793-c84\" class=\"d-flex w-100 align-items-center h-button justify-content-lg-center justify-content-md-center justify-content-center style-3757 style-local-15793-c84 position-relative\" rel=\"noopener\"><!----><!----> <span>Leer M\u00e1s<\/span><\/a>\n                    <\/span>\n                  <\/div>\n                <\/div>\n              <\/div>\n            <\/div>\n          <\/div>\n          <div class=\"h-column h-column-container d-flex h-col-lg-auto h-col-md-auto h-col-auto style-3750-outer style-local-15793-c85-outer\">\n            <div data-colibri-id=\"15793-c85\" class=\"d-flex h-flex-basis h-column__inner h-px-lg-2 h-px-md-2 h-px-2 v-inner-lg-2 v-inner-md-2 v-inner-2 style-3750 style-local-15793-c85 position-relative\">\n              <!---->\n              <!---->\n              <div class=\"w-100 h-y-container h-column__content h-column__v-align flex-basis-100 align-self-lg-start align-self-md-start align-self-start\">\n                <!---->\n                <div data-colibri-id=\"15793-c86\" class=\"d-block style-3754 style-local-15793-c86 position-relative h-element\">\n                  <!---->\n                  <div class=\"h-image__frame-container-outer\">\n                    <div class=\"h-image__frame-container\">\n                      <!---->\n                      <!---->\n                      <img decoding=\"async\" width=\"1600\" height=\"1200\" data-src=\"https:\/\/obispadodelinares.cl\/ol\/wp-content\/uploads\/2022\/10\/WhatsApp-Image-2022-10-21-at-4.00.01-PM.jpeg\" class=\"wp-image-15476 style-3754-image style-local-15793-c86-image lazyload\" alt=\"\" data-srcset=\"https:\/\/obispadodelinares.cl\/ol\/wp-content\/uploads\/2022\/10\/WhatsApp-Image-2022-10-21-at-4.00.01-PM.jpeg 1600w, https:\/\/obispadodelinares.cl\/ol\/wp-content\/uploads\/2022\/10\/WhatsApp-Image-2022-10-21-at-4.00.01-PM-300x225.jpeg 300w, https:\/\/obispadodelinares.cl\/ol\/wp-content\/uploads\/2022\/10\/WhatsApp-Image-2022-10-21-at-4.00.01-PM-1024x768.jpeg 1024w, https:\/\/obispadodelinares.cl\/ol\/wp-content\/uploads\/2022\/10\/WhatsApp-Image-2022-10-21-at-4.00.01-PM-768x576.jpeg 768w, https:\/\/obispadodelinares.cl\/ol\/wp-content\/uploads\/2022\/10\/WhatsApp-Image-2022-10-21-at-4.00.01-PM-1536x1152.jpeg 1536w\" data-sizes=\"(max-width: 1600px) 100vw, 1600px\" src=\"data:image\/svg+xml;base64,PHN2ZyB3aWR0aD0iMSIgaGVpZ2h0PSIxIiB4bWxucz0iaHR0cDovL3d3dy53My5vcmcvMjAwMC9zdmciPjwvc3ZnPg==\" style=\"--smush-placeholder-width: 1600px; --smush-placeholder-aspect-ratio: 1600\/1200;\" \/>\n                      <div class=\"h-image__frame h-hide-lg h-hide-md h-hide-sm style-3754-frameImage style-local-15793-c86-frameImage\"><\/div>\n                    <\/div>\n                  <\/div>\n                <\/div>\n                <div data-colibri-id=\"15793-c87\" class=\"h-global-transition-all h-heading style-3755 style-local-15793-c87 position-relative h-element\">\n                  <!---->\n                  <div class=\"h-heading__outer style-3755 style-local-15793-c87\">\n                    <!---->\n                    <!---->\n                    <a href=\"https:\/\/obispadodelinares.cl\/ol\/reliquias-de-santa-margarita-maria-alacoque-son-recibidas-en-la-diocesis-de-linares\/\" target=\"_blank\" h-use-smooth-scroll=\"true\" rel=\"noopener\">\n                      <h5 class=\"\">Reliquias de Santa Margarita Mar\u00eda Alacoque, son recibidas en la Di\u00f3cesis de Linares<\/h5>\n                    <\/a>\n                  <\/div>\n                <\/div>\n                <div data-colibri-id=\"15793-c88\" class=\"h-x-container style-3756 style-local-15793-c88 position-relative h-element\">\n                  <!---->\n                  <div class=\"h-x-container-inner style-dynamic-15793-c88-group style-3756-spacing style-local-15793-c88-spacing\"><span class=\"h-button__outer style-3757-outer style-local-15793-c89-outer d-inline-flex h-element\"><a h-use-smooth-scroll=\"true\" href=\"https:\/\/obispadodelinares.cl\/ol\/reliquias-de-santa-margarita-maria-alacoque-son-recibidas-en-la-diocesis-de-linares\/\" target=\"_blank\" data-colibri-id=\"15793-c89\" class=\"d-flex w-100 align-items-center h-button justify-content-lg-center justify-content-md-center justify-content-center style-3757 style-local-15793-c89 position-relative\" rel=\"noopener\"><!----><!----> <span>Leer M\u00e1s<\/span><\/a>\n                    <\/span>\n                  <\/div>\n                <\/div>\n              <\/div>\n            <\/div>\n          <\/div>\n        <\/div>\n      <\/div>\n      <div data-colibri-id=\"15793-c90\" class=\"h-row-container gutters-row-lg-2 gutters-row-md-2 gutters-row-0 gutters-row-v-lg-2 gutters-row-v-md-2 gutters-row-v-2 style-3747 style-local-15793-c90 position-relative\">\n        <!---->\n        <div class=\"h-row justify-content-lg-center justify-content-md-center justify-content-center align-items-lg-stretch align-items-md-stretch align-items-stretch gutters-col-lg-2 gutters-col-md-2 gutters-col-0 gutters-col-v-lg-2 gutters-col-v-md-2 gutters-col-v-2\">\n          <!---->\n          <div class=\"h-column h-column-container d-flex h-col-lg-auto h-col-md-auto h-col-auto style-3750-outer style-local-15793-c91-outer\">\n            <div data-colibri-id=\"15793-c91\" class=\"d-flex h-flex-basis h-column__inner h-px-lg-2 h-px-md-2 h-px-2 v-inner-lg-2 v-inner-md-2 v-inner-2 style-3750 style-local-15793-c91 position-relative\">\n              <!---->\n              <!---->\n              <div class=\"w-100 h-y-container h-column__content h-column__v-align flex-basis-100 align-self-lg-start align-self-md-start align-self-start\">\n                <!---->\n                <div data-colibri-id=\"15793-c92\" class=\"d-block style-3754 style-local-15793-c92 position-relative h-element\">\n                  <!---->\n                  <div class=\"h-image__frame-container-outer\">\n                    <div class=\"h-image__frame-container\">\n                      <!---->\n                      <!---->\n                      <img decoding=\"async\" width=\"1024\" height=\"683\" data-src=\"https:\/\/obispadodelinares.cl\/ol\/wp-content\/uploads\/2022\/10\/IMG_7421.jpg\" class=\"wp-image-15485 style-3754-image style-local-15793-c92-image lazyload\" alt=\"\" data-srcset=\"https:\/\/obispadodelinares.cl\/ol\/wp-content\/uploads\/2022\/10\/IMG_7421.jpg 1024w, https:\/\/obispadodelinares.cl\/ol\/wp-content\/uploads\/2022\/10\/IMG_7421-300x200.jpg 300w, https:\/\/obispadodelinares.cl\/ol\/wp-content\/uploads\/2022\/10\/IMG_7421-768x512.jpg 768w\" data-sizes=\"(max-width: 1024px) 100vw, 1024px\" src=\"data:image\/svg+xml;base64,PHN2ZyB3aWR0aD0iMSIgaGVpZ2h0PSIxIiB4bWxucz0iaHR0cDovL3d3dy53My5vcmcvMjAwMC9zdmciPjwvc3ZnPg==\" style=\"--smush-placeholder-width: 1024px; --smush-placeholder-aspect-ratio: 1024\/683;\" \/>\n                      <div class=\"h-image__frame h-hide-lg h-hide-md h-hide-sm style-3754-frameImage style-local-15793-c92-frameImage\"><\/div>\n                    <\/div>\n                  <\/div>\n                <\/div>\n                <div data-colibri-id=\"15793-c93\" class=\"h-global-transition-all h-heading style-3755 style-local-15793-c93 position-relative h-element\">\n                  <!---->\n                  <div class=\"h-heading__outer style-3755 style-local-15793-c93\">\n                    <!---->\n                    <!---->\n                    <a href=\"https:\/\/obispadodelinares.cl\/ol\/al-espiritu-santo-y-a-nosotros-nos-ha-parecido-bien-3\/\" target=\"_blank\" h-use-smooth-scroll=\"true\" rel=\"noopener\">\n                      <h5 class=\"\">Asamblea Sinodal 2022. Al Esp\u00edritu Santo y a nosotros nos ha parecido bien<\/h5>\n                    <\/a>\n                  <\/div>\n                <\/div>\n                <div data-colibri-id=\"15793-c94\" class=\"h-x-container style-3756 style-local-15793-c94 position-relative h-element\">\n                  <!---->\n                  <div class=\"h-x-container-inner style-dynamic-15793-c94-group style-3756-spacing style-local-15793-c94-spacing\"><span class=\"h-button__outer style-3757-outer style-local-15793-c95-outer d-inline-flex h-element\"><a h-use-smooth-scroll=\"true\" href=\"https:\/\/obispadodelinares.cl\/ol\/al-espiritu-santo-y-a-nosotros-nos-ha-parecido-bien-3\/\" target=\"_blank\" data-colibri-id=\"15793-c95\" class=\"d-flex w-100 align-items-center h-button justify-content-lg-center justify-content-md-center justify-content-center style-3757 style-local-15793-c95 position-relative\" rel=\"noopener\"><!----><!----> <span>Leer M\u00e1s<\/span><\/a>\n                    <\/span>\n                  <\/div>\n                <\/div>\n              <\/div>\n            <\/div>\n          <\/div>\n          <div class=\"h-column h-column-container d-flex h-col-lg-auto h-col-md-auto h-col-auto style-3750-outer style-local-15793-c96-outer\">\n            <div data-colibri-id=\"15793-c96\" class=\"d-flex h-flex-basis h-column__inner h-px-lg-2 h-px-md-2 h-px-2 v-inner-lg-2 v-inner-md-2 v-inner-2 style-3750 style-local-15793-c96 position-relative\">\n              <!---->\n              <!---->\n              <div class=\"w-100 h-y-container h-column__content h-column__v-align flex-basis-100 align-self-lg-start align-self-md-start align-self-start\">\n                <!---->\n                <div data-colibri-id=\"15793-c97\" class=\"d-block style-3754 style-local-15793-c97 position-relative h-element\">\n                  <!---->\n                  <div class=\"h-image__frame-container-outer\">\n                    <div class=\"h-image__frame-container\">\n                      <!---->\n                      <!---->\n                      <img decoding=\"async\" width=\"1600\" height=\"1066\" data-src=\"https:\/\/obispadodelinares.cl\/ol\/wp-content\/uploads\/2022\/10\/sello-40-horas-4.jpeg\" class=\"wp-image-15514 style-3754-image style-local-15793-c97-image lazyload\" alt=\"\" data-srcset=\"https:\/\/obispadodelinares.cl\/ol\/wp-content\/uploads\/2022\/10\/sello-40-horas-4.jpeg 1600w, https:\/\/obispadodelinares.cl\/ol\/wp-content\/uploads\/2022\/10\/sello-40-horas-4-300x200.jpeg 300w, https:\/\/obispadodelinares.cl\/ol\/wp-content\/uploads\/2022\/10\/sello-40-horas-4-1024x682.jpeg 1024w, https:\/\/obispadodelinares.cl\/ol\/wp-content\/uploads\/2022\/10\/sello-40-horas-4-768x512.jpeg 768w, https:\/\/obispadodelinares.cl\/ol\/wp-content\/uploads\/2022\/10\/sello-40-horas-4-1536x1023.jpeg 1536w\" data-sizes=\"(max-width: 1600px) 100vw, 1600px\" src=\"data:image\/svg+xml;base64,PHN2ZyB3aWR0aD0iMSIgaGVpZ2h0PSIxIiB4bWxucz0iaHR0cDovL3d3dy53My5vcmcvMjAwMC9zdmciPjwvc3ZnPg==\" style=\"--smush-placeholder-width: 1600px; --smush-placeholder-aspect-ratio: 1600\/1066;\" \/>\n                      <div class=\"h-image__frame h-hide-lg h-hide-md h-hide-sm style-3754-frameImage style-local-15793-c97-frameImage\"><\/div>\n                    <\/div>\n                  <\/div>\n                <\/div>\n                <div data-colibri-id=\"15793-c98\" class=\"h-global-transition-all h-heading style-3755 style-local-15793-c98 position-relative h-element\">\n                  <!---->\n                  <div class=\"h-heading__outer style-3755 style-local-15793-c98\">\n                    <!---->\n                    <!---->\n                    <a href=\"https:\/\/obispadodelinares.cl\/ol\/certificacion-sello-40-horas-un-compromiso-con-el-desarrollo-del-buen-vivir\/\" target=\"_blank\" h-use-smooth-scroll=\"true\" rel=\"noopener\">\n                      <h5 class=\"\">Certificaci\u00f3n Sello 40 horas: Un compromiso con el desarrollo del buen vivir<\/h5>\n                    <\/a>\n                  <\/div>\n                <\/div>\n                <div data-colibri-id=\"15793-c99\" class=\"h-x-container style-3756 style-local-15793-c99 position-relative h-element\">\n                  <!---->\n                  <div class=\"h-x-container-inner style-dynamic-15793-c99-group style-3756-spacing style-local-15793-c99-spacing\"><span class=\"h-button__outer style-3757-outer style-local-15793-c100-outer d-inline-flex h-element\"><a h-use-smooth-scroll=\"true\" href=\"https:\/\/obispadodelinares.cl\/ol\/certificacion-sello-40-horas-un-compromiso-con-el-desarrollo-del-buen-vivir\/\" target=\"_blank\" data-colibri-id=\"15793-c100\" class=\"d-flex w-100 align-items-center h-button justify-content-lg-center justify-content-md-center justify-content-center style-3757 style-local-15793-c100 position-relative\" rel=\"noopener\"><!----><!----> <span>Leer M\u00e1s<\/span><\/a>\n                    <\/span>\n                  <\/div>\n                <\/div>\n              <\/div>\n            <\/div>\n          <\/div>\n          <div class=\"h-column h-column-container d-flex h-col-lg-auto h-col-md-auto h-col-auto style-3750-outer style-local-15793-c101-outer\">\n            <div data-colibri-id=\"15793-c101\" class=\"d-flex h-flex-basis h-column__inner h-px-lg-2 h-px-md-2 h-px-2 v-inner-lg-2 v-inner-md-2 v-inner-2 style-3750 style-local-15793-c101 position-relative\">\n              <!---->\n              <!---->\n              <div class=\"w-100 h-y-container h-column__content h-column__v-align flex-basis-100 align-self-lg-start align-self-md-start align-self-start\">\n                <!---->\n                <div data-colibri-id=\"15793-c102\" class=\"d-block style-3754 style-local-15793-c102 position-relative h-element\">\n                  <!---->\n                  <div class=\"h-image__frame-container-outer\">\n                    <div class=\"h-image__frame-container\">\n                      <!---->\n                      <!---->\n                      <img decoding=\"async\" width=\"1199\" height=\"1199\" data-src=\"https:\/\/obispadodelinares.cl\/ol\/wp-content\/uploads\/2022\/11\/cropped-Capilla-Sagrada-Familia1.jpeg\" class=\"wp-image-15808 style-3754-image style-local-15793-c102-image lazyload\" alt=\"\" data-srcset=\"https:\/\/obispadodelinares.cl\/ol\/wp-content\/uploads\/2022\/11\/cropped-Capilla-Sagrada-Familia1.jpeg 1199w, https:\/\/obispadodelinares.cl\/ol\/wp-content\/uploads\/2022\/11\/cropped-Capilla-Sagrada-Familia1-300x300.jpeg 300w, https:\/\/obispadodelinares.cl\/ol\/wp-content\/uploads\/2022\/11\/cropped-Capilla-Sagrada-Familia1-1024x1024.jpeg 1024w, https:\/\/obispadodelinares.cl\/ol\/wp-content\/uploads\/2022\/11\/cropped-Capilla-Sagrada-Familia1-150x150.jpeg 150w, https:\/\/obispadodelinares.cl\/ol\/wp-content\/uploads\/2022\/11\/cropped-Capilla-Sagrada-Familia1-768x768.jpeg 768w\" data-sizes=\"(max-width: 1199px) 100vw, 1199px\" src=\"data:image\/svg+xml;base64,PHN2ZyB3aWR0aD0iMSIgaGVpZ2h0PSIxIiB4bWxucz0iaHR0cDovL3d3dy53My5vcmcvMjAwMC9zdmciPjwvc3ZnPg==\" style=\"--smush-placeholder-width: 1199px; --smush-placeholder-aspect-ratio: 1199\/1199;\" \/>\n                      <div class=\"h-image__frame h-hide-lg h-hide-md h-hide-sm style-3754-frameImage style-local-15793-c102-frameImage\"><\/div>\n                    <\/div>\n                  <\/div>\n                <\/div>\n                <div data-colibri-id=\"15793-c103\" class=\"h-global-transition-all h-heading style-3755 style-local-15793-c103 position-relative h-element\">\n                  <!---->\n                  <div class=\"h-heading__outer style-3755 style-local-15793-c103\">\n                    <!---->\n                    <!---->\n                    <a href=\"https:\/\/obispadodelinares.cl\/ol\/cien-anos-de-historia-crecimiento-y-maduracion-en-comunidad\/\" target=\"_blank\" h-use-smooth-scroll=\"true\" rel=\"noopener\">\n                      <h5 class=\"\">Cien a\u00f1os de historia, crecimiento y maduraci\u00f3n en comunidad<\/h5>\n                    <\/a>\n                  <\/div>\n                <\/div>\n                <div data-colibri-id=\"15793-c104\" class=\"h-x-container style-3756 style-local-15793-c104 position-relative h-element\">\n                  <!---->\n                  <div class=\"h-x-container-inner style-dynamic-15793-c104-group style-3756-spacing style-local-15793-c104-spacing\"><span class=\"h-button__outer style-3757-outer style-local-15793-c105-outer d-inline-flex h-element\"><a h-use-smooth-scroll=\"true\" href=\"https:\/\/obispadodelinares.cl\/ol\/cien-anos-de-historia-crecimiento-y-maduracion-en-comunidad\/\" target=\"_blank\" data-colibri-id=\"15793-c105\" class=\"d-flex w-100 align-items-center h-button justify-content-lg-center justify-content-md-center justify-content-center style-3757 style-local-15793-c105 position-relative\" rel=\"noopener\"><!----><!----> <span>Leer M\u00e1s<\/span><\/a>\n                    <\/span>\n                  <\/div>\n                <\/div>\n              <\/div>\n            <\/div>\n          <\/div>\n          <div class=\"h-column h-column-container d-flex h-col-lg-auto h-col-md-auto h-col-auto style-3750-outer style-local-15793-c106-outer\">\n            <div data-colibri-id=\"15793-c106\" class=\"d-flex h-flex-basis h-column__inner h-px-lg-2 h-px-md-2 h-px-2 v-inner-lg-2 v-inner-md-2 v-inner-2 style-3750 style-local-15793-c106 position-relative\">\n              <!---->\n              <!---->\n              <div class=\"w-100 h-y-container h-column__content h-column__v-align flex-basis-100 align-self-lg-start align-self-md-start align-self-start\">\n                <!---->\n                <div data-colibri-id=\"15793-c107\" class=\"d-block style-3754 style-local-15793-c107 position-relative h-element\">\n                  <!---->\n                  <div class=\"h-image__frame-container-outer\">\n                    <div class=\"h-image__frame-container\">\n                      <!---->\n                      <!---->\n                      <img decoding=\"async\" width=\"1024\" height=\"683\" data-src=\"https:\/\/obispadodelinares.cl\/ol\/wp-content\/uploads\/2022\/11\/IMG_7850.png\" class=\"wp-image-15627 style-3754-image style-local-15793-c107-image lazyload\" alt=\"\" data-srcset=\"https:\/\/obispadodelinares.cl\/ol\/wp-content\/uploads\/2022\/11\/IMG_7850.png 1024w, https:\/\/obispadodelinares.cl\/ol\/wp-content\/uploads\/2022\/11\/IMG_7850-300x200.png 300w, https:\/\/obispadodelinares.cl\/ol\/wp-content\/uploads\/2022\/11\/IMG_7850-768x512.png 768w\" data-sizes=\"(max-width: 1024px) 100vw, 1024px\" src=\"data:image\/svg+xml;base64,PHN2ZyB3aWR0aD0iMSIgaGVpZ2h0PSIxIiB4bWxucz0iaHR0cDovL3d3dy53My5vcmcvMjAwMC9zdmciPjwvc3ZnPg==\" style=\"--smush-placeholder-width: 1024px; --smush-placeholder-aspect-ratio: 1024\/683;\" \/>\n                      <div class=\"h-image__frame h-hide-lg h-hide-md h-hide-sm style-3754-frameImage style-local-15793-c107-frameImage\"><\/div>\n                    <\/div>\n                  <\/div>\n                <\/div>\n                <div data-colibri-id=\"15793-c108\" class=\"h-global-transition-all h-heading style-3755 style-local-15793-c108 position-relative h-element\">\n                  <!---->\n                  <div class=\"h-heading__outer style-3755 style-local-15793-c108\">\n                    <!---->\n                    <!---->\n                    <a href=\"https:\/\/obispadodelinares.cl\/ol\/encuentro-diocesano-de-infancia-misionera-seran-mis-testigos\/\" target=\"_blank\" h-use-smooth-scroll=\"true\" rel=\"noopener\">\n                      <h5 class=\"\">Encuentro Diocesano de Infancia Misionera \u201cSer\u00e1n mis Testigos\u201d<\/h5>\n                    <\/a>\n                  <\/div>\n                <\/div>\n                <div data-colibri-id=\"15793-c109\" class=\"h-x-container style-3756 style-local-15793-c109 position-relative h-element\">\n                  <!---->\n                  <div class=\"h-x-container-inner style-dynamic-15793-c109-group style-3756-spacing style-local-15793-c109-spacing\"><span class=\"h-button__outer style-3757-outer style-local-15793-c110-outer d-inline-flex h-element\"><a h-use-smooth-scroll=\"true\" href=\"https:\/\/obispadodelinares.cl\/ol\/encuentro-diocesano-de-infancia-misionera-seran-mis-testigos\/\" target=\"_blank\" data-colibri-id=\"15793-c110\" class=\"d-flex w-100 align-items-center h-button justify-content-lg-center justify-content-md-center justify-content-center style-3757 style-local-15793-c110 position-relative\" rel=\"noopener\"><!----><!----> <span>Leer M\u00e1s<\/span><\/a>\n                    <\/span>\n                  <\/div>\n                <\/div>\n              <\/div>\n            <\/div>\n          <\/div>\n          <div class=\"h-column h-column-container d-flex h-col-lg-auto h-col-md-auto h-col-auto style-3750-outer style-local-15793-c111-outer\">\n            <div data-colibri-id=\"15793-c111\" class=\"d-flex h-flex-basis h-column__inner h-ui-empty-state-container h-px-lg-2 h-px-md-2 h-px-2 v-inner-lg-2 v-inner-md-2 v-inner-2 style-3750 style-local-15793-c111 position-relative\">\n              <!---->\n              <!---->\n              <div class=\"w-100 h-y-container h-column__content h-column__v-align flex-basis-100\">\n                <!---->\n              <\/div>\n            <\/div>\n          <\/div>\n          <div class=\"h-column h-column-container d-flex h-col-lg-auto h-col-md-auto h-col-auto style-3750-outer style-local-15793-c112-outer\">\n            <div data-colibri-id=\"15793-c112\" class=\"d-flex h-flex-basis h-column__inner h-ui-empty-state-container h-px-lg-2 h-px-md-2 h-px-2 v-inner-lg-2 v-inner-md-2 v-inner-2 style-3750 style-local-15793-c112 position-relative\">\n              <!---->\n              <!---->\n              <div class=\"w-100 h-y-container h-column__content h-column__v-align flex-basis-100\">\n                <!---->\n              <\/div>\n            <\/div>\n          <\/div>\n          <div class=\"h-column h-column-container d-flex h-col-lg-auto h-col-md-auto h-col-auto style-3750-outer style-local-15793-c113-outer\">\n            <div data-colibri-id=\"15793-c113\" class=\"d-flex h-flex-basis h-column__inner h-ui-empty-state-container h-px-lg-2 h-px-md-2 h-px-2 v-inner-lg-2 v-inner-md-2 v-inner-2 style-3750 style-local-15793-c113 position-relative\">\n              <!---->\n              <!---->\n              <div class=\"w-100 h-y-container h-column__content h-column__v-align flex-basis-100\">\n                <!---->\n              <\/div>\n            <\/div>\n          <\/div>\n        <\/div>\n      <\/div>\n      <div data-colibri-id=\"15793-c114\" class=\"h-row-container gutters-row-lg-2 gutters-row-md-2 gutters-row-0 gutters-row-v-lg-2 gutters-row-v-md-2 gutters-row-v-2 style-3747 style-local-15793-c114 position-relative\">\n        <!---->\n        <div class=\"h-row justify-content-lg-center justify-content-md-center justify-content-center align-items-lg-stretch align-items-md-stretch align-items-stretch gutters-col-lg-2 gutters-col-md-2 gutters-col-0 gutters-col-v-lg-2 gutters-col-v-md-2 gutters-col-v-2\">\n          <!---->\n          <div class=\"h-column h-column-container d-flex h-col-lg-auto h-col-md-auto h-col-auto style-3750-outer style-local-15793-c115-outer\">\n            <div data-colibri-id=\"15793-c115\" class=\"d-flex h-flex-basis h-column__inner h-px-lg-2 h-px-md-2 h-px-2 v-inner-lg-2 v-inner-md-2 v-inner-2 style-3750 style-local-15793-c115 position-relative\">\n              <!---->\n              <!---->\n              <div class=\"w-100 h-y-container h-column__content h-column__v-align flex-basis-100 align-self-lg-start align-self-md-start align-self-start\">\n                <!---->\n                <div data-colibri-id=\"15793-c116\" class=\"d-block style-3754 style-local-15793-c116 position-relative h-element\">\n                  <!---->\n                  <div class=\"h-image__frame-container-outer\">\n                    <div class=\"h-image__frame-container\">\n                      <!---->\n                      <!---->\n                      <img decoding=\"async\" width=\"1024\" height=\"683\" data-src=\"https:\/\/obispadodelinares.cl\/ol\/wp-content\/uploads\/2022\/11\/IMG_7947.png\" class=\"wp-image-15649 style-3754-image style-local-15793-c116-image lazyload\" alt=\"\" data-srcset=\"https:\/\/obispadodelinares.cl\/ol\/wp-content\/uploads\/2022\/11\/IMG_7947.png 1024w, https:\/\/obispadodelinares.cl\/ol\/wp-content\/uploads\/2022\/11\/IMG_7947-300x200.png 300w, https:\/\/obispadodelinares.cl\/ol\/wp-content\/uploads\/2022\/11\/IMG_7947-768x512.png 768w\" data-sizes=\"(max-width: 1024px) 100vw, 1024px\" src=\"data:image\/svg+xml;base64,PHN2ZyB3aWR0aD0iMSIgaGVpZ2h0PSIxIiB4bWxucz0iaHR0cDovL3d3dy53My5vcmcvMjAwMC9zdmciPjwvc3ZnPg==\" style=\"--smush-placeholder-width: 1024px; --smush-placeholder-aspect-ratio: 1024\/683;\" \/>\n                      <div class=\"h-image__frame h-hide-lg h-hide-md h-hide-sm style-3754-frameImage style-local-15793-c116-frameImage\"><\/div>\n                    <\/div>\n                  <\/div>\n                <\/div>\n                <div data-colibri-id=\"15793-c117\" class=\"h-global-transition-all h-heading style-3755 style-local-15793-c117 position-relative h-element\">\n                  <!---->\n                  <div class=\"h-heading__outer style-3755 style-local-15793-c117\">\n                    <!---->\n                    <!---->\n                    <a href=\"https:\/\/obispadodelinares.cl\/ol\/a-jesus-por-maria-hagan-lo-el-les-diga\/\" target=\"_blank\" h-use-smooth-scroll=\"true\" rel=\"noopener\">\n                      <h5 class=\"\">A Jes\u00fas por Mar\u00eda: \u201cHagan lo \u00c9l les diga\u201d. Eucarist\u00eda inicio Mes de Mar\u00eda<\/h5>\n                    <\/a>\n                  <\/div>\n                <\/div>\n                <div data-colibri-id=\"15793-c118\" class=\"h-x-container style-3756 style-local-15793-c118 position-relative h-element\">\n                  <!---->\n                  <div class=\"h-x-container-inner style-dynamic-15793-c118-group style-3756-spacing style-local-15793-c118-spacing\"><span class=\"h-button__outer style-3757-outer style-local-15793-c119-outer d-inline-flex h-element\"><a h-use-smooth-scroll=\"true\" href=\"https:\/\/obispadodelinares.cl\/ol\/a-jesus-por-maria-hagan-lo-el-les-diga\/\" target=\"_blank\" data-colibri-id=\"15793-c119\" class=\"d-flex w-100 align-items-center h-button justify-content-lg-center justify-content-md-center justify-content-center style-3757 style-local-15793-c119 position-relative\" rel=\"noopener\"><!----><!----> <span>Leer M\u00e1s<\/span><\/a>\n                    <\/span>\n                  <\/div>\n                <\/div>\n              <\/div>\n            <\/div>\n          <\/div>\n          <div class=\"h-column h-column-container d-flex h-col-lg-auto h-col-md-auto h-col-auto style-3750-outer style-local-15793-c120-outer\">\n            <div data-colibri-id=\"15793-c120\" class=\"d-flex h-flex-basis h-column__inner h-px-lg-2 h-px-md-2 h-px-2 v-inner-lg-2 v-inner-md-2 v-inner-2 style-3750 style-local-15793-c120 position-relative\">\n              <!---->\n              <!---->\n              <div class=\"w-100 h-y-container h-column__content h-column__v-align flex-basis-100 align-self-lg-start align-self-md-start align-self-start\">\n                <!---->\n                <div data-colibri-id=\"15793-c121\" class=\"d-block style-3754 style-local-15793-c121 position-relative h-element\">\n                  <!---->\n                  <div class=\"h-image__frame-container-outer\">\n                    <div class=\"h-image__frame-container\">\n                      <!---->\n                      <!---->\n                      <img decoding=\"async\" width=\"1280\" height=\"960\" data-src=\"https:\/\/obispadodelinares.cl\/ol\/wp-content\/uploads\/2022\/11\/WhatsApp-Image-2022-11-26-at-10.07.01.jpeg\" class=\"wp-image-15689 style-3754-image style-local-15793-c121-image lazyload\" alt=\"\" data-srcset=\"https:\/\/obispadodelinares.cl\/ol\/wp-content\/uploads\/2022\/11\/WhatsApp-Image-2022-11-26-at-10.07.01.jpeg 1280w, https:\/\/obispadodelinares.cl\/ol\/wp-content\/uploads\/2022\/11\/WhatsApp-Image-2022-11-26-at-10.07.01-300x225.jpeg 300w, https:\/\/obispadodelinares.cl\/ol\/wp-content\/uploads\/2022\/11\/WhatsApp-Image-2022-11-26-at-10.07.01-1024x768.jpeg 1024w, https:\/\/obispadodelinares.cl\/ol\/wp-content\/uploads\/2022\/11\/WhatsApp-Image-2022-11-26-at-10.07.01-768x576.jpeg 768w\" data-sizes=\"(max-width: 1280px) 100vw, 1280px\" src=\"data:image\/svg+xml;base64,PHN2ZyB3aWR0aD0iMSIgaGVpZ2h0PSIxIiB4bWxucz0iaHR0cDovL3d3dy53My5vcmcvMjAwMC9zdmciPjwvc3ZnPg==\" style=\"--smush-placeholder-width: 1280px; --smush-placeholder-aspect-ratio: 1280\/960;\" \/>\n                      <div class=\"h-image__frame h-hide-lg h-hide-md h-hide-sm style-3754-frameImage style-local-15793-c121-frameImage\"><\/div>\n                    <\/div>\n                  <\/div>\n                <\/div>\n                <div data-colibri-id=\"15793-c122\" class=\"h-global-transition-all h-heading style-3755 style-local-15793-c122 position-relative h-element\">\n                  <!---->\n                  <div class=\"h-heading__outer style-3755 style-local-15793-c122\">\n                    <!---->\n                    <!---->\n                    <a href=\"https:\/\/obispadodelinares.cl\/ol\/peregrinacion-mariana-26-de-noviembre-en-parral-madre-ven-con-nosotros-a-caminar\/\" target=\"_blank\" h-use-smooth-scroll=\"true\" rel=\"noopener\">\n                      <h5 class=\"\">Peregrinaci\u00f3n Mariana, 26 de noviembre, en Parral Madre, \u201cVen con nosotros a caminar\u201d<\/h5>\n                    <\/a>\n                  <\/div>\n                <\/div>\n                <div data-colibri-id=\"15793-c123\" class=\"h-x-container style-3756 style-local-15793-c123 position-relative h-element\">\n                  <!---->\n                  <div class=\"h-x-container-inner style-dynamic-15793-c123-group style-3756-spacing style-local-15793-c123-spacing\"><span class=\"h-button__outer style-3757-outer style-local-15793-c124-outer d-inline-flex h-element\"><a h-use-smooth-scroll=\"true\" href=\"https:\/\/obispadodelinares.cl\/ol\/peregrinacion-mariana-26-de-noviembre-en-parral-madre-ven-con-nosotros-a-caminar\/\" target=\"_blank\" data-colibri-id=\"15793-c124\" class=\"d-flex w-100 align-items-center h-button justify-content-lg-center justify-content-md-center justify-content-center style-3757 style-local-15793-c124 position-relative\" rel=\"noopener\"><!----><!----> <span>Leer M\u00e1s<\/span><\/a>\n                    <\/span>\n                  <\/div>\n                <\/div>\n              <\/div>\n            <\/div>\n          <\/div>\n          <div class=\"h-column h-column-container d-flex h-col-lg-auto h-col-md-auto h-col-auto style-3750-outer style-local-15793-c125-outer\">\n            <div data-colibri-id=\"15793-c125\" class=\"d-flex h-flex-basis h-column__inner h-px-lg-2 h-px-md-2 h-px-2 v-inner-lg-2 v-inner-md-2 v-inner-2 style-3750 style-local-15793-c125 position-relative\">\n              <!---->\n              <!---->\n              <div class=\"w-100 h-y-container h-column__content h-column__v-align flex-basis-100 align-self-lg-start align-self-md-start align-self-start\">\n                <!---->\n                <div data-colibri-id=\"15793-c126\" class=\"d-block style-3754 style-local-15793-c126 position-relative h-element\">\n                  <!---->\n                  <div class=\"h-image__frame-container-outer\">\n                    <div class=\"h-image__frame-container\">\n                      <!---->\n                      <!---->\n                      <img decoding=\"async\" width=\"1024\" height=\"461\" data-src=\"https:\/\/obispadodelinares.cl\/ol\/wp-content\/uploads\/2022\/12\/composicion-2.png\" class=\"wp-image-15707 style-3754-image style-local-15793-c126-image lazyload\" alt=\"\" data-srcset=\"https:\/\/obispadodelinares.cl\/ol\/wp-content\/uploads\/2022\/12\/composicion-2.png 1024w, https:\/\/obispadodelinares.cl\/ol\/wp-content\/uploads\/2022\/12\/composicion-2-300x135.png 300w, https:\/\/obispadodelinares.cl\/ol\/wp-content\/uploads\/2022\/12\/composicion-2-768x346.png 768w\" data-sizes=\"(max-width: 1024px) 100vw, 1024px\" src=\"data:image\/svg+xml;base64,PHN2ZyB3aWR0aD0iMSIgaGVpZ2h0PSIxIiB4bWxucz0iaHR0cDovL3d3dy53My5vcmcvMjAwMC9zdmciPjwvc3ZnPg==\" style=\"--smush-placeholder-width: 1024px; --smush-placeholder-aspect-ratio: 1024\/461;\" \/>\n                      <div class=\"h-image__frame h-hide-lg h-hide-md h-hide-sm style-3754-frameImage style-local-15793-c126-frameImage\"><\/div>\n                    <\/div>\n                  <\/div>\n                <\/div>\n                <div data-colibri-id=\"15793-c127\" class=\"h-global-transition-all h-heading style-3755 style-local-15793-c127 position-relative h-element\">\n                  <!---->\n                  <div class=\"h-heading__outer style-3755 style-local-15793-c127\">\n                    <!---->\n                    <!---->\n                    <a href=\"https:\/\/obispadodelinares.cl\/ol\/dia-internacional-de-personas-con-discapacidad\/\" target=\"_blank\" h-use-smooth-scroll=\"true\" rel=\"noopener\">\n                      <h5 class=\"\">D\u00eda Internacional de personas con Discapacidad<\/h5>\n                    <\/a>\n                  <\/div>\n                <\/div>\n                <div data-colibri-id=\"15793-c128\" class=\"h-x-container style-3756 style-local-15793-c128 position-relative h-element\">\n                  <!---->\n                  <div class=\"h-x-container-inner style-dynamic-15793-c128-group style-3756-spacing style-local-15793-c128-spacing\"><span class=\"h-button__outer style-3757-outer style-local-15793-c129-outer d-inline-flex h-element\"><a h-use-smooth-scroll=\"true\" href=\"https:\/\/obispadodelinares.cl\/ol\/dia-internacional-de-personas-con-discapacidad\/\" target=\"_blank\" data-colibri-id=\"15793-c129\" class=\"d-flex w-100 align-items-center h-button justify-content-lg-center justify-content-md-center justify-content-center style-3757 style-local-15793-c129 position-relative\" rel=\"noopener\"><!----><!----> <span>Leer M\u00e1s<\/span><\/a>\n                    <\/span>\n                  <\/div>\n                <\/div>\n              <\/div>\n            <\/div>\n          <\/div>\n          <div class=\"h-column h-column-container d-flex h-col-lg-auto h-col-md-auto h-col-auto style-3750-outer style-local-15793-c130-outer\">\n            <div data-colibri-id=\"15793-c130\" class=\"d-flex h-flex-basis h-column__inner h-px-lg-2 h-px-md-2 h-px-2 v-inner-lg-2 v-inner-md-2 v-inner-2 style-3750 style-local-15793-c130 position-relative\">\n              <!---->\n              <!---->\n              <div class=\"w-100 h-y-container h-column__content h-column__v-align flex-basis-100 align-self-lg-start align-self-md-start align-self-start\">\n                <!---->\n                <div data-colibri-id=\"15793-c131\" class=\"d-block style-3754 style-local-15793-c131 position-relative h-element\">\n                  <!---->\n                  <div class=\"h-image__frame-container-outer\">\n                    <div class=\"h-image__frame-container\">\n                      <!---->\n                      <!---->\n                      <img decoding=\"async\" width=\"1280\" height=\"720\" data-src=\"https:\/\/obispadodelinares.cl\/ol\/wp-content\/uploads\/2023\/01\/el-culmen.png\" class=\"wp-image-15824 style-3754-image style-local-15793-c131-image lazyload\" alt=\"\" data-srcset=\"https:\/\/obispadodelinares.cl\/ol\/wp-content\/uploads\/2023\/01\/el-culmen.png 1280w, https:\/\/obispadodelinares.cl\/ol\/wp-content\/uploads\/2023\/01\/el-culmen-300x169.png 300w, https:\/\/obispadodelinares.cl\/ol\/wp-content\/uploads\/2023\/01\/el-culmen-1024x576.png 1024w, https:\/\/obispadodelinares.cl\/ol\/wp-content\/uploads\/2023\/01\/el-culmen-768x432.png 768w\" data-sizes=\"(max-width: 1280px) 100vw, 1280px\" src=\"data:image\/svg+xml;base64,PHN2ZyB3aWR0aD0iMSIgaGVpZ2h0PSIxIiB4bWxucz0iaHR0cDovL3d3dy53My5vcmcvMjAwMC9zdmciPjwvc3ZnPg==\" style=\"--smush-placeholder-width: 1280px; --smush-placeholder-aspect-ratio: 1280\/720;\" \/>\n                      <div class=\"h-image__frame h-hide-lg h-hide-md h-hide-sm style-3754-frameImage style-local-15793-c131-frameImage\"><\/div>\n                    <\/div>\n                  <\/div>\n                <\/div>\n                <div data-colibri-id=\"15793-c132\" class=\"h-global-transition-all h-heading style-3755 style-local-15793-c132 position-relative h-element\">\n                  <!---->\n                  <div class=\"h-heading__outer style-3755 style-local-15793-c132\">\n                    <!---->\n                    <!---->\n                    <a href=\"https:\/\/youtu.be\/Z-ZHNDgAM8s\" target=\"_blank\" h-use-smooth-scroll=\"true\" rel=\"noopener\">\n                      <h5 class=\"\">Conociendo la historia de nuestras comunidades Cap. 1 \u00abEl Culmen\u00bb<\/h5>\n                    <\/a>\n                  <\/div>\n                <\/div>\n                <div data-colibri-id=\"15793-c133\" class=\"h-x-container style-3756 style-local-15793-c133 position-relative h-element\">\n                  <!---->\n                  <div class=\"h-x-container-inner style-dynamic-15793-c133-group style-3756-spacing style-local-15793-c133-spacing\"><span class=\"h-button__outer style-3757-outer style-local-15793-c134-outer d-inline-flex h-element\"><a h-use-smooth-scroll=\"true\" href=\"https:\/\/youtu.be\/Z-ZHNDgAM8s\" target=\"_blank\" data-colibri-id=\"15793-c134\" class=\"d-flex w-100 align-items-center h-button justify-content-lg-center justify-content-md-center justify-content-center style-3757 style-local-15793-c134 position-relative\" rel=\"noopener\"><!----><!----> <span>Ver Video<\/span><\/a>\n                    <\/span>\n                  <\/div>\n                <\/div>\n              <\/div>\n            <\/div>\n          <\/div>\n        <\/div>\n      <\/div>\n    <\/div>\n  <\/div>\n<\/div>","protected":false},"excerpt":{"rendered":"<p>Compartimos en este especial un resumen del acontecer noticioso en el que se manifiesta la acci\u00f3n de Dios en el caminar de nuestras comunidades en la Di\u00f3cesis de San Ambrosio de Linares. Estudiante del Liceo Bicentenario San Jos\u00e9 de San Javier, logra Puntaje Nacional en Matem\u00e1ticas Leer M\u00e1s Encuentro EDAP 2022,&nbsp;Al Esp\u00edritu Santo y a [&hellip;]<\/p>\n","protected":false},"author":1,"featured_media":0,"parent":0,"menu_order":0,"comment_status":"closed","ping_status":"closed","template":"page-templates\/full-width-page.php","meta":{"h5ap_radio_sources":[],"footnotes":""},"class_list":["post-15793","page","type-page","status-publish","hentry"],"_links":{"self":[{"href":"https:\/\/obispadodelinares.cl\/ol\/index.php?rest_route=\/wp\/v2\/pages\/15793","targetHints":{"allow":["GET"]}}],"collection":[{"href":"https:\/\/obispadodelinares.cl\/ol\/index.php?rest_route=\/wp\/v2\/pages"}],"about":[{"href":"https:\/\/obispadodelinares.cl\/ol\/index.php?rest_route=\/wp\/v2\/types\/page"}],"author":[{"embeddable":true,"href":"https:\/\/obispadodelinares.cl\/ol\/index.php?rest_route=\/wp\/v2\/users\/1"}],"replies":[{"embeddable":true,"href":"https:\/\/obispadodelinares.cl\/ol\/index.php?rest_route=%2Fwp%2Fv2%2Fcomments&post=15793"}],"version-history":[{"count":13,"href":"https:\/\/obispadodelinares.cl\/ol\/index.php?rest_route=\/wp\/v2\/pages\/15793\/revisions"}],"predecessor-version":[{"id":15884,"href":"https:\/\/obispadodelinares.cl\/ol\/index.php?rest_route=\/wp\/v2\/pages\/15793\/revisions\/15884"}],"wp:attachment":[{"href":"https:\/\/obispadodelinares.cl\/ol\/index.php?rest_route=%2Fwp%2Fv2%2Fmedia&parent=15793"}],"curies":[{"name":"wp","href":"https:\/\/api.w.org\/{rel}","templated":true}]}}