{"id":11895,"date":"2020-11-30T17:10:37","date_gmt":"2020-11-30T17:10:37","guid":{"rendered":"http:\/\/obispadodelinares.cl\/ol\/?page_id=11895"},"modified":"2022-03-16T18:43:49","modified_gmt":"2022-03-16T18:43:49","slug":"catequesis-2","status":"publish","type":"page","link":"https:\/\/obispadodelinares.cl\/ol\/?page_id=11895","title":{"rendered":"Catequesis"},"content":{"rendered":"<div data-colibri-id=\"11895-c1\" class=\"style-2905 style-local-11895-c1 position-relative\">\n  <!---->\n  <div data-colibri-component=\"section\" data-colibri-id=\"11895-c2\" id=\"about\" class=\"h-section h-section-global-spacing d-flex align-items-lg-center align-items-md-center align-items-center style-2906 style-local-11895-c2 position-relative\">\n    <!---->\n    <!---->\n    <div class=\"h-section-grid-container h-section-boxed-container\">\n      <!---->\n      <div data-colibri-id=\"11895-c3\" class=\"h-row-container gutters-row-lg-0 gutters-row-md-0 gutters-row-0 gutters-row-v-lg-0 gutters-row-v-md-0 gutters-row-v-0 style-2907 style-local-11895-c3 position-relative\">\n        <!---->\n        <div class=\"h-row justify-content-lg-center justify-content-md-center justify-content-center align-items-lg-stretch align-items-md-stretch align-items-stretch gutters-col-lg-0 gutters-col-md-0 gutters-col-0 gutters-col-v-lg-0 gutters-col-v-md-0 gutters-col-v-0\">\n          <!---->\n          <div class=\"h-column h-column-container d-flex h-col-lg-auto h-col-md-auto h-col-auto style-2908-outer style-local-11895-c4-outer\">\n            <div data-colibri-id=\"11895-c4\" class=\"d-flex h-flex-basis h-column__inner h-ui-empty-state-container h-px-lg-0 h-px-md-0 h-px-0 v-inner-lg-0 v-inner-md-0 v-inner-0 style-2908 style-local-11895-c4 position-relative\">\n              <!---->\n              <!---->\n              <div class=\"w-100 h-y-container h-column__content h-column__v-align flex-basis-100\">\n                <!---->\n              <\/div>\n            <\/div>\n          <\/div>\n          <div class=\"h-column h-column-container d-flex h-col-lg-auto h-col-md-auto h-col-auto style-2909-outer style-local-11895-c5-outer\">\n            <div data-colibri-id=\"11895-c5\" class=\"d-flex h-flex-basis h-column__inner h-px-lg-2 h-px-md-2 h-px-2 v-inner-lg-2 v-inner-md-2 v-inner-2 style-2909 style-local-11895-c5 position-relative\">\n              <!---->\n              <!---->\n              <div class=\"w-100 h-y-container h-column__content h-column__v-align flex-basis-100 align-self-lg-start align-self-md-start align-self-start\">\n                <!---->\n                <div data-colibri-id=\"11895-c6\" class=\"h-global-transition-all h-heading style-2911 style-local-11895-c6 position-relative h-element\">\n                  <!---->\n                  <div class=\"h-heading__outer style-2911 style-local-11895-c6\">\n                    <!---->\n                    <!---->\n                    <h2 class=\"\">Secretaria&nbsp;<em style=\"font-family: &quot;Playfair Display&quot;;\">Ejecutiva<\/em> <\/h2>\n                  <\/div>\n                <\/div>\n                <div data-colibri-id=\"11895-c7\" class=\"h-global-transition-all h-heading style-2913 style-local-11895-c7 position-relative h-element\">\n                  <!---->\n                  <div class=\"h-heading__outer style-2913 style-local-11895-c7\">\n                    <!---->\n                    <!---->\n                    <h3 class=\"\">Alicia Quiroz Troncoso<\/h3>\n                  <\/div>\n                <\/div>\n                <div data-colibri-id=\"11895-c8\" class=\"h-global-transition-all h-heading style-2914 style-local-11895-c8 position-relative h-element\">\n                  <!---->\n                  <div class=\"h-heading__outer style-2914 style-local-11895-c8\">\n                    <!---->\n                    <!---->\n                    <h3 class=\"\">Fono: 73 \u2013 2 627217\n                      <br>Direcci\u00f3n: Independencia 248 Casilla 107 Linares.\n                      <br>E-Mail: catequesis@obispadodelinares.cl <\/h3>\n                  <\/div>\n                <\/div>\n              <\/div>\n            <\/div>\n          <\/div>\n        <\/div>\n      <\/div>\n    <\/div>\n  <\/div>\n  <div data-colibri-component=\"section\" data-colibri-id=\"11895-c9\" id=\"custom\" class=\"h-section h-section-global-spacing d-flex align-items-lg-center align-items-md-center align-items-center style-2920 style-local-11895-c9 position-relative\">\n    <!---->\n    <!---->\n    <div class=\"h-section-grid-container h-section-boxed-container\">\n      <!---->\n      <div data-colibri-id=\"11895-c10\" class=\"h-row-container gutters-row-lg-2 gutters-row-md-2 gutters-row-0 gutters-row-v-lg-2 gutters-row-v-md-2 gutters-row-v-2 style-2921 style-local-11895-c10 position-relative\">\n        <!---->\n        <div class=\"h-row justify-content-lg-center justify-content-md-center justify-content-center align-items-lg-stretch align-items-md-stretch align-items-stretch gutters-col-lg-2 gutters-col-md-2 gutters-col-0 gutters-col-v-lg-2 gutters-col-v-md-2 gutters-col-v-2\">\n          <!---->\n          <div class=\"h-column h-column-container d-flex h-col-lg-auto h-col-md-auto h-col-auto style-2922-outer style-local-11895-c11-outer\">\n            <div data-colibri-id=\"11895-c11\" class=\"d-flex h-flex-basis h-column__inner h-px-lg-2 h-px-md-2 h-px-2 v-inner-lg-2 v-inner-md-2 v-inner-2 style-2922 style-local-11895-c11 position-relative\">\n              <!---->\n              <!---->\n              <div class=\"w-100 h-y-container h-column__content h-column__v-align flex-basis-100 align-self-lg-start align-self-md-start align-self-start\">\n                <!---->\n                <div data-colibri-id=\"11895-c12\" class=\"h-row-container gutters-row-lg-2 gutters-row-md-2 gutters-row-0 gutters-row-v-lg-2 gutters-row-v-md-2 gutters-row-v-2 style-2923 style-local-11895-c12 position-relative\">\n                  <!---->\n                  <div class=\"h-row justify-content-lg-center justify-content-md-center justify-content-center align-items-lg-stretch align-items-md-stretch align-items-stretch gutters-col-lg-2 gutters-col-md-2 gutters-col-0 gutters-col-v-lg-2 gutters-col-v-md-2 gutters-col-v-2\">\n                    <!---->\n                    <div class=\"h-column h-column-container d-flex h-col-lg-auto h-col-md-auto h-col-auto style-2924-outer style-local-11895-c13-outer\">\n                      <div data-colibri-id=\"11895-c13\" class=\"d-flex h-flex-basis h-column__inner h-px-lg-2 h-px-md-2 h-px-2 v-inner-lg-2 v-inner-md-2 v-inner-2 style-2924 style-local-11895-c13 position-relative\">\n                        <!---->\n                        <!---->\n                        <div class=\"w-100 h-y-container h-column__content h-column__v-align flex-basis-100 align-self-lg-start align-self-md-start align-self-start\">\n                          <!---->\n                          <div data-colibri-id=\"11895-c14\" class=\"h-global-transition-all h-heading style-2926 style-local-11895-c14 position-relative h-element\">\n                            <!---->\n                            <div class=\"h-heading__outer style-2926 style-local-11895-c14\">\n                              <!---->\n                              <!---->\n                              <h1 class=\"\">Nuevo Directorio para la Catequesis<\/h1>\n                            <\/div>\n                          <\/div>\n                          <div data-colibri-id=\"11895-c15\" class=\"h-x-container style-2928 style-local-11895-c15 position-relative h-element\">\n                            <!---->\n                            <div class=\"h-x-container-inner style-dynamic-11895-c15-group style-2928-spacing style-local-11895-c15-spacing\"><span class=\"h-button__outer style-2929-outer style-local-11895-c16-outer d-inline-flex h-element\"><a h-use-smooth-scroll=\"true\" href=\"https:\/\/obispadodelinares.cl\/informes\/directorio%20de%20catequesis%20nuevo.pdf\"  data-colibri-id=\"11895-c16\" class=\"d-flex w-100 align-items-center h-button justify-content-lg-center justify-content-md-center justify-content-center style-2929 style-local-11895-c16 position-relative\"><!----><!----> <span>DEscargar aqu\u00ed<\/span><\/a>\n                              <\/span>\n                            <\/div>\n                          <\/div>\n                          <div data-colibri-id=\"11895-c17\" class=\"d-block style-2932 style-local-11895-c17 position-relative h-element\">\n                            <!---->\n                            <div class=\"h-image__frame-container-outer\">\n                              <a href=\"https:\/\/obispadodelinares.cl\/informes\/directorio%20de%20catequesis%20nuevo.pdf\" h-use-smooth-scroll=\"true\" class=\"image-link\">\n                                <div class=\"h-image__frame-container\">\n                                  <!---->\n                                  <!---->\n                                  <img fetchpriority=\"high\" decoding=\"async\" width=\"563\" height=\"563\" src=\"https:\/\/obispadodelinares.cl\/ol\/wp-content\/uploads\/2020\/11\/cropped-directorio-de-la-catequesis.jpg\" class=\"wp-image-11908 style-2932-image style-local-11895-c17-image\" alt=\"\" srcset=\"https:\/\/obispadodelinares.cl\/ol\/wp-content\/uploads\/2020\/11\/cropped-directorio-de-la-catequesis.jpg 563w, https:\/\/obispadodelinares.cl\/ol\/wp-content\/uploads\/2020\/11\/cropped-directorio-de-la-catequesis-300x300.jpg 300w, https:\/\/obispadodelinares.cl\/ol\/wp-content\/uploads\/2020\/11\/cropped-directorio-de-la-catequesis-150x150.jpg 150w\" sizes=\"(max-width: 563px) 100vw, 563px\" \/>\n                                  <div class=\"h-image__frame h-hide-lg h-hide-md h-hide-sm style-2932-frameImage style-local-11895-c17-frameImage\"><\/div>\n                                <\/div>\n                              <\/a>\n                            <\/div>\n                          <\/div>\n                        <\/div>\n                      <\/div>\n                    <\/div>\n                    <div class=\"h-column h-column-container d-flex h-col-lg-auto h-col-md-auto h-col-auto style-2925-outer style-local-11895-c18-outer\">\n                      <div data-colibri-id=\"11895-c18\" class=\"d-flex h-flex-basis h-column__inner h-px-lg-2 h-px-md-2 h-px-2 v-inner-lg-2 v-inner-md-2 v-inner-2 style-2925 style-local-11895-c18 position-relative\">\n                        <!---->\n                        <!---->\n                        <div class=\"w-100 h-y-container h-column__content h-column__v-align flex-basis-100 align-self-lg-start align-self-md-start align-self-start\">\n                          <!---->\n                          <div data-colibri-id=\"11895-c41\" class=\"h-global-transition-all h-heading style-2927 style-local-11895-c41 position-relative h-element\">\n                            <!---->\n                            <div class=\"h-heading__outer style-2927 style-local-11895-c41\">\n                              <!---->\n                              <!---->\n                              <h1 class=\"\">Claves para leer el directorio 2020&nbsp;<\/h1>\n                            <\/div>\n                          <\/div>\n                          <div data-colibri-id=\"11895-c20\" class=\"h-x-container style-2930 style-local-11895-c20 position-relative h-element\">\n                            <!---->\n                            <div class=\"h-x-container-inner style-dynamic-11895-c20-group style-2930-spacing style-local-11895-c20-spacing\"><span class=\"h-button__outer style-2931-outer style-local-11895-c21-outer d-inline-flex h-element\"><a h-use-smooth-scroll=\"true\" href=\"https:\/\/obispadodelinares.cl\/informes\/claves%20para%20el%20nuevo%20directorio%20de%20catequesis.pdf\"  data-colibri-id=\"11895-c21\" class=\"d-flex w-100 align-items-center h-button justify-content-lg-center justify-content-md-center justify-content-center style-2931 style-local-11895-c21 position-relative\"><!----><!----> <span>descargar aqu\u00ed<\/span><\/a>\n                              <\/span>\n                            <\/div>\n                          <\/div>\n                          <div data-colibri-id=\"11895-c42\" class=\"d-block style-2933 style-local-11895-c42 position-relative h-element\">\n                            <!---->\n                            <div class=\"h-image__frame-container-outer\">\n                              <a href=\"https:\/\/obispadodelinares.cl\/informes\/claves%20para%20el%20nuevo%20directorio%20de%20catequesis.pdf\" h-use-smooth-scroll=\"true\" class=\"image-link\">\n                                <div class=\"h-image__frame-container\">\n                                  <!---->\n                                  <!---->\n                                  <img decoding=\"async\" width=\"948\" height=\"768\" data-src=\"https:\/\/obispadodelinares.cl\/ol\/wp-content\/uploads\/2020\/11\/cropped-directorio.jpg\" class=\"wp-image-11917 style-2933-image style-local-11895-c42-image lazyload\" alt=\"\" data-srcset=\"https:\/\/obispadodelinares.cl\/ol\/wp-content\/uploads\/2020\/11\/cropped-directorio.jpg 948w, https:\/\/obispadodelinares.cl\/ol\/wp-content\/uploads\/2020\/11\/cropped-directorio-300x243.jpg 300w, https:\/\/obispadodelinares.cl\/ol\/wp-content\/uploads\/2020\/11\/cropped-directorio-768x622.jpg 768w\" data-sizes=\"(max-width: 948px) 100vw, 948px\" src=\"data:image\/svg+xml;base64,PHN2ZyB3aWR0aD0iMSIgaGVpZ2h0PSIxIiB4bWxucz0iaHR0cDovL3d3dy53My5vcmcvMjAwMC9zdmciPjwvc3ZnPg==\" style=\"--smush-placeholder-width: 948px; --smush-placeholder-aspect-ratio: 948\/768;\" \/>\n                                  <div class=\"h-image__frame h-hide-lg h-hide-md h-hide-sm style-2933-frameImage style-local-11895-c42-frameImage\"><\/div>\n                                <\/div>\n                              <\/a>\n                            <\/div>\n                          <\/div>\n                        <\/div>\n                      <\/div>\n                    <\/div>\n                    <div class=\"h-column h-column-container d-flex h-col-lg-auto h-col-md-auto h-col-auto style-3539-outer style-local-11895-c40-outer\">\n                      <div data-colibri-id=\"11895-c40\" class=\"d-flex h-flex-basis h-column__inner h-px-lg-2 h-px-md-2 h-px-2 v-inner-lg-2 v-inner-md-2 v-inner-2 style-3539 style-local-11895-c40 position-relative\">\n                        <!---->\n                        <!---->\n                        <div class=\"w-100 h-y-container h-column__content h-column__v-align flex-basis-100 align-self-lg-start align-self-md-start align-self-start\">\n                          <!---->\n                          <div data-colibri-id=\"11895-c19\" class=\"h-global-transition-all h-heading style-2927 style-local-11895-c19 position-relative h-element\">\n                            <!---->\n                            <div class=\"h-heading__outer style-2927 style-local-11895-c19\">\n                              <!---->\n                              <!---->\n                              <h1 class=\"\">Catequesis para ni\u00f1os en situaci\u00f3n de discapacidad&nbsp;<\/h1>\n                            <\/div>\n                          <\/div>\n                          <div data-colibri-id=\"11895-c43\" class=\"h-x-container style-3540 style-local-11895-c43 position-relative h-element\">\n                            <!---->\n                            <div class=\"h-x-container-inner style-dynamic-11895-c43-group style-3540-spacing style-local-11895-c43-spacing\"><span class=\"h-button__outer style-3541-outer style-local-11895-c44-outer d-inline-flex h-element\"><a h-use-smooth-scroll=\"true\" href=\"https:\/\/obispadodelinares.cl\/ol\/wp-content\/uploads\/2022\/03\/Catequesis_.pdf\" target=\"_blank\" data-colibri-id=\"11895-c44\" class=\"d-flex w-100 align-items-center h-button justify-content-lg-center justify-content-md-center justify-content-center style-3541 style-local-11895-c44 position-relative\" rel=\"noopener\"><!----><!----> <span>Descargar Aqu\u00ed<\/span><\/a>\n                              <\/span>\n                            <\/div>\n                          <\/div>\n                          <div data-colibri-id=\"11895-c22\" class=\"d-block style-2933 style-local-11895-c22 position-relative h-element\">\n                            <!---->\n                            <div class=\"h-image__frame-container-outer\">\n                              <a href=\"https:\/\/obispadodelinares.cl\/ol\/wp-content\/uploads\/2022\/03\/Catequesis_.pdf\" target=\"_blank\" h-use-smooth-scroll=\"true\" class=\"image-link\" rel=\"noopener\">\n                                <div class=\"h-image__frame-container\">\n                                  <!---->\n                                  <!---->\n                                  <img decoding=\"async\" width=\"967\" height=\"611\" data-src=\"https:\/\/obispadodelinares.cl\/ol\/wp-content\/uploads\/2022\/03\/catequesis_discapacidad.png\" class=\"wp-image-14322 style-2933-image style-local-11895-c22-image lazyload\" alt=\"\" data-srcset=\"https:\/\/obispadodelinares.cl\/ol\/wp-content\/uploads\/2022\/03\/catequesis_discapacidad.png 967w, https:\/\/obispadodelinares.cl\/ol\/wp-content\/uploads\/2022\/03\/catequesis_discapacidad-300x190.png 300w, https:\/\/obispadodelinares.cl\/ol\/wp-content\/uploads\/2022\/03\/catequesis_discapacidad-768x485.png 768w\" data-sizes=\"(max-width: 967px) 100vw, 967px\" src=\"data:image\/svg+xml;base64,PHN2ZyB3aWR0aD0iMSIgaGVpZ2h0PSIxIiB4bWxucz0iaHR0cDovL3d3dy53My5vcmcvMjAwMC9zdmciPjwvc3ZnPg==\" style=\"--smush-placeholder-width: 967px; --smush-placeholder-aspect-ratio: 967\/611;\" \/>\n                                  <div class=\"h-image__frame h-hide-lg h-hide-md h-hide-sm style-2933-frameImage style-local-11895-c22-frameImage\"><\/div>\n                                <\/div>\n                              <\/a>\n                            <\/div>\n                          <\/div>\n                        <\/div>\n                      <\/div>\n                    <\/div>\n                  <\/div>\n                <\/div>\n              <\/div>\n            <\/div>\n          <\/div>\n        <\/div>\n      <\/div>\n    <\/div>\n  <\/div>\n  <div data-colibri-component=\"section\" data-colibri-id=\"11895-c23\" id=\"blank\" class=\"h-section h-section-global-spacing d-flex align-items-lg-center align-items-md-center align-items-center style-3068 style-local-11895-c23 position-relative\">\n    <!---->\n    <!---->\n    <div class=\"h-section-grid-container h-section-boxed-container\">\n      <!---->\n      <div data-colibri-id=\"11895-c24\" class=\"h-row-container gutters-row-lg-2 gutters-row-md-2 gutters-row-0 gutters-row-v-lg-2 gutters-row-v-md-2 gutters-row-v-2 style-3076 style-local-11895-c24 position-relative\">\n        <!---->\n        <div class=\"h-row justify-content-lg-center justify-content-md-center justify-content-center align-items-lg-stretch align-items-md-stretch align-items-stretch gutters-col-lg-2 gutters-col-md-2 gutters-col-0 gutters-col-v-lg-2 gutters-col-v-md-2 gutters-col-v-2\">\n          <!---->\n          <div class=\"h-column h-column-container d-flex h-col-lg-auto h-col-md-auto h-col-auto style-3077-outer style-local-11895-c25-outer\">\n            <div data-colibri-id=\"11895-c25\" class=\"d-flex h-flex-basis h-column__inner h-px-lg-2 h-px-md-2 h-px-2 v-inner-lg-2 v-inner-md-2 v-inner-2 style-3077 style-local-11895-c25 position-relative\">\n              <!---->\n              <!---->\n              <div class=\"w-100 h-y-container h-column__content h-column__v-align flex-basis-100 align-self-lg-start align-self-md-start align-self-start\">\n                <!---->\n                <div data-colibri-id=\"11895-c26\" class=\"h-global-transition-all h-heading style-3078 style-local-11895-c26 position-relative h-element\">\n                  <!---->\n                  <div class=\"h-heading__outer style-3078 style-local-11895-c26\">\n                    <!---->\n                    <!---->\n                    <h4 class=\"\">Capacitaciones On line, rev\u00edselas aqu\u00ed<\/h4>\n                  <\/div>\n                <\/div>\n              <\/div>\n            <\/div>\n          <\/div>\n        <\/div>\n      <\/div>\n      <div data-colibri-id=\"11895-c27\" class=\"h-row-container gutters-row-lg-2 gutters-row-md-2 gutters-row-0 gutters-row-v-lg-2 gutters-row-v-md-2 gutters-row-v-2 style-3069 style-local-11895-c27 position-relative\">\n        <!---->\n        <div class=\"h-row justify-content-lg-center justify-content-md-center justify-content-center align-items-lg-stretch align-items-md-stretch align-items-stretch gutters-col-lg-2 gutters-col-md-2 gutters-col-0 gutters-col-v-lg-2 gutters-col-v-md-2 gutters-col-v-2\">\n          <!---->\n          <div class=\"h-column h-column-container d-flex h-col-lg-auto h-col-md-auto h-col-auto style-3070-outer style-local-11895-c28-outer\">\n            <div data-colibri-id=\"11895-c28\" class=\"d-flex h-flex-basis h-column__inner h-px-lg-2 h-px-md-2 h-px-2 v-inner-lg-2 v-inner-md-2 v-inner-2 style-3070 style-local-11895-c28 position-relative\">\n              <!---->\n              <!---->\n              <div class=\"w-100 h-y-container h-column__content h-column__v-align flex-basis-100 align-self-lg-start align-self-md-start align-self-start\">\n                <!---->\n                <div data-colibri-id=\"11895-c29\" class=\"h-global-transition-all h-heading style-3083 style-local-11895-c29 position-relative h-element\">\n                  <!---->\n                  <div class=\"h-heading__outer style-3083 style-local-11895-c29\">\n                    <!---->\n                    <!---->\n                    <h6 class=\"\">24 abril 2021<\/h6>\n                  <\/div>\n                <\/div>\n                <div data-colibri-component=\"video\" data-colibri-id=\"11895-c30\" class=\"d-block h-video d-block h-video style-3079 style-local-11895-c30 position-relative h-element\">\n                  <!---->\n                  <!---->\n                  <div class=\"video-container position-relative\">\n                    <div class=\"h-global-transition-all ratio-inner\"><iframe src=https:\/\/www.youtube.com\/embed\/zS2zAtYP0Iw?autoplay=0&#038;mute=0&#038;modestbranding=0&#038;rel=0&#038;enablejsapi=1&#038; class='h-video-main'  allowfullscreen><\/iframe><\/div>\n                  <\/div>\n                <\/div>\n              <\/div>\n            <\/div>\n          <\/div>\n          <div class=\"h-column h-column-container d-flex h-col-lg-auto h-col-md-auto h-col-auto style-3071-outer style-local-11895-c32-outer\">\n            <div data-colibri-id=\"11895-c32\" class=\"d-flex h-flex-basis h-column__inner h-px-lg-2 h-px-md-2 h-px-2 v-inner-lg-2 v-inner-md-2 v-inner-2 style-3071 style-local-11895-c32 position-relative\">\n              <!---->\n              <!---->\n              <div class=\"w-100 h-y-container h-column__content h-column__v-align flex-basis-100 align-self-lg-start align-self-md-start align-self-start\">\n                <!---->\n                <div data-colibri-id=\"11895-c33\" class=\"h-global-transition-all h-heading style-3084 style-local-11895-c33 position-relative h-element\">\n                  <!---->\n                  <div class=\"h-heading__outer style-3084 style-local-11895-c33\">\n                    <!---->\n                    <!---->\n                    <h6 class=\"\">22 mayo 2021<\/h6>\n                  <\/div>\n                <\/div>\n                <div data-colibri-component=\"video\" data-colibri-id=\"11895-c34\" class=\"d-block h-video d-block h-video style-3081 style-local-11895-c34 position-relative h-element\">\n                  <!---->\n                  <!---->\n                  <div class=\"video-container position-relative\">\n                    <div class=\"h-global-transition-all ratio-inner\"><iframe src=https:\/\/www.youtube.com\/embed\/rJ649z8MuQ0?autoplay=0&#038;mute=0&#038;modestbranding=0&#038;rel=0&#038;enablejsapi=1&#038; class='h-video-main'  allowfullscreen><\/iframe><\/div>\n                  <\/div>\n                <\/div>\n              <\/div>\n            <\/div>\n          <\/div>\n        <\/div>\n      <\/div>\n    <\/div>\n  <\/div>\n  <div data-colibri-component=\"section\" data-colibri-id=\"11895-c52\" id=\"custom-2\" class=\"h-section h-section-global-spacing d-flex align-items-lg-center align-items-md-center align-items-center style-3549 style-local-11895-c52 position-relative\">\n    <!---->\n    <!---->\n    <div class=\"h-section-grid-container h-section-boxed-container\">\n      <!---->\n      <div data-colibri-id=\"11895-c56\" class=\"h-row-container gutters-row-lg-2 gutters-row-md-2 gutters-row-0 gutters-row-v-lg-2 gutters-row-v-md-2 gutters-row-v-2 style-3553 style-local-11895-c56 position-relative\">\n        <!---->\n        <div class=\"h-row justify-content-lg-center justify-content-md-center justify-content-center align-items-lg-stretch align-items-md-stretch align-items-stretch gutters-col-lg-2 gutters-col-md-2 gutters-col-0 gutters-col-v-lg-2 gutters-col-v-md-2 gutters-col-v-2\">\n          <!---->\n          <div class=\"h-column h-column-container d-flex h-col-lg-auto h-col-md-auto h-col-auto style-3554-outer style-local-11895-c57-outer\">\n            <div data-colibri-id=\"11895-c57\" class=\"d-flex h-flex-basis h-column__inner h-px-lg-2 h-px-md-2 h-px-2 v-inner-lg-2 v-inner-md-2 v-inner-2 style-3554 style-local-11895-c57 position-relative\">\n              <!---->\n              <!---->\n              <div class=\"w-100 h-y-container h-column__content h-column__v-align flex-basis-100 align-self-lg-start align-self-md-start align-self-start\">\n                <!---->\n                <div data-colibri-id=\"11895-c58\" class=\"h-global-transition-all h-heading style-3555 style-local-11895-c58 position-relative h-element\">\n                  <!---->\n                  <div class=\"h-heading__outer style-3555 style-local-11895-c58\">\n                    <!---->\n                    <!---->\n                    <h4 class=\"\">Jornada enero 22 <\/h4>\n                  <\/div>\n                <\/div>\n              <\/div>\n            <\/div>\n          <\/div>\n        <\/div>\n      <\/div>\n      <div data-colibri-id=\"11895-c53\" class=\"h-row-container gutters-row-lg-2 gutters-row-md-2 gutters-row-0 gutters-row-v-lg-2 gutters-row-v-md-2 gutters-row-v-2 style-3550 style-local-11895-c53 position-relative\">\n        <!---->\n        <div class=\"h-row justify-content-lg-center justify-content-md-center justify-content-center align-items-lg-stretch align-items-md-stretch align-items-stretch gutters-col-lg-2 gutters-col-md-2 gutters-col-0 gutters-col-v-lg-2 gutters-col-v-md-2 gutters-col-v-2\">\n          <!---->\n          <div class=\"h-column h-column-container d-flex h-col-lg-auto h-col-md-auto h-col-auto style-3551-outer style-local-11895-c54-outer\">\n            <div data-colibri-id=\"11895-c54\" class=\"d-flex h-flex-basis h-column__inner h-px-lg-2 h-px-md-2 h-px-2 v-inner-lg-2 v-inner-md-2 v-inner-2 style-3551 style-local-11895-c54 position-relative\">\n              <!---->\n              <!---->\n              <div class=\"w-100 h-y-container h-column__content h-column__v-align flex-basis-100 align-self-lg-start align-self-md-start align-self-start\">\n                <!---->\n                <div data-colibri-component=\"masonry\" data-colibri-id=\"11895-c55\" class=\"h-photo-gallery margin-none caption-overImage full-width caption-vertical-align-center photo-gallery--with-hover-effect photo-gallery--with-hover-effect--fade-in style-3552 style-local-11895-c55 position-relative h-element\">\n                  <!---->\n                  <div class=\"h-global-transition-all caption-wrapper-full\"><div id='colibri-11895-c55' class='gallery-wrapper'>    <style type=\"text\/css\">\n\n        @media (min-width: 1023px) {        #colibri-11895-c55        dl {\n            float: left;\n            width: 50% !important;\n            max-width: 50% !important;\n            min-width: 50% !important;\n        }\n\n        #colibri-11895-c55        dl:nth-of-type(2n +1 ) {\n            clear: both;\n        }\n\n        }@media (min-width: 768px) and (max-width: 1023px) {        #colibri-11895-c55        dl {\n            float: left;\n            width: 50% !important;\n            max-width: 50% !important;\n            min-width: 50% !important;\n        }\n\n        #colibri-11895-c55        dl:nth-of-type(2n +1 ) {\n            clear: both;\n        }\n\n        }@media (max-width: 767px) {        #colibri-11895-c55        dl {\n            float: left;\n            width: 50% !important;\n            max-width: 50% !important;\n            min-width: 50% !important;\n        }\n\n        #colibri-11895-c55        dl:nth-of-type(2n +1 ) {\n            clear: both;\n        }\n\n        }\n        #colibri-11895-c55        .gallery-item {\n            position: relative;\n        }\n\n        \n    <\/style>\n    <div   class='colibri-11895-c55-dls-wrapper gallery-items-wrapper' ><dl class='gallery-item masonry-item'>\n\t\t\t<dt class='gallery-icon landscape'>\n\t\t\t\t<a href='https:\/\/obispadodelinares.cl\/ol\/wp-content\/uploads\/2022\/03\/jornada-enero-2022-1.jpeg'><img decoding=\"async\"  width=\"300\" height=\"169\" data-src=\"https:\/\/obispadodelinares.cl\/ol\/wp-content\/uploads\/2022\/03\/jornada-enero-2022-1-300x169.jpeg\"  class='colibri-11895-c55-image lazyload' alt=\"\" data-srcset=\"https:\/\/obispadodelinares.cl\/ol\/wp-content\/uploads\/2022\/03\/jornada-enero-2022-1-300x169.jpeg 300w, https:\/\/obispadodelinares.cl\/ol\/wp-content\/uploads\/2022\/03\/jornada-enero-2022-1-1024x577.jpeg 1024w, https:\/\/obispadodelinares.cl\/ol\/wp-content\/uploads\/2022\/03\/jornada-enero-2022-1-768x432.jpeg 768w, https:\/\/obispadodelinares.cl\/ol\/wp-content\/uploads\/2022\/03\/jornada-enero-2022-1-1536x865.jpeg 1536w, https:\/\/obispadodelinares.cl\/ol\/wp-content\/uploads\/2022\/03\/jornada-enero-2022-1.jpeg 1600w\" data-sizes=\"(max-width: 300px) 100vw, 300px\" src=\"data:image\/svg+xml;base64,PHN2ZyB3aWR0aD0iMSIgaGVpZ2h0PSIxIiB4bWxucz0iaHR0cDovL3d3dy53My5vcmcvMjAwMC9zdmciPjwvc3ZnPg==\" style=\"--smush-placeholder-width: 300px; --smush-placeholder-aspect-ratio: 300\/169;\" \/><\/a>\n\t\t\t<\/dt><\/dl><dl class='gallery-item masonry-item'>\n\t\t\t<dt class='gallery-icon landscape'>\n\t\t\t\t<a href='https:\/\/obispadodelinares.cl\/ol\/wp-content\/uploads\/2022\/03\/jornada-enero-2022_1-1.jpg'><img decoding=\"async\"  width=\"300\" height=\"169\" data-src=\"https:\/\/obispadodelinares.cl\/ol\/wp-content\/uploads\/2022\/03\/jornada-enero-2022_1-1-300x169.jpg\"  class='colibri-11895-c55-image lazyload' alt=\"\" data-srcset=\"https:\/\/obispadodelinares.cl\/ol\/wp-content\/uploads\/2022\/03\/jornada-enero-2022_1-1-300x169.jpg 300w, https:\/\/obispadodelinares.cl\/ol\/wp-content\/uploads\/2022\/03\/jornada-enero-2022_1-1-1024x577.jpg 1024w, https:\/\/obispadodelinares.cl\/ol\/wp-content\/uploads\/2022\/03\/jornada-enero-2022_1-1-768x432.jpg 768w, https:\/\/obispadodelinares.cl\/ol\/wp-content\/uploads\/2022\/03\/jornada-enero-2022_1-1-1536x865.jpg 1536w, https:\/\/obispadodelinares.cl\/ol\/wp-content\/uploads\/2022\/03\/jornada-enero-2022_1-1.jpg 1600w\" data-sizes=\"(max-width: 300px) 100vw, 300px\" src=\"data:image\/svg+xml;base64,PHN2ZyB3aWR0aD0iMSIgaGVpZ2h0PSIxIiB4bWxucz0iaHR0cDovL3d3dy53My5vcmcvMjAwMC9zdmciPjwvc3ZnPg==\" style=\"--smush-placeholder-width: 300px; --smush-placeholder-aspect-ratio: 300\/169;\" \/><\/a>\n\t\t\t<\/dt><\/dl><dl class='gallery-item masonry-item'>\n\t\t\t<dt class='gallery-icon landscape'>\n\t\t\t\t<a href='https:\/\/obispadodelinares.cl\/ol\/wp-content\/uploads\/2022\/03\/jornada-enero-2022_3-1.jpg'><img decoding=\"async\"  width=\"300\" height=\"169\" data-src=\"https:\/\/obispadodelinares.cl\/ol\/wp-content\/uploads\/2022\/03\/jornada-enero-2022_3-1-300x169.jpg\"  class='colibri-11895-c55-image lazyload' alt=\"\" data-srcset=\"https:\/\/obispadodelinares.cl\/ol\/wp-content\/uploads\/2022\/03\/jornada-enero-2022_3-1-300x169.jpg 300w, https:\/\/obispadodelinares.cl\/ol\/wp-content\/uploads\/2022\/03\/jornada-enero-2022_3-1-1024x577.jpg 1024w, https:\/\/obispadodelinares.cl\/ol\/wp-content\/uploads\/2022\/03\/jornada-enero-2022_3-1-768x432.jpg 768w, https:\/\/obispadodelinares.cl\/ol\/wp-content\/uploads\/2022\/03\/jornada-enero-2022_3-1-1536x865.jpg 1536w, https:\/\/obispadodelinares.cl\/ol\/wp-content\/uploads\/2022\/03\/jornada-enero-2022_3-1.jpg 1600w\" data-sizes=\"(max-width: 300px) 100vw, 300px\" src=\"data:image\/svg+xml;base64,PHN2ZyB3aWR0aD0iMSIgaGVpZ2h0PSIxIiB4bWxucz0iaHR0cDovL3d3dy53My5vcmcvMjAwMC9zdmciPjwvc3ZnPg==\" style=\"--smush-placeholder-width: 300px; --smush-placeholder-aspect-ratio: 300\/169;\" \/><\/a>\n\t\t\t<\/dt><\/dl><dl class='gallery-item masonry-item'>\n\t\t\t<dt class='gallery-icon landscape'>\n\t\t\t\t<a href='https:\/\/obispadodelinares.cl\/ol\/wp-content\/uploads\/2022\/03\/jornada-enero-2022_4-1.jpg'><img decoding=\"async\"  width=\"300\" height=\"169\" data-src=\"https:\/\/obispadodelinares.cl\/ol\/wp-content\/uploads\/2022\/03\/jornada-enero-2022_4-1-300x169.jpg\"  class='colibri-11895-c55-image lazyload' alt=\"\" data-srcset=\"https:\/\/obispadodelinares.cl\/ol\/wp-content\/uploads\/2022\/03\/jornada-enero-2022_4-1-300x169.jpg 300w, https:\/\/obispadodelinares.cl\/ol\/wp-content\/uploads\/2022\/03\/jornada-enero-2022_4-1-1024x576.jpg 1024w, https:\/\/obispadodelinares.cl\/ol\/wp-content\/uploads\/2022\/03\/jornada-enero-2022_4-1-768x432.jpg 768w, https:\/\/obispadodelinares.cl\/ol\/wp-content\/uploads\/2022\/03\/jornada-enero-2022_4-1-1536x864.jpg 1536w, https:\/\/obispadodelinares.cl\/ol\/wp-content\/uploads\/2022\/03\/jornada-enero-2022_4-1.jpg 1600w\" data-sizes=\"(max-width: 300px) 100vw, 300px\" src=\"data:image\/svg+xml;base64,PHN2ZyB3aWR0aD0iMSIgaGVpZ2h0PSIxIiB4bWxucz0iaHR0cDovL3d3dy53My5vcmcvMjAwMC9zdmciPjwvc3ZnPg==\" style=\"--smush-placeholder-width: 300px; --smush-placeholder-aspect-ratio: 300\/169;\" \/><\/a>\n\t\t\t<\/dt><\/dl><dl class='gallery-item masonry-item'>\n\t\t\t<dt class='gallery-icon landscape'>\n\t\t\t\t<a href='https:\/\/obispadodelinares.cl\/ol\/wp-content\/uploads\/2022\/03\/jornada-enero-2022_5-1.jpg'><img decoding=\"async\"  width=\"300\" height=\"225\" data-src=\"https:\/\/obispadodelinares.cl\/ol\/wp-content\/uploads\/2022\/03\/jornada-enero-2022_5-1-300x225.jpg\"  class='colibri-11895-c55-image lazyload' alt=\"\" data-srcset=\"https:\/\/obispadodelinares.cl\/ol\/wp-content\/uploads\/2022\/03\/jornada-enero-2022_5-1-300x225.jpg 300w, https:\/\/obispadodelinares.cl\/ol\/wp-content\/uploads\/2022\/03\/jornada-enero-2022_5-1-1024x768.jpg 1024w, https:\/\/obispadodelinares.cl\/ol\/wp-content\/uploads\/2022\/03\/jornada-enero-2022_5-1-768x576.jpg 768w, https:\/\/obispadodelinares.cl\/ol\/wp-content\/uploads\/2022\/03\/jornada-enero-2022_5-1-1536x1153.jpg 1536w, https:\/\/obispadodelinares.cl\/ol\/wp-content\/uploads\/2022\/03\/jornada-enero-2022_5-1.jpg 1599w\" data-sizes=\"(max-width: 300px) 100vw, 300px\" src=\"data:image\/svg+xml;base64,PHN2ZyB3aWR0aD0iMSIgaGVpZ2h0PSIxIiB4bWxucz0iaHR0cDovL3d3dy53My5vcmcvMjAwMC9zdmciPjwvc3ZnPg==\" style=\"--smush-placeholder-width: 300px; --smush-placeholder-aspect-ratio: 300\/225;\" \/><\/a>\n\t\t\t<\/dt><\/dl>\n\t\t\t\n\t\t<\/div>\n<style>#colibri-11895-c55 .wp-caption-text.gallery-caption{display:none;}<\/style><\/div><\/div>\n                <\/div>\n              <\/div>\n            <\/div>\n          <\/div>\n        <\/div>\n      <\/div>\n    <\/div>\n  <\/div>\n<\/div>","protected":false},"excerpt":{"rendered":"<p>Secretaria&nbsp;Ejecutiva Alicia Quiroz Troncoso Fono: 73 \u2013 2 627217 Direcci\u00f3n: Independencia 248 Casilla 107 Linares. E-Mail: catequesis@obispadodelinares.cl Nuevo Directorio para la Catequesis DEscargar aqu\u00ed Claves para leer el directorio 2020&nbsp; descargar aqu\u00ed Catequesis para ni\u00f1os en situaci\u00f3n de discapacidad&nbsp; Descargar Aqu\u00ed Capacitaciones On line, rev\u00edselas aqu\u00ed 24 abril 2021 22 mayo 2021 Jornada enero 22<\/p>\n","protected":false},"author":1,"featured_media":0,"parent":0,"menu_order":0,"comment_status":"closed","ping_status":"closed","template":"page-templates\/full-width-page.php","meta":{"h5ap_radio_sources":[],"footnotes":""},"class_list":["post-11895","page","type-page","status-publish","hentry"],"_links":{"self":[{"href":"https:\/\/obispadodelinares.cl\/ol\/index.php?rest_route=\/wp\/v2\/pages\/11895","targetHints":{"allow":["GET"]}}],"collection":[{"href":"https:\/\/obispadodelinares.cl\/ol\/index.php?rest_route=\/wp\/v2\/pages"}],"about":[{"href":"https:\/\/obispadodelinares.cl\/ol\/index.php?rest_route=\/wp\/v2\/types\/page"}],"author":[{"embeddable":true,"href":"https:\/\/obispadodelinares.cl\/ol\/index.php?rest_route=\/wp\/v2\/users\/1"}],"replies":[{"embeddable":true,"href":"https:\/\/obispadodelinares.cl\/ol\/index.php?rest_route=%2Fwp%2Fv2%2Fcomments&post=11895"}],"version-history":[{"count":7,"href":"https:\/\/obispadodelinares.cl\/ol\/index.php?rest_route=\/wp\/v2\/pages\/11895\/revisions"}],"predecessor-version":[{"id":14344,"href":"https:\/\/obispadodelinares.cl\/ol\/index.php?rest_route=\/wp\/v2\/pages\/11895\/revisions\/14344"}],"wp:attachment":[{"href":"https:\/\/obispadodelinares.cl\/ol\/index.php?rest_route=%2Fwp%2Fv2%2Fmedia&parent=11895"}],"curies":[{"name":"wp","href":"https:\/\/api.w.org\/{rel}","templated":true}]}}